{"id":22215,"date":"2016-09-12T17:51:34","date_gmt":"2016-09-12T15:51:34","guid":{"rendered":"https:\/\/cardamomo.com\/es\/?post_type=artist&#038;p=22215"},"modified":"2025-04-02T10:46:19","modified_gmt":"2025-04-02T10:46:19","slug":"paco-soto","status":"publish","type":"artist","link":"https:\/\/cardamomo.com\/zh\/artist\/paco-soto-murcia\/","title":{"rendered":"Paco Soto (Murcia)"},"content":{"rendered":"<p><\/p>\n<h4>\u4f20\u8bb0\u3002<\/h4>\n<p>\u4ed6\u5728Festival del Cante de las Minas de la Uni\u00f3n\u548c\u585e\u7ef4\u5229\u4e9a\u7684Cristina Heeren\u57fa\u91d1\u4f1a\u5b66\u4e60\uff0c\u5e08\u4eceGerardo N\u00fa\u00f1ez\u548cMiguel\u00c1ngel Cort\u00e9s\u7b49\u5409\u4ed6\u624b\u3002\u4ed6\u6700\u7ec8\u642c\u5230\u4e86\u9a6c\u5fb7\u91cc\uff0c\u8ddf\u968f\u6069\u91cc\u514b-\u5df4\u5c14\u52a0\u65af\u5b66\u4e60\uff0c\u5e76\u4e3a\u81ea\u5df1\u8d62\u5f97\u4e86\u58f0\u8a89\u3002<\/p>\n<p>\u5728\u4ed6\u7684\u804c\u4e1a\u751f\u6daf\u4e2d\uff0c\u4ed6\u5df2\u7ecf\u5728\u4e16\u754c\u5404\u5730\u7684\u4e3b\u8981\u57ce\u5e02\u6f14\u51fa\uff0c\u5982\u7ebd\u7ea6\u3001\u8d39\u57ce\u3001\u5723\u591a\u660e\u5404\u3001\u4e0a\u6d77\u3001\u5317\u4eac\u3001\u963f\u59c6\u65af\u7279\u4e39\u3001\u5e03\u9c81\u585e\u5c14\u3001\u5df4\u585e\u7f57\u90a3\u3001\u5927\u962a\u548c\u4f26\u6566\u3002\u6700\u4f1f\u5927\u7684\u5f17\u62c9\u95e8\u6208\u827a\u672f\u5bb6\uff08El Pira\u00f1a, Ram\u00f3n Paulina, Paloma Fantova, Jos\u00e9 Soto Soderita, Juan Antonio Salazar, Rafita de Madrid, Enrique El Piclave, Mar\u00eda Mescu, Antonio Ingeta, el Cameron de Pichita, Antonio S\u00e1nchez, Leo Tribinho, Claudia Cruz, Sab\u00fa Pollina, Nino &amp; Isaac de los Reyes, David Paniagua\uff09\u5e76\u4e0e\u7235\u58eb\u4e50\u5408\u4f5c\uff08Eva Cort\u00e9s, Julio Botti, Inoidel Gonz\u00e1lez, Georvis Pico, Mois\u00e9s P\u3002 S\u00e1nchez, To\u00f1o Miguel&#8230;\uff09\u4ed6\u8fd8\u53c2\u52a0\u4e86&#8230;)<\/p>\n<p>\u5728\u5149\u660e\u4e4b\u57ce\u3001\u7ebd\u7ea6\u585e\u4e07\u63d0\u65af\u5b66\u9662\u3001\u54e5\u4f26\u6bd4\u4e9a\u5927\u5b66\u7b49\u53c2\u4e0e\u5e76\u7ec4\u7ec7\u5173\u4e8e\u8d39\u5fb7\u91cc\u79d1-\u52a0\u897f\u4e9a-\u6d1b\u5c14\u5361\u548c\u5f17\u62c9\u95e8\u6208\u4e4b\u95f4\u5173\u7cfb\u7684\u8bfe\u7a0b\u3002\u4e3a\u4e86 &#8220;M\u00fasica en Vena&#8221;\uff0c\u4ed6\u628a\u4ed6\u7684\u97f3\u4e50\u5e26\u5230\u4e86\u533b\u9662\uff0c\u5e76\u4f5c\u4e3a\u97f3\u4e50\u5bb6\u53c2\u52a0\u4e86\u7eaa\u5f55\u7247 &#8220;La canci\u00f3n que cura &#8220;\u7684\u5236\u4f5c\uff0c\u4e0e\u897f\u73ed\u7259\u6770\u51fa\u7684\u97f3\u4e50\u5bb6\u5982Jorge Pardo\u5408\u4f5c\u3002<\/p>\n<p>\u4ed6\u8fd8\u5728\u7ebd\u7ea6Boulevard Theather\u7684Ismael de la Rosa\u548cSonia Olla\u7684 &#8220;Tiempo al Aire&#8221;\u3001Clara Ramona\u516c\u53f8\u7684\u6f14\u51fa\uff08Carmen &amp; Flamenco, China Tour 2014\/15\uff09\u4ee5\u53caEventos\u516c\u53f8\u5236\u4f5c\u7684 &#8220;Mambr\u00fa &#8220;\u4e2d\u62c5\u4efb\u5409\u4ed6\u624b\uff0c\u5728\u52a0\u52d2\u6bd4\u5730\u533a\u7684\u4e3b\u8981\u9152\u5e97\u5de1\u6f14\u3002\u4ed6\u66fe\u5728Casapatas, Las Carboneras, Cardamomo, Candela, Caf\u00e9 Berl\u00edn, Boogui Jazz\uff08\u9a6c\u5fb7\u91cc\uff09, La Venta del Gallo, Jardines de Zoraya\uff08\u683c\u62c9\u7eb3\u8fbe\uff09, Alegr\u00edas en Alma Flamenco\uff08\u798f\u5188\u548c\u5927\u962a\uff09, Jaleo\uff08\u6839\u7279\uff09, Pe\u00f1a Flamenca Al-Andalous\uff08\u5b89\u7279\u536b\u666e\uff09 Los Cabales\uff08\u591a\u7c73\u5c3c\u52a0\u5171\u548c\u56fd\uff09\u7b49\u6f14\u51fa\u3002\u6d1b\u65af-\u5361\u5df4\u5217\u65af\uff08\u591a\u7c73\u5c3c\u52a0\u5171\u548c\u56fd\uff09\u548c\u5176\u4ed6\u8bb8\u591a\u5854\u5df4\u62c9\u548c\u573a\u6240\u3002<\/p>","protected":false},"featured_media":157251,"template":"","meta":{"_acf_changed":false,"inline_featured_image":false},"class_list":["post-22215","artist","type-artist","status-publish","has-post-thumbnail","hentry"],"acf":[],"yoast_head":"<!-- This site is optimized with the Yoast SEO plugin v27.4 - https:\/\/yoast.com\/product\/yoast-seo-wordpress\/ -->\n<title>Paco Soto (Murcia) - Cardamomo Flamenco Madrid<\/title>\n<meta name=\"robots\" content=\"index, follow, max-snippet:-1, max-image-preview:large, max-video-preview:-1\" \/>\n<link rel=\"canonical\" href=\"\/\" \/>\n<meta property=\"og:locale\" content=\"zh_CN\" \/>\n<meta property=\"og:type\" content=\"article\" \/>\n<meta property=\"og:title\" content=\"Paco Soto (Murcia) - Cardamomo Flamenco Madrid\" \/>\n<meta property=\"og:description\" content=\"\u4f20\u8bb0\u3002 \u4ed6\u5728Festival del Cante de las Minas de la Uni\u00f3n\u548c\u585e\u7ef4\u5229\u4e9a\u7684...\" \/>\n<meta property=\"og:url\" content=\"https:\/\/cardamomo.com\/zh\/artist\/paco-soto-murcia\/\" \/>\n<meta property=\"og:site_name\" content=\"Cardamomo Flamenco Madrid\" \/>\n<meta property=\"article:modified_time\" content=\"2025-04-02T10:46:19+00:00\" \/>\n<meta property=\"og:image\" content=\"https:\/\/cardamomo.ams3.digitaloceanspaces.com\/wp-content\/uploads\/2016\/09\/02104552\/paco-soto-1.jpg\" \/>\n\t<meta property=\"og:image:width\" content=\"600\" \/>\n\t<meta property=\"og:image:height\" content=\"750\" \/>\n\t<meta property=\"og:image:type\" content=\"image\/jpeg\" \/>\n<meta name=\"twitter:card\" content=\"summary_large_image\" \/>\n<meta name=\"twitter:label1\" content=\"\u9884\u8ba1\u9605\u8bfb\u65f6\u95f4\" \/>\n\t<meta name=\"twitter:data1\" content=\"2 \u5206\" \/>\n<script type=\"application\/ld+json\" class=\"yoast-schema-graph\">{\"@context\":\"https:\\\/\\\/schema.org\",\"@graph\":[{\"@type\":\"WebPage\",\"@id\":\"https:\\\/\\\/cardamomo.com\\\/zh\\\/artist\\\/paco-soto-murcia\\\/\",\"url\":\"https:\\\/\\\/cardamomo.com\\\/zh\\\/artist\\\/paco-soto-murcia\\\/\",\"name\":\"Paco Soto (Murcia) - Cardamomo Flamenco Madrid\",\"isPartOf\":{\"@id\":\"https:\\\/\\\/cardamomo.com\\\/zh\\\/#website\"},\"primaryImageOfPage\":{\"@id\":\"https:\\\/\\\/cardamomo.com\\\/zh\\\/artist\\\/paco-soto-murcia\\\/#primaryimage\"},\"image\":{\"@id\":\"https:\\\/\\\/cardamomo.com\\\/es\\\/artist\\\/paco-soto-murcia\\\/#primaryimage\"},\"thumbnailUrl\":\"https:\\\/\\\/cardamomo.ams3.digitaloceanspaces.com\\\/wp-content\\\/uploads\\\/2016\\\/09\\\/02104552\\\/paco-soto-1.jpg\",\"datePublished\":\"2016-09-12T15:51:34+00:00\",\"dateModified\":\"2025-04-02T10:46:19+00:00\",\"breadcrumb\":{\"@id\":\"https:\\\/\\\/cardamomo.com\\\/zh\\\/artist\\\/paco-soto-murcia\\\/#breadcrumb\"},\"inLanguage\":\"zh-Hans\",\"potentialAction\":[{\"@type\":\"ReadAction\",\"target\":[[\"https:\\\/\\\/cardamomo.com\\\/zh\\\/artist\\\/paco-soto-murcia\\\/\"]]}]},{\"@type\":\"ImageObject\",\"inLanguage\":\"zh-Hans\",\"@id\":\"https:\\\/\\\/cardamomo.com\\\/zh\\\/artist\\\/paco-soto-murcia\\\/#primaryimage\",\"url\":\"https:\\\/\\\/cardamomo.ams3.digitaloceanspaces.com\\\/wp-content\\\/uploads\\\/2016\\\/09\\\/02104552\\\/paco-soto-1.jpg\",\"contentUrl\":\"https:\\\/\\\/cardamomo.ams3.digitaloceanspaces.com\\\/wp-content\\\/uploads\\\/2016\\\/09\\\/02104552\\\/paco-soto-1.jpg\",\"width\":600,\"height\":750,\"caption\":\"Guitarrista Paco Soto (Murcia)\"},{\"@type\":\"BreadcrumbList\",\"@id\":\"https:\\\/\\\/cardamomo.com\\\/zh\\\/artist\\\/paco-soto-murcia\\\/#breadcrumb\",\"itemListElement\":[{\"@type\":\"ListItem\",\"position\":1,\"name\":\"Cardamomo\",\"item\":\"https:\\\/\\\/cardamomo.com\\\/zh\\\/\"},{\"@type\":\"ListItem\",\"position\":2,\"name\":\"Artists\",\"item\":\"https:\\\/\\\/cardamomo.com\\\/zh\\\/artist\\\/\"},{\"@type\":\"ListItem\",\"position\":3,\"name\":\"Paco Soto (Murcia)\"}]},{\"@type\":\"WebSite\",\"@id\":\"https:\\\/\\\/cardamomo.com\\\/zh\\\/#website\",\"url\":\"https:\\\/\\\/cardamomo.com\\\/zh\\\/\",\"name\":\"Cardamomo Flamenco Madrid\",\"description\":\"\",\"potentialAction\":[{\"@type\":\"SearchAction\",\"target\":{\"@type\":\"EntryPoint\",\"urlTemplate\":\"https:\\\/\\\/cardamomo.com\\\/zh\\\/?s={search_term_string}\"},\"query-input\":{\"@type\":\"PropertyValueSpecification\",\"valueRequired\":true,\"valueName\":\"search_term_string\"}}],\"inLanguage\":\"zh-Hans\"}]}<\/script>\n<!-- \/ Yoast SEO plugin. -->","yoast_head_json":{"title":"Paco Soto (Murcia) - Cardamomo Flamenco Madrid","robots":{"index":"index","follow":"follow","max-snippet":"max-snippet:-1","max-image-preview":"max-image-preview:large","max-video-preview":"max-video-preview:-1"},"canonical":"\/","og_locale":"zh_CN","og_type":"article","og_title":"Paco Soto (Murcia) - Cardamomo Flamenco Madrid","og_description":"\u4f20\u8bb0\u3002 \u4ed6\u5728Festival del Cante de las Minas de la Uni\u00f3n\u548c\u585e\u7ef4\u5229\u4e9a\u7684...","og_url":"https:\/\/cardamomo.com\/zh\/artist\/paco-soto-murcia\/","og_site_name":"Cardamomo Flamenco Madrid","article_modified_time":"2025-04-02T10:46:19+00:00","og_image":[{"width":600,"height":750,"url":"https:\/\/cardamomo.ams3.digitaloceanspaces.com\/wp-content\/uploads\/2016\/09\/02104552\/paco-soto-1.jpg","type":"image\/jpeg"}],"twitter_card":"summary_large_image","twitter_misc":{"\u9884\u8ba1\u9605\u8bfb\u65f6\u95f4":"2 \u5206"},"schema":{"@context":"https:\/\/schema.org","@graph":[{"@type":"WebPage","@id":"https:\/\/cardamomo.com\/zh\/artist\/paco-soto-murcia\/","url":"https:\/\/cardamomo.com\/zh\/artist\/paco-soto-murcia\/","name":"Paco Soto (Murcia) - Cardamomo Flamenco Madrid","isPartOf":{"@id":"https:\/\/cardamomo.com\/zh\/#website"},"primaryImageOfPage":{"@id":"https:\/\/cardamomo.com\/zh\/artist\/paco-soto-murcia\/#primaryimage"},"image":{"@id":"https:\/\/cardamomo.com\/es\/artist\/paco-soto-murcia\/#primaryimage"},"thumbnailUrl":"https:\/\/cardamomo.ams3.digitaloceanspaces.com\/wp-content\/uploads\/2016\/09\/02104552\/paco-soto-1.jpg","datePublished":"2016-09-12T15:51:34+00:00","dateModified":"2025-04-02T10:46:19+00:00","breadcrumb":{"@id":"https:\/\/cardamomo.com\/zh\/artist\/paco-soto-murcia\/#breadcrumb"},"inLanguage":"zh-Hans","potentialAction":[{"@type":"ReadAction","target":[["https:\/\/cardamomo.com\/zh\/artist\/paco-soto-murcia\/"]]}]},{"@type":"ImageObject","inLanguage":"zh-Hans","@id":"https:\/\/cardamomo.com\/zh\/artist\/paco-soto-murcia\/#primaryimage","url":"https:\/\/cardamomo.ams3.digitaloceanspaces.com\/wp-content\/uploads\/2016\/09\/02104552\/paco-soto-1.jpg","contentUrl":"https:\/\/cardamomo.ams3.digitaloceanspaces.com\/wp-content\/uploads\/2016\/09\/02104552\/paco-soto-1.jpg","width":600,"height":750,"caption":"Guitarrista Paco Soto (Murcia)"},{"@type":"BreadcrumbList","@id":"https:\/\/cardamomo.com\/zh\/artist\/paco-soto-murcia\/#breadcrumb","itemListElement":[{"@type":"ListItem","position":1,"name":"Cardamomo","item":"https:\/\/cardamomo.com\/zh\/"},{"@type":"ListItem","position":2,"name":"Artists","item":"https:\/\/cardamomo.com\/zh\/artist\/"},{"@type":"ListItem","position":3,"name":"Paco Soto (Murcia)"}]},{"@type":"WebSite","@id":"https:\/\/cardamomo.com\/zh\/#website","url":"https:\/\/cardamomo.com\/zh\/","name":"Cardamomo Flamenco Madrid","description":"","potentialAction":[{"@type":"SearchAction","target":{"@type":"EntryPoint","urlTemplate":"https:\/\/cardamomo.com\/zh\/?s={search_term_string}"},"query-input":{"@type":"PropertyValueSpecification","valueRequired":true,"valueName":"search_term_string"}}],"inLanguage":"zh-Hans"}]}},"_links":{"self":[{"href":"https:\/\/cardamomo.com\/zh\/wp-json\/wp\/v2\/artist\/22215","targetHints":{"allow":["GET"]}}],"collection":[{"href":"https:\/\/cardamomo.com\/zh\/wp-json\/wp\/v2\/artist"}],"about":[{"href":"https:\/\/cardamomo.com\/zh\/wp-json\/wp\/v2\/types\/artist"}],"wp:featuredmedia":[{"embeddable":true,"href":"https:\/\/cardamomo.com\/zh\/wp-json\/wp\/v2\/media\/157251"}],"wp:attachment":[{"href":"https:\/\/cardamomo.com\/zh\/wp-json\/wp\/v2\/media?parent=22215"}],"curies":[{"name":"wp","href":"https:\/\/api.w.org\/{rel}","templated":true}]}}