{"id":103866,"date":"2022-06-30T18:29:52","date_gmt":"2022-06-30T16:29:52","guid":{"rendered":"https:\/\/cardamomo.com\/es\/?post_type=artist&#038;p=103866"},"modified":"2025-03-12T10:18:37","modified_gmt":"2025-03-12T10:18:37","slug":"maria-mezcle","status":"publish","type":"artist","link":"https:\/\/cardamomo.com\/zh\/artist\/maria-mezcle\/","title":{"rendered":"Mar\u00eda Mezcle"},"content":{"rendered":"<p>\u7eaa\u8981<\/p>\n<p>\u6b4c\u624b\u739b\u4e3d\u4e9a-\u5b89\u8d6b\u83b1\u65af-\u7f57\u5fb7\u91cc\u683c\u65af-\u594e\u74e6\u65af\uff08Mar\u00eda \u00c1ngeles Rodr\u00edguez Cuevas\uff09\uff0c\u53c8\u540d\u739b\u4e3d\u4e9a-\u6885\u65af\u514b\u5c14\uff0c1987\u5e74\u51fa\u751f\u4e8e\u5723\u5362\u5361-\u5fb7\u5df4\u62c9\u6885\u8fbe\uff08\u52a0\u7684\u65af\uff09\u3002\u4ece\u5979\u5f88\u5c0f\u7684\u65f6\u5019\u8d77\uff0c\u5f17\u62c9\u95e8\u6208\u5c31\u662f\u5979\u751f\u6d3b\u7684\u4e00\u90e8\u5206\u3002\u4ee5\u81f3\u4e8e\u5979\u57286\u5c81\u65f6\u5c31\u5f00\u59cb\u5728Puerto Lucero\u821e\u8e48\u5b66\u9662\u5b66\u4e60\uff0c\u540e\u6765\u5979\u52a0\u5165\u4e86 &#8220;Oleaje&#8221;\uff08Sanl\u00facar de Barrameda\uff09\u7ec4\u5408\u3002<\/p>\n<p>11\u5c81\u65f6\uff0c\u5979\u5728\u6765\u81ea\u8d6b\u96f7\u65af-\u5fb7\u62c9\u5f17\u9f99\u7279\u62c9\u7684\u591a\u660e\u6208-\u7f57\u8428\u591a\u7684\u5f71\u54cd\u4e0b\uff0c\u5f00\u59cb\u4e86\u5979\u7684\u574e\u5854\u62c9\u751f\u6daf\u3002\u5979\u7b2c\u4e00\u6b21\u4f5c\u4e3acantaora\u516c\u5f00\u4eae\u76f8\u662f\u5728Tele Puerto Real\uff0c1999\u5e74\u7531Pepe Sald\u00edvar\u4e3b\u6301\u7684\u5f17\u62c9\u95e8\u6208\u8282\u76ee\u4e2d\u3002\u5728\u8868\u6f14\u4e86sole\u00e1 de Alcal\u00e1\u3001la rosa\u3001tangos\u548cbuler\u00edas\u7684\u51e0\u9996\u6b4c\u66f2\u540e\uff0c\u5979\u572812\u5c81\u65f6\u8d62\u5f97\u4e8625\u5c81\u4ee5\u4e0b\u513f\u7ae5\u4e00\u7b49\u5956\u548cLas Noches de bajo Gu\u00eda de Sanl\u00facar\u6bd4\u8d5b\u4e2d\u7684Cantes de Sanl\u00facar\u4e00\u7b49\u5956\u3002<\/p>\n<p>\u4ed6\u66fe\u4e0eMar\u00eda \u00c1ngeles Cuevas\u4e00\u8d77\u6f14\u51fa\uff0c\u5e76\u5df2\u5728\u897f\u73ed\u7259\u7684\u5f17\u62c9\u95e8\u6208\u4ff1\u4e50\u90e8\u4e3e\u529e\u8fc7\u72ec\u594f\u4f1a\uff0c\u5982\u8d6b\u96f7\u65af\u7684Tertulia Flamenca &#8220;Pepe Alconchel&#8221;\uff0cPe\u00f1a Flamenca &#8220;Canalejas de Puerto Real&#8221;\uff0cTertulia Flamenca de La Isla\u7b49\u7b49\u3002\u5f53\u4ed6\u53ea\u670913\u5c81\u7684\u65f6\u5019\uff0c\u4ed6\u5df2\u7ecf\u5f00\u59cb\u8868\u6f14\u6b4c\u66f2\uff0c\u5982Rosas, Alegr\u00edas, Bamberas, Soleares, Tientos, Tangos, Fandangos, Buler\u00edas\u7b49\u3002<\/p>\n<p>2009\u5e74\uff0c\u5979\u53c2\u52a0\u4e86\u5728\u52a0\u7684\u65afBaluarte de La Candelaria\u4e3e\u529e\u7684 &#8220;Jueves Flamencos &#8220;\u97f3\u4e50\u8282\uff0c\u4e0eFelipe Scapachini\u548cJuana la del Revuelo\u5408\u4f5c\u6f14\u51fa\u3002\u5979\u8fd8\u4e3aAsunci\u00f3n de Martos de Sevilla\u3001Raquel Villegas\u3001Sonia Sarmiento\u3001Miguel T\u00e9llez\u7b49\u4eba\u6f14\u5531\u3002\u4ed6\u662f\u827a\u672f\u5bb6 &#8220;Antonio El Pipa &#8220;\u7684\u5f17\u62c9\u95e8\u6208\u821e\u56e2\u7684\u4e00\u5458\uff0c\u4e0e\u8be5\u821e\u56e2\u4e00\u8d77\u5728\u5b89\u8fbe\u5362\u897f\u4e9a\u5404\u7701\u7684\u5267\u9662\u5de1\u56de\u6f14\u51fa\uff0c\u9014\u7ecf\u963f\u5c14\u6885\u91cc\u4e9a\u3001\u683c\u62c9\u7eb3\u8fbe\u3001\u9a6c\u62c9\u52a0\u548c\u585e\u7ef4\u5229\u4e9a\u3002<\/p>\n<h4>\n\u83b7\u5956\u60c5\u51b5\u3001\u4f5c\u54c1\u548c\u8282\u5e86\u6d3b\u52a8\u3002<\/h4>\n<p>\u53c2\u52a0\u7531\u5b89\u8fbe\u5362\u897f\u4e9a\u5f17\u62c9\u95e8\u6208\u8054\u5408\u4f1a\u7ec4\u7ec7\u7684\u5f17\u62c9\u95e8\u6208\u5de1\u56de\u8d5b\uff1a\u5e15\u5c14\u9a6c\u5fb7\u91cc\u5965\u7684\u5f17\u62c9\u95e8\u6208 &#8220;La Solea&#8221;\uff0c\u97e6\u5c14\u74e6\u7684\u5f17\u62c9\u95e8\u6208 &#8220;Las Colonias&#8221;\uff0c\u585e\u7ef4\u5229\u4e9a\u7684\u5f17\u62c9\u95e8\u6208 &#8220;La Luisiana&#8221;\uff0c\u79d1\u5c14\u591a\u74e6\u7684\u5f17\u62c9\u95e8\u6208 &#8220;Rinc\u00f3n del Cante &#8220;\u7b49\u3002<\/p>\n<p>\u53c2\u52a0\u5357\u8fd0\u6cb3\u7684Fandangos\u8ba1\u5212\u3002<\/p>\n<p>\u5728\u96f7\u4e9a\u5c14\u6e2f\u4e3e\u884c\u7684 &#8220;Joven de Cante por Livianas &#8220;\u6bd4\u8d5b\u4e2d\u83b7\u5f97\u4e00\u7b49\u5956\u3002<\/p>\n<p>\u5728Paterna de Rivera\u4e3e\u884c\u7684Peteneras\u9752\u5e74\u6b4c\u5531\u6bd4\u8d5b\u4e2d\u83b7\u5f97\u4e00\u7b49\u5956\u3002<\/p>\n<p>2002\u5e74\u81f32010\u5e74\uff0c\u5728\u8d6b\u96f7\u65af &#8220;La Buena Gente &#8220;\u7684Pe\u00f1a Flamenca\u7684Saetas\u6bd4\u8d5b\u4e2d\u591a\u6b21\u83b7\u5f97\u4e00\u7b49\u5956\u3002 2004\u5e74\u30012006\u5e74\u30012008\u5e74\u548c2009\u5e74\u5728\u540c\u4e00Saetas\u6bd4\u8d5b\u4e2d\u83b7\u5f97\u4e09\u4e2a\u7edd\u5bf9\u4e00\u7b49\u5956\u3002<\/p>\n<p>14\u5e74\u83b7\u5f97\u96f7\u4e9a\u5c14\u6e2f\u8d5b\u9a6c\u4f1a\u7edd\u5bf9\u4e00\u7b49\u5956\uff0c\u5723\u8d39\u5c14\u5357\u591a\u8d5b\u9a6c\u4f1a\u4e8c\u7b49\u5956\uff0c2008\u5e74\u52a0\u7684\u65af\u8d5b\u9a6c\u4f1a\u4e8c\u7b49\u5956\uff0c2010\u5e74\u79d1\u5c14\u591a\u74e6\u8499\u7279\u62c9\u8d5b\u9a6c\u4f1a\u5168\u56fd\u6bd4\u8d5b\u4e00\u7b49\u5956\u3002<\/p>\n<p>\u4ed6\u53c2\u52a0\u4e86\u5728\u7a46\u5c14\u897f\u4e9a\u4e3e\u884c\u7684\u77ff\u7269\u5fb7\u5e0c\u7f57\u5e86\u5178\u3002<\/p>\n<p>\u5728Estepona\u4e3e\u529e\u7684\u9752\u5e74\u5f17\u62c9\u95e8\u6208\u6b4c\u5531\u6bd4\u8d5b\u4e2d\u83b7\u5f97\u4e00\u7b49\u5956\u30022005\u5e74\u5728Prado del Rey\u4e3e\u529e\u7684\u5168\u56fdCante de Serranas\u6bd4\u8d5b\u4e2d\u83b7\u5f97\u4e00\u7b49\u5956\uff0c\u5728\u540c\u4e00\u6bd4\u8d5b\u4e2d\u83b7\u5f97Cante Libre con farruca\u4e00\u7b49\u5956\u3002<\/p>\n<p>\u5728Mairena del Alcor\u7684\u5168\u56fd\u5f17\u62c9\u95e8\u6208\u6b4c\u5531\u6bd4\u8d5b\u4e2d\u83b7\u5f97\u4e00\u7b49\u5956\uff0c\u5728Pe\u00f1a Flamenca Camar\u00f3n de La Isla\u8fde\u7eed\u4e24\u6b21\u83b7\u5f97\u4e00\u7b49\u5956\u3002<\/p>\n<p>2008\u5e74\uff0c\u5979\u5728\u9a6c\u5fb7\u91ccLa Silla de Oro de Legan\u00e9s\u7684\u6bd4\u8d5b\u4e2d\u83b7\u5f97\u4e09\u7b49\u5956\uff0c\u5e76\u88ab\u9009\u4e3a2009\u5e74Festival de Verano de Legan\u00e9s\u7684\u5ba2\u5ea7\u827a\u672f\u5bb6\u3002<\/p>\n<p>2007\u5e74\uff0c\u5979\u4e3aLas Noches de Bajo Gu\u00eda\u6bd4\u8d5b\u63d0\u4ea4\u4e86\u4e00\u5f20\u6d77\u62a5\uff0c\u5e76\u5728Sanl\u00facar\u7684cantes\u6bd4\u8d5b\u4e2d\u83b7\u5f97\u4e00\u7b49\u5956\u3002<\/p>\n<p>\u4ed6\u53c2\u52a0\u4e86 &#8220;Fiesta del Sol Enclave&#8221;\uff0c\u4e0eLuis El Zambo\u3001&#8221;Mora\u00edto &#8220;\u548cAntonio Rey\u7b49\u4eba\u540c\u53f0\u6f14\u51fa\u3002<\/p>\n<p>\u7b2c\u4e00\u5f20\u5f17\u62c9\u95e8\u6208\u4e13\u8f91\uff0c\u540d\u4e3a\uff1a&#8221;Maria Meskel&#8221;\uff0c\u7531Gerardo N\u00fa\u00f1ez\u4e3aEl Gallo Azul R\u00e9cords\u5236\u4f5c\uff0c2010\u3002<\/p>\n<p>\u6700\u540e\u4e00\u5f20\u4e13\u8f912021\uff1a\u901a\u8fc7\u5f17\u62c9\u95e8\u6208\u7ed9\u4ed6\u7684\u5bb6\u4eba\u5199\u4e86\u4e00\u5c01\u60c5\u4e66\uff0c\u540d\u4e3a\uff1a&#8221;Magenta y Cyan&#8221;\u3002<\/p>","protected":false},"featured_media":157176,"template":"","meta":{"_acf_changed":false,"inline_featured_image":false},"class_list":["post-103866","artist","type-artist","status-publish","has-post-thumbnail","hentry"],"acf":[],"yoast_head":"<!-- This site is optimized with the Yoast SEO plugin v27.4 - https:\/\/yoast.com\/product\/yoast-seo-wordpress\/ -->\n<title>Mar\u00eda Mezcle - Cardamomo Flamenco Madrid<\/title>\n<meta name=\"robots\" content=\"index, follow, max-snippet:-1, max-image-preview:large, max-video-preview:-1\" \/>\n<link rel=\"canonical\" href=\"\/\" \/>\n<meta property=\"og:locale\" content=\"zh_CN\" \/>\n<meta property=\"og:type\" content=\"article\" \/>\n<meta property=\"og:title\" content=\"Mar\u00eda Mezcle - Cardamomo Flamenco Madrid\" \/>\n<meta property=\"og:description\" content=\"\u7eaa\u8981 \u6b4c\u624b\u739b\u4e3d\u4e9a-\u5b89\u8d6b\u83b1\u65af-\u7f57\u5fb7\u91cc\u683c\u65af-\u594e\u74e6\u65af\uff08Mar\u00eda \u00c1ngeles Rodr\u00edguez Cuevas\uff09...\" \/>\n<meta property=\"og:url\" content=\"https:\/\/cardamomo.com\/zh\/artist\/maria-mezcle\/\" \/>\n<meta property=\"og:site_name\" content=\"Cardamomo Flamenco Madrid\" \/>\n<meta property=\"article:modified_time\" content=\"2025-03-12T10:18:37+00:00\" \/>\n<meta property=\"og:image\" content=\"https:\/\/cardamomo.ams3.digitaloceanspaces.com\/wp-content\/uploads\/2022\/06\/12101815\/maria-mezcle.jpg\" \/>\n\t<meta property=\"og:image:width\" content=\"600\" \/>\n\t<meta property=\"og:image:height\" content=\"750\" \/>\n\t<meta property=\"og:image:type\" content=\"image\/jpeg\" \/>\n<meta name=\"twitter:card\" content=\"summary_large_image\" \/>\n<meta name=\"twitter:label1\" content=\"\u9884\u8ba1\u9605\u8bfb\u65f6\u95f4\" \/>\n\t<meta name=\"twitter:data1\" content=\"4 \u5206\" \/>\n<script type=\"application\/ld+json\" class=\"yoast-schema-graph\">{\"@context\":\"https:\\\/\\\/schema.org\",\"@graph\":[{\"@type\":\"WebPage\",\"@id\":\"https:\\\/\\\/cardamomo.com\\\/zh\\\/artist\\\/maria-mezcle\\\/\",\"url\":\"https:\\\/\\\/cardamomo.com\\\/zh\\\/artist\\\/maria-mezcle\\\/\",\"name\":\"Mar\u00eda Mezcle - Cardamomo Flamenco Madrid\",\"isPartOf\":{\"@id\":\"https:\\\/\\\/cardamomo.com\\\/zh\\\/#website\"},\"primaryImageOfPage\":{\"@id\":\"https:\\\/\\\/cardamomo.com\\\/zh\\\/artist\\\/maria-mezcle\\\/#primaryimage\"},\"image\":{\"@id\":\"https:\\\/\\\/cardamomo.com\\\/es\\\/artist\\\/maria-mezcle\\\/#primaryimage\"},\"thumbnailUrl\":\"https:\\\/\\\/cardamomo.ams3.digitaloceanspaces.com\\\/wp-content\\\/uploads\\\/2022\\\/06\\\/12101815\\\/maria-mezcle.jpg\",\"datePublished\":\"2022-06-30T16:29:52+00:00\",\"dateModified\":\"2025-03-12T10:18:37+00:00\",\"breadcrumb\":{\"@id\":\"https:\\\/\\\/cardamomo.com\\\/zh\\\/artist\\\/maria-mezcle\\\/#breadcrumb\"},\"inLanguage\":\"zh-Hans\",\"potentialAction\":[{\"@type\":\"ReadAction\",\"target\":[[\"https:\\\/\\\/cardamomo.com\\\/zh\\\/artist\\\/maria-mezcle\\\/\"]]}]},{\"@type\":\"ImageObject\",\"inLanguage\":\"zh-Hans\",\"@id\":\"https:\\\/\\\/cardamomo.com\\\/zh\\\/artist\\\/maria-mezcle\\\/#primaryimage\",\"url\":\"https:\\\/\\\/cardamomo.ams3.digitaloceanspaces.com\\\/wp-content\\\/uploads\\\/2022\\\/06\\\/12101815\\\/maria-mezcle.jpg\",\"contentUrl\":\"https:\\\/\\\/cardamomo.ams3.digitaloceanspaces.com\\\/wp-content\\\/uploads\\\/2022\\\/06\\\/12101815\\\/maria-mezcle.jpg\",\"width\":600,\"height\":750,\"caption\":\"Cantaora Mar\u00eda Mezcle\"},{\"@type\":\"BreadcrumbList\",\"@id\":\"https:\\\/\\\/cardamomo.com\\\/zh\\\/artist\\\/maria-mezcle\\\/#breadcrumb\",\"itemListElement\":[{\"@type\":\"ListItem\",\"position\":1,\"name\":\"Cardamomo\",\"item\":\"https:\\\/\\\/cardamomo.com\\\/zh\\\/\"},{\"@type\":\"ListItem\",\"position\":2,\"name\":\"Artists\",\"item\":\"https:\\\/\\\/cardamomo.com\\\/zh\\\/artist\\\/\"},{\"@type\":\"ListItem\",\"position\":3,\"name\":\"Mar\u00eda Mezcle\"}]},{\"@type\":\"WebSite\",\"@id\":\"https:\\\/\\\/cardamomo.com\\\/zh\\\/#website\",\"url\":\"https:\\\/\\\/cardamomo.com\\\/zh\\\/\",\"name\":\"Cardamomo Flamenco Madrid\",\"description\":\"\",\"potentialAction\":[{\"@type\":\"SearchAction\",\"target\":{\"@type\":\"EntryPoint\",\"urlTemplate\":\"https:\\\/\\\/cardamomo.com\\\/zh\\\/?s={search_term_string}\"},\"query-input\":{\"@type\":\"PropertyValueSpecification\",\"valueRequired\":true,\"valueName\":\"search_term_string\"}}],\"inLanguage\":\"zh-Hans\"}]}<\/script>\n<!-- \/ Yoast SEO plugin. -->","yoast_head_json":{"title":"Mar\u00eda Mezcle - Cardamomo Flamenco Madrid","robots":{"index":"index","follow":"follow","max-snippet":"max-snippet:-1","max-image-preview":"max-image-preview:large","max-video-preview":"max-video-preview:-1"},"canonical":"\/","og_locale":"zh_CN","og_type":"article","og_title":"Mar\u00eda Mezcle - Cardamomo Flamenco Madrid","og_description":"\u7eaa\u8981 \u6b4c\u624b\u739b\u4e3d\u4e9a-\u5b89\u8d6b\u83b1\u65af-\u7f57\u5fb7\u91cc\u683c\u65af-\u594e\u74e6\u65af\uff08Mar\u00eda \u00c1ngeles Rodr\u00edguez Cuevas\uff09...","og_url":"https:\/\/cardamomo.com\/zh\/artist\/maria-mezcle\/","og_site_name":"Cardamomo Flamenco Madrid","article_modified_time":"2025-03-12T10:18:37+00:00","og_image":[{"width":600,"height":750,"url":"https:\/\/cardamomo.ams3.digitaloceanspaces.com\/wp-content\/uploads\/2022\/06\/12101815\/maria-mezcle.jpg","type":"image\/jpeg"}],"twitter_card":"summary_large_image","twitter_misc":{"\u9884\u8ba1\u9605\u8bfb\u65f6\u95f4":"4 \u5206"},"schema":{"@context":"https:\/\/schema.org","@graph":[{"@type":"WebPage","@id":"https:\/\/cardamomo.com\/zh\/artist\/maria-mezcle\/","url":"https:\/\/cardamomo.com\/zh\/artist\/maria-mezcle\/","name":"Mar\u00eda Mezcle - Cardamomo Flamenco Madrid","isPartOf":{"@id":"https:\/\/cardamomo.com\/zh\/#website"},"primaryImageOfPage":{"@id":"https:\/\/cardamomo.com\/zh\/artist\/maria-mezcle\/#primaryimage"},"image":{"@id":"https:\/\/cardamomo.com\/es\/artist\/maria-mezcle\/#primaryimage"},"thumbnailUrl":"https:\/\/cardamomo.ams3.digitaloceanspaces.com\/wp-content\/uploads\/2022\/06\/12101815\/maria-mezcle.jpg","datePublished":"2022-06-30T16:29:52+00:00","dateModified":"2025-03-12T10:18:37+00:00","breadcrumb":{"@id":"https:\/\/cardamomo.com\/zh\/artist\/maria-mezcle\/#breadcrumb"},"inLanguage":"zh-Hans","potentialAction":[{"@type":"ReadAction","target":[["https:\/\/cardamomo.com\/zh\/artist\/maria-mezcle\/"]]}]},{"@type":"ImageObject","inLanguage":"zh-Hans","@id":"https:\/\/cardamomo.com\/zh\/artist\/maria-mezcle\/#primaryimage","url":"https:\/\/cardamomo.ams3.digitaloceanspaces.com\/wp-content\/uploads\/2022\/06\/12101815\/maria-mezcle.jpg","contentUrl":"https:\/\/cardamomo.ams3.digitaloceanspaces.com\/wp-content\/uploads\/2022\/06\/12101815\/maria-mezcle.jpg","width":600,"height":750,"caption":"Cantaora Mar\u00eda Mezcle"},{"@type":"BreadcrumbList","@id":"https:\/\/cardamomo.com\/zh\/artist\/maria-mezcle\/#breadcrumb","itemListElement":[{"@type":"ListItem","position":1,"name":"Cardamomo","item":"https:\/\/cardamomo.com\/zh\/"},{"@type":"ListItem","position":2,"name":"Artists","item":"https:\/\/cardamomo.com\/zh\/artist\/"},{"@type":"ListItem","position":3,"name":"Mar\u00eda Mezcle"}]},{"@type":"WebSite","@id":"https:\/\/cardamomo.com\/zh\/#website","url":"https:\/\/cardamomo.com\/zh\/","name":"Cardamomo Flamenco Madrid","description":"","potentialAction":[{"@type":"SearchAction","target":{"@type":"EntryPoint","urlTemplate":"https:\/\/cardamomo.com\/zh\/?s={search_term_string}"},"query-input":{"@type":"PropertyValueSpecification","valueRequired":true,"valueName":"search_term_string"}}],"inLanguage":"zh-Hans"}]}},"_links":{"self":[{"href":"https:\/\/cardamomo.com\/zh\/wp-json\/wp\/v2\/artist\/103866","targetHints":{"allow":["GET"]}}],"collection":[{"href":"https:\/\/cardamomo.com\/zh\/wp-json\/wp\/v2\/artist"}],"about":[{"href":"https:\/\/cardamomo.com\/zh\/wp-json\/wp\/v2\/types\/artist"}],"wp:featuredmedia":[{"embeddable":true,"href":"https:\/\/cardamomo.com\/zh\/wp-json\/wp\/v2\/media\/157176"}],"wp:attachment":[{"href":"https:\/\/cardamomo.com\/zh\/wp-json\/wp\/v2\/media?parent=103866"}],"curies":[{"name":"wp","href":"https:\/\/api.w.org\/{rel}","templated":true}]}}