{"id":45984,"date":"2018-05-27T16:07:59","date_gmt":"2018-05-27T14:07:59","guid":{"rendered":"https:\/\/cardamomo.com\/es\/?post_type=show&amp;p=45984"},"modified":"2018-05-27T16:07:59","modified_gmt":"2018-05-27T14:07:59","slug":"flamenco-madrid-agosto-2018","status":"publish","type":"show","link":"https:\/\/cardamomo.com\/ru\/show\/flamenco-madrid-agosto-2018\/","title":{"rendered":"Flamenco Madrid agosto 2018"},"content":{"rendered":"<p class=\"qtranxs-available-languages-message qtranxs-available-languages-message-ru\">\u0418\u0437\u0432\u0438\u043d\u0438\u0442\u0435, \u044d\u0442\u043e\u0442 \u0442\u0435\u043a\u0441\u0442 \u0434\u043e\u0441\u0442\u0443\u043f\u0435\u043d \u0442\u043e\u043b\u044c\u043a\u043e \u043d\u0430 &ldquo;<a href=\"https:\/\/cardamomo.com\/es\/wp-json\/wp\/v2\/show\/45984\" class=\"qtranxs-available-language-link qtranxs-available-language-link-es\" title=\"Espa\u00f1ol\">Espa\u00f1ol<\/a>&rdquo; \u0438 &ldquo;<a href=\"https:\/\/cardamomo.com\/en\/wp-json\/wp\/v2\/show\/45984\" class=\"qtranxs-available-language-link qtranxs-available-language-link-en\" title=\"English\">English<\/a>&rdquo;.<\/p><p><b>Flamenco Madrid. Oportunidad<\/b><strong>\u00a0\u00fanica este mes para disfrutar con la presencia especial de artistas venidos expresamente desde Andaluc\u00eda.<br \/>\n<\/strong><\/p>\n<p>Disfrutaremos de artistas venidos de fuera de Madrid que Cardamomo trae expresamente para enriquecer su espect\u00e1culo. En el tablao flamenco Cardamomo maestros de la guitarra espa\u00f1ola, prestigiosos cantaores y cantaoras, bailaores y bailaoras del flamenco de toda Espa\u00f1a se entregan al p\u00fablico en cuerpo y alma con un espect\u00e1culo \u00fanico y en directo.<\/p>","protected":false},"featured_media":45985,"template":"","meta":{"_acf_changed":false,"inline_featured_image":false},"class_list":["post-45984","show","type-show","status-publish","has-post-thumbnail","hentry"],"acf":[],"yoast_head":"<!-- This site is optimized with the Yoast SEO plugin v27.4 - https:\/\/yoast.com\/product\/yoast-seo-wordpress\/ -->\n<title>Flamenco Madrid agosto 2018 - Cardamomo Flamenco Madrid<\/title>\n<meta name=\"robots\" content=\"index, follow, max-snippet:-1, max-image-preview:large, max-video-preview:-1\" \/>\n<link rel=\"canonical\" href=\"\/\" \/>\n<meta property=\"og:locale\" content=\"ru_RU\" \/>\n<meta property=\"og:type\" content=\"article\" \/>\n<meta property=\"og:title\" content=\"Flamenco Madrid agosto 2018 - Cardamomo Flamenco Madrid\" \/>\n<meta property=\"og:description\" content=\"\u0418\u0437\u0432\u0438\u043d\u0438\u0442\u0435, \u044d\u0442\u043e\u0442 \u0442\u0435\u043a\u0441\u0442 \u0434\u043e\u0441\u0442\u0443\u043f\u0435\u043d \u0442\u043e\u043b\u044c\u043a\u043e \u043d\u0430 &ldquo;Espa\u00f1ol&rdquo; \u0438 &ldquo;English&rdquo;.Flamenco Madrid. Oportunidad\u00a0\u00fanica este mes para disfrutar con la presencia especial de artistas venidos expresamente desde Andaluc\u00eda. Disfrutaremos de artistas venidos de fuera de Madrid que Cardamomo trae expresamente para enriquecer su espect\u00e1culo. En el tablao flamenco Cardamomo maestros de la guitarra espa\u00f1ola, prestigiosos cantaores y cantaoras,...\" \/>\n<meta property=\"og:url\" content=\"https:\/\/cardamomo.com\/ru\/show\/flamenco-madrid-agosto-2018\/\" \/>\n<meta property=\"og:site_name\" content=\"Cardamomo Flamenco Madrid\" \/>\n<meta name=\"twitter:card\" content=\"summary_large_image\" \/>\n<meta name=\"twitter:label1\" content=\"\u041f\u0440\u0438\u043c\u0435\u0440\u043d\u043e\u0435 \u0432\u0440\u0435\u043c\u044f \u0434\u043b\u044f \u0447\u0442\u0435\u043d\u0438\u044f\" \/>\n\t<meta name=\"twitter:data1\" content=\"1 \u043c\u0438\u043d\u0443\u0442\u0430\" \/>\n<script type=\"application\/ld+json\" class=\"yoast-schema-graph\">{\"@context\":\"https:\\\/\\\/schema.org\",\"@graph\":[{\"@type\":\"WebPage\",\"@id\":\"https:\\\/\\\/cardamomo.com\\\/ru\\\/show\\\/flamenco-madrid-agosto-2018\\\/\",\"url\":\"https:\\\/\\\/cardamomo.com\\\/ru\\\/show\\\/flamenco-madrid-agosto-2018\\\/\",\"name\":\"Flamenco Madrid agosto 2018 - Cardamomo Flamenco Madrid\",\"isPartOf\":{\"@id\":\"https:\\\/\\\/cardamomo.com\\\/ru\\\/#website\"},\"primaryImageOfPage\":{\"@id\":\"https:\\\/\\\/cardamomo.com\\\/ru\\\/show\\\/flamenco-madrid-agosto-2018\\\/#primaryimage\"},\"image\":{\"@id\":\"https:\\\/\\\/cardamomo.com\\\/es\\\/show\\\/flamenco-madrid-agosto-2018\\\/#primaryimage\"},\"thumbnailUrl\":\"\",\"datePublished\":\"2018-05-27T14:07:59+00:00\",\"breadcrumb\":{\"@id\":\"https:\\\/\\\/cardamomo.com\\\/ru\\\/show\\\/flamenco-madrid-agosto-2018\\\/#breadcrumb\"},\"inLanguage\":\"ru-RU\",\"potentialAction\":[{\"@type\":\"ReadAction\",\"target\":[[\"https:\\\/\\\/cardamomo.com\\\/ru\\\/show\\\/flamenco-madrid-agosto-2018\\\/\"]]}]},{\"@type\":\"ImageObject\",\"inLanguage\":\"ru-RU\",\"@id\":\"https:\\\/\\\/cardamomo.com\\\/ru\\\/show\\\/flamenco-madrid-agosto-2018\\\/#primaryimage\",\"url\":\"\",\"contentUrl\":\"\"},{\"@type\":\"BreadcrumbList\",\"@id\":\"https:\\\/\\\/cardamomo.com\\\/ru\\\/show\\\/flamenco-madrid-agosto-2018\\\/#breadcrumb\",\"itemListElement\":[{\"@type\":\"ListItem\",\"position\":1,\"name\":\"Cardamomo\",\"item\":\"https:\\\/\\\/cardamomo.com\\\/ru\\\/\"},{\"@type\":\"ListItem\",\"position\":2,\"name\":\"Shows\",\"item\":\"https:\\\/\\\/cardamomo.com\\\/ru\\\/show\\\/\"},{\"@type\":\"ListItem\",\"position\":3,\"name\":\"Flamenco Madrid agosto 2018\"}]},{\"@type\":\"WebSite\",\"@id\":\"https:\\\/\\\/cardamomo.com\\\/ru\\\/#website\",\"url\":\"https:\\\/\\\/cardamomo.com\\\/ru\\\/\",\"name\":\"Cardamomo Flamenco Madrid\",\"description\":\"\",\"potentialAction\":[{\"@type\":\"SearchAction\",\"target\":{\"@type\":\"EntryPoint\",\"urlTemplate\":\"https:\\\/\\\/cardamomo.com\\\/ru\\\/?s={search_term_string}\"},\"query-input\":{\"@type\":\"PropertyValueSpecification\",\"valueRequired\":true,\"valueName\":\"search_term_string\"}}],\"inLanguage\":\"ru-RU\"}]}<\/script>\n<!-- \/ Yoast SEO plugin. -->","yoast_head_json":{"title":"Flamenco Madrid agosto 2018 - Cardamomo Flamenco Madrid","robots":{"index":"index","follow":"follow","max-snippet":"max-snippet:-1","max-image-preview":"max-image-preview:large","max-video-preview":"max-video-preview:-1"},"canonical":"\/","og_locale":"ru_RU","og_type":"article","og_title":"Flamenco Madrid agosto 2018 - Cardamomo Flamenco Madrid","og_description":"\u0418\u0437\u0432\u0438\u043d\u0438\u0442\u0435, \u044d\u0442\u043e\u0442 \u0442\u0435\u043a\u0441\u0442 \u0434\u043e\u0441\u0442\u0443\u043f\u0435\u043d \u0442\u043e\u043b\u044c\u043a\u043e \u043d\u0430 &ldquo;Espa\u00f1ol&rdquo; \u0438 &ldquo;English&rdquo;.Flamenco Madrid. Oportunidad\u00a0\u00fanica este mes para disfrutar con la presencia especial de artistas venidos expresamente desde Andaluc\u00eda. Disfrutaremos de artistas venidos de fuera de Madrid que Cardamomo trae expresamente para enriquecer su espect\u00e1culo. En el tablao flamenco Cardamomo maestros de la guitarra espa\u00f1ola, prestigiosos cantaores y cantaoras,...","og_url":"https:\/\/cardamomo.com\/ru\/show\/flamenco-madrid-agosto-2018\/","og_site_name":"Cardamomo Flamenco Madrid","twitter_card":"summary_large_image","twitter_misc":{"\u041f\u0440\u0438\u043c\u0435\u0440\u043d\u043e\u0435 \u0432\u0440\u0435\u043c\u044f \u0434\u043b\u044f \u0447\u0442\u0435\u043d\u0438\u044f":"1 \u043c\u0438\u043d\u0443\u0442\u0430"},"schema":{"@context":"https:\/\/schema.org","@graph":[{"@type":"WebPage","@id":"https:\/\/cardamomo.com\/ru\/show\/flamenco-madrid-agosto-2018\/","url":"https:\/\/cardamomo.com\/ru\/show\/flamenco-madrid-agosto-2018\/","name":"Flamenco Madrid agosto 2018 - Cardamomo Flamenco Madrid","isPartOf":{"@id":"https:\/\/cardamomo.com\/ru\/#website"},"primaryImageOfPage":{"@id":"https:\/\/cardamomo.com\/ru\/show\/flamenco-madrid-agosto-2018\/#primaryimage"},"image":{"@id":"https:\/\/cardamomo.com\/es\/show\/flamenco-madrid-agosto-2018\/#primaryimage"},"thumbnailUrl":"","datePublished":"2018-05-27T14:07:59+00:00","breadcrumb":{"@id":"https:\/\/cardamomo.com\/ru\/show\/flamenco-madrid-agosto-2018\/#breadcrumb"},"inLanguage":"ru-RU","potentialAction":[{"@type":"ReadAction","target":[["https:\/\/cardamomo.com\/ru\/show\/flamenco-madrid-agosto-2018\/"]]}]},{"@type":"ImageObject","inLanguage":"ru-RU","@id":"https:\/\/cardamomo.com\/ru\/show\/flamenco-madrid-agosto-2018\/#primaryimage","url":"","contentUrl":""},{"@type":"BreadcrumbList","@id":"https:\/\/cardamomo.com\/ru\/show\/flamenco-madrid-agosto-2018\/#breadcrumb","itemListElement":[{"@type":"ListItem","position":1,"name":"Cardamomo","item":"https:\/\/cardamomo.com\/ru\/"},{"@type":"ListItem","position":2,"name":"Shows","item":"https:\/\/cardamomo.com\/ru\/show\/"},{"@type":"ListItem","position":3,"name":"Flamenco Madrid agosto 2018"}]},{"@type":"WebSite","@id":"https:\/\/cardamomo.com\/ru\/#website","url":"https:\/\/cardamomo.com\/ru\/","name":"Cardamomo Flamenco Madrid","description":"","potentialAction":[{"@type":"SearchAction","target":{"@type":"EntryPoint","urlTemplate":"https:\/\/cardamomo.com\/ru\/?s={search_term_string}"},"query-input":{"@type":"PropertyValueSpecification","valueRequired":true,"valueName":"search_term_string"}}],"inLanguage":"ru-RU"}]}},"_links":{"self":[{"href":"https:\/\/cardamomo.com\/ru\/wp-json\/wp\/v2\/show\/45984","targetHints":{"allow":["GET"]}}],"collection":[{"href":"https:\/\/cardamomo.com\/ru\/wp-json\/wp\/v2\/show"}],"about":[{"href":"https:\/\/cardamomo.com\/ru\/wp-json\/wp\/v2\/types\/show"}],"wp:featuredmedia":[{"embeddable":true,"href":"https:\/\/cardamomo.com\/ru\/wp-json\/"}],"wp:attachment":[{"href":"https:\/\/cardamomo.com\/ru\/wp-json\/wp\/v2\/media?parent=45984"}],"curies":[{"name":"wp","href":"https:\/\/api.w.org\/{rel}","templated":true}]}}