{"id":53364,"date":"2018-10-19T19:11:49","date_gmt":"2018-10-19T17:11:49","guid":{"rendered":"https:\/\/cardamomo.com\/es\/?post_type=artist&#038;p=53364"},"modified":"2025-03-19T12:55:00","modified_gmt":"2025-03-19T12:55:00","slug":"gema-moneo","status":"publish","type":"artist","link":"https:\/\/cardamomo.com\/pt\/artist\/gema-moneo\/","title":{"rendered":"Gema Moneo"},"content":{"rendered":"<p><\/p>\n<h4>Biografia<\/h4>\n<p>Nascida em Jerez de la Frontera, C\u00e1diz, em 1991, pertence a uma das fam\u00edlias mais importantes do mundo do flamenco, Los Moneo. Aos 4 anos, Manuela Carpio come\u00e7ou a ter aulas de dan\u00e7a e continuou a aprender com grandes dan\u00e7arinos de flamenco como La Yerbabuena, Juan de Juan, Patricia Ib\u00e1\u00f1ez, Farruquito e muitos outros.<\/p>\n<p>Aos 13 anos de idade deu o salto para o palco nos tablaos de Jerez, especificamente na Lag\u00e1 de T\u00edo Parrilla. Dan\u00e7ou no Pe\u00f1a Flamenca em Paris, no Festival de Genebra (Su\u00ed\u00e7a), no Teatro Villamarta em Jerez, na apresenta\u00e7\u00e3o do disco &#8220;El Torta&#8221; do seu tio Juan Moneo e no Festival de Flamenco de Londres. Aos 17 anos, actuou no Teatro Alhambra, no Festival de Genebra (Su\u00ed\u00e7a), no Festival de Flamenco de Sarago\u00e7a e nas sextas-feiras de Flamenco de Jerez.<\/p>\n<p>Assim que fez 18 anos, come\u00e7ou a participar no espect\u00e1culo &#8220;Soner\u00edas&#8221;, estreado na Bienal de Sevilha 2010 com a companhia de dan\u00e7a Farruquito, com a qual continuou a digress\u00e3o pela Argentina e Chile.<\/p>\n<p>A sua dan\u00e7a vem como um sinal de completa liberdade, sendo a esperan\u00e7a de Jerez dan\u00e7ar e ao mesmo tempo o portador do legado da sua fam\u00edlia. Ganhou recentemente o pr\u00e9mio Artista Revelaci\u00f3n da adega Gonz\u00e1lez Byass pelo seu espect\u00e1culo &#8220;El sonido de mis d\u00edas&#8221; (O som dos meus dias).<\/p>\n<p>Entre os festivais onde exibiu os seus dotes dan\u00e7antes est\u00e3o a Bienal de Sevilha (2010), o Festival de Flamenco de Londres, o Festival de Flamenco de Sarago\u00e7a, o Festival de Genebra e Viernes Flamencos de Jerez, entre outros. Al\u00e9m disso, dada a sua boa rela\u00e7\u00e3o profissional com Farruquito e a sua companhia, participou num dos seus \u00faltimos espect\u00e1culos, &#8220;Baile Flamenco&#8221;, que esteve esgotado durante 4 dias consecutivos no Teatro EDP Gran Via (Antiguo Teatro Compac) em Madrid.<\/p>","protected":false},"featured_media":157223,"template":"","meta":{"_acf_changed":false,"inline_featured_image":false},"class_list":["post-53364","artist","type-artist","status-publish","has-post-thumbnail","hentry"],"acf":[],"yoast_head":"<!-- This site is optimized with the Yoast SEO plugin v27.4 - https:\/\/yoast.com\/product\/yoast-seo-wordpress\/ -->\n<title>Gema Moneo - Cardamomo Flamenco Madrid<\/title>\n<meta name=\"robots\" content=\"index, follow, max-snippet:-1, max-image-preview:large, max-video-preview:-1\" \/>\n<link rel=\"canonical\" href=\"\/\" \/>\n<meta property=\"og:locale\" content=\"pt_PT\" \/>\n<meta property=\"og:type\" content=\"article\" \/>\n<meta property=\"og:title\" content=\"Gema Moneo - Cardamomo Flamenco Madrid\" \/>\n<meta property=\"og:description\" content=\"Biografia Nascida em Jerez de la Frontera, C\u00e1diz, em 1991, pertence a uma das fam\u00edlias mais importantes do mundo do flamenco, Los Moneo. Aos 4 anos, Manuela Carpio come\u00e7ou a ter aulas de dan\u00e7a e continuou a aprender com grandes dan\u00e7arinos de flamenco como La Yerbabuena, Juan de Juan, Patricia Ib\u00e1\u00f1ez, Farruquito e muitos outros....\" \/>\n<meta property=\"og:url\" content=\"https:\/\/cardamomo.com\/pt\/artist\/gema-moneo\/\" \/>\n<meta property=\"og:site_name\" content=\"Cardamomo Flamenco Madrid\" \/>\n<meta property=\"article:modified_time\" content=\"2025-03-19T12:55:00+00:00\" \/>\n<meta property=\"og:image\" content=\"https:\/\/cardamomo.ams3.digitaloceanspaces.com\/wp-content\/uploads\/2018\/10\/19125444\/gema-moneo.jpg\" \/>\n\t<meta property=\"og:image:width\" content=\"600\" \/>\n\t<meta property=\"og:image:height\" content=\"750\" \/>\n\t<meta property=\"og:image:type\" content=\"image\/jpeg\" \/>\n<meta name=\"twitter:card\" content=\"summary_large_image\" \/>\n<meta name=\"twitter:label1\" content=\"Tempo estimado de leitura\" \/>\n\t<meta name=\"twitter:data1\" content=\"2 minutos\" \/>\n<script type=\"application\/ld+json\" class=\"yoast-schema-graph\">{\"@context\":\"https:\\\/\\\/schema.org\",\"@graph\":[{\"@type\":\"WebPage\",\"@id\":\"https:\\\/\\\/cardamomo.com\\\/pt\\\/artist\\\/gema-moneo\\\/\",\"url\":\"https:\\\/\\\/cardamomo.com\\\/pt\\\/artist\\\/gema-moneo\\\/\",\"name\":\"Gema Moneo - Cardamomo Flamenco Madrid\",\"isPartOf\":{\"@id\":\"https:\\\/\\\/cardamomo.com\\\/pt\\\/#website\"},\"primaryImageOfPage\":{\"@id\":\"https:\\\/\\\/cardamomo.com\\\/pt\\\/artist\\\/gema-moneo\\\/#primaryimage\"},\"image\":{\"@id\":\"https:\\\/\\\/cardamomo.com\\\/es\\\/artist\\\/gema-moneo\\\/#primaryimage\"},\"thumbnailUrl\":\"https:\\\/\\\/cardamomo.ams3.digitaloceanspaces.com\\\/wp-content\\\/uploads\\\/2018\\\/10\\\/19125444\\\/gema-moneo.jpg\",\"datePublished\":\"2018-10-19T17:11:49+00:00\",\"dateModified\":\"2025-03-19T12:55:00+00:00\",\"breadcrumb\":{\"@id\":\"https:\\\/\\\/cardamomo.com\\\/pt\\\/artist\\\/gema-moneo\\\/#breadcrumb\"},\"inLanguage\":\"pt-PT\",\"potentialAction\":[{\"@type\":\"ReadAction\",\"target\":[[\"https:\\\/\\\/cardamomo.com\\\/pt\\\/artist\\\/gema-moneo\\\/\"]]}]},{\"@type\":\"ImageObject\",\"inLanguage\":\"pt-PT\",\"@id\":\"https:\\\/\\\/cardamomo.com\\\/pt\\\/artist\\\/gema-moneo\\\/#primaryimage\",\"url\":\"https:\\\/\\\/cardamomo.ams3.digitaloceanspaces.com\\\/wp-content\\\/uploads\\\/2018\\\/10\\\/19125444\\\/gema-moneo.jpg\",\"contentUrl\":\"https:\\\/\\\/cardamomo.ams3.digitaloceanspaces.com\\\/wp-content\\\/uploads\\\/2018\\\/10\\\/19125444\\\/gema-moneo.jpg\",\"width\":600,\"height\":750,\"caption\":\"Bailaora Gema Moneo\"},{\"@type\":\"BreadcrumbList\",\"@id\":\"https:\\\/\\\/cardamomo.com\\\/pt\\\/artist\\\/gema-moneo\\\/#breadcrumb\",\"itemListElement\":[{\"@type\":\"ListItem\",\"position\":1,\"name\":\"Cardamomo\",\"item\":\"https:\\\/\\\/cardamomo.com\\\/pt\\\/\"},{\"@type\":\"ListItem\",\"position\":2,\"name\":\"Artists\",\"item\":\"https:\\\/\\\/cardamomo.com\\\/pt\\\/artist\\\/\"},{\"@type\":\"ListItem\",\"position\":3,\"name\":\"Gema Moneo\"}]},{\"@type\":\"WebSite\",\"@id\":\"https:\\\/\\\/cardamomo.com\\\/pt\\\/#website\",\"url\":\"https:\\\/\\\/cardamomo.com\\\/pt\\\/\",\"name\":\"Cardamomo Flamenco Madrid\",\"description\":\"\",\"potentialAction\":[{\"@type\":\"SearchAction\",\"target\":{\"@type\":\"EntryPoint\",\"urlTemplate\":\"https:\\\/\\\/cardamomo.com\\\/pt\\\/?s={search_term_string}\"},\"query-input\":{\"@type\":\"PropertyValueSpecification\",\"valueRequired\":true,\"valueName\":\"search_term_string\"}}],\"inLanguage\":\"pt-PT\"}]}<\/script>\n<!-- \/ Yoast SEO plugin. -->","yoast_head_json":{"title":"Gema Moneo - Cardamomo Flamenco Madrid","robots":{"index":"index","follow":"follow","max-snippet":"max-snippet:-1","max-image-preview":"max-image-preview:large","max-video-preview":"max-video-preview:-1"},"canonical":"\/","og_locale":"pt_PT","og_type":"article","og_title":"Gema Moneo - Cardamomo Flamenco Madrid","og_description":"Biografia Nascida em Jerez de la Frontera, C\u00e1diz, em 1991, pertence a uma das fam\u00edlias mais importantes do mundo do flamenco, Los Moneo. Aos 4 anos, Manuela Carpio come\u00e7ou a ter aulas de dan\u00e7a e continuou a aprender com grandes dan\u00e7arinos de flamenco como La Yerbabuena, Juan de Juan, Patricia Ib\u00e1\u00f1ez, Farruquito e muitos outros....","og_url":"https:\/\/cardamomo.com\/pt\/artist\/gema-moneo\/","og_site_name":"Cardamomo Flamenco Madrid","article_modified_time":"2025-03-19T12:55:00+00:00","og_image":[{"width":600,"height":750,"url":"https:\/\/cardamomo.ams3.digitaloceanspaces.com\/wp-content\/uploads\/2018\/10\/19125444\/gema-moneo.jpg","type":"image\/jpeg"}],"twitter_card":"summary_large_image","twitter_misc":{"Tempo estimado de leitura":"2 minutos"},"schema":{"@context":"https:\/\/schema.org","@graph":[{"@type":"WebPage","@id":"https:\/\/cardamomo.com\/pt\/artist\/gema-moneo\/","url":"https:\/\/cardamomo.com\/pt\/artist\/gema-moneo\/","name":"Gema Moneo - Cardamomo Flamenco Madrid","isPartOf":{"@id":"https:\/\/cardamomo.com\/pt\/#website"},"primaryImageOfPage":{"@id":"https:\/\/cardamomo.com\/pt\/artist\/gema-moneo\/#primaryimage"},"image":{"@id":"https:\/\/cardamomo.com\/es\/artist\/gema-moneo\/#primaryimage"},"thumbnailUrl":"https:\/\/cardamomo.ams3.digitaloceanspaces.com\/wp-content\/uploads\/2018\/10\/19125444\/gema-moneo.jpg","datePublished":"2018-10-19T17:11:49+00:00","dateModified":"2025-03-19T12:55:00+00:00","breadcrumb":{"@id":"https:\/\/cardamomo.com\/pt\/artist\/gema-moneo\/#breadcrumb"},"inLanguage":"pt-PT","potentialAction":[{"@type":"ReadAction","target":[["https:\/\/cardamomo.com\/pt\/artist\/gema-moneo\/"]]}]},{"@type":"ImageObject","inLanguage":"pt-PT","@id":"https:\/\/cardamomo.com\/pt\/artist\/gema-moneo\/#primaryimage","url":"https:\/\/cardamomo.ams3.digitaloceanspaces.com\/wp-content\/uploads\/2018\/10\/19125444\/gema-moneo.jpg","contentUrl":"https:\/\/cardamomo.ams3.digitaloceanspaces.com\/wp-content\/uploads\/2018\/10\/19125444\/gema-moneo.jpg","width":600,"height":750,"caption":"Bailaora Gema Moneo"},{"@type":"BreadcrumbList","@id":"https:\/\/cardamomo.com\/pt\/artist\/gema-moneo\/#breadcrumb","itemListElement":[{"@type":"ListItem","position":1,"name":"Cardamomo","item":"https:\/\/cardamomo.com\/pt\/"},{"@type":"ListItem","position":2,"name":"Artists","item":"https:\/\/cardamomo.com\/pt\/artist\/"},{"@type":"ListItem","position":3,"name":"Gema Moneo"}]},{"@type":"WebSite","@id":"https:\/\/cardamomo.com\/pt\/#website","url":"https:\/\/cardamomo.com\/pt\/","name":"Cardamomo Flamenco Madrid","description":"","potentialAction":[{"@type":"SearchAction","target":{"@type":"EntryPoint","urlTemplate":"https:\/\/cardamomo.com\/pt\/?s={search_term_string}"},"query-input":{"@type":"PropertyValueSpecification","valueRequired":true,"valueName":"search_term_string"}}],"inLanguage":"pt-PT"}]}},"_links":{"self":[{"href":"https:\/\/cardamomo.com\/pt\/wp-json\/wp\/v2\/artist\/53364","targetHints":{"allow":["GET"]}}],"collection":[{"href":"https:\/\/cardamomo.com\/pt\/wp-json\/wp\/v2\/artist"}],"about":[{"href":"https:\/\/cardamomo.com\/pt\/wp-json\/wp\/v2\/types\/artist"}],"wp:featuredmedia":[{"embeddable":true,"href":"https:\/\/cardamomo.com\/pt\/wp-json\/wp\/v2\/media\/157223"}],"wp:attachment":[{"href":"https:\/\/cardamomo.com\/pt\/wp-json\/wp\/v2\/media?parent=53364"}],"curies":[{"name":"wp","href":"https:\/\/api.w.org\/{rel}","templated":true}]}}