{"id":131490,"date":"2023-09-29T16:56:30","date_gmt":"2023-09-29T14:56:30","guid":{"rendered":"https:\/\/cardamomo.com\/es\/?post_type=artist&#038;p=131490"},"modified":"2025-03-12T09:13:07","modified_gmt":"2025-03-12T09:13:07","slug":"gloria-wasmer","status":"publish","type":"artist","link":"https:\/\/cardamomo.com\/pt\/artist\/gloria-wasmer\/","title":{"rendered":"Gloria Wasmer"},"content":{"rendered":"<p>Come\u00e7ou a tocar violino aos 5 anos de idade, treinando com a prestigiada violinista ucraniana <strong>Tatiana Alesinsky<\/strong>. Ap\u00f3s anos de base cl\u00e1ssica russa, come\u00e7ou a participar em grupos musicais de folclore argentino e tango.<\/p>\n<p>Especializada em flamenco, colaborou como int\u00e9rprete e arranjadora em grava\u00e7\u00f5es com artistas como <strong>Joan Albert Amargos, Carles Benavent ou Parrita<\/strong>. Mais tarde, iniciou um percurso no mundo do flamenco, explorando v\u00e1rias facetas e grupos musicais. Num curto espa\u00e7o de tempo, entra completamente na arte do flamenco, mantendo a sua forma\u00e7\u00e3o cl\u00e1ssica.<\/p>\n<p>Em 2009, conhece o bailarino <strong>Amador Rojas<\/strong>, com quem partilha o palco em diferentes teatros de Espanha, apresentando uma nova perspetiva do flamenco. <strong>Combinam o poder e a paix\u00e3o da dan\u00e7a flamenca com a delicadeza e a sensibilidade do violino cl\u00e1ssico<\/strong>, o que \u00e9 evidente na estreia do espet\u00e1culo &#8220;Mandala&#8221; no Teatro Arteria Coliseum de la Gran V\u00eda, em Madrid.<\/p>\n<p>Ao mesmo tempo, o core\u00f3grafo e bailarino <strong>Antonio Canales<\/strong> escolhe-a para fazer parte do seu espet\u00e1culo &#8220;Mano a Mano&#8221;.<\/p>\n<p>De 2010 a 2011, faz parte do elenco do &#8220;Palacio del Flamenco&#8221; em Barcelona, trabalhando simultaneamente em v\u00e1rios projectos musicais.<\/p>\n<p>Em setembro de 2011, embarca numa digress\u00e3o por v\u00e1rias cidades da R\u00fassia e da Sib\u00e9ria com a Companhia de Flamenco e Cl\u00e1ssico Espanhol &#8220;Los Mulero&#8221;.<\/p>\n<p>Faz tamb\u00e9m parte do projeto &#8220;Esencias&#8221; do guitarrista <strong>Jes\u00fas de Joaqu\u00edn &#8220;Puchero&#8221;<\/strong> e da companhia do bailarino <strong>David Romero.<\/strong><\/p>\n<p>Desde 2009, tornou-se membro regular do tablao &#8220;Los Tarantos&#8221; em Barcelona.<\/p>\n<p>Participou durante dois anos no festival de flamenco de Beziers, em Fran\u00e7a, e um ano em Marselha.<\/p>\n<p>Entre 2014 e 2016, trabalhou em tablaos em Madrid como Casa Patas, Las Carboneras, Cardamomo Flamenco ou El Candela, partilhando o palco com artistas not\u00e1veis como Montse Cortes, Aurora Losada, Chelo Pantoja, Juan Antonio Salazar e Sorderita.<\/p>\n<p>Em 2016, a sua colabora\u00e7\u00e3o com o guitarrista Luis Robisco no &#8220;Palau de la M\u00fasica&#8221; resulta no seu novo \u00e1lbum &#8220;Camino&#8221;, bem como numa homenagem a Paco de Luc\u00eda, na qual tamb\u00e9m participa o Maestro Carles Benavent.<\/p>\n<p>A partir de 2017, junta-se ao elenco do tablao &#8220;Casa Camar\u00f3n&#8221;.<\/p>\n<p>Para al\u00e9m do seu trabalho em palco, participou em numerosas grava\u00e7\u00f5es, entre as quais se destaca o CD de benefic\u00eancia &#8220;Tres guitarras para el autismo&#8221;, no qual contribui com o seu violino em v\u00e1rias faixas, uma delas em colabora\u00e7\u00e3o com a cantora <strong>Parrita<\/strong>. Tamb\u00e9m gravou partes de violino nos tr\u00eas \u00e1lbuns do cantor <strong>Manuel Fern\u00e1ndez,<\/strong> o \u00faltimo intitulado &#8220;Siete destinos&#8221;. Tamb\u00e9m participa no \u00e1lbum do guitarrista Eugeni Muriel com o grupo &#8220;Barcelona nova fusi\u00f3&#8221;.<\/p>\n<p>Partilhou os seus conhecimentos musicais como professora de piano, violino e inicia\u00e7\u00e3o musical em v\u00e1rios centros de Madrid e atualmente faz parte da equipa pedag\u00f3gica do &#8220;Instituto Flamenco&#8221; do Taller de M\u00fasics.<\/p>\n<p><strong>A sua forma de entender o flamenco com o violino como parte do canto e da dan\u00e7a torna a sua express\u00e3o \u00fanica e carater\u00edstica dando-lhe uma nova textura mas sempre tradicional e respeitosa com a arte do flamenco.<\/strong><\/p>\n<p><strong>Atualmente faz parte do elenco de artistas dos dois prestigiados tablaos de Madrid como o Cardamomo Flamenco e o Tablao Flamenco 1911.<\/strong><\/p>","protected":false},"featured_media":157161,"template":"","meta":{"_acf_changed":false,"inline_featured_image":false},"class_list":["post-131490","artist","type-artist","status-publish","has-post-thumbnail","hentry"],"acf":[],"yoast_head":"<!-- This site is optimized with the Yoast SEO plugin v27.4 - https:\/\/yoast.com\/product\/yoast-seo-wordpress\/ -->\n<title>Gloria Wasmer - Cardamomo Flamenco Madrid<\/title>\n<meta name=\"robots\" content=\"index, follow, max-snippet:-1, max-image-preview:large, max-video-preview:-1\" \/>\n<link rel=\"canonical\" href=\"\/\" \/>\n<meta property=\"og:locale\" content=\"pt_PT\" \/>\n<meta property=\"og:type\" content=\"article\" \/>\n<meta property=\"og:title\" content=\"Gloria Wasmer - Cardamomo Flamenco Madrid\" \/>\n<meta property=\"og:description\" content=\"Come\u00e7ou a tocar violino aos 5 anos de idade, treinando com a prestigiada violinista ucraniana Tatiana Alesinsky. Ap\u00f3s anos de base cl\u00e1ssica russa, come\u00e7ou a participar em grupos musicais de folclore argentino e tango. Especializada em flamenco, colaborou como int\u00e9rprete e arranjadora em grava\u00e7\u00f5es com artistas como Joan Albert Amargos, Carles Benavent ou Parrita. Mais...\" \/>\n<meta property=\"og:url\" content=\"https:\/\/cardamomo.com\/pt\/artist\/gloria-wasmer\/\" \/>\n<meta property=\"og:site_name\" content=\"Cardamomo Flamenco Madrid\" \/>\n<meta property=\"article:modified_time\" content=\"2025-03-12T09:13:07+00:00\" \/>\n<meta property=\"og:image\" content=\"https:\/\/cardamomo.ams3.digitaloceanspaces.com\/wp-content\/uploads\/2023\/09\/12091234\/gloria-wasmer.jpg\" \/>\n\t<meta property=\"og:image:width\" content=\"600\" \/>\n\t<meta property=\"og:image:height\" content=\"750\" \/>\n\t<meta property=\"og:image:type\" content=\"image\/jpeg\" \/>\n<meta name=\"twitter:card\" content=\"summary_large_image\" \/>\n<meta name=\"twitter:label1\" content=\"Tempo estimado de leitura\" \/>\n\t<meta name=\"twitter:data1\" content=\"3 minutos\" \/>\n<script type=\"application\/ld+json\" class=\"yoast-schema-graph\">{\"@context\":\"https:\\\/\\\/schema.org\",\"@graph\":[{\"@type\":\"WebPage\",\"@id\":\"https:\\\/\\\/cardamomo.com\\\/pt\\\/artist\\\/gloria-wasmer\\\/\",\"url\":\"https:\\\/\\\/cardamomo.com\\\/pt\\\/artist\\\/gloria-wasmer\\\/\",\"name\":\"Gloria Wasmer - Cardamomo Flamenco Madrid\",\"isPartOf\":{\"@id\":\"https:\\\/\\\/cardamomo.com\\\/pt\\\/#website\"},\"primaryImageOfPage\":{\"@id\":\"https:\\\/\\\/cardamomo.com\\\/pt\\\/artist\\\/gloria-wasmer\\\/#primaryimage\"},\"image\":{\"@id\":\"https:\\\/\\\/cardamomo.com\\\/es\\\/artist\\\/gloria-wasmer\\\/#primaryimage\"},\"thumbnailUrl\":\"https:\\\/\\\/cardamomo.ams3.digitaloceanspaces.com\\\/wp-content\\\/uploads\\\/2023\\\/09\\\/12091234\\\/gloria-wasmer.jpg\",\"datePublished\":\"2023-09-29T14:56:30+00:00\",\"dateModified\":\"2025-03-12T09:13:07+00:00\",\"breadcrumb\":{\"@id\":\"https:\\\/\\\/cardamomo.com\\\/pt\\\/artist\\\/gloria-wasmer\\\/#breadcrumb\"},\"inLanguage\":\"pt-PT\",\"potentialAction\":[{\"@type\":\"ReadAction\",\"target\":[[\"https:\\\/\\\/cardamomo.com\\\/pt\\\/artist\\\/gloria-wasmer\\\/\"]]}]},{\"@type\":\"ImageObject\",\"inLanguage\":\"pt-PT\",\"@id\":\"https:\\\/\\\/cardamomo.com\\\/pt\\\/artist\\\/gloria-wasmer\\\/#primaryimage\",\"url\":\"https:\\\/\\\/cardamomo.ams3.digitaloceanspaces.com\\\/wp-content\\\/uploads\\\/2023\\\/09\\\/12091234\\\/gloria-wasmer.jpg\",\"contentUrl\":\"https:\\\/\\\/cardamomo.ams3.digitaloceanspaces.com\\\/wp-content\\\/uploads\\\/2023\\\/09\\\/12091234\\\/gloria-wasmer.jpg\",\"width\":600,\"height\":750,\"caption\":\"Violinista Gloria Wasmer\"},{\"@type\":\"BreadcrumbList\",\"@id\":\"https:\\\/\\\/cardamomo.com\\\/pt\\\/artist\\\/gloria-wasmer\\\/#breadcrumb\",\"itemListElement\":[{\"@type\":\"ListItem\",\"position\":1,\"name\":\"Cardamomo\",\"item\":\"https:\\\/\\\/cardamomo.com\\\/pt\\\/\"},{\"@type\":\"ListItem\",\"position\":2,\"name\":\"Artists\",\"item\":\"https:\\\/\\\/cardamomo.com\\\/pt\\\/artist\\\/\"},{\"@type\":\"ListItem\",\"position\":3,\"name\":\"Gloria Wasmer\"}]},{\"@type\":\"WebSite\",\"@id\":\"https:\\\/\\\/cardamomo.com\\\/pt\\\/#website\",\"url\":\"https:\\\/\\\/cardamomo.com\\\/pt\\\/\",\"name\":\"Cardamomo Flamenco Madrid\",\"description\":\"\",\"potentialAction\":[{\"@type\":\"SearchAction\",\"target\":{\"@type\":\"EntryPoint\",\"urlTemplate\":\"https:\\\/\\\/cardamomo.com\\\/pt\\\/?s={search_term_string}\"},\"query-input\":{\"@type\":\"PropertyValueSpecification\",\"valueRequired\":true,\"valueName\":\"search_term_string\"}}],\"inLanguage\":\"pt-PT\"}]}<\/script>\n<!-- \/ Yoast SEO plugin. -->","yoast_head_json":{"title":"Gloria Wasmer - Cardamomo Flamenco Madrid","robots":{"index":"index","follow":"follow","max-snippet":"max-snippet:-1","max-image-preview":"max-image-preview:large","max-video-preview":"max-video-preview:-1"},"canonical":"\/","og_locale":"pt_PT","og_type":"article","og_title":"Gloria Wasmer - Cardamomo Flamenco Madrid","og_description":"Come\u00e7ou a tocar violino aos 5 anos de idade, treinando com a prestigiada violinista ucraniana Tatiana Alesinsky. Ap\u00f3s anos de base cl\u00e1ssica russa, come\u00e7ou a participar em grupos musicais de folclore argentino e tango. Especializada em flamenco, colaborou como int\u00e9rprete e arranjadora em grava\u00e7\u00f5es com artistas como Joan Albert Amargos, Carles Benavent ou Parrita. Mais...","og_url":"https:\/\/cardamomo.com\/pt\/artist\/gloria-wasmer\/","og_site_name":"Cardamomo Flamenco Madrid","article_modified_time":"2025-03-12T09:13:07+00:00","og_image":[{"width":600,"height":750,"url":"https:\/\/cardamomo.ams3.digitaloceanspaces.com\/wp-content\/uploads\/2023\/09\/12091234\/gloria-wasmer.jpg","type":"image\/jpeg"}],"twitter_card":"summary_large_image","twitter_misc":{"Tempo estimado de leitura":"3 minutos"},"schema":{"@context":"https:\/\/schema.org","@graph":[{"@type":"WebPage","@id":"https:\/\/cardamomo.com\/pt\/artist\/gloria-wasmer\/","url":"https:\/\/cardamomo.com\/pt\/artist\/gloria-wasmer\/","name":"Gloria Wasmer - Cardamomo Flamenco Madrid","isPartOf":{"@id":"https:\/\/cardamomo.com\/pt\/#website"},"primaryImageOfPage":{"@id":"https:\/\/cardamomo.com\/pt\/artist\/gloria-wasmer\/#primaryimage"},"image":{"@id":"https:\/\/cardamomo.com\/es\/artist\/gloria-wasmer\/#primaryimage"},"thumbnailUrl":"https:\/\/cardamomo.ams3.digitaloceanspaces.com\/wp-content\/uploads\/2023\/09\/12091234\/gloria-wasmer.jpg","datePublished":"2023-09-29T14:56:30+00:00","dateModified":"2025-03-12T09:13:07+00:00","breadcrumb":{"@id":"https:\/\/cardamomo.com\/pt\/artist\/gloria-wasmer\/#breadcrumb"},"inLanguage":"pt-PT","potentialAction":[{"@type":"ReadAction","target":[["https:\/\/cardamomo.com\/pt\/artist\/gloria-wasmer\/"]]}]},{"@type":"ImageObject","inLanguage":"pt-PT","@id":"https:\/\/cardamomo.com\/pt\/artist\/gloria-wasmer\/#primaryimage","url":"https:\/\/cardamomo.ams3.digitaloceanspaces.com\/wp-content\/uploads\/2023\/09\/12091234\/gloria-wasmer.jpg","contentUrl":"https:\/\/cardamomo.ams3.digitaloceanspaces.com\/wp-content\/uploads\/2023\/09\/12091234\/gloria-wasmer.jpg","width":600,"height":750,"caption":"Violinista Gloria Wasmer"},{"@type":"BreadcrumbList","@id":"https:\/\/cardamomo.com\/pt\/artist\/gloria-wasmer\/#breadcrumb","itemListElement":[{"@type":"ListItem","position":1,"name":"Cardamomo","item":"https:\/\/cardamomo.com\/pt\/"},{"@type":"ListItem","position":2,"name":"Artists","item":"https:\/\/cardamomo.com\/pt\/artist\/"},{"@type":"ListItem","position":3,"name":"Gloria Wasmer"}]},{"@type":"WebSite","@id":"https:\/\/cardamomo.com\/pt\/#website","url":"https:\/\/cardamomo.com\/pt\/","name":"Cardamomo Flamenco Madrid","description":"","potentialAction":[{"@type":"SearchAction","target":{"@type":"EntryPoint","urlTemplate":"https:\/\/cardamomo.com\/pt\/?s={search_term_string}"},"query-input":{"@type":"PropertyValueSpecification","valueRequired":true,"valueName":"search_term_string"}}],"inLanguage":"pt-PT"}]}},"_links":{"self":[{"href":"https:\/\/cardamomo.com\/pt\/wp-json\/wp\/v2\/artist\/131490","targetHints":{"allow":["GET"]}}],"collection":[{"href":"https:\/\/cardamomo.com\/pt\/wp-json\/wp\/v2\/artist"}],"about":[{"href":"https:\/\/cardamomo.com\/pt\/wp-json\/wp\/v2\/types\/artist"}],"wp:featuredmedia":[{"embeddable":true,"href":"https:\/\/cardamomo.com\/pt\/wp-json\/wp\/v2\/media\/157161"}],"wp:attachment":[{"href":"https:\/\/cardamomo.com\/pt\/wp-json\/wp\/v2\/media?parent=131490"}],"curies":[{"name":"wp","href":"https:\/\/api.w.org\/{rel}","templated":true}]}}