{"id":100880,"date":"2022-05-27T19:35:22","date_gmt":"2022-05-27T17:35:22","guid":{"rendered":"https:\/\/cardamomo.com\/es\/?post_type=artist&#038;p=100880"},"modified":"2025-03-18T15:15:33","modified_gmt":"2025-03-18T15:15:33","slug":"el-tete","status":"publish","type":"artist","link":"https:\/\/cardamomo.com\/pt\/artist\/el-tete\/","title":{"rendered":"El Tete"},"content":{"rendered":"<p><\/p>\n<h4>Biografia<\/h4>\n<p>Nascido numa fam\u00edlia cigana, de Sant Roc, Badalona (Barcelona); irm\u00e3o mais novo do bailarino &#8220;El Yiyo&#8221;, mostra-nos uma paix\u00e3o e um talento inato na sua dan\u00e7a de flamenco. Com apenas 22 anos de idade, teve experi\u00eancias com grandes artistas, consagrando o seu lugar na experi\u00eancia flamenca.\u00a0 Jos\u00e9 Maya e &#8220;Farruquito&#8221; s\u00e3o alguns dos grandes que influenciaram o desenvolvimento deste jovem bailarino. Ele partilha com o seu irm\u00e3o, &#8220;El Yiyo&#8221;, n\u00e3o s\u00f3 a semelhan\u00e7a f\u00edsica, mas tamb\u00e9m fazem parte das novas figuras do flamenco de hoje. Participaram juntos no espect\u00e1culo &#8220;Flamenco de sangre&#8221; no Teatro Apolo em Barcelona, em digress\u00e3o por v\u00e1rias cidades de Portugal e Espanha.<\/p>\n<p>&nbsp;<\/p>\n<h4>Obras<\/h4>\n<p>Actualmente, juntamente com os seus irm\u00e3os, &#8220;EL Yiyo&#8221; e &#8220;El Chino&#8221;, est\u00e3o a realizar &#8220;Jubileo&#8221; em Miami e em v\u00e1rias partes de Espanha.<br \/>\nOs tr\u00eas irm\u00e3os fizeram parte da pe\u00e7a &#8220;Contratiempo&#8221; e em breve &#8220;El Tete&#8221; estar\u00e1 num festival em Londres com &#8220;Tomatito&#8221;.<\/p>\n<p>&nbsp;<\/p>\n<h4>Anecdote<\/h4>\n<p>&#8220;El Tete&#8221; diz-nos que, juntamente com o seu irm\u00e3o, foram ver o mestre &#8220;Farruquito&#8221;, onde dan\u00e7ou no Caf\u00e9 Berlin, na cidade de Madrid. Chegados ao \u00faltimo n\u00famero, &#8220;Farruquito&#8221; convidou &#8220;El Tete&#8221; no palco para dan\u00e7ar com ele, e depois acabaram por tomar algumas bebidas na &#8220;Casa Patas&#8221;.\u00a0 Dois grandes nomes do flamenco estavam presentes, Rober &#8220;El Moreno&#8221; e David Jim\u00e9nez guitarrista.\u00a0 Foi assim que &#8220;El Tete&#8221; entrou em contacto com eles para dan\u00e7ar pela primeira vez em Cardamomo, juntamente com dois grandes, &#8220;Farruquito&#8221; e Remedios Amaya.<\/p>","protected":false},"featured_media":157197,"template":"","meta":{"_acf_changed":false,"inline_featured_image":false},"class_list":["post-100880","artist","type-artist","status-publish","has-post-thumbnail","hentry"],"acf":[],"yoast_head":"<!-- This site is optimized with the Yoast SEO plugin v27.4 - https:\/\/yoast.com\/product\/yoast-seo-wordpress\/ -->\n<title>El Tete - Cardamomo Flamenco Madrid<\/title>\n<meta name=\"robots\" content=\"index, follow, max-snippet:-1, max-image-preview:large, max-video-preview:-1\" \/>\n<link rel=\"canonical\" href=\"\/\" \/>\n<meta property=\"og:locale\" content=\"pt_PT\" \/>\n<meta property=\"og:type\" content=\"article\" \/>\n<meta property=\"og:title\" content=\"El Tete - Cardamomo Flamenco Madrid\" \/>\n<meta property=\"og:description\" content=\"Biografia Nascido numa fam\u00edlia cigana, de Sant Roc, Badalona (Barcelona); irm\u00e3o mais novo do bailarino &#8220;El Yiyo&#8221;, mostra-nos uma paix\u00e3o e um talento inato na sua dan\u00e7a de flamenco. Com apenas 22 anos de idade, teve experi\u00eancias com grandes artistas, consagrando o seu lugar na experi\u00eancia flamenca.\u00a0 Jos\u00e9 Maya e &#8220;Farruquito&#8221; s\u00e3o alguns dos grandes...\" \/>\n<meta property=\"og:url\" content=\"https:\/\/cardamomo.com\/pt\/artist\/el-tete\/\" \/>\n<meta property=\"og:site_name\" content=\"Cardamomo Flamenco Madrid\" \/>\n<meta property=\"article:modified_time\" content=\"2025-03-18T15:15:33+00:00\" \/>\n<meta property=\"og:image\" content=\"https:\/\/cardamomo.ams3.digitaloceanspaces.com\/wp-content\/uploads\/2022\/05\/18151515\/el-tete.jpg\" \/>\n\t<meta property=\"og:image:width\" content=\"600\" \/>\n\t<meta property=\"og:image:height\" content=\"750\" \/>\n\t<meta property=\"og:image:type\" content=\"image\/jpeg\" \/>\n<meta name=\"twitter:card\" content=\"summary_large_image\" \/>\n<meta name=\"twitter:label1\" content=\"Tempo estimado de leitura\" \/>\n\t<meta name=\"twitter:data1\" content=\"2 minutos\" \/>\n<script type=\"application\/ld+json\" class=\"yoast-schema-graph\">{\"@context\":\"https:\\\/\\\/schema.org\",\"@graph\":[{\"@type\":\"WebPage\",\"@id\":\"https:\\\/\\\/cardamomo.com\\\/pt\\\/artist\\\/el-tete\\\/\",\"url\":\"https:\\\/\\\/cardamomo.com\\\/pt\\\/artist\\\/el-tete\\\/\",\"name\":\"El Tete - Cardamomo Flamenco Madrid\",\"isPartOf\":{\"@id\":\"https:\\\/\\\/cardamomo.com\\\/pt\\\/#website\"},\"primaryImageOfPage\":{\"@id\":\"https:\\\/\\\/cardamomo.com\\\/pt\\\/artist\\\/el-tete\\\/#primaryimage\"},\"image\":{\"@id\":\"https:\\\/\\\/cardamomo.com\\\/es\\\/artist\\\/el-tete\\\/#primaryimage\"},\"thumbnailUrl\":\"https:\\\/\\\/cardamomo.ams3.digitaloceanspaces.com\\\/wp-content\\\/uploads\\\/2022\\\/05\\\/18151515\\\/el-tete.jpg\",\"datePublished\":\"2022-05-27T17:35:22+00:00\",\"dateModified\":\"2025-03-18T15:15:33+00:00\",\"breadcrumb\":{\"@id\":\"https:\\\/\\\/cardamomo.com\\\/pt\\\/artist\\\/el-tete\\\/#breadcrumb\"},\"inLanguage\":\"pt-PT\",\"potentialAction\":[{\"@type\":\"ReadAction\",\"target\":[[\"https:\\\/\\\/cardamomo.com\\\/pt\\\/artist\\\/el-tete\\\/\"]]}]},{\"@type\":\"ImageObject\",\"inLanguage\":\"pt-PT\",\"@id\":\"https:\\\/\\\/cardamomo.com\\\/pt\\\/artist\\\/el-tete\\\/#primaryimage\",\"url\":\"https:\\\/\\\/cardamomo.ams3.digitaloceanspaces.com\\\/wp-content\\\/uploads\\\/2022\\\/05\\\/18151515\\\/el-tete.jpg\",\"contentUrl\":\"https:\\\/\\\/cardamomo.ams3.digitaloceanspaces.com\\\/wp-content\\\/uploads\\\/2022\\\/05\\\/18151515\\\/el-tete.jpg\",\"width\":600,\"height\":750,\"caption\":\"Bailaor El Tete\"},{\"@type\":\"BreadcrumbList\",\"@id\":\"https:\\\/\\\/cardamomo.com\\\/pt\\\/artist\\\/el-tete\\\/#breadcrumb\",\"itemListElement\":[{\"@type\":\"ListItem\",\"position\":1,\"name\":\"Cardamomo\",\"item\":\"https:\\\/\\\/cardamomo.com\\\/pt\\\/\"},{\"@type\":\"ListItem\",\"position\":2,\"name\":\"Artists\",\"item\":\"https:\\\/\\\/cardamomo.com\\\/pt\\\/artist\\\/\"},{\"@type\":\"ListItem\",\"position\":3,\"name\":\"El Tete\"}]},{\"@type\":\"WebSite\",\"@id\":\"https:\\\/\\\/cardamomo.com\\\/pt\\\/#website\",\"url\":\"https:\\\/\\\/cardamomo.com\\\/pt\\\/\",\"name\":\"Cardamomo Flamenco Madrid\",\"description\":\"\",\"potentialAction\":[{\"@type\":\"SearchAction\",\"target\":{\"@type\":\"EntryPoint\",\"urlTemplate\":\"https:\\\/\\\/cardamomo.com\\\/pt\\\/?s={search_term_string}\"},\"query-input\":{\"@type\":\"PropertyValueSpecification\",\"valueRequired\":true,\"valueName\":\"search_term_string\"}}],\"inLanguage\":\"pt-PT\"}]}<\/script>\n<!-- \/ Yoast SEO plugin. -->","yoast_head_json":{"title":"El Tete - Cardamomo Flamenco Madrid","robots":{"index":"index","follow":"follow","max-snippet":"max-snippet:-1","max-image-preview":"max-image-preview:large","max-video-preview":"max-video-preview:-1"},"canonical":"\/","og_locale":"pt_PT","og_type":"article","og_title":"El Tete - Cardamomo Flamenco Madrid","og_description":"Biografia Nascido numa fam\u00edlia cigana, de Sant Roc, Badalona (Barcelona); irm\u00e3o mais novo do bailarino &#8220;El Yiyo&#8221;, mostra-nos uma paix\u00e3o e um talento inato na sua dan\u00e7a de flamenco. Com apenas 22 anos de idade, teve experi\u00eancias com grandes artistas, consagrando o seu lugar na experi\u00eancia flamenca.\u00a0 Jos\u00e9 Maya e &#8220;Farruquito&#8221; s\u00e3o alguns dos grandes...","og_url":"https:\/\/cardamomo.com\/pt\/artist\/el-tete\/","og_site_name":"Cardamomo Flamenco Madrid","article_modified_time":"2025-03-18T15:15:33+00:00","og_image":[{"width":600,"height":750,"url":"https:\/\/cardamomo.ams3.digitaloceanspaces.com\/wp-content\/uploads\/2022\/05\/18151515\/el-tete.jpg","type":"image\/jpeg"}],"twitter_card":"summary_large_image","twitter_misc":{"Tempo estimado de leitura":"2 minutos"},"schema":{"@context":"https:\/\/schema.org","@graph":[{"@type":"WebPage","@id":"https:\/\/cardamomo.com\/pt\/artist\/el-tete\/","url":"https:\/\/cardamomo.com\/pt\/artist\/el-tete\/","name":"El Tete - Cardamomo Flamenco Madrid","isPartOf":{"@id":"https:\/\/cardamomo.com\/pt\/#website"},"primaryImageOfPage":{"@id":"https:\/\/cardamomo.com\/pt\/artist\/el-tete\/#primaryimage"},"image":{"@id":"https:\/\/cardamomo.com\/es\/artist\/el-tete\/#primaryimage"},"thumbnailUrl":"https:\/\/cardamomo.ams3.digitaloceanspaces.com\/wp-content\/uploads\/2022\/05\/18151515\/el-tete.jpg","datePublished":"2022-05-27T17:35:22+00:00","dateModified":"2025-03-18T15:15:33+00:00","breadcrumb":{"@id":"https:\/\/cardamomo.com\/pt\/artist\/el-tete\/#breadcrumb"},"inLanguage":"pt-PT","potentialAction":[{"@type":"ReadAction","target":[["https:\/\/cardamomo.com\/pt\/artist\/el-tete\/"]]}]},{"@type":"ImageObject","inLanguage":"pt-PT","@id":"https:\/\/cardamomo.com\/pt\/artist\/el-tete\/#primaryimage","url":"https:\/\/cardamomo.ams3.digitaloceanspaces.com\/wp-content\/uploads\/2022\/05\/18151515\/el-tete.jpg","contentUrl":"https:\/\/cardamomo.ams3.digitaloceanspaces.com\/wp-content\/uploads\/2022\/05\/18151515\/el-tete.jpg","width":600,"height":750,"caption":"Bailaor El Tete"},{"@type":"BreadcrumbList","@id":"https:\/\/cardamomo.com\/pt\/artist\/el-tete\/#breadcrumb","itemListElement":[{"@type":"ListItem","position":1,"name":"Cardamomo","item":"https:\/\/cardamomo.com\/pt\/"},{"@type":"ListItem","position":2,"name":"Artists","item":"https:\/\/cardamomo.com\/pt\/artist\/"},{"@type":"ListItem","position":3,"name":"El Tete"}]},{"@type":"WebSite","@id":"https:\/\/cardamomo.com\/pt\/#website","url":"https:\/\/cardamomo.com\/pt\/","name":"Cardamomo Flamenco Madrid","description":"","potentialAction":[{"@type":"SearchAction","target":{"@type":"EntryPoint","urlTemplate":"https:\/\/cardamomo.com\/pt\/?s={search_term_string}"},"query-input":{"@type":"PropertyValueSpecification","valueRequired":true,"valueName":"search_term_string"}}],"inLanguage":"pt-PT"}]}},"_links":{"self":[{"href":"https:\/\/cardamomo.com\/pt\/wp-json\/wp\/v2\/artist\/100880","targetHints":{"allow":["GET"]}}],"collection":[{"href":"https:\/\/cardamomo.com\/pt\/wp-json\/wp\/v2\/artist"}],"about":[{"href":"https:\/\/cardamomo.com\/pt\/wp-json\/wp\/v2\/types\/artist"}],"wp:featuredmedia":[{"embeddable":true,"href":"https:\/\/cardamomo.com\/pt\/wp-json\/wp\/v2\/media\/157197"}],"wp:attachment":[{"href":"https:\/\/cardamomo.com\/pt\/wp-json\/wp\/v2\/media?parent=100880"}],"curies":[{"name":"wp","href":"https:\/\/api.w.org\/{rel}","templated":true}]}}