{"id":56817,"date":"2019-01-21T11:31:58","date_gmt":"2019-01-21T10:31:58","guid":{"rendered":"https:\/\/cardamomo.com\/es\/?post_type=artist&#038;p=56817"},"modified":"2025-03-19T12:49:47","modified_gmt":"2025-03-19T12:49:47","slug":"costi-el-chato-bailaor-de-flamenco-madrid-cardamomo","status":"publish","type":"artist","link":"https:\/\/cardamomo.com\/ja\/artist\/costi-el-chato\/","title":{"rendered":"Costi &#8220;El Chato&#8221;"},"content":{"rendered":"<p class=\"qtranxs-available-languages-message qtranxs-available-languages-message-ja\">\u7533\u3057\u8a33\u3042\u308a\u307e\u305b\u3093\u3001\u3053\u306e\u30b3\u30f3\u30c6\u30f3\u30c4\u306f\u305f\u3060\u4eca\u3000<a href=\"https:\/\/cardamomo.com\/es\/wp-json\/wp\/v2\/artist\/56817\" class=\"qtranxs-available-language-link qtranxs-available-language-link-es\" title=\"Espa\u00f1ol\">Espa\u00f1ol<\/a>\u3001 <a href=\"https:\/\/cardamomo.com\/en\/wp-json\/wp\/v2\/artist\/56817\" class=\"qtranxs-available-language-link qtranxs-available-language-link-en\" title=\"English\">English<\/a>\u3001 <a href=\"https:\/\/cardamomo.com\/de\/wp-json\/wp\/v2\/artist\/56817\" class=\"qtranxs-available-language-link qtranxs-available-language-link-de\" title=\"Deutsch\">Deutsch<\/a>\u3001 <a href=\"https:\/\/cardamomo.com\/fr\/wp-json\/wp\/v2\/artist\/56817\" class=\"qtranxs-available-language-link qtranxs-available-language-link-fr\" title=\"Fran\u00e7ais\">Fran\u00e7ais<\/a>\u3001 <a href=\"https:\/\/cardamomo.com\/pt\/wp-json\/wp\/v2\/artist\/56817\" class=\"qtranxs-available-language-link qtranxs-available-language-link-pt\" title=\"Portugu\u00eas\">Portugu\u00eas<\/a>\u3001 <a href=\"https:\/\/cardamomo.com\/zh\/wp-json\/wp\/v2\/artist\/56817\" class=\"qtranxs-available-language-link qtranxs-available-language-link-zh\" title=\"\u4e2d\u6587\">\u4e2d\u6587<\/a>\u3001 <a href=\"https:\/\/cardamomo.com\/it\/wp-json\/wp\/v2\/artist\/56817\" class=\"qtranxs-available-language-link qtranxs-available-language-link-it\" title=\"Italiano\">Italiano<\/a>\u3068 <a href=\"https:\/\/cardamomo.com\/ru\/wp-json\/wp\/v2\/artist\/56817\" class=\"qtranxs-available-language-link qtranxs-available-language-link-ru\" title=\"\u0420\u0443\u0441\u0441\u043a\u0438\u0439\">\u0420\u0443\u0441\u0441\u043a\u0438\u0439<\/a>\u3000\u306e\u307f\u3067\u3059\u3002<\/p><p><strong>&#8220;El Chato&#8221;<\/strong> nace en Barcelona en el seno de una<strong> familia gitana.<\/strong><\/p>\n<p>Comienza sus estudios con la danza cl\u00e1sica, espa\u00f1ola y flamenca. Form\u00e1ndose con grandes\u00a0 maestros como:\u00a0Rosa <strong>&#8220;La Tolea&#8221;\u00a0<\/strong>y\u00a0<strong>Antonio Canales<\/strong>, entre otros.<\/p>\n<p>Con diecis\u00e9is a\u00f1os, debuta en el <strong>Teatro Queen Elisabeth<\/strong> de Londres.<\/p>\n<p>En el a\u00f1o 2002 crea su propia compa\u00f1\u00eda <strong>&#8220;Bajar\u00ed Flamenca&#8221;<\/strong>. Y realiza varias giras mundiales, pasando por pa\u00edses como China, Grecia, Espa\u00f1a e Italia.<\/p>\n<p>En 2004\u00a0 gana el <strong>1\u00ba premio Honor a Carmen Amaya<\/strong>\u00a0en el VII Certamen de j\u00f3venes valores de Hospitalet. Y <strong>1\u00ba Premio Concurso Coreogr\u00e1fico<\/strong> en el\u00a0 VII Ateneo Popular Nou Barris.<\/p>\n<p>El bailaor, <strong>colabora y acude como bailaor invitado en los espect\u00e1culos de otros reconocidos artistas de flamenco<\/strong>, como:\u00a0Farruquito ,Duquende, Antonio Canales, La Chana ,Tia Juana la del Pipa, Josemi &#8220;Ketama&#8221;, Diego Amador, Capullo de Jerez o Diego del Morao. En espect\u00e1culos impresionantes como &#8220;Improvisao&#8221;, &#8220;Entre Amigos&#8221;, &#8220;La Diosa del Comp\u00e1s&#8221; o &#8220;XLVIII Portaje Gitano de Utrera&#8221;.<\/p>\n<p>Costi &#8220;El Chato&#8221; ha creado <strong>sus propios espect\u00e1culos<\/strong>: \u00a8<em>Bajar\u00ec Flamenca\u00a8<\/em>,\u00a8<em>Fiesta Gitana\u00a8<\/em> o <em>\u00a8Zambreando\u00a8<\/em>, de los que se ha podido disfrutar en diferentes\u00a0 <strong>festivales<\/strong> como: <em>Flamenco a Nou Barris, Flamenco y Catalanes Festival, The Flamenco Music Hall, Ciclo flamenco al Bes\u00f3s, Forum de las Cultuas, el Macro Festival Mid Summer Night\u00b4s Dream, \u00a8Arte y Fuerza\u00a8<\/em>\u00a0 bajo la direccion de Jorge Navarro, <em>\u00a8Flamenco Vivo\u00a8\u00a0<\/em> de USA produciones, <em>&#8220;Carmela Otero&#8221;<\/em> bajo la direcci\u00f3n Carol Hernandez.<\/p>\n<p><strong>Es un bailaor\u00a0 experto y muy activo en el panorama actual del flamenco.<\/strong> Participa en festivales como \u00a8<em>Flamenco Opera\u00a8<\/em>, dirigido por Katia Moro en el gran teatro LICEU de Barcelona. <em>El Festival Internacional Arte Flamenco<\/em> de Mont-de-Marsan. <strong>Baila junto a Sara Baras y Samuelito<\/strong> en el espect\u00e1culo <em>\u00a8Viajero\u00a8<\/em> realizado en Paris y Normandia.<\/p>\n<p><strong>Forma parte del elenco del III Festival Carmen Amaya<\/strong> ,compartiendo cartel con: Manuela Carrasco, Tomatito, Remedios Amaya\u00a0 o Antonio Rey, entre otros. Bajo la direcci\u00f3n del expresidente de la Bienal de Sevilla , Jose Luis Ortiz.<\/p>\n<p>Adem\u00e1s de bailar, <strong>ha demostrado ser un gran actor<\/strong> en <em>&#8220;La mitad invisible&#8221;<\/em>, pel\u00edcula nominada a los <strong>Oscars de Hollywood<\/strong>; el programa de televisi\u00f3n <em>&#8220;Cr\u00f3nicas marcianas&#8221;<\/em>; o <em>&#8220;Tarantos&#8221;<\/em>, el musical flamenco compuesto por m\u00fasica de Chicuelo, Tomatito y Javier de la Torre. Bajo la direcci\u00f3n de Emilio Hern\u00e1ndez. La productora <em>La Cafetera<\/em> y el cantautor Antonio Barrullo lo reclaman para el documental\u00a0 <em>&#8220;Mexico Flamenco&#8221;<\/em> nominado al <strong>GRAMY Latino.\u00a0<\/strong><\/p>\n<p>Filmaffinity tambi\u00e9n apuesta por &#8220;El Chato&#8221;, concretamente en la pel\u00edcula dirigida por Luc\u00eda Stojevic\u00a8: <em>&#8220;La Chana\u00a8<\/em> una de las mejores bailaoras de flamenco en el mundo, premiada en m\u00e1s de 9 ocasiones.<\/p>\n<p>&#8220;El Chato&#8221; imparte<strong> clases de baile flamenco<\/strong>, compartiendo su t\u00e9cnica y talento <strong>por todo el mundo,<\/strong> desde rinconcitos de Espa\u00f1a, pasando por pa\u00edses como Jap\u00f3n, USA o China.<\/p>\n<p>&nbsp;<\/p>\n<p>&nbsp;<\/p>","protected":false},"featured_media":157220,"template":"","meta":{"_acf_changed":false,"inline_featured_image":false},"class_list":["post-56817","artist","type-artist","status-publish","has-post-thumbnail","hentry"],"acf":[],"yoast_head":"<!-- This site is optimized with the Yoast SEO plugin v27.4 - https:\/\/yoast.com\/product\/yoast-seo-wordpress\/ -->\n<title>Costi Charo Bailaor Flamenco Madrid Cardamomo Biograf\u00eda<\/title>\n<meta name=\"description\" content=\"Conoce la biograf\u00eda de Costi &quot;El Chato&quot;, bailaor de flamenco cuyo talento es reconocido a nivel mundial y que actuar\u00e1 en el Tablao Flamenco Cardamomo de Madrid\" \/>\n<meta name=\"robots\" content=\"index, follow, max-snippet:-1, max-image-preview:large, max-video-preview:-1\" \/>\n<link rel=\"canonical\" href=\"\/\" \/>\n<meta property=\"og:locale\" content=\"ja_JP\" \/>\n<meta property=\"og:type\" content=\"article\" \/>\n<meta property=\"og:title\" content=\"Costi Charo Bailaor Flamenco Madrid Cardamomo Biograf\u00eda\" \/>\n<meta property=\"og:description\" content=\"Conoce la biograf\u00eda de Costi &quot;El Chato&quot;, bailaor de flamenco cuyo talento es reconocido a nivel mundial y que actuar\u00e1 en el Tablao Flamenco Cardamomo de Madrid\" \/>\n<meta property=\"og:url\" content=\"https:\/\/cardamomo.com\/ja\/artist\/costi-el-chato\/\" \/>\n<meta property=\"og:site_name\" content=\"Cardamomo Flamenco Madrid\" \/>\n<meta property=\"article:modified_time\" content=\"2025-03-19T12:49:47+00:00\" \/>\n<meta property=\"og:image\" content=\"https:\/\/cardamomo.ams3.digitaloceanspaces.com\/wp-content\/uploads\/2019\/01\/19124927\/costi-el-chato.jpg\" \/>\n\t<meta property=\"og:image:width\" content=\"600\" \/>\n\t<meta property=\"og:image:height\" content=\"750\" \/>\n\t<meta property=\"og:image:type\" content=\"image\/jpeg\" \/>\n<meta name=\"twitter:card\" content=\"summary_large_image\" \/>\n<meta name=\"twitter:label1\" content=\"\u63a8\u5b9a\u8aad\u307f\u53d6\u308a\u6642\u9593\" \/>\n\t<meta name=\"twitter:data1\" content=\"3\u5206\" \/>\n<script type=\"application\/ld+json\" class=\"yoast-schema-graph\">{\"@context\":\"https:\\\/\\\/schema.org\",\"@graph\":[{\"@type\":\"WebPage\",\"@id\":\"https:\\\/\\\/cardamomo.com\\\/ja\\\/artist\\\/costi-el-chato\\\/\",\"url\":\"https:\\\/\\\/cardamomo.com\\\/ja\\\/artist\\\/costi-el-chato\\\/\",\"name\":\"Costi Charo Bailaor Flamenco Madrid Cardamomo Biograf\u00eda\",\"isPartOf\":{\"@id\":\"https:\\\/\\\/cardamomo.com\\\/ja\\\/#website\"},\"primaryImageOfPage\":{\"@id\":\"https:\\\/\\\/cardamomo.com\\\/ja\\\/artist\\\/costi-el-chato\\\/#primaryimage\"},\"image\":{\"@id\":\"https:\\\/\\\/cardamomo.com\\\/es\\\/artist\\\/costi-el-chato\\\/#primaryimage\"},\"thumbnailUrl\":\"https:\\\/\\\/cardamomo.ams3.digitaloceanspaces.com\\\/wp-content\\\/uploads\\\/2019\\\/01\\\/19124927\\\/costi-el-chato.jpg\",\"datePublished\":\"2019-01-21T10:31:58+00:00\",\"dateModified\":\"2025-03-19T12:49:47+00:00\",\"description\":\"Conoce la biograf\u00eda de Costi \\\"El Chato\\\", bailaor de flamenco cuyo talento es reconocido a nivel mundial y que actuar\u00e1 en el Tablao Flamenco Cardamomo de Madrid\",\"breadcrumb\":{\"@id\":\"https:\\\/\\\/cardamomo.com\\\/ja\\\/artist\\\/costi-el-chato\\\/#breadcrumb\"},\"inLanguage\":\"ja\",\"potentialAction\":[{\"@type\":\"ReadAction\",\"target\":[[\"https:\\\/\\\/cardamomo.com\\\/ja\\\/artist\\\/costi-el-chato\\\/\"]]}]},{\"@type\":\"ImageObject\",\"inLanguage\":\"ja\",\"@id\":\"https:\\\/\\\/cardamomo.com\\\/ja\\\/artist\\\/costi-el-chato\\\/#primaryimage\",\"url\":\"https:\\\/\\\/cardamomo.ams3.digitaloceanspaces.com\\\/wp-content\\\/uploads\\\/2019\\\/01\\\/19124927\\\/costi-el-chato.jpg\",\"contentUrl\":\"https:\\\/\\\/cardamomo.ams3.digitaloceanspaces.com\\\/wp-content\\\/uploads\\\/2019\\\/01\\\/19124927\\\/costi-el-chato.jpg\",\"width\":600,\"height\":750,\"caption\":\"Bailaor Costi \\\"El Chato\\\"\"},{\"@type\":\"BreadcrumbList\",\"@id\":\"https:\\\/\\\/cardamomo.com\\\/ja\\\/artist\\\/costi-el-chato\\\/#breadcrumb\",\"itemListElement\":[{\"@type\":\"ListItem\",\"position\":1,\"name\":\"Cardamomo\",\"item\":\"https:\\\/\\\/cardamomo.com\\\/ja\\\/\"},{\"@type\":\"ListItem\",\"position\":2,\"name\":\"Artists\",\"item\":\"https:\\\/\\\/cardamomo.com\\\/ja\\\/artist\\\/\"},{\"@type\":\"ListItem\",\"position\":3,\"name\":\"Costi \u00abEl Chato\u00bb\"}]},{\"@type\":\"WebSite\",\"@id\":\"https:\\\/\\\/cardamomo.com\\\/ja\\\/#website\",\"url\":\"https:\\\/\\\/cardamomo.com\\\/ja\\\/\",\"name\":\"Cardamomo Flamenco Madrid\",\"description\":\"\",\"potentialAction\":[{\"@type\":\"SearchAction\",\"target\":{\"@type\":\"EntryPoint\",\"urlTemplate\":\"https:\\\/\\\/cardamomo.com\\\/ja\\\/?s={search_term_string}\"},\"query-input\":{\"@type\":\"PropertyValueSpecification\",\"valueRequired\":true,\"valueName\":\"search_term_string\"}}],\"inLanguage\":\"ja\"}]}<\/script>\n<!-- \/ Yoast SEO plugin. -->","yoast_head_json":{"title":"Costi Charo Bailaor Flamenco Madrid Cardamomo Biograf\u00eda","description":"Conoce la biograf\u00eda de Costi \"El Chato\", bailaor de flamenco cuyo talento es reconocido a nivel mundial y que actuar\u00e1 en el Tablao Flamenco Cardamomo de Madrid","robots":{"index":"index","follow":"follow","max-snippet":"max-snippet:-1","max-image-preview":"max-image-preview:large","max-video-preview":"max-video-preview:-1"},"canonical":"\/","og_locale":"ja_JP","og_type":"article","og_title":"Costi Charo Bailaor Flamenco Madrid Cardamomo Biograf\u00eda","og_description":"Conoce la biograf\u00eda de Costi \"El Chato\", bailaor de flamenco cuyo talento es reconocido a nivel mundial y que actuar\u00e1 en el Tablao Flamenco Cardamomo de Madrid","og_url":"https:\/\/cardamomo.com\/ja\/artist\/costi-el-chato\/","og_site_name":"Cardamomo Flamenco Madrid","article_modified_time":"2025-03-19T12:49:47+00:00","og_image":[{"width":600,"height":750,"url":"https:\/\/cardamomo.ams3.digitaloceanspaces.com\/wp-content\/uploads\/2019\/01\/19124927\/costi-el-chato.jpg","type":"image\/jpeg"}],"twitter_card":"summary_large_image","twitter_misc":{"\u63a8\u5b9a\u8aad\u307f\u53d6\u308a\u6642\u9593":"3\u5206"},"schema":{"@context":"https:\/\/schema.org","@graph":[{"@type":"WebPage","@id":"https:\/\/cardamomo.com\/ja\/artist\/costi-el-chato\/","url":"https:\/\/cardamomo.com\/ja\/artist\/costi-el-chato\/","name":"Costi Charo Bailaor Flamenco Madrid Cardamomo Biograf\u00eda","isPartOf":{"@id":"https:\/\/cardamomo.com\/ja\/#website"},"primaryImageOfPage":{"@id":"https:\/\/cardamomo.com\/ja\/artist\/costi-el-chato\/#primaryimage"},"image":{"@id":"https:\/\/cardamomo.com\/es\/artist\/costi-el-chato\/#primaryimage"},"thumbnailUrl":"https:\/\/cardamomo.ams3.digitaloceanspaces.com\/wp-content\/uploads\/2019\/01\/19124927\/costi-el-chato.jpg","datePublished":"2019-01-21T10:31:58+00:00","dateModified":"2025-03-19T12:49:47+00:00","description":"Conoce la biograf\u00eda de Costi \"El Chato\", bailaor de flamenco cuyo talento es reconocido a nivel mundial y que actuar\u00e1 en el Tablao Flamenco Cardamomo de Madrid","breadcrumb":{"@id":"https:\/\/cardamomo.com\/ja\/artist\/costi-el-chato\/#breadcrumb"},"inLanguage":"ja","potentialAction":[{"@type":"ReadAction","target":[["https:\/\/cardamomo.com\/ja\/artist\/costi-el-chato\/"]]}]},{"@type":"ImageObject","inLanguage":"ja","@id":"https:\/\/cardamomo.com\/ja\/artist\/costi-el-chato\/#primaryimage","url":"https:\/\/cardamomo.ams3.digitaloceanspaces.com\/wp-content\/uploads\/2019\/01\/19124927\/costi-el-chato.jpg","contentUrl":"https:\/\/cardamomo.ams3.digitaloceanspaces.com\/wp-content\/uploads\/2019\/01\/19124927\/costi-el-chato.jpg","width":600,"height":750,"caption":"Bailaor Costi \"El Chato\""},{"@type":"BreadcrumbList","@id":"https:\/\/cardamomo.com\/ja\/artist\/costi-el-chato\/#breadcrumb","itemListElement":[{"@type":"ListItem","position":1,"name":"Cardamomo","item":"https:\/\/cardamomo.com\/ja\/"},{"@type":"ListItem","position":2,"name":"Artists","item":"https:\/\/cardamomo.com\/ja\/artist\/"},{"@type":"ListItem","position":3,"name":"Costi \u00abEl Chato\u00bb"}]},{"@type":"WebSite","@id":"https:\/\/cardamomo.com\/ja\/#website","url":"https:\/\/cardamomo.com\/ja\/","name":"Cardamomo Flamenco Madrid","description":"","potentialAction":[{"@type":"SearchAction","target":{"@type":"EntryPoint","urlTemplate":"https:\/\/cardamomo.com\/ja\/?s={search_term_string}"},"query-input":{"@type":"PropertyValueSpecification","valueRequired":true,"valueName":"search_term_string"}}],"inLanguage":"ja"}]}},"_links":{"self":[{"href":"https:\/\/cardamomo.com\/ja\/wp-json\/wp\/v2\/artist\/56817","targetHints":{"allow":["GET"]}}],"collection":[{"href":"https:\/\/cardamomo.com\/ja\/wp-json\/wp\/v2\/artist"}],"about":[{"href":"https:\/\/cardamomo.com\/ja\/wp-json\/wp\/v2\/types\/artist"}],"wp:featuredmedia":[{"embeddable":true,"href":"https:\/\/cardamomo.com\/ja\/wp-json\/wp\/v2\/media\/157220"}],"wp:attachment":[{"href":"https:\/\/cardamomo.com\/ja\/wp-json\/wp\/v2\/media?parent=56817"}],"curies":[{"name":"wp","href":"https:\/\/api.w.org\/{rel}","templated":true}]}}