{"id":157652,"date":"2025-07-21T09:35:07","date_gmt":"2025-07-21T09:35:07","guid":{"rendered":"https:\/\/cardamomo.com\/es\/?post_type=show&#038;p=157652"},"modified":"2025-09-12T16:21:51","modified_gmt":"2025-09-12T16:21:51","slug":"flamenco-a-flor-de-piel","status":"publish","type":"show","link":"https:\/\/cardamomo.com\/it\/show\/flamenco-a-fior-di-pelle\/","title":{"rendered":"Flamenco a fior di pelle"},"content":{"rendered":"<p><\/p>\n<p data-start=\"2657\" data-end=\"2748\"><strong data-start=\"2657\" data-end=\"2748\">Quello che abbiamo preparato per questa settimana \u00e8 di quelli che si sentono nel petto.<\/strong><\/p>\n<p data-start=\"2750\" data-end=\"3040\">Immagina l\u2019energia pura, quasi un fuoco: questo \u00e8 <strong data-start=\"2800\" data-end=\"2811\">El Yiyo<\/strong> sul palcoscenico. Uno di quei ballerini che ti catturano e non ti lasciano pi\u00f9. Accanto a lui, l\u2019eleganza e la forza di <strong data-start=\"2932\" data-end=\"2949\">Sof\u00eda del R\u00edo<\/strong> e <strong data-start=\"2952\" data-end=\"2971\">Nerea Fern\u00e1ndez<\/strong>, il contrappunto perfetto, raccontando storie senza dire una parola.<\/p>\n<p data-start=\"3042\" data-end=\"3323\">La voce che ci stringer\u00e0 la gola sar\u00e0 quella di <strong data-start=\"3090\" data-end=\"3105\">Sa\u00fal Quir\u00f3s<\/strong>, un cantaor che si dona davvero. Ma la magia di questa settimana sta anche nella forza viscerale di <strong data-start=\"3206\" data-end=\"3217\">Ingueta<\/strong> e nella scintilla di <strong data-start=\"3239\" data-end=\"3248\">Ricky<\/strong> in serate speciali \u2013 ognuno con la propria verit\u00e0 e il proprio sentimento.<\/p>\n<p data-start=\"3325\" data-end=\"3588\">Per far volare tutto questo, le chitarre di <strong data-start=\"3369\" data-end=\"3386\">Mario Montoya<\/strong> e <strong data-start=\"3389\" data-end=\"3408\">Antonio Jim\u00e9nez<\/strong> saranno il rifugio e la spinta di ogni artista. E alla base di tutto sentirai il battito della terra nel <strong data-start=\"3514\" data-end=\"3523\">caj\u00f3n<\/strong> di <strong data-start=\"3527\" data-end=\"3538\">Antonio<\/strong> e <strong data-start=\"3541\" data-end=\"3556\">Iv\u00e1n Losada<\/strong>, il cuore che d\u00e0 ritmo a tutti.<\/p>\n<p data-start=\"3590\" data-end=\"3706\">Non sono solo nomi su un cartellone. Sono anime che si mettono a nudo su questo palco. Vogliamo che lo vivi con noi.<\/p>\n<p data-start=\"3708\" data-end=\"3768\"><a href=\"https:\/\/cardamomo.com\/it\/comprare-i-biglietti\/\"><strong data-start=\"3712\" data-end=\"3764\">Prenota subito il tuo posto e vieni da Cardamomo<\/strong><\/a><\/p>\n<p><\/p>","protected":false},"featured_media":157653,"template":"","meta":{"_acf_changed":false,"inline_featured_image":false},"class_list":["post-157652","show","type-show","status-publish","has-post-thumbnail","hentry"],"acf":[],"yoast_head":"<!-- This site is optimized with the Yoast SEO plugin v27.4 - https:\/\/yoast.com\/product\/yoast-seo-wordpress\/ -->\n<title>Flamenco a fior di pelle - Cardamomo Flamenco Madrid<\/title>\n<meta name=\"robots\" content=\"index, follow, max-snippet:-1, max-image-preview:large, max-video-preview:-1\" \/>\n<link rel=\"canonical\" href=\"\/\" \/>\n<meta property=\"og:locale\" content=\"it_IT\" \/>\n<meta property=\"og:type\" content=\"article\" \/>\n<meta property=\"og:title\" content=\"Flamenco a fior di pelle - Cardamomo Flamenco Madrid\" \/>\n<meta property=\"og:description\" content=\"Quello che abbiamo preparato per questa settimana \u00e8 di quelli che si sentono nel petto. Immagina l\u2019energia pura, quasi un fuoco: questo \u00e8 El Yiyo sul palcoscenico. Uno di quei ballerini che ti catturano e non ti lasciano pi\u00f9. Accanto a lui, l\u2019eleganza e la forza di Sof\u00eda del R\u00edo e Nerea Fern\u00e1ndez, il contrappunto...\" \/>\n<meta property=\"og:url\" content=\"https:\/\/cardamomo.com\/it\/show\/flamenco-a-flor-de-piel\/\" \/>\n<meta property=\"og:site_name\" content=\"Cardamomo Flamenco Madrid\" \/>\n<meta property=\"article:modified_time\" content=\"2025-09-12T16:21:51+00:00\" \/>\n<meta property=\"og:image\" content=\"https:\/\/cardamomo.ams3.digitaloceanspaces.com\/wp-content\/uploads\/2025\/07\/21093417\/programacion-cardamomo-21-27-julio.jpg\" \/>\n\t<meta property=\"og:image:width\" content=\"1200\" \/>\n\t<meta property=\"og:image:height\" content=\"800\" \/>\n\t<meta property=\"og:image:type\" content=\"image\/jpeg\" \/>\n<meta name=\"twitter:card\" content=\"summary_large_image\" \/>\n<meta name=\"twitter:label1\" content=\"Tempo di lettura stimato\" \/>\n\t<meta name=\"twitter:data1\" content=\"2 minuti\" \/>\n<script type=\"application\/ld+json\" class=\"yoast-schema-graph\">{\"@context\":\"https:\\\/\\\/schema.org\",\"@graph\":[{\"@type\":\"WebPage\",\"@id\":\"https:\\\/\\\/cardamomo.com\\\/it\\\/show\\\/flamenco-a-flor-de-piel\\\/\",\"url\":\"https:\\\/\\\/cardamomo.com\\\/it\\\/show\\\/flamenco-a-flor-de-piel\\\/\",\"name\":\"Flamenco a fior di pelle - Cardamomo Flamenco Madrid\",\"isPartOf\":{\"@id\":\"https:\\\/\\\/cardamomo.com\\\/it\\\/#website\"},\"primaryImageOfPage\":{\"@id\":\"https:\\\/\\\/cardamomo.com\\\/it\\\/show\\\/flamenco-a-flor-de-piel\\\/#primaryimage\"},\"image\":{\"@id\":\"https:\\\/\\\/cardamomo.com\\\/es\\\/show\\\/flamenco-a-flor-de-piel\\\/#primaryimage\"},\"thumbnailUrl\":\"https:\\\/\\\/cardamomo.ams3.digitaloceanspaces.com\\\/wp-content\\\/uploads\\\/2025\\\/07\\\/21093417\\\/programacion-cardamomo-21-27-julio.jpg\",\"datePublished\":\"2025-07-21T09:35:07+00:00\",\"dateModified\":\"2025-09-12T16:21:51+00:00\",\"breadcrumb\":{\"@id\":\"https:\\\/\\\/cardamomo.com\\\/it\\\/show\\\/flamenco-a-flor-de-piel\\\/#breadcrumb\"},\"inLanguage\":\"it-IT\",\"potentialAction\":[{\"@type\":\"ReadAction\",\"target\":[[\"https:\\\/\\\/cardamomo.com\\\/it\\\/show\\\/flamenco-a-flor-de-piel\\\/\"]]}]},{\"@type\":\"ImageObject\",\"inLanguage\":\"it-IT\",\"@id\":\"https:\\\/\\\/cardamomo.com\\\/it\\\/show\\\/flamenco-a-flor-de-piel\\\/#primaryimage\",\"url\":\"https:\\\/\\\/cardamomo.ams3.digitaloceanspaces.com\\\/wp-content\\\/uploads\\\/2025\\\/07\\\/21093417\\\/programacion-cardamomo-21-27-julio.jpg\",\"contentUrl\":\"https:\\\/\\\/cardamomo.ams3.digitaloceanspaces.com\\\/wp-content\\\/uploads\\\/2025\\\/07\\\/21093417\\\/programacion-cardamomo-21-27-julio.jpg\",\"width\":1200,\"height\":800,\"caption\":\"Programaci\u00f3n art\u00edstica 21 al 27 de Julio de Cardamomo Flamenco Madrid\"},{\"@type\":\"BreadcrumbList\",\"@id\":\"https:\\\/\\\/cardamomo.com\\\/it\\\/show\\\/flamenco-a-flor-de-piel\\\/#breadcrumb\",\"itemListElement\":[{\"@type\":\"ListItem\",\"position\":1,\"name\":\"Cardamomo\",\"item\":\"https:\\\/\\\/cardamomo.com\\\/it\\\/\"},{\"@type\":\"ListItem\",\"position\":2,\"name\":\"Shows\",\"item\":\"https:\\\/\\\/cardamomo.com\\\/it\\\/show\\\/\"},{\"@type\":\"ListItem\",\"position\":3,\"name\":\"Flamenco a Flor de Piel\"}]},{\"@type\":\"WebSite\",\"@id\":\"https:\\\/\\\/cardamomo.com\\\/it\\\/#website\",\"url\":\"https:\\\/\\\/cardamomo.com\\\/it\\\/\",\"name\":\"Cardamomo Flamenco Madrid\",\"description\":\"\",\"potentialAction\":[{\"@type\":\"SearchAction\",\"target\":{\"@type\":\"EntryPoint\",\"urlTemplate\":\"https:\\\/\\\/cardamomo.com\\\/it\\\/?s={search_term_string}\"},\"query-input\":{\"@type\":\"PropertyValueSpecification\",\"valueRequired\":true,\"valueName\":\"search_term_string\"}}],\"inLanguage\":\"it-IT\"}]}<\/script>\n<!-- \/ Yoast SEO plugin. -->","yoast_head_json":{"title":"Flamenco a fior di pelle - Cardamomo Flamenco Madrid","robots":{"index":"index","follow":"follow","max-snippet":"max-snippet:-1","max-image-preview":"max-image-preview:large","max-video-preview":"max-video-preview:-1"},"canonical":"\/","og_locale":"it_IT","og_type":"article","og_title":"Flamenco a fior di pelle - Cardamomo Flamenco Madrid","og_description":"Quello che abbiamo preparato per questa settimana \u00e8 di quelli che si sentono nel petto. Immagina l\u2019energia pura, quasi un fuoco: questo \u00e8 El Yiyo sul palcoscenico. Uno di quei ballerini che ti catturano e non ti lasciano pi\u00f9. Accanto a lui, l\u2019eleganza e la forza di Sof\u00eda del R\u00edo e Nerea Fern\u00e1ndez, il contrappunto...","og_url":"https:\/\/cardamomo.com\/it\/show\/flamenco-a-flor-de-piel\/","og_site_name":"Cardamomo Flamenco Madrid","article_modified_time":"2025-09-12T16:21:51+00:00","og_image":[{"width":1200,"height":800,"url":"https:\/\/cardamomo.ams3.digitaloceanspaces.com\/wp-content\/uploads\/2025\/07\/21093417\/programacion-cardamomo-21-27-julio.jpg","type":"image\/jpeg"}],"twitter_card":"summary_large_image","twitter_misc":{"Tempo di lettura stimato":"2 minuti"},"schema":{"@context":"https:\/\/schema.org","@graph":[{"@type":"WebPage","@id":"https:\/\/cardamomo.com\/it\/show\/flamenco-a-flor-de-piel\/","url":"https:\/\/cardamomo.com\/it\/show\/flamenco-a-flor-de-piel\/","name":"Flamenco a fior di pelle - Cardamomo Flamenco Madrid","isPartOf":{"@id":"https:\/\/cardamomo.com\/it\/#website"},"primaryImageOfPage":{"@id":"https:\/\/cardamomo.com\/it\/show\/flamenco-a-flor-de-piel\/#primaryimage"},"image":{"@id":"https:\/\/cardamomo.com\/es\/show\/flamenco-a-flor-de-piel\/#primaryimage"},"thumbnailUrl":"https:\/\/cardamomo.ams3.digitaloceanspaces.com\/wp-content\/uploads\/2025\/07\/21093417\/programacion-cardamomo-21-27-julio.jpg","datePublished":"2025-07-21T09:35:07+00:00","dateModified":"2025-09-12T16:21:51+00:00","breadcrumb":{"@id":"https:\/\/cardamomo.com\/it\/show\/flamenco-a-flor-de-piel\/#breadcrumb"},"inLanguage":"it-IT","potentialAction":[{"@type":"ReadAction","target":[["https:\/\/cardamomo.com\/it\/show\/flamenco-a-flor-de-piel\/"]]}]},{"@type":"ImageObject","inLanguage":"it-IT","@id":"https:\/\/cardamomo.com\/it\/show\/flamenco-a-flor-de-piel\/#primaryimage","url":"https:\/\/cardamomo.ams3.digitaloceanspaces.com\/wp-content\/uploads\/2025\/07\/21093417\/programacion-cardamomo-21-27-julio.jpg","contentUrl":"https:\/\/cardamomo.ams3.digitaloceanspaces.com\/wp-content\/uploads\/2025\/07\/21093417\/programacion-cardamomo-21-27-julio.jpg","width":1200,"height":800,"caption":"Programaci\u00f3n art\u00edstica 21 al 27 de Julio de Cardamomo Flamenco Madrid"},{"@type":"BreadcrumbList","@id":"https:\/\/cardamomo.com\/it\/show\/flamenco-a-flor-de-piel\/#breadcrumb","itemListElement":[{"@type":"ListItem","position":1,"name":"Cardamomo","item":"https:\/\/cardamomo.com\/it\/"},{"@type":"ListItem","position":2,"name":"Shows","item":"https:\/\/cardamomo.com\/it\/show\/"},{"@type":"ListItem","position":3,"name":"Flamenco a Flor de Piel"}]},{"@type":"WebSite","@id":"https:\/\/cardamomo.com\/it\/#website","url":"https:\/\/cardamomo.com\/it\/","name":"Cardamomo Flamenco Madrid","description":"","potentialAction":[{"@type":"SearchAction","target":{"@type":"EntryPoint","urlTemplate":"https:\/\/cardamomo.com\/it\/?s={search_term_string}"},"query-input":{"@type":"PropertyValueSpecification","valueRequired":true,"valueName":"search_term_string"}}],"inLanguage":"it-IT"}]}},"_links":{"self":[{"href":"https:\/\/cardamomo.com\/it\/wp-json\/wp\/v2\/show\/157652","targetHints":{"allow":["GET"]}}],"collection":[{"href":"https:\/\/cardamomo.com\/it\/wp-json\/wp\/v2\/show"}],"about":[{"href":"https:\/\/cardamomo.com\/it\/wp-json\/wp\/v2\/types\/show"}],"wp:featuredmedia":[{"embeddable":true,"href":"https:\/\/cardamomo.com\/it\/wp-json\/wp\/v2\/media\/157653"}],"wp:attachment":[{"href":"https:\/\/cardamomo.com\/it\/wp-json\/wp\/v2\/media?parent=157652"}],"curies":[{"name":"wp","href":"https:\/\/api.w.org\/{rel}","templated":true}]}}