{"id":22377,"date":"2016-09-16T12:33:23","date_gmt":"2016-09-16T10:33:23","guid":{"rendered":"https:\/\/cardamomo.com\/es\/?post_type=artist&#038;p=22377"},"modified":"2025-04-02T10:36:30","modified_gmt":"2025-04-02T10:36:30","slug":"irene-la-sentio-voghera","status":"publish","type":"artist","link":"https:\/\/cardamomo.com\/it\/artist\/irene-la-sentio-sevilla\/","title":{"rendered":"Irene &#8220;La Sent\u00edo&#8221; (Sevilla)"},"content":{"rendered":"<p>Per Irene La Sent\u00edo il baile flamenco \u00e8 una necessit\u00e0, \u00e8 l\u2019unico linguaggio possibile, \u00e8 l\u2019affermazione pi\u00f9 sincera. Una passione che scopre all\u2019et\u00e0 di 13 anni, la rapisce senza volerlo e non le d\u00e0 pi\u00f9 tregua. Un idillio a cui si abbandona ogni giorno senza riserve. Una scommessa personale. Un \u201cio voglio ballare cos\u00ec\u201d, che pens\u00f2 la prima volta in cui vide qualcuno ballare flamenco nella fiera del paese italiano dove \u00e8 nata, e un \u201cio ballo cos\u00ec\u201d, che ora contrassegna il suo promettente futuro artistico.<\/p>\n<p>Alla ricerca delle radici flamenche che il suo ambiente non poteva offrirle, Irene La Sent\u00edo arriva all\u2019et\u00e0 di 20 anni a Siviglia, assetata di esperienze e con il forte desiderio di imparare un\u2019arte che sente gi\u00e0 come propria.<\/p>\n<p>Si avvicina al baile grazie a Juan de los Reyes e Juana Amaya, e continua a formarsi con i grandi: Antonio Canales, la Familia Farruco, Fuensanta La Moneta\u2026 e grazie alla sua tenacia, alla sua forza e capacit\u00e0 naturale di trasmettere emozioni, riesce a conquistarsi presto il nome artistico di \u201cLa Sent\u00edo\u201d assegnatole dalla Farruca.<\/p>\n<p>A partire da l\u00ec, inizia il suo percorso professionale nelle \u201cpe\u00f1as flamencas\u201d della capitale andalusa e riesce ad arrivare alla finale del Festival Internacional del Cante de las Minas de La Uni\u00f3n nel 2008.<\/p>\n<p>Con La Farruca e Farruquito come padrini artistici, Irene entra a far parte di spettacoli di grande visibilit\u00e0 con i quali partecipa a festival come la Bienal de Flamenco di Siviglia, dove balla per la prima volta nel 2010 con \u201cSoner\u00edas\u201d; grazie a proposte come quella dello spettacolo di \u201cBaile flamenco\u201d, Irene si rivela alla critica e al pubblico come una promessa del baile flamenco \u201cpuro\u201d.<\/p>\n<p>In seguito, La Sent\u00edo presenta il suo primo spettacolo \u201cDe mi faldiquera\u201d e inizia una inarrestabile carriera internazionale, realizzando tour insieme a bailaores come Farruco, \u00d3scar de los Reyes, Sergio Aranda o Jairo Barrull, e partecipando alla programmazione dei principali festival di flamenco mondiali come quello di Mont de Marsan, il Festival Flamenco di Roma, la Suma Flamenco di Madrid, La Bienal de Arte Flamenco di Malaga, il Festival Flamenco di Ibiza o la gi\u00e0 citata Bienal e cicli come quello de Los Jueves Flamencos de Cajasol.<\/p>\n<p>Con il desidero di sperimentare nuove proposte , collabora anche in progetti alternativi e d\u2019avanguardia insieme a Tito Losada, all\u2019Orquesta Chekara di Tetu\u00e1n, a Jaco Abel e alla pianista Miriam M\u00e9ndez. Contemporaneamente affianca la sua carriera artistica a quella di docente, impartendo corsi sia in Spagna sia all\u2019estero (Grecia, Italia, Francia e Canada).<\/p>\n<p>Inoltre, La Sent\u00edo \u00e8 bailaora abituale nei migliori tablaos di Sevilla, Barcellona, e Madrid.<\/p>","protected":false},"featured_media":157249,"template":"","meta":{"_acf_changed":false,"inline_featured_image":false},"class_list":["post-22377","artist","type-artist","status-publish","has-post-thumbnail","hentry"],"acf":[],"yoast_head":"<!-- This site is optimized with the Yoast SEO plugin v27.4 - https:\/\/yoast.com\/product\/yoast-seo-wordpress\/ -->\n<title>Irene &quot;La Sent\u00edo&quot; (Sevilla) - Cardamomo Flamenco Madrid<\/title>\n<meta name=\"robots\" content=\"index, follow, max-snippet:-1, max-image-preview:large, max-video-preview:-1\" \/>\n<link rel=\"canonical\" href=\"\/\" \/>\n<meta property=\"og:locale\" content=\"it_IT\" \/>\n<meta property=\"og:type\" content=\"article\" \/>\n<meta property=\"og:title\" content=\"Irene &quot;La Sent\u00edo&quot; (Sevilla) - Cardamomo Flamenco Madrid\" \/>\n<meta property=\"og:description\" content=\"Per Irene La Sent\u00edo il baile flamenco \u00e8 una necessit\u00e0, \u00e8 l\u2019unico linguaggio possibile, \u00e8 l\u2019affermazione pi\u00f9 sincera. Una passione che scopre all\u2019et\u00e0 di 13 anni, la rapisce senza volerlo e non le d\u00e0 pi\u00f9 tregua. Un idillio a cui si abbandona ogni giorno senza riserve. Una scommessa personale. Un \u201cio voglio ballare cos\u00ec\u201d, che...\" \/>\n<meta property=\"og:url\" content=\"https:\/\/cardamomo.com\/it\/artist\/irene-la-sentio-sevilla\/\" \/>\n<meta property=\"og:site_name\" content=\"Cardamomo Flamenco Madrid\" \/>\n<meta property=\"article:modified_time\" content=\"2025-04-02T10:36:30+00:00\" \/>\n<meta property=\"og:image\" content=\"https:\/\/cardamomo.ams3.digitaloceanspaces.com\/wp-content\/uploads\/2016\/09\/02103555\/irene-la-sentio-1.jpg\" \/>\n\t<meta property=\"og:image:width\" content=\"600\" \/>\n\t<meta property=\"og:image:height\" content=\"750\" \/>\n\t<meta property=\"og:image:type\" content=\"image\/jpeg\" \/>\n<meta name=\"twitter:card\" content=\"summary_large_image\" \/>\n<meta name=\"twitter:label1\" content=\"Tempo di lettura stimato\" \/>\n\t<meta name=\"twitter:data1\" content=\"3 minuti\" \/>\n<script type=\"application\/ld+json\" class=\"yoast-schema-graph\">{\"@context\":\"https:\\\/\\\/schema.org\",\"@graph\":[{\"@type\":\"WebPage\",\"@id\":\"https:\\\/\\\/cardamomo.com\\\/it\\\/artist\\\/irene-la-sentio-sevilla\\\/\",\"url\":\"https:\\\/\\\/cardamomo.com\\\/it\\\/artist\\\/irene-la-sentio-sevilla\\\/\",\"name\":\"Irene \\\"La Sent\u00edo\\\" (Sevilla) - Cardamomo Flamenco Madrid\",\"isPartOf\":{\"@id\":\"https:\\\/\\\/cardamomo.com\\\/it\\\/#website\"},\"primaryImageOfPage\":{\"@id\":\"https:\\\/\\\/cardamomo.com\\\/it\\\/artist\\\/irene-la-sentio-sevilla\\\/#primaryimage\"},\"image\":{\"@id\":\"https:\\\/\\\/cardamomo.com\\\/es\\\/artist\\\/irene-la-sentio-sevilla\\\/#primaryimage\"},\"thumbnailUrl\":\"https:\\\/\\\/cardamomo.ams3.digitaloceanspaces.com\\\/wp-content\\\/uploads\\\/2016\\\/09\\\/02103555\\\/irene-la-sentio-1-e1750762147814.jpg\",\"datePublished\":\"2016-09-16T10:33:23+00:00\",\"dateModified\":\"2025-04-02T10:36:30+00:00\",\"breadcrumb\":{\"@id\":\"https:\\\/\\\/cardamomo.com\\\/it\\\/artist\\\/irene-la-sentio-sevilla\\\/#breadcrumb\"},\"inLanguage\":\"it-IT\",\"potentialAction\":[{\"@type\":\"ReadAction\",\"target\":[[\"https:\\\/\\\/cardamomo.com\\\/it\\\/artist\\\/irene-la-sentio-sevilla\\\/\"]]}]},{\"@type\":\"ImageObject\",\"inLanguage\":\"it-IT\",\"@id\":\"https:\\\/\\\/cardamomo.com\\\/it\\\/artist\\\/irene-la-sentio-sevilla\\\/#primaryimage\",\"url\":\"https:\\\/\\\/cardamomo.ams3.digitaloceanspaces.com\\\/wp-content\\\/uploads\\\/2016\\\/09\\\/02103555\\\/irene-la-sentio-1-e1750762147814.jpg\",\"contentUrl\":\"https:\\\/\\\/cardamomo.ams3.digitaloceanspaces.com\\\/wp-content\\\/uploads\\\/2016\\\/09\\\/02103555\\\/irene-la-sentio-1-e1750762147814.jpg\",\"width\":355,\"height\":253,\"caption\":\"La intensa expresi\u00f3n facial de una bailaora flamenca en Cardamomo Madrid.\"},{\"@type\":\"BreadcrumbList\",\"@id\":\"https:\\\/\\\/cardamomo.com\\\/it\\\/artist\\\/irene-la-sentio-sevilla\\\/#breadcrumb\",\"itemListElement\":[{\"@type\":\"ListItem\",\"position\":1,\"name\":\"Cardamomo\",\"item\":\"https:\\\/\\\/cardamomo.com\\\/it\\\/\"},{\"@type\":\"ListItem\",\"position\":2,\"name\":\"Artists\",\"item\":\"https:\\\/\\\/cardamomo.com\\\/it\\\/artist\\\/\"},{\"@type\":\"ListItem\",\"position\":3,\"name\":\"Irene \u00abLa Sent\u00edo\u00bb (Sevilla)\"}]},{\"@type\":\"WebSite\",\"@id\":\"https:\\\/\\\/cardamomo.com\\\/it\\\/#website\",\"url\":\"https:\\\/\\\/cardamomo.com\\\/it\\\/\",\"name\":\"Cardamomo Flamenco Madrid\",\"description\":\"\",\"potentialAction\":[{\"@type\":\"SearchAction\",\"target\":{\"@type\":\"EntryPoint\",\"urlTemplate\":\"https:\\\/\\\/cardamomo.com\\\/it\\\/?s={search_term_string}\"},\"query-input\":{\"@type\":\"PropertyValueSpecification\",\"valueRequired\":true,\"valueName\":\"search_term_string\"}}],\"inLanguage\":\"it-IT\"}]}<\/script>\n<!-- \/ Yoast SEO plugin. -->","yoast_head_json":{"title":"Irene \"La Sent\u00edo\" (Sevilla) - Cardamomo Flamenco Madrid","robots":{"index":"index","follow":"follow","max-snippet":"max-snippet:-1","max-image-preview":"max-image-preview:large","max-video-preview":"max-video-preview:-1"},"canonical":"\/","og_locale":"it_IT","og_type":"article","og_title":"Irene \"La Sent\u00edo\" (Sevilla) - Cardamomo Flamenco Madrid","og_description":"Per Irene La Sent\u00edo il baile flamenco \u00e8 una necessit\u00e0, \u00e8 l\u2019unico linguaggio possibile, \u00e8 l\u2019affermazione pi\u00f9 sincera. Una passione che scopre all\u2019et\u00e0 di 13 anni, la rapisce senza volerlo e non le d\u00e0 pi\u00f9 tregua. Un idillio a cui si abbandona ogni giorno senza riserve. Una scommessa personale. Un \u201cio voglio ballare cos\u00ec\u201d, che...","og_url":"https:\/\/cardamomo.com\/it\/artist\/irene-la-sentio-sevilla\/","og_site_name":"Cardamomo Flamenco Madrid","article_modified_time":"2025-04-02T10:36:30+00:00","og_image":[{"width":600,"height":750,"url":"https:\/\/cardamomo.ams3.digitaloceanspaces.com\/wp-content\/uploads\/2016\/09\/02103555\/irene-la-sentio-1.jpg","type":"image\/jpeg"}],"twitter_card":"summary_large_image","twitter_misc":{"Tempo di lettura stimato":"3 minuti"},"schema":{"@context":"https:\/\/schema.org","@graph":[{"@type":"WebPage","@id":"https:\/\/cardamomo.com\/it\/artist\/irene-la-sentio-sevilla\/","url":"https:\/\/cardamomo.com\/it\/artist\/irene-la-sentio-sevilla\/","name":"Irene \"La Sent\u00edo\" (Sevilla) - Cardamomo Flamenco Madrid","isPartOf":{"@id":"https:\/\/cardamomo.com\/it\/#website"},"primaryImageOfPage":{"@id":"https:\/\/cardamomo.com\/it\/artist\/irene-la-sentio-sevilla\/#primaryimage"},"image":{"@id":"https:\/\/cardamomo.com\/es\/artist\/irene-la-sentio-sevilla\/#primaryimage"},"thumbnailUrl":"https:\/\/cardamomo.ams3.digitaloceanspaces.com\/wp-content\/uploads\/2016\/09\/02103555\/irene-la-sentio-1-e1750762147814.jpg","datePublished":"2016-09-16T10:33:23+00:00","dateModified":"2025-04-02T10:36:30+00:00","breadcrumb":{"@id":"https:\/\/cardamomo.com\/it\/artist\/irene-la-sentio-sevilla\/#breadcrumb"},"inLanguage":"it-IT","potentialAction":[{"@type":"ReadAction","target":[["https:\/\/cardamomo.com\/it\/artist\/irene-la-sentio-sevilla\/"]]}]},{"@type":"ImageObject","inLanguage":"it-IT","@id":"https:\/\/cardamomo.com\/it\/artist\/irene-la-sentio-sevilla\/#primaryimage","url":"https:\/\/cardamomo.ams3.digitaloceanspaces.com\/wp-content\/uploads\/2016\/09\/02103555\/irene-la-sentio-1-e1750762147814.jpg","contentUrl":"https:\/\/cardamomo.ams3.digitaloceanspaces.com\/wp-content\/uploads\/2016\/09\/02103555\/irene-la-sentio-1-e1750762147814.jpg","width":355,"height":253,"caption":"La intensa expresi\u00f3n facial de una bailaora flamenca en Cardamomo Madrid."},{"@type":"BreadcrumbList","@id":"https:\/\/cardamomo.com\/it\/artist\/irene-la-sentio-sevilla\/#breadcrumb","itemListElement":[{"@type":"ListItem","position":1,"name":"Cardamomo","item":"https:\/\/cardamomo.com\/it\/"},{"@type":"ListItem","position":2,"name":"Artists","item":"https:\/\/cardamomo.com\/it\/artist\/"},{"@type":"ListItem","position":3,"name":"Irene \u00abLa Sent\u00edo\u00bb (Sevilla)"}]},{"@type":"WebSite","@id":"https:\/\/cardamomo.com\/it\/#website","url":"https:\/\/cardamomo.com\/it\/","name":"Cardamomo Flamenco Madrid","description":"","potentialAction":[{"@type":"SearchAction","target":{"@type":"EntryPoint","urlTemplate":"https:\/\/cardamomo.com\/it\/?s={search_term_string}"},"query-input":{"@type":"PropertyValueSpecification","valueRequired":true,"valueName":"search_term_string"}}],"inLanguage":"it-IT"}]}},"_links":{"self":[{"href":"https:\/\/cardamomo.com\/it\/wp-json\/wp\/v2\/artist\/22377","targetHints":{"allow":["GET"]}}],"collection":[{"href":"https:\/\/cardamomo.com\/it\/wp-json\/wp\/v2\/artist"}],"about":[{"href":"https:\/\/cardamomo.com\/it\/wp-json\/wp\/v2\/types\/artist"}],"wp:featuredmedia":[{"embeddable":true,"href":"https:\/\/cardamomo.com\/it\/wp-json\/wp\/v2\/media\/157249"}],"wp:attachment":[{"href":"https:\/\/cardamomo.com\/it\/wp-json\/wp\/v2\/media?parent=22377"}],"curies":[{"name":"wp","href":"https:\/\/api.w.org\/{rel}","templated":true}]}}