{"id":123212,"date":"2023-05-24T15:29:41","date_gmt":"2023-05-24T13:29:41","guid":{"rendered":"https:\/\/cardamomo.com\/es\/?post_type=artist&#038;p=123212"},"modified":"2025-03-17T15:55:57","modified_gmt":"2025-03-17T15:55:57","slug":"maria-reyes","status":"publish","type":"artist","link":"https:\/\/cardamomo.com\/it\/artist\/maria-reyes\/","title":{"rendered":"Mar\u00eda Reyes"},"content":{"rendered":"<p>Mar\u00eda Reyes, nata a <strong>El Puerto de Santa Mar\u00eda<\/strong> (Cadice) nel 1991. Ha iniziato a ballare all&#8217;et\u00e0 di 4 anni con la sua insegnante &#8220;La Chati&#8221;. Si \u00e8 diplomata nella specialit\u00e0 del flamenco presso il Conservatorio Profesional de Danza Maribel Gallardo (Cadice). Ha terminato gli studi con il premio straordinario per il miglior risultato accademico in Andalusia.<\/p>\n<p>Durante questi anni si \u00e8 formata a fondo con il suo maestro <strong>Miguel \u00c1ngel Heredia<\/strong>. Ha iniziato a ballare con lui nel tablao &#8220;la Taberna&#8221; (Jerez).<\/p>\n<p>Ha partecipato al concorso &#8220;Desencaja J\u00f3venes Flamencos&#8221; in rappresentanza della provincia di Cadice, partecipando poi al Circuito Provincial de Pe\u00f1as de Andaluc\u00eda.<\/p>\n<p>Ha fatto parte della compagnia del pianista Manolo Carrasco con il suo spettacolo &#8220;Vive la Pepa, 1812&#8221;. Anche della compagnia &#8220;Azalea&#8221; con gli insegnanti Mercedes M\u00e1rquez e Javier Mar\u00edn, in tourn\u00e9e in Portogallo e Andalusia, e partecipando a festival e cicli di danza, come il &#8220;Lunas de Baello Claudia&#8221;.<\/p>\n<p>Nel 2015 ha vinto il terzo premio per la danza al Concorso Nazionale di Ubrique.<\/p>\n<p>Si \u00e8 poi trasferita a Madrid per continuare la sua carriera, iscrivendosi al <strong>Conservatorio Superiore di Danza<\/strong>. Ha iniziato la sua carriera nei tablaos di Madrid e nel 2017 \u00e8 stata semifinalista nel concorso di danza del Tablao Villa Rosa. Nello stesso anno ha fatto parte del pezzo coreografico &#8220;la Rosa de Gerineldo&#8221; della ballerina Guadalupe Torres, che ha ricevuto il 1\u00b0 premio per la coreografia al Certamen Coreogr\u00e1fico de Madrid.<\/p>\n<p>Nel 2019 recita come ballerina e attrice nello spettacolo immersivo &#8220;Tacones Manoli&#8221;, diretto da Felype de Lima e coreografato da Manuel Li\u00f1\u00e1n.<\/p>\n<p>Nel 2021, dopo un processo di selezione, entra a far parte della compagnia della ballerina Mercedes de C\u00f3rdoba (Premio Nazionale di Flamenco) per il suo spettacolo &#8220;S\u00ed, quiero&#8221;, che ha debuttato al XXVI Festival de Jerez presso il Teatro Villamarta, per poi andare in tourn\u00e9e al Gran Teatro de C\u00f3rdoba, al Festival Les Nuits Flamencas de Aubagne (Marsiglia), alla Bienal de Flamenco de Sevilla, al Festival de Mont de Marsan e al London Flamenco Festival.<\/p>\n<p>Attualmente \u00e8 in tourn\u00e9e nei migliori tablaos di Madrid e Barcellona con la compagnia di <strong>Mercedes de C\u00f3rdoba.<\/strong><\/p>","protected":false},"featured_media":157193,"template":"","meta":{"_acf_changed":false,"inline_featured_image":false},"class_list":["post-123212","artist","type-artist","status-publish","has-post-thumbnail","hentry"],"acf":[],"yoast_head":"<!-- This site is optimized with the Yoast SEO plugin v27.4 - https:\/\/yoast.com\/product\/yoast-seo-wordpress\/ -->\n<title>Mar\u00eda Reyes - Cardamomo Flamenco Madrid<\/title>\n<meta name=\"description\" content=\"\u00a1La bailaora Mar\u00eda Reyes en Cardamomo! Conoce m\u00e1s sobre esta gran artista del Puerto de Santa Mar\u00eda, C\u00e1diz. \u00a1No te lo pierdas!\" \/>\n<meta name=\"robots\" content=\"index, follow, max-snippet:-1, max-image-preview:large, max-video-preview:-1\" \/>\n<link rel=\"canonical\" href=\"\/\" \/>\n<meta property=\"og:locale\" content=\"it_IT\" \/>\n<meta property=\"og:type\" content=\"article\" \/>\n<meta property=\"og:title\" content=\"Mar\u00eda Reyes - Cardamomo Flamenco Madrid\" \/>\n<meta property=\"og:description\" content=\"\u00a1La bailaora Mar\u00eda Reyes en Cardamomo! Conoce m\u00e1s sobre esta gran artista del Puerto de Santa Mar\u00eda, C\u00e1diz. \u00a1No te lo pierdas!\" \/>\n<meta property=\"og:url\" content=\"https:\/\/cardamomo.com\/it\/artist\/maria-reyes\/\" \/>\n<meta property=\"og:site_name\" content=\"Cardamomo Flamenco Madrid\" \/>\n<meta property=\"article:modified_time\" content=\"2025-03-17T15:55:57+00:00\" \/>\n<meta property=\"og:image\" content=\"https:\/\/cardamomo.ams3.digitaloceanspaces.com\/wp-content\/uploads\/2023\/05\/17155522\/maria-reyes-2.jpg\" \/>\n\t<meta property=\"og:image:width\" content=\"600\" \/>\n\t<meta property=\"og:image:height\" content=\"750\" \/>\n\t<meta property=\"og:image:type\" content=\"image\/jpeg\" \/>\n<meta name=\"twitter:card\" content=\"summary_large_image\" \/>\n<meta name=\"twitter:label1\" content=\"Tempo di lettura stimato\" \/>\n\t<meta name=\"twitter:data1\" content=\"2 minuti\" \/>\n<script type=\"application\/ld+json\" class=\"yoast-schema-graph\">{\"@context\":\"https:\\\/\\\/schema.org\",\"@graph\":[{\"@type\":\"WebPage\",\"@id\":\"https:\\\/\\\/cardamomo.com\\\/it\\\/artist\\\/maria-reyes\\\/\",\"url\":\"https:\\\/\\\/cardamomo.com\\\/it\\\/artist\\\/maria-reyes\\\/\",\"name\":\"Mar\u00eda Reyes - Cardamomo Flamenco Madrid\",\"isPartOf\":{\"@id\":\"https:\\\/\\\/cardamomo.com\\\/it\\\/#website\"},\"primaryImageOfPage\":{\"@id\":\"https:\\\/\\\/cardamomo.com\\\/it\\\/artist\\\/maria-reyes\\\/#primaryimage\"},\"image\":{\"@id\":\"https:\\\/\\\/cardamomo.com\\\/es\\\/artist\\\/maria-reyes\\\/#primaryimage\"},\"thumbnailUrl\":\"https:\\\/\\\/cardamomo.ams3.digitaloceanspaces.com\\\/wp-content\\\/uploads\\\/2023\\\/05\\\/17155522\\\/maria-reyes-2.jpg\",\"datePublished\":\"2023-05-24T13:29:41+00:00\",\"dateModified\":\"2025-03-17T15:55:57+00:00\",\"description\":\"\u00a1La bailaora Mar\u00eda Reyes en Cardamomo! Conoce m\u00e1s sobre esta gran artista del Puerto de Santa Mar\u00eda, C\u00e1diz. \u00a1No te lo pierdas!\",\"breadcrumb\":{\"@id\":\"https:\\\/\\\/cardamomo.com\\\/it\\\/artist\\\/maria-reyes\\\/#breadcrumb\"},\"inLanguage\":\"it-IT\",\"potentialAction\":[{\"@type\":\"ReadAction\",\"target\":[[\"https:\\\/\\\/cardamomo.com\\\/it\\\/artist\\\/maria-reyes\\\/\"]]}]},{\"@type\":\"ImageObject\",\"inLanguage\":\"it-IT\",\"@id\":\"https:\\\/\\\/cardamomo.com\\\/it\\\/artist\\\/maria-reyes\\\/#primaryimage\",\"url\":\"https:\\\/\\\/cardamomo.ams3.digitaloceanspaces.com\\\/wp-content\\\/uploads\\\/2023\\\/05\\\/17155522\\\/maria-reyes-2.jpg\",\"contentUrl\":\"https:\\\/\\\/cardamomo.ams3.digitaloceanspaces.com\\\/wp-content\\\/uploads\\\/2023\\\/05\\\/17155522\\\/maria-reyes-2.jpg\",\"width\":600,\"height\":750,\"caption\":\"Bailaora Mar\u00eda Reyes\"},{\"@type\":\"BreadcrumbList\",\"@id\":\"https:\\\/\\\/cardamomo.com\\\/it\\\/artist\\\/maria-reyes\\\/#breadcrumb\",\"itemListElement\":[{\"@type\":\"ListItem\",\"position\":1,\"name\":\"Cardamomo\",\"item\":\"https:\\\/\\\/cardamomo.com\\\/it\\\/\"},{\"@type\":\"ListItem\",\"position\":2,\"name\":\"Artists\",\"item\":\"https:\\\/\\\/cardamomo.com\\\/it\\\/artist\\\/\"},{\"@type\":\"ListItem\",\"position\":3,\"name\":\"Mar\u00eda Reyes\"}]},{\"@type\":\"WebSite\",\"@id\":\"https:\\\/\\\/cardamomo.com\\\/it\\\/#website\",\"url\":\"https:\\\/\\\/cardamomo.com\\\/it\\\/\",\"name\":\"Cardamomo Flamenco Madrid\",\"description\":\"\",\"potentialAction\":[{\"@type\":\"SearchAction\",\"target\":{\"@type\":\"EntryPoint\",\"urlTemplate\":\"https:\\\/\\\/cardamomo.com\\\/it\\\/?s={search_term_string}\"},\"query-input\":{\"@type\":\"PropertyValueSpecification\",\"valueRequired\":true,\"valueName\":\"search_term_string\"}}],\"inLanguage\":\"it-IT\"}]}<\/script>\n<!-- \/ Yoast SEO plugin. -->","yoast_head_json":{"title":"Mar\u00eda Reyes - Cardamomo Flamenco Madrid","description":"\u00a1La bailaora Mar\u00eda Reyes en Cardamomo! Conoce m\u00e1s sobre esta gran artista del Puerto de Santa Mar\u00eda, C\u00e1diz. \u00a1No te lo pierdas!","robots":{"index":"index","follow":"follow","max-snippet":"max-snippet:-1","max-image-preview":"max-image-preview:large","max-video-preview":"max-video-preview:-1"},"canonical":"\/","og_locale":"it_IT","og_type":"article","og_title":"Mar\u00eda Reyes - Cardamomo Flamenco Madrid","og_description":"\u00a1La bailaora Mar\u00eda Reyes en Cardamomo! Conoce m\u00e1s sobre esta gran artista del Puerto de Santa Mar\u00eda, C\u00e1diz. \u00a1No te lo pierdas!","og_url":"https:\/\/cardamomo.com\/it\/artist\/maria-reyes\/","og_site_name":"Cardamomo Flamenco Madrid","article_modified_time":"2025-03-17T15:55:57+00:00","og_image":[{"width":600,"height":750,"url":"https:\/\/cardamomo.ams3.digitaloceanspaces.com\/wp-content\/uploads\/2023\/05\/17155522\/maria-reyes-2.jpg","type":"image\/jpeg"}],"twitter_card":"summary_large_image","twitter_misc":{"Tempo di lettura stimato":"2 minuti"},"schema":{"@context":"https:\/\/schema.org","@graph":[{"@type":"WebPage","@id":"https:\/\/cardamomo.com\/it\/artist\/maria-reyes\/","url":"https:\/\/cardamomo.com\/it\/artist\/maria-reyes\/","name":"Mar\u00eda Reyes - Cardamomo Flamenco Madrid","isPartOf":{"@id":"https:\/\/cardamomo.com\/it\/#website"},"primaryImageOfPage":{"@id":"https:\/\/cardamomo.com\/it\/artist\/maria-reyes\/#primaryimage"},"image":{"@id":"https:\/\/cardamomo.com\/es\/artist\/maria-reyes\/#primaryimage"},"thumbnailUrl":"https:\/\/cardamomo.ams3.digitaloceanspaces.com\/wp-content\/uploads\/2023\/05\/17155522\/maria-reyes-2.jpg","datePublished":"2023-05-24T13:29:41+00:00","dateModified":"2025-03-17T15:55:57+00:00","description":"\u00a1La bailaora Mar\u00eda Reyes en Cardamomo! Conoce m\u00e1s sobre esta gran artista del Puerto de Santa Mar\u00eda, C\u00e1diz. \u00a1No te lo pierdas!","breadcrumb":{"@id":"https:\/\/cardamomo.com\/it\/artist\/maria-reyes\/#breadcrumb"},"inLanguage":"it-IT","potentialAction":[{"@type":"ReadAction","target":[["https:\/\/cardamomo.com\/it\/artist\/maria-reyes\/"]]}]},{"@type":"ImageObject","inLanguage":"it-IT","@id":"https:\/\/cardamomo.com\/it\/artist\/maria-reyes\/#primaryimage","url":"https:\/\/cardamomo.ams3.digitaloceanspaces.com\/wp-content\/uploads\/2023\/05\/17155522\/maria-reyes-2.jpg","contentUrl":"https:\/\/cardamomo.ams3.digitaloceanspaces.com\/wp-content\/uploads\/2023\/05\/17155522\/maria-reyes-2.jpg","width":600,"height":750,"caption":"Bailaora Mar\u00eda Reyes"},{"@type":"BreadcrumbList","@id":"https:\/\/cardamomo.com\/it\/artist\/maria-reyes\/#breadcrumb","itemListElement":[{"@type":"ListItem","position":1,"name":"Cardamomo","item":"https:\/\/cardamomo.com\/it\/"},{"@type":"ListItem","position":2,"name":"Artists","item":"https:\/\/cardamomo.com\/it\/artist\/"},{"@type":"ListItem","position":3,"name":"Mar\u00eda Reyes"}]},{"@type":"WebSite","@id":"https:\/\/cardamomo.com\/it\/#website","url":"https:\/\/cardamomo.com\/it\/","name":"Cardamomo Flamenco Madrid","description":"","potentialAction":[{"@type":"SearchAction","target":{"@type":"EntryPoint","urlTemplate":"https:\/\/cardamomo.com\/it\/?s={search_term_string}"},"query-input":{"@type":"PropertyValueSpecification","valueRequired":true,"valueName":"search_term_string"}}],"inLanguage":"it-IT"}]}},"_links":{"self":[{"href":"https:\/\/cardamomo.com\/it\/wp-json\/wp\/v2\/artist\/123212","targetHints":{"allow":["GET"]}}],"collection":[{"href":"https:\/\/cardamomo.com\/it\/wp-json\/wp\/v2\/artist"}],"about":[{"href":"https:\/\/cardamomo.com\/it\/wp-json\/wp\/v2\/types\/artist"}],"wp:featuredmedia":[{"embeddable":true,"href":"https:\/\/cardamomo.com\/it\/wp-json\/wp\/v2\/media\/157193"}],"wp:attachment":[{"href":"https:\/\/cardamomo.com\/it\/wp-json\/wp\/v2\/media?parent=123212"}],"curies":[{"name":"wp","href":"https:\/\/api.w.org\/{rel}","templated":true}]}}