{"id":102767,"date":"2022-06-17T18:41:41","date_gmt":"2022-06-17T16:41:41","guid":{"rendered":"https:\/\/cardamomo.com\/es\/?post_type=artist&#038;p=102767"},"modified":"2025-03-12T10:32:22","modified_gmt":"2025-03-12T10:32:22","slug":"pastora-galvan","status":"publish","type":"artist","link":"https:\/\/cardamomo.com\/it\/artist\/pastora-galvan\/","title":{"rendered":"Pastora Galv\u00e1n"},"content":{"rendered":"<p><\/p>\n<h4>Biografia<\/h4>\n<p>\u00c8 nata a Siviglia, figlia di Jos\u00e9 Galv\u00e1n e sorella di Israel Galv\u00e1n, una famiglia di ballerini di flamenco con stili diversi. \u00a0Nel 1990, Pastora ha iniziato a studiare danza spagnola al Conservatorio di Siviglia fino al 1998.\u00a0 All&#8217;et\u00e0 di 15 anni si reca per la prima volta negli Stati Uniti con la Compagnia del Teatro Flamenco di San Francisco. L&#8217;anno successivo insegna all&#8217;Universit\u00e0 di Stanford e si esibisce in Francia con la Israel Galv\u00e1n Company.<\/p>\n<p>Ha portato la sua arte nei principali teatri e tablaos spagnoli, oltre che in diversi paesi d&#8217;Europa, Giappone, Stati Uniti, Medio Oriente e Cuba. Una delle sue pi\u00f9 grandi sfide \u00e8 stata quella di esibirsi alla Biennale nel settembre 2006, presentando in anteprima &#8220;La Francesa&#8221;, come prima ballerina di cinque coreografie create da Israel Galv\u00e1n appositamente per lei. Il successo \u00e8 stato tale che ha portato lo stesso lavoro in importanti festival come il Festival Andaluc\u00eda Flamenca di Madrid, il Festival de Jerez, il Festival Internacional de Granada e Montpellier Danse.<\/p>\n<p>Nel 2008 si \u00e8 esibita con il fratello come artista ospite nello spettacolo Tres movimientos de Pedro Sierra. Nello stesso anno ha collaborato con Carmen Linares, Miguel Poveda e il chitarrista Juan Carlos Romero in Cuatro Esquinas, un&#8217;opera creata per il Festival Flamenco, che \u00e8 stata eseguita in diverse citt\u00e0 degli Stati Uniti.<\/p>\n<p>Nel corso della sua carriera ha lavorato con grandi artisti come Fernando Terremoto, Carmen Linares, Eva Yervabuena, Antonio Canales, La Susi, Mar\u00eda Pag\u00e9s, Jos\u00e9 Luis Rodr\u00edguez, Arc\u00e1ngel, Joaqu\u00edn Grilo, Pedro Sierra, tra gli altri. Attualmente collabora con il pianista e compositore David Pe\u00f1a Dorantes e con la cantaora Esperanza Fern\u00e1ndez.<\/p>\n<h4>Festival, opere e premi<\/h4>\n<p>Ha partecipato a festival in tutto il mondo come:<\/p>\n<p>Bienal de Flamenco, Mont-de-Marsans.<\/p>\n<p>Festival del Corral del Carb\u00f3n a Granada; Alburqueque, Argeles-sur-Mer e Monterrey (Messico).<\/p>\n<p>Festival Flamenco in the Sun a Miami.<\/p>\n<p>Festival de Jerez, Andaluc\u00eda Flamenca, M\u00e1laga en Flamenco, Montpellier Danse.<\/p>\n<p>Festival Internazionale di Granada.<\/p>\n<p>Festival di flamenco (USA).<\/p>\n<p>Biennale di flamenco dei Paesi Bassi.<\/p>\n<p>Festival di flamenco di N\u00eemes, Francia.<\/p>\n<p>Festa di primavera al Cairo o a Beirut.<\/p>\n<p>Festival Flamenc Empiric presso El Mercat de les Flors di Barcellona.<\/p>\n<p>Opera Mira\/Los zapatos rojos di Israel Galv\u00e1n.<\/p>\n<p>La Metamorfosis (2000), Galv\u00e1nicas (2002), con il chitarrista Gerardo N\u00fa\u00f1ez e Dos Hermanos (2004).<\/p>\n<p>Identidades al Teatro Maestranza di Siviglia, diretto da Antonio Canales.<\/p>\n<p>Moratana, presso la Torre de Don Fadrique di Siviglia, sotto la direzione scenica di Rub\u00e9n Olmo, organizzato dalla Bienal de Flamenco de Sevilla 2015.<\/p>\n<p>&#8220;Mirame&#8221;, una rassegna dei suoi ultimi dieci anni di danza nel 2016.<\/p>\n<p>&#8220;La edad de oro&#8221;, una ripresa di uno spettacolo di Israel Galv\u00e1n interpretato da Pastora in cui ritorna all&#8217;essenza del flamenco: danza, canto e chitarra.<\/p>\n<p>La M\u00e1quina de Buler\u00edas alla Fundaci\u00f3n Caja Sol di Siviglia 2019. La Pastora Galv\u00e1n \u00e8 accompagnata sul palco da Jos\u00e9 Valencia, come artista ospite, e al ritmo di &#8220;Botote&#8221;. Diretto dal bailaor Israel Galv\u00e1n.<\/p>","protected":false},"featured_media":157182,"template":"","meta":{"_acf_changed":false,"inline_featured_image":false},"class_list":["post-102767","artist","type-artist","status-publish","has-post-thumbnail","hentry"],"acf":[],"yoast_head":"<!-- This site is optimized with the Yoast SEO plugin v27.4 - https:\/\/yoast.com\/product\/yoast-seo-wordpress\/ -->\n<title>Pastora Galv\u00e1n - Cardamomo Flamenco Madrid<\/title>\n<meta name=\"robots\" content=\"index, follow, max-snippet:-1, max-image-preview:large, max-video-preview:-1\" \/>\n<link rel=\"canonical\" href=\"\/\" \/>\n<meta property=\"og:locale\" content=\"it_IT\" \/>\n<meta property=\"og:type\" content=\"article\" \/>\n<meta property=\"og:title\" content=\"Pastora Galv\u00e1n - Cardamomo Flamenco Madrid\" \/>\n<meta property=\"og:description\" content=\"Biografia \u00c8 nata a Siviglia, figlia di Jos\u00e9 Galv\u00e1n e sorella di Israel Galv\u00e1n, una famiglia di ballerini di flamenco con stili diversi. \u00a0Nel 1990, Pastora ha iniziato a studiare danza spagnola al Conservatorio di Siviglia fino al 1998.\u00a0 All&#8217;et\u00e0 di 15 anni si reca per la prima volta negli Stati Uniti con la Compagnia...\" \/>\n<meta property=\"og:url\" content=\"https:\/\/cardamomo.com\/it\/artist\/pastora-galvan\/\" \/>\n<meta property=\"og:site_name\" content=\"Cardamomo Flamenco Madrid\" \/>\n<meta property=\"article:modified_time\" content=\"2025-03-12T10:32:22+00:00\" \/>\n<meta property=\"og:image\" content=\"https:\/\/cardamomo.ams3.digitaloceanspaces.com\/wp-content\/uploads\/2022\/06\/12103205\/pastora-galvan.jpg\" \/>\n\t<meta property=\"og:image:width\" content=\"600\" \/>\n\t<meta property=\"og:image:height\" content=\"749\" \/>\n\t<meta property=\"og:image:type\" content=\"image\/jpeg\" \/>\n<meta name=\"twitter:card\" content=\"summary_large_image\" \/>\n<meta name=\"twitter:label1\" content=\"Tempo di lettura stimato\" \/>\n\t<meta name=\"twitter:data1\" content=\"3 minuti\" \/>\n<script type=\"application\/ld+json\" class=\"yoast-schema-graph\">{\"@context\":\"https:\\\/\\\/schema.org\",\"@graph\":[{\"@type\":\"WebPage\",\"@id\":\"https:\\\/\\\/cardamomo.com\\\/it\\\/artist\\\/pastora-galvan\\\/\",\"url\":\"https:\\\/\\\/cardamomo.com\\\/it\\\/artist\\\/pastora-galvan\\\/\",\"name\":\"Pastora Galv\u00e1n - Cardamomo Flamenco Madrid\",\"isPartOf\":{\"@id\":\"https:\\\/\\\/cardamomo.com\\\/it\\\/#website\"},\"primaryImageOfPage\":{\"@id\":\"https:\\\/\\\/cardamomo.com\\\/it\\\/artist\\\/pastora-galvan\\\/#primaryimage\"},\"image\":{\"@id\":\"https:\\\/\\\/cardamomo.com\\\/es\\\/artist\\\/pastora-galvan\\\/#primaryimage\"},\"thumbnailUrl\":\"https:\\\/\\\/cardamomo.ams3.digitaloceanspaces.com\\\/wp-content\\\/uploads\\\/2022\\\/06\\\/12103205\\\/pastora-galvan.jpg\",\"datePublished\":\"2022-06-17T16:41:41+00:00\",\"dateModified\":\"2025-03-12T10:32:22+00:00\",\"breadcrumb\":{\"@id\":\"https:\\\/\\\/cardamomo.com\\\/it\\\/artist\\\/pastora-galvan\\\/#breadcrumb\"},\"inLanguage\":\"it-IT\",\"potentialAction\":[{\"@type\":\"ReadAction\",\"target\":[[\"https:\\\/\\\/cardamomo.com\\\/it\\\/artist\\\/pastora-galvan\\\/\"]]}]},{\"@type\":\"ImageObject\",\"inLanguage\":\"it-IT\",\"@id\":\"https:\\\/\\\/cardamomo.com\\\/it\\\/artist\\\/pastora-galvan\\\/#primaryimage\",\"url\":\"https:\\\/\\\/cardamomo.ams3.digitaloceanspaces.com\\\/wp-content\\\/uploads\\\/2022\\\/06\\\/12103205\\\/pastora-galvan.jpg\",\"contentUrl\":\"https:\\\/\\\/cardamomo.ams3.digitaloceanspaces.com\\\/wp-content\\\/uploads\\\/2022\\\/06\\\/12103205\\\/pastora-galvan.jpg\",\"width\":600,\"height\":749,\"caption\":\"Bailaora Pastora Galv\u00e1n\"},{\"@type\":\"BreadcrumbList\",\"@id\":\"https:\\\/\\\/cardamomo.com\\\/it\\\/artist\\\/pastora-galvan\\\/#breadcrumb\",\"itemListElement\":[{\"@type\":\"ListItem\",\"position\":1,\"name\":\"Cardamomo\",\"item\":\"https:\\\/\\\/cardamomo.com\\\/it\\\/\"},{\"@type\":\"ListItem\",\"position\":2,\"name\":\"Artists\",\"item\":\"https:\\\/\\\/cardamomo.com\\\/it\\\/artist\\\/\"},{\"@type\":\"ListItem\",\"position\":3,\"name\":\"Pastora Galv\u00e1n\"}]},{\"@type\":\"WebSite\",\"@id\":\"https:\\\/\\\/cardamomo.com\\\/it\\\/#website\",\"url\":\"https:\\\/\\\/cardamomo.com\\\/it\\\/\",\"name\":\"Cardamomo Flamenco Madrid\",\"description\":\"\",\"potentialAction\":[{\"@type\":\"SearchAction\",\"target\":{\"@type\":\"EntryPoint\",\"urlTemplate\":\"https:\\\/\\\/cardamomo.com\\\/it\\\/?s={search_term_string}\"},\"query-input\":{\"@type\":\"PropertyValueSpecification\",\"valueRequired\":true,\"valueName\":\"search_term_string\"}}],\"inLanguage\":\"it-IT\"}]}<\/script>\n<!-- \/ Yoast SEO plugin. -->","yoast_head_json":{"title":"Pastora Galv\u00e1n - Cardamomo Flamenco Madrid","robots":{"index":"index","follow":"follow","max-snippet":"max-snippet:-1","max-image-preview":"max-image-preview:large","max-video-preview":"max-video-preview:-1"},"canonical":"\/","og_locale":"it_IT","og_type":"article","og_title":"Pastora Galv\u00e1n - Cardamomo Flamenco Madrid","og_description":"Biografia \u00c8 nata a Siviglia, figlia di Jos\u00e9 Galv\u00e1n e sorella di Israel Galv\u00e1n, una famiglia di ballerini di flamenco con stili diversi. \u00a0Nel 1990, Pastora ha iniziato a studiare danza spagnola al Conservatorio di Siviglia fino al 1998.\u00a0 All&#8217;et\u00e0 di 15 anni si reca per la prima volta negli Stati Uniti con la Compagnia...","og_url":"https:\/\/cardamomo.com\/it\/artist\/pastora-galvan\/","og_site_name":"Cardamomo Flamenco Madrid","article_modified_time":"2025-03-12T10:32:22+00:00","og_image":[{"width":600,"height":749,"url":"https:\/\/cardamomo.ams3.digitaloceanspaces.com\/wp-content\/uploads\/2022\/06\/12103205\/pastora-galvan.jpg","type":"image\/jpeg"}],"twitter_card":"summary_large_image","twitter_misc":{"Tempo di lettura stimato":"3 minuti"},"schema":{"@context":"https:\/\/schema.org","@graph":[{"@type":"WebPage","@id":"https:\/\/cardamomo.com\/it\/artist\/pastora-galvan\/","url":"https:\/\/cardamomo.com\/it\/artist\/pastora-galvan\/","name":"Pastora Galv\u00e1n - Cardamomo Flamenco Madrid","isPartOf":{"@id":"https:\/\/cardamomo.com\/it\/#website"},"primaryImageOfPage":{"@id":"https:\/\/cardamomo.com\/it\/artist\/pastora-galvan\/#primaryimage"},"image":{"@id":"https:\/\/cardamomo.com\/es\/artist\/pastora-galvan\/#primaryimage"},"thumbnailUrl":"https:\/\/cardamomo.ams3.digitaloceanspaces.com\/wp-content\/uploads\/2022\/06\/12103205\/pastora-galvan.jpg","datePublished":"2022-06-17T16:41:41+00:00","dateModified":"2025-03-12T10:32:22+00:00","breadcrumb":{"@id":"https:\/\/cardamomo.com\/it\/artist\/pastora-galvan\/#breadcrumb"},"inLanguage":"it-IT","potentialAction":[{"@type":"ReadAction","target":[["https:\/\/cardamomo.com\/it\/artist\/pastora-galvan\/"]]}]},{"@type":"ImageObject","inLanguage":"it-IT","@id":"https:\/\/cardamomo.com\/it\/artist\/pastora-galvan\/#primaryimage","url":"https:\/\/cardamomo.ams3.digitaloceanspaces.com\/wp-content\/uploads\/2022\/06\/12103205\/pastora-galvan.jpg","contentUrl":"https:\/\/cardamomo.ams3.digitaloceanspaces.com\/wp-content\/uploads\/2022\/06\/12103205\/pastora-galvan.jpg","width":600,"height":749,"caption":"Bailaora Pastora Galv\u00e1n"},{"@type":"BreadcrumbList","@id":"https:\/\/cardamomo.com\/it\/artist\/pastora-galvan\/#breadcrumb","itemListElement":[{"@type":"ListItem","position":1,"name":"Cardamomo","item":"https:\/\/cardamomo.com\/it\/"},{"@type":"ListItem","position":2,"name":"Artists","item":"https:\/\/cardamomo.com\/it\/artist\/"},{"@type":"ListItem","position":3,"name":"Pastora Galv\u00e1n"}]},{"@type":"WebSite","@id":"https:\/\/cardamomo.com\/it\/#website","url":"https:\/\/cardamomo.com\/it\/","name":"Cardamomo Flamenco Madrid","description":"","potentialAction":[{"@type":"SearchAction","target":{"@type":"EntryPoint","urlTemplate":"https:\/\/cardamomo.com\/it\/?s={search_term_string}"},"query-input":{"@type":"PropertyValueSpecification","valueRequired":true,"valueName":"search_term_string"}}],"inLanguage":"it-IT"}]}},"_links":{"self":[{"href":"https:\/\/cardamomo.com\/it\/wp-json\/wp\/v2\/artist\/102767","targetHints":{"allow":["GET"]}}],"collection":[{"href":"https:\/\/cardamomo.com\/it\/wp-json\/wp\/v2\/artist"}],"about":[{"href":"https:\/\/cardamomo.com\/it\/wp-json\/wp\/v2\/types\/artist"}],"wp:featuredmedia":[{"embeddable":true,"href":"https:\/\/cardamomo.com\/it\/wp-json\/wp\/v2\/media\/157182"}],"wp:attachment":[{"href":"https:\/\/cardamomo.com\/it\/wp-json\/wp\/v2\/media?parent=102767"}],"curies":[{"name":"wp","href":"https:\/\/api.w.org\/{rel}","templated":true}]}}