{"id":84858,"date":"2022-03-15T13:58:13","date_gmt":"2022-03-15T12:58:13","guid":{"rendered":"https:\/\/cardamomo.com\/es\/?post_type=show&amp;p=84858"},"modified":"2022-03-15T13:58:13","modified_gmt":"2022-03-15T12:58:13","slug":"el-yiyo-19-al-22-de-agosto","status":"publish","type":"show","link":"https:\/\/cardamomo.com\/fr\/show\/el-yiyo-revient-a-cardamomo\/","title":{"rendered":"\u00a0\u00bbEl Yiyo\u00a0\u00bb revient \u00e0 Cardamomo"},"content":{"rendered":"<p><br \/>\n@media only screen and (max-width: 600px) {<br \/>\n.banner_dsk {<br \/>\ndisplay:none;<br \/>\n}<br \/>\n.row {<br \/>\ndisplay:flex;<br \/>\nflex-direction: column-reverse;<br \/>\n}<br \/>\n}<br \/>\n@media only screen and (min-width: 601px) {<br \/>\n.banner_mb {<br \/>\ndisplay:none;<br \/>\n}<br \/>\n}<\/p>\n<h2 id=\"tw-target-text\" class=\"tw-data-text tw-text-large XcVN5d tw-ta\" dir=\"ltr\" data-placeholder=\"Traducci\u00f3n\">La jeune danseuse revient avec plus de talent que jamais<\/h2>\n<p>Depuis qu&rsquo;il est enfant, le bailaor catalan est un amoureux de la danse flamenco, il dit avoir appris \u00e0 danser avant d&rsquo;apprendre \u00e0 marcher&#8230; Et ce n&rsquo;est pas \u00e9tonnant, il le fait brillamment ! Depuis plus de 17 ans, le bailaor remplit les tablaos d&rsquo;art, de magie et de passion. Avant sa majorit\u00e9, el Yiyo partageait d\u00e9j\u00e0 l&rsquo;affiche avec de grands artistes flamenco tels que Estrella Morente, Miguel Poveda, Duquende, entre autres.<\/p>\n<p>Inspir\u00e9 par des grands noms comme Eduardo Serrano \u00ab\u00a0El Guiso\u00a0\u00bb, Joaquin Cortes, Farruquito et Antonio Canales, le jeune danseur continue de travailler dur pour am\u00e9liorer sa technique et partager son art avec le monde. Avec sa danse, il d\u00e9gage une \u00e9nergie unique capable de transmettre des sensations et des histoires avec son empreinte caract\u00e9ristique et personnelle.\u00a0 Gr\u00e2ce \u00e0 son style caract\u00e9ristique, il est devenu une ic\u00f4ne dans le monde du flamenco, pouvant faire partie de grands projets artistiques dans le monde de la musique, du cin\u00e9ma et de la mode.<\/p>\n<p><a href=\"https:\/\/cardamomo.com\/fr\/achat-de-billets\/\"><br \/>\n<img decoding=\"async\" class=\"banner_mb\" src=\"https:\/\/cardamomo.com\/wp-content\/uploads\/2024\/03\/banner_2_mb_fr.jpg\" width=\"100%\" alt=\"Obtenez des billets de flamenco \u00e0 Madrid : D\u00e9couvrez l'\u00e2me de l'Espagne au Cardamomo\" \/><br \/>\n<img decoding=\"async\" class=\"banner_dsk\" src=\"https:\/\/cardamomo.com\/wp-content\/uploads\/2024\/03\/banner_2_fr.jpg\" width=\"100%\" alt=\"Obtenez des billets de flamenco \u00e0 Madrid : D\u00e9couvrez l'\u00e2me de l'Espagne au Cardamomo\" \/><br \/>\n<\/a><\/p>\n<p>Sans aucun doute, El Yiyo est l&rsquo;un des danseurs ayant la plus grande projection en ce moment, \u00e0 l&rsquo;int\u00e9rieur et \u00e0 l&rsquo;ext\u00e9rieur des tablaos et des th\u00e9\u00e2tres.<\/p>\n<p>On peut dire qu&rsquo;une \u00e9toile est n\u00e9e, n&rsquo;est-ce pas ? Ne manquez pas ses spectacles au Cardamomo.<\/p>\n<p>Nous vous attendons !<\/p>\n<p>R\u00e9servations:<br \/>\n<span class=\"s1\"><br \/>\n???? <\/span>reservas@cardamomo.com<\/p>\n<p class=\"p2\">\u260e\ufe0f (\u200b +34) 91 805 1038\/ (+34) 691 02 21 17<\/p>\n<p class=\"p1\"><span class=\"s1\">???? <\/span>cardamomo.com<\/p>\n<p><img loading=\"lazy\" decoding=\"async\" class=\"alignnone wp-image-110199\" src=\"https:\/\/cardamomo.com\/wp-content\/uploads\/2022\/03\/log_comunidad_m.jpg\" alt=\"\" width=\"38\" height=\"54\" \/><img loading=\"lazy\" decoding=\"async\" class=\"alignnone wp-image-110187\" src=\"https:\/\/cardamomo.com\/wp-content\/uploads\/2022\/03\/firma_madrid_negro-300x82.png\" alt=\"\" width=\"227\" height=\"62\" \/><img loading=\"lazy\" decoding=\"async\" class=\"alignnone wp-image-110186\" src=\"https:\/\/cardamomo.com\/wp-content\/uploads\/2022\/03\/inaem-02-cajetin-rojo-300x53.png\" alt=\"\" width=\"294\" height=\"52\" \/><\/p>","protected":false},"featured_media":98954,"template":"","meta":{"_acf_changed":false,"inline_featured_image":false},"class_list":["post-84858","show","type-show","status-publish","has-post-thumbnail","hentry"],"acf":[],"yoast_head":"<!-- This site is optimized with the Yoast SEO plugin v27.4 - https:\/\/yoast.com\/product\/yoast-seo-wordpress\/ -->\n<title>El Yiyo revient \u00e0 Cardamomo<\/title>\n<meta name=\"description\" content=\"\u00a1El Yiyo vuelve a Cardamomo! No te pierdas todos los detalles del espect\u00e1culo de este joven figura del baile flamenco.\" \/>\n<meta name=\"robots\" content=\"index, follow, max-snippet:-1, max-image-preview:large, max-video-preview:-1\" \/>\n<link rel=\"canonical\" href=\"\/\" \/>\n<meta property=\"og:locale\" content=\"fr_FR\" \/>\n<meta property=\"og:type\" content=\"article\" \/>\n<meta property=\"og:title\" content=\"El Yiyo revient \u00e0 Cardamomo\" \/>\n<meta property=\"og:description\" content=\"\u00a1El Yiyo vuelve a Cardamomo! No te pierdas todos los detalles del espect\u00e1culo de este joven figura del baile flamenco.\" \/>\n<meta property=\"og:url\" content=\"https:\/\/cardamomo.com\/fr\/show\/el-yiyo-vuelve-a-cardamomo\/\" \/>\n<meta property=\"og:site_name\" content=\"Cardamomo Flamenco Madrid\" \/>\n<meta name=\"twitter:card\" content=\"summary_large_image\" \/>\n<meta name=\"twitter:label1\" content=\"Dur\u00e9e de lecture estim\u00e9e\" \/>\n\t<meta name=\"twitter:data1\" content=\"3 minutes\" \/>\n<script type=\"application\/ld+json\" class=\"yoast-schema-graph\">{\"@context\":\"https:\\\/\\\/schema.org\",\"@graph\":[{\"@type\":\"WebPage\",\"@id\":\"https:\\\/\\\/cardamomo.com\\\/fr\\\/show\\\/el-yiyo-vuelve-a-cardamomo\\\/\",\"url\":\"https:\\\/\\\/cardamomo.com\\\/fr\\\/show\\\/el-yiyo-vuelve-a-cardamomo\\\/\",\"name\":\"El Yiyo revient \u00e0 Cardamomo\",\"isPartOf\":{\"@id\":\"https:\\\/\\\/cardamomo.com\\\/fr\\\/#website\"},\"primaryImageOfPage\":{\"@id\":\"https:\\\/\\\/cardamomo.com\\\/fr\\\/show\\\/el-yiyo-vuelve-a-cardamomo\\\/#primaryimage\"},\"image\":{\"@id\":\"https:\\\/\\\/cardamomo.com\\\/es\\\/show\\\/el-yiyo-vuelve-a-cardamomo\\\/#primaryimage\"},\"thumbnailUrl\":\"\",\"datePublished\":\"2022-03-15T12:58:13+00:00\",\"description\":\"\u00a1El Yiyo vuelve a Cardamomo! No te pierdas todos los detalles del espect\u00e1culo de este joven figura del baile flamenco.\",\"breadcrumb\":{\"@id\":\"https:\\\/\\\/cardamomo.com\\\/fr\\\/show\\\/el-yiyo-vuelve-a-cardamomo\\\/#breadcrumb\"},\"inLanguage\":\"fr-FR\",\"potentialAction\":[{\"@type\":\"ReadAction\",\"target\":[[\"https:\\\/\\\/cardamomo.com\\\/fr\\\/show\\\/el-yiyo-vuelve-a-cardamomo\\\/\"]]}]},{\"@type\":\"ImageObject\",\"inLanguage\":\"fr-FR\",\"@id\":\"https:\\\/\\\/cardamomo.com\\\/fr\\\/show\\\/el-yiyo-vuelve-a-cardamomo\\\/#primaryimage\",\"url\":\"\",\"contentUrl\":\"\"},{\"@type\":\"BreadcrumbList\",\"@id\":\"https:\\\/\\\/cardamomo.com\\\/fr\\\/show\\\/el-yiyo-vuelve-a-cardamomo\\\/#breadcrumb\",\"itemListElement\":[{\"@type\":\"ListItem\",\"position\":1,\"name\":\"Cardamomo\",\"item\":\"https:\\\/\\\/cardamomo.com\\\/fr\\\/\"},{\"@type\":\"ListItem\",\"position\":2,\"name\":\"Shows\",\"item\":\"https:\\\/\\\/cardamomo.com\\\/fr\\\/show\\\/\"},{\"@type\":\"ListItem\",\"position\":3,\"name\":\"El Yiyo vuelve a Cardamomo\"}]},{\"@type\":\"WebSite\",\"@id\":\"https:\\\/\\\/cardamomo.com\\\/fr\\\/#website\",\"url\":\"https:\\\/\\\/cardamomo.com\\\/fr\\\/\",\"name\":\"Cardamomo Flamenco Madrid\",\"description\":\"\",\"potentialAction\":[{\"@type\":\"SearchAction\",\"target\":{\"@type\":\"EntryPoint\",\"urlTemplate\":\"https:\\\/\\\/cardamomo.com\\\/fr\\\/?s={search_term_string}\"},\"query-input\":{\"@type\":\"PropertyValueSpecification\",\"valueRequired\":true,\"valueName\":\"search_term_string\"}}],\"inLanguage\":\"fr-FR\"}]}<\/script>\n<!-- \/ Yoast SEO plugin. -->","yoast_head_json":{"title":"El Yiyo revient \u00e0 Cardamomo","description":"\u00a1El Yiyo vuelve a Cardamomo! No te pierdas todos los detalles del espect\u00e1culo de este joven figura del baile flamenco.","robots":{"index":"index","follow":"follow","max-snippet":"max-snippet:-1","max-image-preview":"max-image-preview:large","max-video-preview":"max-video-preview:-1"},"canonical":"\/","og_locale":"fr_FR","og_type":"article","og_title":"El Yiyo revient \u00e0 Cardamomo","og_description":"\u00a1El Yiyo vuelve a Cardamomo! No te pierdas todos los detalles del espect\u00e1culo de este joven figura del baile flamenco.","og_url":"https:\/\/cardamomo.com\/fr\/show\/el-yiyo-vuelve-a-cardamomo\/","og_site_name":"Cardamomo Flamenco Madrid","twitter_card":"summary_large_image","twitter_misc":{"Dur\u00e9e de lecture estim\u00e9e":"3 minutes"},"schema":{"@context":"https:\/\/schema.org","@graph":[{"@type":"WebPage","@id":"https:\/\/cardamomo.com\/fr\/show\/el-yiyo-vuelve-a-cardamomo\/","url":"https:\/\/cardamomo.com\/fr\/show\/el-yiyo-vuelve-a-cardamomo\/","name":"El Yiyo revient \u00e0 Cardamomo","isPartOf":{"@id":"https:\/\/cardamomo.com\/fr\/#website"},"primaryImageOfPage":{"@id":"https:\/\/cardamomo.com\/fr\/show\/el-yiyo-vuelve-a-cardamomo\/#primaryimage"},"image":{"@id":"https:\/\/cardamomo.com\/es\/show\/el-yiyo-vuelve-a-cardamomo\/#primaryimage"},"thumbnailUrl":"","datePublished":"2022-03-15T12:58:13+00:00","description":"\u00a1El Yiyo vuelve a Cardamomo! No te pierdas todos los detalles del espect\u00e1culo de este joven figura del baile flamenco.","breadcrumb":{"@id":"https:\/\/cardamomo.com\/fr\/show\/el-yiyo-vuelve-a-cardamomo\/#breadcrumb"},"inLanguage":"fr-FR","potentialAction":[{"@type":"ReadAction","target":[["https:\/\/cardamomo.com\/fr\/show\/el-yiyo-vuelve-a-cardamomo\/"]]}]},{"@type":"ImageObject","inLanguage":"fr-FR","@id":"https:\/\/cardamomo.com\/fr\/show\/el-yiyo-vuelve-a-cardamomo\/#primaryimage","url":"","contentUrl":""},{"@type":"BreadcrumbList","@id":"https:\/\/cardamomo.com\/fr\/show\/el-yiyo-vuelve-a-cardamomo\/#breadcrumb","itemListElement":[{"@type":"ListItem","position":1,"name":"Cardamomo","item":"https:\/\/cardamomo.com\/fr\/"},{"@type":"ListItem","position":2,"name":"Shows","item":"https:\/\/cardamomo.com\/fr\/show\/"},{"@type":"ListItem","position":3,"name":"El Yiyo vuelve a Cardamomo"}]},{"@type":"WebSite","@id":"https:\/\/cardamomo.com\/fr\/#website","url":"https:\/\/cardamomo.com\/fr\/","name":"Cardamomo Flamenco Madrid","description":"","potentialAction":[{"@type":"SearchAction","target":{"@type":"EntryPoint","urlTemplate":"https:\/\/cardamomo.com\/fr\/?s={search_term_string}"},"query-input":{"@type":"PropertyValueSpecification","valueRequired":true,"valueName":"search_term_string"}}],"inLanguage":"fr-FR"}]}},"_links":{"self":[{"href":"https:\/\/cardamomo.com\/fr\/wp-json\/wp\/v2\/show\/84858","targetHints":{"allow":["GET"]}}],"collection":[{"href":"https:\/\/cardamomo.com\/fr\/wp-json\/wp\/v2\/show"}],"about":[{"href":"https:\/\/cardamomo.com\/fr\/wp-json\/wp\/v2\/types\/show"}],"wp:featuredmedia":[{"embeddable":true,"href":"https:\/\/cardamomo.com\/fr\/wp-json\/"}],"wp:attachment":[{"href":"https:\/\/cardamomo.com\/fr\/wp-json\/wp\/v2\/media?parent=84858"}],"curies":[{"name":"wp","href":"https:\/\/api.w.org\/{rel}","templated":true}]}}