{"id":157979,"date":"2025-11-21T15:18:45","date_gmt":"2025-11-21T14:18:45","guid":{"rendered":"https:\/\/cardamomo.com\/es\/?post_type=show&#038;p=157979"},"modified":"2025-12-03T11:40:07","modified_gmt":"2025-12-03T10:40:07","slug":"noviembre-nos-deja-con-flamenco-en-cardamomo","status":"publish","type":"show","link":"https:\/\/cardamomo.com\/fr\/show\/novembre-flamenco-2\/","title":{"rendered":"Novembre nous laisse avec du flamenco \u00e0 Cardamomo."},"content":{"rendered":"<p><\/p>\n<p data-start=\"2019\" data-end=\"2409\">Cette derni\u00e8re semaine de <strong data-start=\"2045\" data-end=\"2057\">novembre<\/strong>, \u00e0 <strong data-start=\"2061\" data-end=\"2074\">Cardamomo<\/strong>, nous revenons \u00e0 l\u2019essence, \u00e0 la force du groupe. Nous avons r\u00e9uni un ensemble d\u2019artistes qui sont une vraie famille, des artistes qui se connaissent, se respectent et se recherchent sur sc\u00e8ne pour cr\u00e9er cette magie qui ne peut pas se r\u00e9p\u00e9ter. Tout au long de ces jours, notre sc\u00e8ne accueillera un casting de ceux qui font l\u2019histoire.<\/p>\n<p data-start=\"2411\" data-end=\"2820\">Pr\u00e9pare-toi, car la <strong data-start=\"2431\" data-end=\"2440\">danse<\/strong> sera un v\u00e9ritable tourbillon. Nous r\u00e9unissons un trio d\u2019as qui coupe le souffle, une combinaison parfaite de force, d\u2019\u00e9l\u00e9gance et de duende : la garra de <strong data-start=\"2595\" data-end=\"2612\">Vanesa Coloma<\/strong>, l\u2019art et le comp\u00e1s de notre directrice artistique <strong data-start=\"2664\" data-end=\"2690\">Paula Rodr\u00edguez L\u00e1zaro<\/strong>, et la vitesse incomparable du maestro <strong data-start=\"2730\" data-end=\"2747\">Jose Escarp\u00edn<\/strong>. Les avoir ensemble est un luxe, et leur complicit\u00e9 enflammera la sc\u00e8ne.<\/p>\n<p data-start=\"2822\" data-end=\"3190\">L\u2019architecte du son, celui qui tissera le canevas sonore de ces nuits \u00e0 la <strong data-start=\"2897\" data-end=\"2908\">guitare<\/strong>, est le grand <strong data-start=\"2923\" data-end=\"2942\">Ricardo V\u00e1zquez<\/strong>. Son jeu est le coussin parfait pour que le chant et la danse puissent s\u2019envoler sans filet. Et celui qui apporte le c\u0153ur, le moteur qui marque le rythme de cette f\u00eate, est une v\u00e9ritable l\u00e9gende des <strong data-start=\"3142\" data-end=\"3157\">percussions<\/strong> : l\u2019inimitable <strong data-start=\"3173\" data-end=\"3189\">Lucky Losada<\/strong>.<\/p>\n<p data-start=\"3192\" data-end=\"3524\">Et pour ce qui est des voix\u2026 pr\u00e9pare-toi, car cette semaine le <strong data-start=\"3255\" data-end=\"3264\">cante<\/strong> est un d\u00e9fil\u00e9 de g\u00e9ants. Tout au long de la semaine passeront sur notre sc\u00e8ne les voix du grand <strong data-start=\"3361\" data-end=\"3370\">Cancu<\/strong>, le m\u00e9tal et la jondura du maestro <strong data-start=\"3406\" data-end=\"3422\">Diego Amador<\/strong>, et l\u2019\u00e9cho profond de <strong data-start=\"3445\" data-end=\"3463\">Jos\u00e9 del Calli<\/strong>. Une affiche de cante capable de faire exploser une chemise.<\/p>\n<p data-start=\"3526\" data-end=\"3738\">En r\u00e9sum\u00e9, une semaine pour sentir le flamenco dans son \u00e9tat le plus pur, n\u00e9 de la complicit\u00e9 et du respect entre artistes qui s\u2019admirent. Ce n\u2019est pas un spectacle, c\u2019est une r\u00e9union de famille. Et tu es invit\u00e9.<\/p>\n<p data-start=\"453\" data-end=\"553\"><a href=\"https:\/\/cardamomo.com\/fr\/achat-de-billets\/\"><strong data-start=\"453\" data-end=\"553\">Nous t\u2019attendons chez toi, \u00e0 Cardamomo.<\/strong><\/a><\/p>\n<p><\/p>","protected":false},"featured_media":157980,"template":"","meta":{"_acf_changed":false,"inline_featured_image":false},"class_list":["post-157979","show","type-show","status-publish","has-post-thumbnail","hentry"],"acf":[],"yoast_head":"<!-- This site is optimized with the Yoast SEO plugin v27.4 - https:\/\/yoast.com\/product\/yoast-seo-wordpress\/ -->\n<title>Novembre nous laisse avec du flamenco \u00e0 Cardamomo. - Cardamomo Flamenco Madrid<\/title>\n<meta name=\"description\" content=\"Vis une semaine inoubliable au Cardamomo : art pur, \u00e9motions intenses et un programme qui fera histoire. R\u00e9serve maintenant.\" \/>\n<meta name=\"robots\" content=\"index, follow, max-snippet:-1, max-image-preview:large, max-video-preview:-1\" \/>\n<link rel=\"canonical\" href=\"\/\" \/>\n<meta property=\"og:locale\" content=\"fr_FR\" \/>\n<meta property=\"og:type\" content=\"article\" \/>\n<meta property=\"og:title\" content=\"Novembre nous laisse avec du flamenco \u00e0 Cardamomo. - Cardamomo Flamenco Madrid\" \/>\n<meta property=\"og:description\" content=\"Vis une semaine inoubliable au Cardamomo : art pur, \u00e9motions intenses et un programme qui fera histoire. R\u00e9serve maintenant.\" \/>\n<meta property=\"og:url\" content=\"https:\/\/cardamomo.com\/fr\/show\/noviembre-flamenco-2\/\" \/>\n<meta property=\"og:site_name\" content=\"Cardamomo Flamenco Madrid\" \/>\n<meta property=\"article:modified_time\" content=\"2025-12-03T10:40:07+00:00\" \/>\n<meta property=\"og:image\" content=\"https:\/\/cardamomo.ams3.digitaloceanspaces.com\/wp-content\/uploads\/2025\/11\/21153541\/programacion-artistica-cardamomo-24-30-noviembre.jpg\" \/>\n\t<meta property=\"og:image:width\" content=\"1200\" \/>\n\t<meta property=\"og:image:height\" content=\"800\" \/>\n\t<meta property=\"og:image:type\" content=\"image\/jpeg\" \/>\n<meta name=\"twitter:card\" content=\"summary_large_image\" \/>\n<meta name=\"twitter:label1\" content=\"Dur\u00e9e de lecture estim\u00e9e\" \/>\n\t<meta name=\"twitter:data1\" content=\"2 minutes\" \/>\n<script type=\"application\/ld+json\" class=\"yoast-schema-graph\">{\"@context\":\"https:\\\/\\\/schema.org\",\"@graph\":[{\"@type\":\"WebPage\",\"@id\":\"https:\\\/\\\/cardamomo.com\\\/fr\\\/show\\\/noviembre-flamenco-2\\\/\",\"url\":\"https:\\\/\\\/cardamomo.com\\\/fr\\\/show\\\/noviembre-flamenco-2\\\/\",\"name\":\"Novembre nous laisse avec du flamenco \u00e0 Cardamomo. - Cardamomo Flamenco Madrid\",\"isPartOf\":{\"@id\":\"https:\\\/\\\/cardamomo.com\\\/fr\\\/#website\"},\"primaryImageOfPage\":{\"@id\":\"https:\\\/\\\/cardamomo.com\\\/fr\\\/show\\\/noviembre-flamenco-2\\\/#primaryimage\"},\"image\":{\"@id\":\"https:\\\/\\\/cardamomo.com\\\/es\\\/show\\\/noviembre-flamenco-2\\\/#primaryimage\"},\"thumbnailUrl\":\"https:\\\/\\\/cardamomo.ams3.digitaloceanspaces.com\\\/wp-content\\\/uploads\\\/2025\\\/11\\\/21153541\\\/programacion-artistica-cardamomo-24-30-noviembre.jpg\",\"datePublished\":\"2025-11-21T14:18:45+00:00\",\"dateModified\":\"2025-12-03T10:40:07+00:00\",\"description\":\"Vis une semaine inoubliable au Cardamomo : art pur, \u00e9motions intenses et un programme qui fera histoire. R\u00e9serve maintenant.\",\"breadcrumb\":{\"@id\":\"https:\\\/\\\/cardamomo.com\\\/fr\\\/show\\\/noviembre-flamenco-2\\\/#breadcrumb\"},\"inLanguage\":\"fr-FR\",\"potentialAction\":[{\"@type\":\"ReadAction\",\"target\":[[\"https:\\\/\\\/cardamomo.com\\\/fr\\\/show\\\/noviembre-flamenco-2\\\/\"]]}]},{\"@type\":\"ImageObject\",\"inLanguage\":\"fr-FR\",\"@id\":\"https:\\\/\\\/cardamomo.com\\\/fr\\\/show\\\/noviembre-flamenco-2\\\/#primaryimage\",\"url\":\"https:\\\/\\\/cardamomo.ams3.digitaloceanspaces.com\\\/wp-content\\\/uploads\\\/2025\\\/11\\\/21153541\\\/programacion-artistica-cardamomo-24-30-noviembre.jpg\",\"contentUrl\":\"https:\\\/\\\/cardamomo.ams3.digitaloceanspaces.com\\\/wp-content\\\/uploads\\\/2025\\\/11\\\/21153541\\\/programacion-artistica-cardamomo-24-30-noviembre.jpg\",\"width\":1200,\"height\":800,\"caption\":\"Programacio\u0301n Arti\u0301stica Cardamomo 24-30 Noviembre\"},{\"@type\":\"BreadcrumbList\",\"@id\":\"https:\\\/\\\/cardamomo.com\\\/fr\\\/show\\\/noviembre-flamenco-2\\\/#breadcrumb\",\"itemListElement\":[{\"@type\":\"ListItem\",\"position\":1,\"name\":\"Cardamomo\",\"item\":\"https:\\\/\\\/cardamomo.com\\\/fr\\\/\"},{\"@type\":\"ListItem\",\"position\":2,\"name\":\"Shows\",\"item\":\"https:\\\/\\\/cardamomo.com\\\/fr\\\/show\\\/\"},{\"@type\":\"ListItem\",\"position\":3,\"name\":\"Noviembre nos deja con Flamenco en Cardamomo\"}]},{\"@type\":\"WebSite\",\"@id\":\"https:\\\/\\\/cardamomo.com\\\/fr\\\/#website\",\"url\":\"https:\\\/\\\/cardamomo.com\\\/fr\\\/\",\"name\":\"Cardamomo Flamenco Madrid\",\"description\":\"\",\"potentialAction\":[{\"@type\":\"SearchAction\",\"target\":{\"@type\":\"EntryPoint\",\"urlTemplate\":\"https:\\\/\\\/cardamomo.com\\\/fr\\\/?s={search_term_string}\"},\"query-input\":{\"@type\":\"PropertyValueSpecification\",\"valueRequired\":true,\"valueName\":\"search_term_string\"}}],\"inLanguage\":\"fr-FR\"}]}<\/script>\n<!-- \/ Yoast SEO plugin. -->","yoast_head_json":{"title":"Novembre nous laisse avec du flamenco \u00e0 Cardamomo. - Cardamomo Flamenco Madrid","description":"Vis une semaine inoubliable au Cardamomo : art pur, \u00e9motions intenses et un programme qui fera histoire. R\u00e9serve maintenant.","robots":{"index":"index","follow":"follow","max-snippet":"max-snippet:-1","max-image-preview":"max-image-preview:large","max-video-preview":"max-video-preview:-1"},"canonical":"\/","og_locale":"fr_FR","og_type":"article","og_title":"Novembre nous laisse avec du flamenco \u00e0 Cardamomo. - Cardamomo Flamenco Madrid","og_description":"Vis une semaine inoubliable au Cardamomo : art pur, \u00e9motions intenses et un programme qui fera histoire. R\u00e9serve maintenant.","og_url":"https:\/\/cardamomo.com\/fr\/show\/noviembre-flamenco-2\/","og_site_name":"Cardamomo Flamenco Madrid","article_modified_time":"2025-12-03T10:40:07+00:00","og_image":[{"width":1200,"height":800,"url":"https:\/\/cardamomo.ams3.digitaloceanspaces.com\/wp-content\/uploads\/2025\/11\/21153541\/programacion-artistica-cardamomo-24-30-noviembre.jpg","type":"image\/jpeg"}],"twitter_card":"summary_large_image","twitter_misc":{"Dur\u00e9e de lecture estim\u00e9e":"2 minutes"},"schema":{"@context":"https:\/\/schema.org","@graph":[{"@type":"WebPage","@id":"https:\/\/cardamomo.com\/fr\/show\/noviembre-flamenco-2\/","url":"https:\/\/cardamomo.com\/fr\/show\/noviembre-flamenco-2\/","name":"Novembre nous laisse avec du flamenco \u00e0 Cardamomo. - Cardamomo Flamenco Madrid","isPartOf":{"@id":"https:\/\/cardamomo.com\/fr\/#website"},"primaryImageOfPage":{"@id":"https:\/\/cardamomo.com\/fr\/show\/noviembre-flamenco-2\/#primaryimage"},"image":{"@id":"https:\/\/cardamomo.com\/es\/show\/noviembre-flamenco-2\/#primaryimage"},"thumbnailUrl":"https:\/\/cardamomo.ams3.digitaloceanspaces.com\/wp-content\/uploads\/2025\/11\/21153541\/programacion-artistica-cardamomo-24-30-noviembre.jpg","datePublished":"2025-11-21T14:18:45+00:00","dateModified":"2025-12-03T10:40:07+00:00","description":"Vis une semaine inoubliable au Cardamomo : art pur, \u00e9motions intenses et un programme qui fera histoire. R\u00e9serve maintenant.","breadcrumb":{"@id":"https:\/\/cardamomo.com\/fr\/show\/noviembre-flamenco-2\/#breadcrumb"},"inLanguage":"fr-FR","potentialAction":[{"@type":"ReadAction","target":[["https:\/\/cardamomo.com\/fr\/show\/noviembre-flamenco-2\/"]]}]},{"@type":"ImageObject","inLanguage":"fr-FR","@id":"https:\/\/cardamomo.com\/fr\/show\/noviembre-flamenco-2\/#primaryimage","url":"https:\/\/cardamomo.ams3.digitaloceanspaces.com\/wp-content\/uploads\/2025\/11\/21153541\/programacion-artistica-cardamomo-24-30-noviembre.jpg","contentUrl":"https:\/\/cardamomo.ams3.digitaloceanspaces.com\/wp-content\/uploads\/2025\/11\/21153541\/programacion-artistica-cardamomo-24-30-noviembre.jpg","width":1200,"height":800,"caption":"Programacio\u0301n Arti\u0301stica Cardamomo 24-30 Noviembre"},{"@type":"BreadcrumbList","@id":"https:\/\/cardamomo.com\/fr\/show\/noviembre-flamenco-2\/#breadcrumb","itemListElement":[{"@type":"ListItem","position":1,"name":"Cardamomo","item":"https:\/\/cardamomo.com\/fr\/"},{"@type":"ListItem","position":2,"name":"Shows","item":"https:\/\/cardamomo.com\/fr\/show\/"},{"@type":"ListItem","position":3,"name":"Noviembre nos deja con Flamenco en Cardamomo"}]},{"@type":"WebSite","@id":"https:\/\/cardamomo.com\/fr\/#website","url":"https:\/\/cardamomo.com\/fr\/","name":"Cardamomo Flamenco Madrid","description":"","potentialAction":[{"@type":"SearchAction","target":{"@type":"EntryPoint","urlTemplate":"https:\/\/cardamomo.com\/fr\/?s={search_term_string}"},"query-input":{"@type":"PropertyValueSpecification","valueRequired":true,"valueName":"search_term_string"}}],"inLanguage":"fr-FR"}]}},"_links":{"self":[{"href":"https:\/\/cardamomo.com\/fr\/wp-json\/wp\/v2\/show\/157979","targetHints":{"allow":["GET"]}}],"collection":[{"href":"https:\/\/cardamomo.com\/fr\/wp-json\/wp\/v2\/show"}],"about":[{"href":"https:\/\/cardamomo.com\/fr\/wp-json\/wp\/v2\/types\/show"}],"wp:featuredmedia":[{"embeddable":true,"href":"https:\/\/cardamomo.com\/fr\/wp-json\/wp\/v2\/media\/157980"}],"wp:attachment":[{"href":"https:\/\/cardamomo.com\/fr\/wp-json\/wp\/v2\/media?parent=157979"}],"curies":[{"name":"wp","href":"https:\/\/api.w.org\/{rel}","templated":true}]}}