{"id":157652,"date":"2025-07-21T09:35:07","date_gmt":"2025-07-21T09:35:07","guid":{"rendered":"https:\/\/cardamomo.com\/es\/?post_type=show&#038;p=157652"},"modified":"2025-09-12T16:21:51","modified_gmt":"2025-09-12T16:21:51","slug":"flamenco-a-flor-de-piel","status":"publish","type":"show","link":"https:\/\/cardamomo.com\/fr\/show\/le-flamenco-a-fleur-de-peau\/","title":{"rendered":"Le flamenco \u00e0 fleur de peau"},"content":{"rendered":"<p><\/p>\n<p data-start=\"276\" data-end=\"375\"><strong data-start=\"276\" data-end=\"375\">Ce que nous avons pr\u00e9par\u00e9 pour cette semaine, c\u2019est de ceux qui se ressentent dans la poitrine.<\/strong><\/p>\n<p data-start=\"377\" data-end=\"667\">Imagine l\u2019\u00e9nergie pure, presque un feu, qu\u2019est <strong data-start=\"424\" data-end=\"435\">El Yiyo<\/strong> sur sc\u00e8ne. C\u2019est l\u2019un de ces danseurs qui t\u2019attrapent et ne te l\u00e2chent plus. \u00c0 ses c\u00f4t\u00e9s, l\u2019\u00e9l\u00e9gance et la force de <strong data-start=\"552\" data-end=\"569\">Sof\u00eda del R\u00edo<\/strong> et <strong data-start=\"573\" data-end=\"592\">Nerea Fern\u00e1ndez<\/strong>, offrant un contrepoint parfait, racontant des histoires sans dire un mot.<\/p>\n<p data-start=\"669\" data-end=\"954\">La voix qui nous nouera la gorge sera celle de <strong data-start=\"716\" data-end=\"731\">Sa\u00fal Quir\u00f3s<\/strong>, un chanteur qui se donne corps et \u00e2me. Mais la magie de cette semaine, c\u2019est aussi la puissance visc\u00e9rale de <strong data-start=\"842\" data-end=\"853\">Ingueta<\/strong> et l\u2019\u00e9tincelle de <strong data-start=\"872\" data-end=\"881\">Ricky<\/strong> lors de soir\u00e9es sp\u00e9ciales \u2013 chacun avec sa propre v\u00e9rit\u00e9 et son \u00e9motion.<\/p>\n<p data-start=\"956\" data-end=\"1237\">Et pour faire voler tout \u00e7a, les guitares de <strong data-start=\"1001\" data-end=\"1018\">Mario Montoya<\/strong> et <strong data-start=\"1022\" data-end=\"1041\">Antonio Jim\u00e9nez<\/strong> seront le refuge et l\u2019\u00e9lan de chaque artiste. Et \u00e0 la base de tout, tu sentiras les battements de la terre dans le <strong data-start=\"1157\" data-end=\"1166\">caj\u00f3n<\/strong> de <strong data-start=\"1170\" data-end=\"1181\">Antonio<\/strong> et <strong data-start=\"1185\" data-end=\"1200\">Iv\u00e1n Losada<\/strong>, le c\u0153ur qui donne le rythme \u00e0 tous.<\/p>\n<p data-start=\"1239\" data-end=\"1379\">Ce ne sont pas que des noms sur une affiche. Ce sont des artistes qui viennent mettre leur \u00e2me sur sc\u00e8ne. On veut que tu le vives avec nous.<\/p>\n<p data-start=\"1381\" data-end=\"1430\"><a href=\"https:\/\/cardamomo.com\/fr\/achat-de-billets\/\"><strong data-start=\"1385\" data-end=\"1426\">R\u00e9serve ta place et viens \u00e0 Cardamomo<\/strong><\/a><\/p>\n<p><\/p>","protected":false},"featured_media":157653,"template":"","meta":{"_acf_changed":false,"inline_featured_image":false},"class_list":["post-157652","show","type-show","status-publish","has-post-thumbnail","hentry"],"acf":[],"yoast_head":"<!-- This site is optimized with the Yoast SEO plugin v27.4 - https:\/\/yoast.com\/product\/yoast-seo-wordpress\/ -->\n<title>Le flamenco \u00e0 fleur de peau - Cardamomo Flamenco Madrid<\/title>\n<meta name=\"robots\" content=\"index, follow, max-snippet:-1, max-image-preview:large, max-video-preview:-1\" \/>\n<link rel=\"canonical\" href=\"\/\" \/>\n<meta property=\"og:locale\" content=\"fr_FR\" \/>\n<meta property=\"og:type\" content=\"article\" \/>\n<meta property=\"og:title\" content=\"Le flamenco \u00e0 fleur de peau - Cardamomo Flamenco Madrid\" \/>\n<meta property=\"og:description\" content=\"Ce que nous avons pr\u00e9par\u00e9 pour cette semaine, c\u2019est de ceux qui se ressentent dans la poitrine. Imagine l\u2019\u00e9nergie pure, presque un feu, qu\u2019est El Yiyo sur sc\u00e8ne. C\u2019est l\u2019un de ces danseurs qui t\u2019attrapent et ne te l\u00e2chent plus. \u00c0 ses c\u00f4t\u00e9s, l\u2019\u00e9l\u00e9gance et la force de Sof\u00eda del R\u00edo et Nerea Fern\u00e1ndez, offrant...\" \/>\n<meta property=\"og:url\" content=\"https:\/\/cardamomo.com\/fr\/show\/flamenco-a-flor-de-piel\/\" \/>\n<meta property=\"og:site_name\" content=\"Cardamomo Flamenco Madrid\" \/>\n<meta property=\"article:modified_time\" content=\"2025-09-12T16:21:51+00:00\" \/>\n<meta property=\"og:image\" content=\"https:\/\/cardamomo.ams3.digitaloceanspaces.com\/wp-content\/uploads\/2025\/07\/21093417\/programacion-cardamomo-21-27-julio.jpg\" \/>\n\t<meta property=\"og:image:width\" content=\"1200\" \/>\n\t<meta property=\"og:image:height\" content=\"800\" \/>\n\t<meta property=\"og:image:type\" content=\"image\/jpeg\" \/>\n<meta name=\"twitter:card\" content=\"summary_large_image\" \/>\n<meta name=\"twitter:label1\" content=\"Dur\u00e9e de lecture estim\u00e9e\" \/>\n\t<meta name=\"twitter:data1\" content=\"2 minutes\" \/>\n<script type=\"application\/ld+json\" class=\"yoast-schema-graph\">{\"@context\":\"https:\\\/\\\/schema.org\",\"@graph\":[{\"@type\":\"WebPage\",\"@id\":\"https:\\\/\\\/cardamomo.com\\\/fr\\\/show\\\/flamenco-a-flor-de-piel\\\/\",\"url\":\"https:\\\/\\\/cardamomo.com\\\/fr\\\/show\\\/flamenco-a-flor-de-piel\\\/\",\"name\":\"Le flamenco \u00e0 fleur de peau - Cardamomo Flamenco Madrid\",\"isPartOf\":{\"@id\":\"https:\\\/\\\/cardamomo.com\\\/fr\\\/#website\"},\"primaryImageOfPage\":{\"@id\":\"https:\\\/\\\/cardamomo.com\\\/fr\\\/show\\\/flamenco-a-flor-de-piel\\\/#primaryimage\"},\"image\":{\"@id\":\"https:\\\/\\\/cardamomo.com\\\/es\\\/show\\\/flamenco-a-flor-de-piel\\\/#primaryimage\"},\"thumbnailUrl\":\"https:\\\/\\\/cardamomo.ams3.digitaloceanspaces.com\\\/wp-content\\\/uploads\\\/2025\\\/07\\\/21093417\\\/programacion-cardamomo-21-27-julio.jpg\",\"datePublished\":\"2025-07-21T09:35:07+00:00\",\"dateModified\":\"2025-09-12T16:21:51+00:00\",\"breadcrumb\":{\"@id\":\"https:\\\/\\\/cardamomo.com\\\/fr\\\/show\\\/flamenco-a-flor-de-piel\\\/#breadcrumb\"},\"inLanguage\":\"fr-FR\",\"potentialAction\":[{\"@type\":\"ReadAction\",\"target\":[[\"https:\\\/\\\/cardamomo.com\\\/fr\\\/show\\\/flamenco-a-flor-de-piel\\\/\"]]}]},{\"@type\":\"ImageObject\",\"inLanguage\":\"fr-FR\",\"@id\":\"https:\\\/\\\/cardamomo.com\\\/fr\\\/show\\\/flamenco-a-flor-de-piel\\\/#primaryimage\",\"url\":\"https:\\\/\\\/cardamomo.ams3.digitaloceanspaces.com\\\/wp-content\\\/uploads\\\/2025\\\/07\\\/21093417\\\/programacion-cardamomo-21-27-julio.jpg\",\"contentUrl\":\"https:\\\/\\\/cardamomo.ams3.digitaloceanspaces.com\\\/wp-content\\\/uploads\\\/2025\\\/07\\\/21093417\\\/programacion-cardamomo-21-27-julio.jpg\",\"width\":1200,\"height\":800,\"caption\":\"Programaci\u00f3n art\u00edstica 21 al 27 de Julio de Cardamomo Flamenco Madrid\"},{\"@type\":\"BreadcrumbList\",\"@id\":\"https:\\\/\\\/cardamomo.com\\\/fr\\\/show\\\/flamenco-a-flor-de-piel\\\/#breadcrumb\",\"itemListElement\":[{\"@type\":\"ListItem\",\"position\":1,\"name\":\"Cardamomo\",\"item\":\"https:\\\/\\\/cardamomo.com\\\/fr\\\/\"},{\"@type\":\"ListItem\",\"position\":2,\"name\":\"Shows\",\"item\":\"https:\\\/\\\/cardamomo.com\\\/fr\\\/show\\\/\"},{\"@type\":\"ListItem\",\"position\":3,\"name\":\"Flamenco a Flor de Piel\"}]},{\"@type\":\"WebSite\",\"@id\":\"https:\\\/\\\/cardamomo.com\\\/fr\\\/#website\",\"url\":\"https:\\\/\\\/cardamomo.com\\\/fr\\\/\",\"name\":\"Cardamomo Flamenco Madrid\",\"description\":\"\",\"potentialAction\":[{\"@type\":\"SearchAction\",\"target\":{\"@type\":\"EntryPoint\",\"urlTemplate\":\"https:\\\/\\\/cardamomo.com\\\/fr\\\/?s={search_term_string}\"},\"query-input\":{\"@type\":\"PropertyValueSpecification\",\"valueRequired\":true,\"valueName\":\"search_term_string\"}}],\"inLanguage\":\"fr-FR\"}]}<\/script>\n<!-- \/ Yoast SEO plugin. -->","yoast_head_json":{"title":"Le flamenco \u00e0 fleur de peau - Cardamomo Flamenco Madrid","robots":{"index":"index","follow":"follow","max-snippet":"max-snippet:-1","max-image-preview":"max-image-preview:large","max-video-preview":"max-video-preview:-1"},"canonical":"\/","og_locale":"fr_FR","og_type":"article","og_title":"Le flamenco \u00e0 fleur de peau - Cardamomo Flamenco Madrid","og_description":"Ce que nous avons pr\u00e9par\u00e9 pour cette semaine, c\u2019est de ceux qui se ressentent dans la poitrine. Imagine l\u2019\u00e9nergie pure, presque un feu, qu\u2019est El Yiyo sur sc\u00e8ne. C\u2019est l\u2019un de ces danseurs qui t\u2019attrapent et ne te l\u00e2chent plus. \u00c0 ses c\u00f4t\u00e9s, l\u2019\u00e9l\u00e9gance et la force de Sof\u00eda del R\u00edo et Nerea Fern\u00e1ndez, offrant...","og_url":"https:\/\/cardamomo.com\/fr\/show\/flamenco-a-flor-de-piel\/","og_site_name":"Cardamomo Flamenco Madrid","article_modified_time":"2025-09-12T16:21:51+00:00","og_image":[{"width":1200,"height":800,"url":"https:\/\/cardamomo.ams3.digitaloceanspaces.com\/wp-content\/uploads\/2025\/07\/21093417\/programacion-cardamomo-21-27-julio.jpg","type":"image\/jpeg"}],"twitter_card":"summary_large_image","twitter_misc":{"Dur\u00e9e de lecture estim\u00e9e":"2 minutes"},"schema":{"@context":"https:\/\/schema.org","@graph":[{"@type":"WebPage","@id":"https:\/\/cardamomo.com\/fr\/show\/flamenco-a-flor-de-piel\/","url":"https:\/\/cardamomo.com\/fr\/show\/flamenco-a-flor-de-piel\/","name":"Le flamenco \u00e0 fleur de peau - Cardamomo Flamenco Madrid","isPartOf":{"@id":"https:\/\/cardamomo.com\/fr\/#website"},"primaryImageOfPage":{"@id":"https:\/\/cardamomo.com\/fr\/show\/flamenco-a-flor-de-piel\/#primaryimage"},"image":{"@id":"https:\/\/cardamomo.com\/es\/show\/flamenco-a-flor-de-piel\/#primaryimage"},"thumbnailUrl":"https:\/\/cardamomo.ams3.digitaloceanspaces.com\/wp-content\/uploads\/2025\/07\/21093417\/programacion-cardamomo-21-27-julio.jpg","datePublished":"2025-07-21T09:35:07+00:00","dateModified":"2025-09-12T16:21:51+00:00","breadcrumb":{"@id":"https:\/\/cardamomo.com\/fr\/show\/flamenco-a-flor-de-piel\/#breadcrumb"},"inLanguage":"fr-FR","potentialAction":[{"@type":"ReadAction","target":[["https:\/\/cardamomo.com\/fr\/show\/flamenco-a-flor-de-piel\/"]]}]},{"@type":"ImageObject","inLanguage":"fr-FR","@id":"https:\/\/cardamomo.com\/fr\/show\/flamenco-a-flor-de-piel\/#primaryimage","url":"https:\/\/cardamomo.ams3.digitaloceanspaces.com\/wp-content\/uploads\/2025\/07\/21093417\/programacion-cardamomo-21-27-julio.jpg","contentUrl":"https:\/\/cardamomo.ams3.digitaloceanspaces.com\/wp-content\/uploads\/2025\/07\/21093417\/programacion-cardamomo-21-27-julio.jpg","width":1200,"height":800,"caption":"Programaci\u00f3n art\u00edstica 21 al 27 de Julio de Cardamomo Flamenco Madrid"},{"@type":"BreadcrumbList","@id":"https:\/\/cardamomo.com\/fr\/show\/flamenco-a-flor-de-piel\/#breadcrumb","itemListElement":[{"@type":"ListItem","position":1,"name":"Cardamomo","item":"https:\/\/cardamomo.com\/fr\/"},{"@type":"ListItem","position":2,"name":"Shows","item":"https:\/\/cardamomo.com\/fr\/show\/"},{"@type":"ListItem","position":3,"name":"Flamenco a Flor de Piel"}]},{"@type":"WebSite","@id":"https:\/\/cardamomo.com\/fr\/#website","url":"https:\/\/cardamomo.com\/fr\/","name":"Cardamomo Flamenco Madrid","description":"","potentialAction":[{"@type":"SearchAction","target":{"@type":"EntryPoint","urlTemplate":"https:\/\/cardamomo.com\/fr\/?s={search_term_string}"},"query-input":{"@type":"PropertyValueSpecification","valueRequired":true,"valueName":"search_term_string"}}],"inLanguage":"fr-FR"}]}},"_links":{"self":[{"href":"https:\/\/cardamomo.com\/fr\/wp-json\/wp\/v2\/show\/157652","targetHints":{"allow":["GET"]}}],"collection":[{"href":"https:\/\/cardamomo.com\/fr\/wp-json\/wp\/v2\/show"}],"about":[{"href":"https:\/\/cardamomo.com\/fr\/wp-json\/wp\/v2\/types\/show"}],"wp:featuredmedia":[{"embeddable":true,"href":"https:\/\/cardamomo.com\/fr\/wp-json\/wp\/v2\/media\/157653"}],"wp:attachment":[{"href":"https:\/\/cardamomo.com\/fr\/wp-json\/wp\/v2\/media?parent=157652"}],"curies":[{"name":"wp","href":"https:\/\/api.w.org\/{rel}","templated":true}]}}