{"id":156822,"date":"2025-01-31T11:00:35","date_gmt":"2025-01-31T11:00:35","guid":{"rendered":"https:\/\/pro.cardamomo.com\/es\/?post_type=show&#038;p=156822"},"modified":"2025-06-24T13:43:21","modified_gmt":"2025-06-24T13:43:21","slug":"fiesta-y-sentimiento-en-cada-compas","status":"publish","type":"show","link":"https:\/\/cardamomo.com\/fr\/show\/fiesta-y-sentimiento-en-cada-compas\/","title":{"rendered":"F\u00eate et \u00e9motion \u00e0 chaque compas"},"content":{"rendered":"<p><\/p>\n<p class=\"\" data-start=\"908\" data-end=\"965\">Au Cardamomo, chaque soir est du flamenco \u00e0 l\u2019\u00e9tat pur.<\/p>\n<p class=\"\" data-start=\"967\" data-end=\"1113\">Des chants les plus profonds aux danses les plus festives, ce que nous vivons ici est un hommage quotidien \u00e0 la force et \u00e0 la beaut\u00e9 de cet art.<\/p>\n<p class=\"\" data-start=\"1115\" data-end=\"1339\">Avec l\u2019arriv\u00e9e du printemps, la sc\u00e8ne se remplit de joie et d\u2019\u00e9nergie. Les artistes donnent tout, soir apr\u00e8s soir, dans un spectacle vibrant, \u00e9mouvant et charg\u00e9 de passion. Entre intensit\u00e9 et f\u00eate, l\u2019\u00e9quilibre est parfait.<\/p>\n<p class=\"\" data-start=\"1341\" data-end=\"1459\">Installez-vous, laissez-vous emporter par le comp\u00e1s, le chant et la danse. Le c\u0153ur de Madrid bat dans chaque accord.<\/p>\n<p class=\"\" data-start=\"110\" data-end=\"168\"><a href=\"https:\/\/cardamomo.com\/fr\/achat-de-billets\/\"><strong data-start=\"130\" data-end=\"168\">Achetez vos billets d\u00e8s maintenant<\/strong><\/a><\/p>\n<p class=\"\" data-start=\"170\" data-end=\"224\">\n<p><\/p>","protected":false},"featured_media":157368,"template":"","meta":{"_acf_changed":false,"inline_featured_image":false},"class_list":["post-156822","show","type-show","status-publish","has-post-thumbnail","hentry"],"acf":[],"yoast_head":"<!-- This site is optimized with the Yoast SEO plugin v27.4 - https:\/\/yoast.com\/product\/yoast-seo-wordpress\/ -->\n<title>F\u00eate et \u00e9motion \u00e0 chaque compas - Cardamomo Flamenco Madrid<\/title>\n<meta name=\"robots\" content=\"index, follow, max-snippet:-1, max-image-preview:large, max-video-preview:-1\" \/>\n<link rel=\"canonical\" href=\"\/\" \/>\n<meta property=\"og:locale\" content=\"fr_FR\" \/>\n<meta property=\"og:type\" content=\"article\" \/>\n<meta property=\"og:title\" content=\"F\u00eate et \u00e9motion \u00e0 chaque compas - Cardamomo Flamenco Madrid\" \/>\n<meta property=\"og:description\" content=\"Au Cardamomo, chaque soir est du flamenco \u00e0 l\u2019\u00e9tat pur. Des chants les plus profonds aux danses les plus festives, ce que nous vivons ici est un hommage quotidien \u00e0 la force et \u00e0 la beaut\u00e9 de cet art. Avec l\u2019arriv\u00e9e du printemps, la sc\u00e8ne se remplit de joie et d\u2019\u00e9nergie. Les artistes donnent tout,...\" \/>\n<meta property=\"og:url\" content=\"https:\/\/cardamomo.com\/fr\/show\/fiesta-y-sentimiento-en-cada-compas\/\" \/>\n<meta property=\"og:site_name\" content=\"Cardamomo Flamenco Madrid\" \/>\n<meta property=\"article:modified_time\" content=\"2025-06-24T13:43:21+00:00\" \/>\n<meta property=\"og:image\" content=\"https:\/\/cardamomo.ams3.digitaloceanspaces.com\/wp-content\/uploads\/2025\/01\/21091717\/programacion-cardamomo.jpg\" \/>\n\t<meta property=\"og:image:width\" content=\"1200\" \/>\n\t<meta property=\"og:image:height\" content=\"800\" \/>\n\t<meta property=\"og:image:type\" content=\"image\/jpeg\" \/>\n<meta name=\"twitter:card\" content=\"summary_large_image\" \/>\n<meta name=\"twitter:label1\" content=\"Dur\u00e9e de lecture estim\u00e9e\" \/>\n\t<meta name=\"twitter:data1\" content=\"1 minute\" \/>\n<script type=\"application\/ld+json\" class=\"yoast-schema-graph\">{\"@context\":\"https:\\\/\\\/schema.org\",\"@graph\":[{\"@type\":\"WebPage\",\"@id\":\"https:\\\/\\\/cardamomo.com\\\/fr\\\/show\\\/fiesta-y-sentimiento-en-cada-compas\\\/\",\"url\":\"https:\\\/\\\/cardamomo.com\\\/fr\\\/show\\\/fiesta-y-sentimiento-en-cada-compas\\\/\",\"name\":\"F\u00eate et \u00e9motion \u00e0 chaque compas - Cardamomo Flamenco Madrid\",\"isPartOf\":{\"@id\":\"https:\\\/\\\/cardamomo.com\\\/fr\\\/#website\"},\"primaryImageOfPage\":{\"@id\":\"https:\\\/\\\/cardamomo.com\\\/fr\\\/show\\\/fiesta-y-sentimiento-en-cada-compas\\\/#primaryimage\"},\"image\":{\"@id\":\"https:\\\/\\\/cardamomo.com\\\/es\\\/show\\\/fiesta-y-sentimiento-en-cada-compas\\\/#primaryimage\"},\"thumbnailUrl\":\"https:\\\/\\\/cardamomo.ams3.digitaloceanspaces.com\\\/wp-content\\\/uploads\\\/2025\\\/01\\\/21091717\\\/programacion-cardamomo.jpg\",\"datePublished\":\"2025-01-31T11:00:35+00:00\",\"dateModified\":\"2025-06-24T13:43:21+00:00\",\"breadcrumb\":{\"@id\":\"https:\\\/\\\/cardamomo.com\\\/fr\\\/show\\\/fiesta-y-sentimiento-en-cada-compas\\\/#breadcrumb\"},\"inLanguage\":\"fr-FR\",\"potentialAction\":[{\"@type\":\"ReadAction\",\"target\":[[\"https:\\\/\\\/cardamomo.com\\\/fr\\\/show\\\/fiesta-y-sentimiento-en-cada-compas\\\/\"]]}]},{\"@type\":\"ImageObject\",\"inLanguage\":\"fr-FR\",\"@id\":\"https:\\\/\\\/cardamomo.com\\\/fr\\\/show\\\/fiesta-y-sentimiento-en-cada-compas\\\/#primaryimage\",\"url\":\"https:\\\/\\\/cardamomo.ams3.digitaloceanspaces.com\\\/wp-content\\\/uploads\\\/2025\\\/01\\\/21091717\\\/programacion-cardamomo.jpg\",\"contentUrl\":\"https:\\\/\\\/cardamomo.ams3.digitaloceanspaces.com\\\/wp-content\\\/uploads\\\/2025\\\/01\\\/21091717\\\/programacion-cardamomo.jpg\",\"width\":1200,\"height\":800},{\"@type\":\"BreadcrumbList\",\"@id\":\"https:\\\/\\\/cardamomo.com\\\/fr\\\/show\\\/fiesta-y-sentimiento-en-cada-compas\\\/#breadcrumb\",\"itemListElement\":[{\"@type\":\"ListItem\",\"position\":1,\"name\":\"Cardamomo\",\"item\":\"https:\\\/\\\/cardamomo.com\\\/fr\\\/\"},{\"@type\":\"ListItem\",\"position\":2,\"name\":\"Shows\",\"item\":\"https:\\\/\\\/cardamomo.com\\\/fr\\\/show\\\/\"},{\"@type\":\"ListItem\",\"position\":3,\"name\":\"Fiesta y sentimiento en cada comp\u00e1s\"}]},{\"@type\":\"WebSite\",\"@id\":\"https:\\\/\\\/cardamomo.com\\\/fr\\\/#website\",\"url\":\"https:\\\/\\\/cardamomo.com\\\/fr\\\/\",\"name\":\"Cardamomo Flamenco Madrid\",\"description\":\"\",\"potentialAction\":[{\"@type\":\"SearchAction\",\"target\":{\"@type\":\"EntryPoint\",\"urlTemplate\":\"https:\\\/\\\/cardamomo.com\\\/fr\\\/?s={search_term_string}\"},\"query-input\":{\"@type\":\"PropertyValueSpecification\",\"valueRequired\":true,\"valueName\":\"search_term_string\"}}],\"inLanguage\":\"fr-FR\"}]}<\/script>\n<!-- \/ Yoast SEO plugin. -->","yoast_head_json":{"title":"F\u00eate et \u00e9motion \u00e0 chaque compas - Cardamomo Flamenco Madrid","robots":{"index":"index","follow":"follow","max-snippet":"max-snippet:-1","max-image-preview":"max-image-preview:large","max-video-preview":"max-video-preview:-1"},"canonical":"\/","og_locale":"fr_FR","og_type":"article","og_title":"F\u00eate et \u00e9motion \u00e0 chaque compas - Cardamomo Flamenco Madrid","og_description":"Au Cardamomo, chaque soir est du flamenco \u00e0 l\u2019\u00e9tat pur. Des chants les plus profonds aux danses les plus festives, ce que nous vivons ici est un hommage quotidien \u00e0 la force et \u00e0 la beaut\u00e9 de cet art. Avec l\u2019arriv\u00e9e du printemps, la sc\u00e8ne se remplit de joie et d\u2019\u00e9nergie. Les artistes donnent tout,...","og_url":"https:\/\/cardamomo.com\/fr\/show\/fiesta-y-sentimiento-en-cada-compas\/","og_site_name":"Cardamomo Flamenco Madrid","article_modified_time":"2025-06-24T13:43:21+00:00","og_image":[{"width":1200,"height":800,"url":"https:\/\/cardamomo.ams3.digitaloceanspaces.com\/wp-content\/uploads\/2025\/01\/21091717\/programacion-cardamomo.jpg","type":"image\/jpeg"}],"twitter_card":"summary_large_image","twitter_misc":{"Dur\u00e9e de lecture estim\u00e9e":"1 minute"},"schema":{"@context":"https:\/\/schema.org","@graph":[{"@type":"WebPage","@id":"https:\/\/cardamomo.com\/fr\/show\/fiesta-y-sentimiento-en-cada-compas\/","url":"https:\/\/cardamomo.com\/fr\/show\/fiesta-y-sentimiento-en-cada-compas\/","name":"F\u00eate et \u00e9motion \u00e0 chaque compas - Cardamomo Flamenco Madrid","isPartOf":{"@id":"https:\/\/cardamomo.com\/fr\/#website"},"primaryImageOfPage":{"@id":"https:\/\/cardamomo.com\/fr\/show\/fiesta-y-sentimiento-en-cada-compas\/#primaryimage"},"image":{"@id":"https:\/\/cardamomo.com\/es\/show\/fiesta-y-sentimiento-en-cada-compas\/#primaryimage"},"thumbnailUrl":"https:\/\/cardamomo.ams3.digitaloceanspaces.com\/wp-content\/uploads\/2025\/01\/21091717\/programacion-cardamomo.jpg","datePublished":"2025-01-31T11:00:35+00:00","dateModified":"2025-06-24T13:43:21+00:00","breadcrumb":{"@id":"https:\/\/cardamomo.com\/fr\/show\/fiesta-y-sentimiento-en-cada-compas\/#breadcrumb"},"inLanguage":"fr-FR","potentialAction":[{"@type":"ReadAction","target":[["https:\/\/cardamomo.com\/fr\/show\/fiesta-y-sentimiento-en-cada-compas\/"]]}]},{"@type":"ImageObject","inLanguage":"fr-FR","@id":"https:\/\/cardamomo.com\/fr\/show\/fiesta-y-sentimiento-en-cada-compas\/#primaryimage","url":"https:\/\/cardamomo.ams3.digitaloceanspaces.com\/wp-content\/uploads\/2025\/01\/21091717\/programacion-cardamomo.jpg","contentUrl":"https:\/\/cardamomo.ams3.digitaloceanspaces.com\/wp-content\/uploads\/2025\/01\/21091717\/programacion-cardamomo.jpg","width":1200,"height":800},{"@type":"BreadcrumbList","@id":"https:\/\/cardamomo.com\/fr\/show\/fiesta-y-sentimiento-en-cada-compas\/#breadcrumb","itemListElement":[{"@type":"ListItem","position":1,"name":"Cardamomo","item":"https:\/\/cardamomo.com\/fr\/"},{"@type":"ListItem","position":2,"name":"Shows","item":"https:\/\/cardamomo.com\/fr\/show\/"},{"@type":"ListItem","position":3,"name":"Fiesta y sentimiento en cada comp\u00e1s"}]},{"@type":"WebSite","@id":"https:\/\/cardamomo.com\/fr\/#website","url":"https:\/\/cardamomo.com\/fr\/","name":"Cardamomo Flamenco Madrid","description":"","potentialAction":[{"@type":"SearchAction","target":{"@type":"EntryPoint","urlTemplate":"https:\/\/cardamomo.com\/fr\/?s={search_term_string}"},"query-input":{"@type":"PropertyValueSpecification","valueRequired":true,"valueName":"search_term_string"}}],"inLanguage":"fr-FR"}]}},"_links":{"self":[{"href":"https:\/\/cardamomo.com\/fr\/wp-json\/wp\/v2\/show\/156822","targetHints":{"allow":["GET"]}}],"collection":[{"href":"https:\/\/cardamomo.com\/fr\/wp-json\/wp\/v2\/show"}],"about":[{"href":"https:\/\/cardamomo.com\/fr\/wp-json\/wp\/v2\/types\/show"}],"wp:featuredmedia":[{"embeddable":true,"href":"https:\/\/cardamomo.com\/fr\/wp-json\/wp\/v2\/media\/157368"}],"wp:attachment":[{"href":"https:\/\/cardamomo.com\/fr\/wp-json\/wp\/v2\/media?parent=156822"}],"curies":[{"name":"wp","href":"https:\/\/api.w.org\/{rel}","templated":true}]}}