{"id":131124,"date":"2023-09-24T19:13:27","date_gmt":"2023-09-24T17:13:27","guid":{"rendered":"https:\/\/cardamomo.com\/es\/?post_type=show&#038;p=131124"},"modified":"2025-02-01T14:01:13","modified_gmt":"2025-02-01T14:01:13","slug":"jose-maya-en-cardamomo","status":"publish","type":"show","link":"https:\/\/cardamomo.com\/fr\/show\/jose-maya-en-cardamomo\/","title":{"rendered":"Jos\u00e9 maya visite Cardamomo"},"content":{"rendered":"<p>Jos\u00e9 Maya (Joselillo Romero) est l&rsquo;un des rares artistes flamenco qui s&rsquo;impose aux autres artistes. C&rsquo;est un danseur de l&rsquo;\u00e9lite du flamenco, au m\u00eame titre que des stars comme Rafael Amargo ou Farruquito.<\/p>\n<p>Il est issu d&rsquo;une famille gitane d&rsquo;artistes (peintres, \u00e9crivains, acteurs) avec des anc\u00eatres comme la bailaora historique Fernanda Romero ou le cantaor Rafael Romero \u00ab\u00a0El Gallina\u00a0\u00bb. Comme tous les grands talents du flamenco, elle a commenc\u00e9 sa carri\u00e8re d\u00e8s l&rsquo;\u00e2ge de 9 ans aux c\u00f4t\u00e9s de personnalit\u00e9s comme Antonio Canales et Joaqu\u00edn Grilo. Adolescent, il rejoint la compagnie d'\u00a0\u00bbEl G\u00fcito\u00a0\u00bb. D\u00e8s lors, il encha\u00eene les apparitions inoubliables, allant des tourn\u00e9es internationales aux premi\u00e8res parties d&rsquo;artistes tels que Marc Anthony et Beyonc\u00e9.<\/p>\n<p>Au Cardamomo, nous avons l&rsquo;honneur de l&rsquo;accueillir sur notre sc\u00e8ne et d&rsquo;offrir une occasion unique \u00e0 nos visiteurs.<\/p>\n<p>\u00c0 ne pas manquer !<\/p>","protected":false},"featured_media":0,"template":"","meta":{"_acf_changed":false,"inline_featured_image":false},"class_list":["post-131124","show","type-show","status-publish","hentry"],"acf":[],"yoast_head":"<!-- This site is optimized with the Yoast SEO plugin v27.4 - https:\/\/yoast.com\/product\/yoast-seo-wordpress\/ -->\n<title>Jos\u00e9 maya visite Cardamomo - Cardamomo Flamenco Madrid<\/title>\n<meta name=\"robots\" content=\"index, follow, max-snippet:-1, max-image-preview:large, max-video-preview:-1\" \/>\n<link rel=\"canonical\" href=\"\/\" \/>\n<meta property=\"og:locale\" content=\"fr_FR\" \/>\n<meta property=\"og:type\" content=\"article\" \/>\n<meta property=\"og:title\" content=\"Jos\u00e9 maya visite Cardamomo - Cardamomo Flamenco Madrid\" \/>\n<meta property=\"og:description\" content=\"Jos\u00e9 Maya (Joselillo Romero) est l&rsquo;un des rares artistes flamenco qui s&rsquo;impose aux autres artistes. C&rsquo;est un danseur de l&rsquo;\u00e9lite du flamenco, au m\u00eame titre que des stars comme Rafael Amargo ou Farruquito. Il est issu d&rsquo;une famille gitane d&rsquo;artistes (peintres, \u00e9crivains, acteurs) avec des anc\u00eatres comme la bailaora historique Fernanda Romero ou le cantaor...\" \/>\n<meta property=\"og:url\" content=\"https:\/\/cardamomo.com\/fr\/show\/jose-maya-en-cardamomo\/\" \/>\n<meta property=\"og:site_name\" content=\"Cardamomo Flamenco Madrid\" \/>\n<meta property=\"article:modified_time\" content=\"2025-02-01T14:01:13+00:00\" \/>\n<meta property=\"og:image\" content=\"https:\/\/cardamomo.com\/wp-content\/uploads\/2022\/03\/log_comunidad_m.jpg\" \/>\n<meta name=\"twitter:card\" content=\"summary_large_image\" \/>\n<meta name=\"twitter:label1\" content=\"Dur\u00e9e de lecture estim\u00e9e\" \/>\n\t<meta name=\"twitter:data1\" content=\"2 minutes\" \/>\n<script type=\"application\/ld+json\" class=\"yoast-schema-graph\">{\"@context\":\"https:\\\/\\\/schema.org\",\"@graph\":[{\"@type\":\"WebPage\",\"@id\":\"https:\\\/\\\/cardamomo.com\\\/fr\\\/show\\\/jose-maya-en-cardamomo\\\/\",\"url\":\"https:\\\/\\\/cardamomo.com\\\/fr\\\/show\\\/jose-maya-en-cardamomo\\\/\",\"name\":\"Jos\u00e9 maya visite Cardamomo - Cardamomo Flamenco Madrid\",\"isPartOf\":{\"@id\":\"https:\\\/\\\/cardamomo.com\\\/fr\\\/#website\"},\"primaryImageOfPage\":{\"@id\":\"https:\\\/\\\/cardamomo.com\\\/fr\\\/show\\\/jose-maya-en-cardamomo\\\/#primaryimage\"},\"image\":{\"@id\":\"https:\\\/\\\/cardamomo.com\\\/es\\\/show\\\/jose-maya-en-cardamomo\\\/#primaryimage\"},\"thumbnailUrl\":\"https:\\\/\\\/cardamomo.com\\\/wp-content\\\/uploads\\\/2022\\\/03\\\/log_comunidad_m.jpg\",\"datePublished\":\"2023-09-24T17:13:27+00:00\",\"dateModified\":\"2025-02-01T14:01:13+00:00\",\"breadcrumb\":{\"@id\":\"https:\\\/\\\/cardamomo.com\\\/fr\\\/show\\\/jose-maya-en-cardamomo\\\/#breadcrumb\"},\"inLanguage\":\"fr-FR\",\"potentialAction\":[{\"@type\":\"ReadAction\",\"target\":[[\"https:\\\/\\\/cardamomo.com\\\/fr\\\/show\\\/jose-maya-en-cardamomo\\\/\"]]}]},{\"@type\":\"ImageObject\",\"inLanguage\":\"fr-FR\",\"@id\":\"https:\\\/\\\/cardamomo.com\\\/fr\\\/show\\\/jose-maya-en-cardamomo\\\/#primaryimage\",\"url\":\"https:\\\/\\\/cardamomo.com\\\/wp-content\\\/uploads\\\/2022\\\/03\\\/log_comunidad_m.jpg\",\"contentUrl\":\"https:\\\/\\\/cardamomo.com\\\/wp-content\\\/uploads\\\/2022\\\/03\\\/log_comunidad_m.jpg\"},{\"@type\":\"BreadcrumbList\",\"@id\":\"https:\\\/\\\/cardamomo.com\\\/fr\\\/show\\\/jose-maya-en-cardamomo\\\/#breadcrumb\",\"itemListElement\":[{\"@type\":\"ListItem\",\"position\":1,\"name\":\"Cardamomo\",\"item\":\"https:\\\/\\\/cardamomo.com\\\/fr\\\/\"},{\"@type\":\"ListItem\",\"position\":2,\"name\":\"Shows\",\"item\":\"https:\\\/\\\/cardamomo.com\\\/fr\\\/show\\\/\"},{\"@type\":\"ListItem\",\"position\":3,\"name\":\"Jos\u00e9 Maya en Cardamomo\"}]},{\"@type\":\"WebSite\",\"@id\":\"https:\\\/\\\/cardamomo.com\\\/fr\\\/#website\",\"url\":\"https:\\\/\\\/cardamomo.com\\\/fr\\\/\",\"name\":\"Cardamomo Flamenco Madrid\",\"description\":\"\",\"potentialAction\":[{\"@type\":\"SearchAction\",\"target\":{\"@type\":\"EntryPoint\",\"urlTemplate\":\"https:\\\/\\\/cardamomo.com\\\/fr\\\/?s={search_term_string}\"},\"query-input\":{\"@type\":\"PropertyValueSpecification\",\"valueRequired\":true,\"valueName\":\"search_term_string\"}}],\"inLanguage\":\"fr-FR\"}]}<\/script>\n<!-- \/ Yoast SEO plugin. -->","yoast_head_json":{"title":"Jos\u00e9 maya visite Cardamomo - Cardamomo Flamenco Madrid","robots":{"index":"index","follow":"follow","max-snippet":"max-snippet:-1","max-image-preview":"max-image-preview:large","max-video-preview":"max-video-preview:-1"},"canonical":"\/","og_locale":"fr_FR","og_type":"article","og_title":"Jos\u00e9 maya visite Cardamomo - Cardamomo Flamenco Madrid","og_description":"Jos\u00e9 Maya (Joselillo Romero) est l&rsquo;un des rares artistes flamenco qui s&rsquo;impose aux autres artistes. C&rsquo;est un danseur de l&rsquo;\u00e9lite du flamenco, au m\u00eame titre que des stars comme Rafael Amargo ou Farruquito. Il est issu d&rsquo;une famille gitane d&rsquo;artistes (peintres, \u00e9crivains, acteurs) avec des anc\u00eatres comme la bailaora historique Fernanda Romero ou le cantaor...","og_url":"https:\/\/cardamomo.com\/fr\/show\/jose-maya-en-cardamomo\/","og_site_name":"Cardamomo Flamenco Madrid","article_modified_time":"2025-02-01T14:01:13+00:00","og_image":[{"url":"https:\/\/cardamomo.com\/wp-content\/uploads\/2022\/03\/log_comunidad_m.jpg","type":"","width":"","height":""}],"twitter_card":"summary_large_image","twitter_misc":{"Dur\u00e9e de lecture estim\u00e9e":"2 minutes"},"schema":{"@context":"https:\/\/schema.org","@graph":[{"@type":"WebPage","@id":"https:\/\/cardamomo.com\/fr\/show\/jose-maya-en-cardamomo\/","url":"https:\/\/cardamomo.com\/fr\/show\/jose-maya-en-cardamomo\/","name":"Jos\u00e9 maya visite Cardamomo - Cardamomo Flamenco Madrid","isPartOf":{"@id":"https:\/\/cardamomo.com\/fr\/#website"},"primaryImageOfPage":{"@id":"https:\/\/cardamomo.com\/fr\/show\/jose-maya-en-cardamomo\/#primaryimage"},"image":{"@id":"https:\/\/cardamomo.com\/es\/show\/jose-maya-en-cardamomo\/#primaryimage"},"thumbnailUrl":"https:\/\/cardamomo.com\/wp-content\/uploads\/2022\/03\/log_comunidad_m.jpg","datePublished":"2023-09-24T17:13:27+00:00","dateModified":"2025-02-01T14:01:13+00:00","breadcrumb":{"@id":"https:\/\/cardamomo.com\/fr\/show\/jose-maya-en-cardamomo\/#breadcrumb"},"inLanguage":"fr-FR","potentialAction":[{"@type":"ReadAction","target":[["https:\/\/cardamomo.com\/fr\/show\/jose-maya-en-cardamomo\/"]]}]},{"@type":"ImageObject","inLanguage":"fr-FR","@id":"https:\/\/cardamomo.com\/fr\/show\/jose-maya-en-cardamomo\/#primaryimage","url":"https:\/\/cardamomo.com\/wp-content\/uploads\/2022\/03\/log_comunidad_m.jpg","contentUrl":"https:\/\/cardamomo.com\/wp-content\/uploads\/2022\/03\/log_comunidad_m.jpg"},{"@type":"BreadcrumbList","@id":"https:\/\/cardamomo.com\/fr\/show\/jose-maya-en-cardamomo\/#breadcrumb","itemListElement":[{"@type":"ListItem","position":1,"name":"Cardamomo","item":"https:\/\/cardamomo.com\/fr\/"},{"@type":"ListItem","position":2,"name":"Shows","item":"https:\/\/cardamomo.com\/fr\/show\/"},{"@type":"ListItem","position":3,"name":"Jos\u00e9 Maya en Cardamomo"}]},{"@type":"WebSite","@id":"https:\/\/cardamomo.com\/fr\/#website","url":"https:\/\/cardamomo.com\/fr\/","name":"Cardamomo Flamenco Madrid","description":"","potentialAction":[{"@type":"SearchAction","target":{"@type":"EntryPoint","urlTemplate":"https:\/\/cardamomo.com\/fr\/?s={search_term_string}"},"query-input":{"@type":"PropertyValueSpecification","valueRequired":true,"valueName":"search_term_string"}}],"inLanguage":"fr-FR"}]}},"_links":{"self":[{"href":"https:\/\/cardamomo.com\/fr\/wp-json\/wp\/v2\/show\/131124","targetHints":{"allow":["GET"]}}],"collection":[{"href":"https:\/\/cardamomo.com\/fr\/wp-json\/wp\/v2\/show"}],"about":[{"href":"https:\/\/cardamomo.com\/fr\/wp-json\/wp\/v2\/types\/show"}],"wp:attachment":[{"href":"https:\/\/cardamomo.com\/fr\/wp-json\/wp\/v2\/media?parent=131124"}],"curies":[{"name":"wp","href":"https:\/\/api.w.org\/{rel}","templated":true}]}}