{"id":102050,"date":"2022-06-09T21:45:05","date_gmt":"2022-06-09T21:45:05","guid":{"rendered":"https:\/\/cardamomo.com\/es\/?post_type=show&#038;p=102050"},"modified":"2024-12-26T21:57:55","modified_gmt":"2024-12-26T21:57:55","slug":"barullo-en-cardamomo-a-partir-del-13-de-junio","status":"publish","type":"show","link":"https:\/\/cardamomo.com\/fr\/show\/juan-fernandez-montoya-barullo-a-cardamomo-a-partir-du-13-juin\/","title":{"rendered":"Juan Fern\u00e1ndez Montoya, \u00ab\u00a0Barullo\u00a0\u00bb, \u00e0 Cardamomo \u00e0 partir du 13 juin"},"content":{"rendered":"<p>Danseur s\u00e9villan, il a fait ses d\u00e9buts \u00e0 l&rsquo;\u00e2ge de 5 ans avec son grand-p\u00e8re \u00ab\u00a0Farruco\u00a0\u00bb \u00e0 l&rsquo;Alameda de H\u00e9rcules, \u00e9tant \u00e9galement fils de \u00ab\u00a0La Faraona\u00a0\u00bb et cousin germain du ma\u00eetre \u00ab\u00a0Farruquito\u00a0\u00bb.\u00a0 De pur sang gitan, laur\u00e9at du prix \u00ab\u00a0El Desplante\u00a0\u00bb du meilleur danseur, Festival de Cante de Las Minas, en 2014, Bienal Flamenca de Sevilla 2014, Premio Nacional de Arte Flamenco de C\u00f3rdoba 2016, accompagnant les meilleurs artistes flamenco de toute l&rsquo;Espagne.<\/p>\n<p>Son surnom lui a \u00e9t\u00e9 donn\u00e9 par son grand-p\u00e8re \u00ab\u00a0Farruco\u00a0\u00bb, en allusion au fait que chaque fois qu&rsquo;il dansait, il provoquait un \u00ab\u00a0tumulte\u00a0\u00bb parmi le public. Passionn\u00e9 par l&rsquo;art du flamenco depuis le berceau, grand d\u00e9fenseur du classique, honorant les racines dont il est issu et suivant le chemin de ses a\u00een\u00e9s, il nous rend visite \u00e0 Cardamomo \u00e0 partir du 13 juin.<\/p>\n<p>Ne manquez pas l&rsquo;intensit\u00e9 et l&rsquo;\u00e9l\u00e9gance de ce bailaor en direct, du 13 au 19 juin.<\/p>","protected":false},"featured_media":0,"template":"","meta":{"_acf_changed":false,"inline_featured_image":false},"class_list":["post-102050","show","type-show","status-publish","hentry"],"acf":[],"yoast_head":"<!-- This site is optimized with the Yoast SEO plugin v27.4 - https:\/\/yoast.com\/product\/yoast-seo-wordpress\/ -->\n<title>Juan Fern\u00e1ndez Montoya, &quot;Barullo&quot;, \u00e0 Cardamomo \u00e0 partir du 13 juin - Cardamomo Flamenco Madrid<\/title>\n<meta name=\"robots\" content=\"index, follow, max-snippet:-1, max-image-preview:large, max-video-preview:-1\" \/>\n<link rel=\"canonical\" href=\"\/\" \/>\n<meta property=\"og:locale\" content=\"fr_FR\" \/>\n<meta property=\"og:type\" content=\"article\" \/>\n<meta property=\"og:title\" content=\"Juan Fern\u00e1ndez Montoya, &quot;Barullo&quot;, \u00e0 Cardamomo \u00e0 partir du 13 juin - Cardamomo Flamenco Madrid\" \/>\n<meta property=\"og:description\" content=\"Danseur s\u00e9villan, il a fait ses d\u00e9buts \u00e0 l&rsquo;\u00e2ge de 5 ans avec son grand-p\u00e8re \u00ab\u00a0Farruco\u00a0\u00bb \u00e0 l&rsquo;Alameda de H\u00e9rcules, \u00e9tant \u00e9galement fils de \u00ab\u00a0La Faraona\u00a0\u00bb et cousin germain du ma\u00eetre \u00ab\u00a0Farruquito\u00a0\u00bb.\u00a0 De pur sang gitan, laur\u00e9at du prix \u00ab\u00a0El Desplante\u00a0\u00bb du meilleur danseur, Festival de Cante de Las Minas, en 2014, Bienal Flamenca de...\" \/>\n<meta property=\"og:url\" content=\"https:\/\/cardamomo.com\/fr\/show\/juan-fernandez-montoya-barullo-en-cardamomo-a-partir-del-13-de-junio\/\" \/>\n<meta property=\"og:site_name\" content=\"Cardamomo Flamenco Madrid\" \/>\n<meta property=\"article:modified_time\" content=\"2024-12-26T21:57:55+00:00\" \/>\n<meta name=\"twitter:card\" content=\"summary_large_image\" \/>\n<meta name=\"twitter:label1\" content=\"Dur\u00e9e de lecture estim\u00e9e\" \/>\n\t<meta name=\"twitter:data1\" content=\"1 minute\" \/>\n<script type=\"application\/ld+json\" class=\"yoast-schema-graph\">{\"@context\":\"https:\\\/\\\/schema.org\",\"@graph\":[{\"@type\":\"WebPage\",\"@id\":\"https:\\\/\\\/cardamomo.com\\\/fr\\\/show\\\/juan-fernandez-montoya-barullo-en-cardamomo-a-partir-del-13-de-junio\\\/\",\"url\":\"https:\\\/\\\/cardamomo.com\\\/fr\\\/show\\\/juan-fernandez-montoya-barullo-en-cardamomo-a-partir-del-13-de-junio\\\/\",\"name\":\"Juan Fern\u00e1ndez Montoya, \\\"Barullo\\\", \u00e0 Cardamomo \u00e0 partir du 13 juin - Cardamomo Flamenco Madrid\",\"isPartOf\":{\"@id\":\"https:\\\/\\\/cardamomo.com\\\/fr\\\/#website\"},\"datePublished\":\"2022-06-09T21:45:05+00:00\",\"dateModified\":\"2024-12-26T21:57:55+00:00\",\"breadcrumb\":{\"@id\":\"https:\\\/\\\/cardamomo.com\\\/fr\\\/show\\\/juan-fernandez-montoya-barullo-en-cardamomo-a-partir-del-13-de-junio\\\/#breadcrumb\"},\"inLanguage\":\"fr-FR\",\"potentialAction\":[{\"@type\":\"ReadAction\",\"target\":[[\"https:\\\/\\\/cardamomo.com\\\/fr\\\/show\\\/juan-fernandez-montoya-barullo-en-cardamomo-a-partir-del-13-de-junio\\\/\"]]}]},{\"@type\":\"BreadcrumbList\",\"@id\":\"https:\\\/\\\/cardamomo.com\\\/fr\\\/show\\\/juan-fernandez-montoya-barullo-en-cardamomo-a-partir-del-13-de-junio\\\/#breadcrumb\",\"itemListElement\":[{\"@type\":\"ListItem\",\"position\":1,\"name\":\"Cardamomo\",\"item\":\"https:\\\/\\\/cardamomo.com\\\/fr\\\/\"},{\"@type\":\"ListItem\",\"position\":2,\"name\":\"Shows\",\"item\":\"https:\\\/\\\/cardamomo.com\\\/fr\\\/show\\\/\"},{\"@type\":\"ListItem\",\"position\":3,\"name\":\"Juan Fern\u00e1ndez Montoya, \u00abBarullo\u00bb, en Cardamomo a partir del 13 de junio\"}]},{\"@type\":\"WebSite\",\"@id\":\"https:\\\/\\\/cardamomo.com\\\/fr\\\/#website\",\"url\":\"https:\\\/\\\/cardamomo.com\\\/fr\\\/\",\"name\":\"Cardamomo Flamenco Madrid\",\"description\":\"\",\"potentialAction\":[{\"@type\":\"SearchAction\",\"target\":{\"@type\":\"EntryPoint\",\"urlTemplate\":\"https:\\\/\\\/cardamomo.com\\\/fr\\\/?s={search_term_string}\"},\"query-input\":{\"@type\":\"PropertyValueSpecification\",\"valueRequired\":true,\"valueName\":\"search_term_string\"}}],\"inLanguage\":\"fr-FR\"}]}<\/script>\n<!-- \/ Yoast SEO plugin. -->","yoast_head_json":{"title":"Juan Fern\u00e1ndez Montoya, \"Barullo\", \u00e0 Cardamomo \u00e0 partir du 13 juin - Cardamomo Flamenco Madrid","robots":{"index":"index","follow":"follow","max-snippet":"max-snippet:-1","max-image-preview":"max-image-preview:large","max-video-preview":"max-video-preview:-1"},"canonical":"\/","og_locale":"fr_FR","og_type":"article","og_title":"Juan Fern\u00e1ndez Montoya, \"Barullo\", \u00e0 Cardamomo \u00e0 partir du 13 juin - Cardamomo Flamenco Madrid","og_description":"Danseur s\u00e9villan, il a fait ses d\u00e9buts \u00e0 l&rsquo;\u00e2ge de 5 ans avec son grand-p\u00e8re \u00ab\u00a0Farruco\u00a0\u00bb \u00e0 l&rsquo;Alameda de H\u00e9rcules, \u00e9tant \u00e9galement fils de \u00ab\u00a0La Faraona\u00a0\u00bb et cousin germain du ma\u00eetre \u00ab\u00a0Farruquito\u00a0\u00bb.\u00a0 De pur sang gitan, laur\u00e9at du prix \u00ab\u00a0El Desplante\u00a0\u00bb du meilleur danseur, Festival de Cante de Las Minas, en 2014, Bienal Flamenca de...","og_url":"https:\/\/cardamomo.com\/fr\/show\/juan-fernandez-montoya-barullo-en-cardamomo-a-partir-del-13-de-junio\/","og_site_name":"Cardamomo Flamenco Madrid","article_modified_time":"2024-12-26T21:57:55+00:00","twitter_card":"summary_large_image","twitter_misc":{"Dur\u00e9e de lecture estim\u00e9e":"1 minute"},"schema":{"@context":"https:\/\/schema.org","@graph":[{"@type":"WebPage","@id":"https:\/\/cardamomo.com\/fr\/show\/juan-fernandez-montoya-barullo-en-cardamomo-a-partir-del-13-de-junio\/","url":"https:\/\/cardamomo.com\/fr\/show\/juan-fernandez-montoya-barullo-en-cardamomo-a-partir-del-13-de-junio\/","name":"Juan Fern\u00e1ndez Montoya, \"Barullo\", \u00e0 Cardamomo \u00e0 partir du 13 juin - Cardamomo Flamenco Madrid","isPartOf":{"@id":"https:\/\/cardamomo.com\/fr\/#website"},"datePublished":"2022-06-09T21:45:05+00:00","dateModified":"2024-12-26T21:57:55+00:00","breadcrumb":{"@id":"https:\/\/cardamomo.com\/fr\/show\/juan-fernandez-montoya-barullo-en-cardamomo-a-partir-del-13-de-junio\/#breadcrumb"},"inLanguage":"fr-FR","potentialAction":[{"@type":"ReadAction","target":[["https:\/\/cardamomo.com\/fr\/show\/juan-fernandez-montoya-barullo-en-cardamomo-a-partir-del-13-de-junio\/"]]}]},{"@type":"BreadcrumbList","@id":"https:\/\/cardamomo.com\/fr\/show\/juan-fernandez-montoya-barullo-en-cardamomo-a-partir-del-13-de-junio\/#breadcrumb","itemListElement":[{"@type":"ListItem","position":1,"name":"Cardamomo","item":"https:\/\/cardamomo.com\/fr\/"},{"@type":"ListItem","position":2,"name":"Shows","item":"https:\/\/cardamomo.com\/fr\/show\/"},{"@type":"ListItem","position":3,"name":"Juan Fern\u00e1ndez Montoya, \u00abBarullo\u00bb, en Cardamomo a partir del 13 de junio"}]},{"@type":"WebSite","@id":"https:\/\/cardamomo.com\/fr\/#website","url":"https:\/\/cardamomo.com\/fr\/","name":"Cardamomo Flamenco Madrid","description":"","potentialAction":[{"@type":"SearchAction","target":{"@type":"EntryPoint","urlTemplate":"https:\/\/cardamomo.com\/fr\/?s={search_term_string}"},"query-input":{"@type":"PropertyValueSpecification","valueRequired":true,"valueName":"search_term_string"}}],"inLanguage":"fr-FR"}]}},"_links":{"self":[{"href":"https:\/\/cardamomo.com\/fr\/wp-json\/wp\/v2\/show\/102050","targetHints":{"allow":["GET"]}}],"collection":[{"href":"https:\/\/cardamomo.com\/fr\/wp-json\/wp\/v2\/show"}],"about":[{"href":"https:\/\/cardamomo.com\/fr\/wp-json\/wp\/v2\/types\/show"}],"wp:attachment":[{"href":"https:\/\/cardamomo.com\/fr\/wp-json\/wp\/v2\/media?parent=102050"}],"curies":[{"name":"wp","href":"https:\/\/api.w.org\/{rel}","templated":true}]}}