{"id":715,"date":"2016-07-29T14:41:45","date_gmt":"2016-07-29T12:41:45","guid":{"rendered":"http:\/\/cardamomo.fullcircle.es\/?post_type=artist&#038;p=715"},"modified":"2025-04-02T15:42:54","modified_gmt":"2025-04-02T15:42:54","slug":"sonia-cortes","status":"publish","type":"artist","link":"https:\/\/cardamomo.com\/fr\/artist\/sonia-cortes-madrid\/","title":{"rendered":"Sonia Cort\u00e9s (Madrid)"},"content":{"rendered":"<p>De son amour pr\u00e9coce pour le flamenco, elle garde encore des enregistrements o\u00f9 elle chante avec son p\u00e8re \u00e2g\u00e9e de seulement trois ans. Apr\u00e8s avoir \u00e9t\u00e9 \u00e9lev\u00e9e entre costumes de flamenca et des \u2018rasgeaos\u2019, elle a commenc\u00e9 ses \u00e9tudes de danse au Conservatoire de danse de Madrid. La premi\u00e8re fois qu&rsquo;elle a chant\u00e9 sur sc\u00e8ne, alors qu&rsquo;elle \u00e9tait bailaora dans une troupe, le cantaor ne s&rsquo;est pas pr\u00e9sent\u00e9 et, sans r\u00e9fl\u00e9chir, elle a pris l&rsquo;initiative d&rsquo;occuper sa place. Depuis, ses interventions comme cantaora ont \u00e9t\u00e9 plus fr\u00e9quentes, travaillant avec des troupes telles que celle d&rsquo;Antonio Najarro, Antonio M\u00e1rquez et le Nouveau Ballet Espagnol, arrivant m\u00eame \u00e0 chanter pour le Fonds Mon\u00e9taire International \u00e0 Washington, au Th\u00e9\u00e2tre Real avec le Jeune Orchestre Symphonique de Madrid et avec Roc\u00edo Jurado dans son dernier programme de t\u00e9l\u00e9vision \u2018Roc\u00edo Siempre\u2019. Elle a \u00e9t\u00e9 la cantaora sp\u00e9cialiste la plus jeune \u00e0 entrer travailler aux conservatoires de Madrid. Sa passion pour le jazz et le rock lui ont permis de sentir le flamenco d&rsquo;une nouvelle mani\u00e8re, ayant interpr\u00e9t\u00e9 des morceaux de Ray Charles et Billie Holiday. Misant sur la fusion flamenco-rock, elle enregistre actuellement un disque avec Jos\u00e9 Luis Garrido.<\/p>","protected":false},"featured_media":157258,"template":"","meta":{"_acf_changed":false,"inline_featured_image":false},"class_list":["post-715","artist","type-artist","status-publish","has-post-thumbnail","hentry"],"acf":[],"yoast_head":"<!-- This site is optimized with the Yoast SEO plugin v27.4 - https:\/\/yoast.com\/product\/yoast-seo-wordpress\/ -->\n<title>Sonia Cort\u00e9s (Madrid) - Cardamomo Flamenco Madrid<\/title>\n<meta name=\"robots\" content=\"index, follow, max-snippet:-1, max-image-preview:large, max-video-preview:-1\" \/>\n<link rel=\"canonical\" href=\"\/\" \/>\n<meta property=\"og:locale\" content=\"fr_FR\" \/>\n<meta property=\"og:type\" content=\"article\" \/>\n<meta property=\"og:title\" content=\"Sonia Cort\u00e9s (Madrid) - Cardamomo Flamenco Madrid\" \/>\n<meta property=\"og:description\" content=\"De son amour pr\u00e9coce pour le flamenco, elle garde encore des enregistrements o\u00f9 elle chante avec son p\u00e8re \u00e2g\u00e9e de seulement trois ans. Apr\u00e8s avoir \u00e9t\u00e9 \u00e9lev\u00e9e entre costumes de flamenca et des \u2018rasgeaos\u2019, elle a commenc\u00e9 ses \u00e9tudes de danse au Conservatoire de danse de Madrid. La premi\u00e8re fois qu&rsquo;elle a chant\u00e9 sur sc\u00e8ne,...\" \/>\n<meta property=\"og:url\" content=\"https:\/\/cardamomo.com\/fr\/artist\/sonia-cortes-madrid\/\" \/>\n<meta property=\"og:site_name\" content=\"Cardamomo Flamenco Madrid\" \/>\n<meta property=\"article:modified_time\" content=\"2025-04-02T15:42:54+00:00\" \/>\n<meta property=\"og:image\" content=\"https:\/\/cardamomo.ams3.digitaloceanspaces.com\/wp-content\/uploads\/2016\/07\/02154146\/sonia-cortes.jpg\" \/>\n\t<meta property=\"og:image:width\" content=\"600\" \/>\n\t<meta property=\"og:image:height\" content=\"748\" \/>\n\t<meta property=\"og:image:type\" content=\"image\/jpeg\" \/>\n<meta name=\"twitter:card\" content=\"summary_large_image\" \/>\n<meta name=\"twitter:label1\" content=\"Dur\u00e9e de lecture estim\u00e9e\" \/>\n\t<meta name=\"twitter:data1\" content=\"2 minutes\" \/>\n<script type=\"application\/ld+json\" class=\"yoast-schema-graph\">{\"@context\":\"https:\\\/\\\/schema.org\",\"@graph\":[{\"@type\":\"WebPage\",\"@id\":\"https:\\\/\\\/cardamomo.com\\\/fr\\\/artist\\\/sonia-cortes-madrid\\\/\",\"url\":\"https:\\\/\\\/cardamomo.com\\\/fr\\\/artist\\\/sonia-cortes-madrid\\\/\",\"name\":\"Sonia Cort\u00e9s (Madrid) - Cardamomo Flamenco Madrid\",\"isPartOf\":{\"@id\":\"https:\\\/\\\/cardamomo.com\\\/fr\\\/#website\"},\"primaryImageOfPage\":{\"@id\":\"https:\\\/\\\/cardamomo.com\\\/fr\\\/artist\\\/sonia-cortes-madrid\\\/#primaryimage\"},\"image\":{\"@id\":\"https:\\\/\\\/cardamomo.com\\\/es\\\/artist\\\/sonia-cortes-madrid\\\/#primaryimage\"},\"thumbnailUrl\":\"https:\\\/\\\/cardamomo.ams3.digitaloceanspaces.com\\\/wp-content\\\/uploads\\\/2016\\\/07\\\/02154146\\\/sonia-cortes.jpg\",\"datePublished\":\"2016-07-29T12:41:45+00:00\",\"dateModified\":\"2025-04-02T15:42:54+00:00\",\"breadcrumb\":{\"@id\":\"https:\\\/\\\/cardamomo.com\\\/fr\\\/artist\\\/sonia-cortes-madrid\\\/#breadcrumb\"},\"inLanguage\":\"fr-FR\",\"potentialAction\":[{\"@type\":\"ReadAction\",\"target\":[[\"https:\\\/\\\/cardamomo.com\\\/fr\\\/artist\\\/sonia-cortes-madrid\\\/\"]]}]},{\"@type\":\"ImageObject\",\"inLanguage\":\"fr-FR\",\"@id\":\"https:\\\/\\\/cardamomo.com\\\/fr\\\/artist\\\/sonia-cortes-madrid\\\/#primaryimage\",\"url\":\"https:\\\/\\\/cardamomo.ams3.digitaloceanspaces.com\\\/wp-content\\\/uploads\\\/2016\\\/07\\\/02154146\\\/sonia-cortes.jpg\",\"contentUrl\":\"https:\\\/\\\/cardamomo.ams3.digitaloceanspaces.com\\\/wp-content\\\/uploads\\\/2016\\\/07\\\/02154146\\\/sonia-cortes.jpg\",\"width\":600,\"height\":748,\"caption\":\"Cantaora Sonia Cort\u00e9s (Madrid)\"},{\"@type\":\"BreadcrumbList\",\"@id\":\"https:\\\/\\\/cardamomo.com\\\/fr\\\/artist\\\/sonia-cortes-madrid\\\/#breadcrumb\",\"itemListElement\":[{\"@type\":\"ListItem\",\"position\":1,\"name\":\"Cardamomo\",\"item\":\"https:\\\/\\\/cardamomo.com\\\/fr\\\/\"},{\"@type\":\"ListItem\",\"position\":2,\"name\":\"Artists\",\"item\":\"https:\\\/\\\/cardamomo.com\\\/fr\\\/artist\\\/\"},{\"@type\":\"ListItem\",\"position\":3,\"name\":\"Sonia Cort\u00e9s (Madrid)\"}]},{\"@type\":\"WebSite\",\"@id\":\"https:\\\/\\\/cardamomo.com\\\/fr\\\/#website\",\"url\":\"https:\\\/\\\/cardamomo.com\\\/fr\\\/\",\"name\":\"Cardamomo Flamenco Madrid\",\"description\":\"\",\"potentialAction\":[{\"@type\":\"SearchAction\",\"target\":{\"@type\":\"EntryPoint\",\"urlTemplate\":\"https:\\\/\\\/cardamomo.com\\\/fr\\\/?s={search_term_string}\"},\"query-input\":{\"@type\":\"PropertyValueSpecification\",\"valueRequired\":true,\"valueName\":\"search_term_string\"}}],\"inLanguage\":\"fr-FR\"}]}<\/script>\n<!-- \/ Yoast SEO plugin. -->","yoast_head_json":{"title":"Sonia Cort\u00e9s (Madrid) - Cardamomo Flamenco Madrid","robots":{"index":"index","follow":"follow","max-snippet":"max-snippet:-1","max-image-preview":"max-image-preview:large","max-video-preview":"max-video-preview:-1"},"canonical":"\/","og_locale":"fr_FR","og_type":"article","og_title":"Sonia Cort\u00e9s (Madrid) - Cardamomo Flamenco Madrid","og_description":"De son amour pr\u00e9coce pour le flamenco, elle garde encore des enregistrements o\u00f9 elle chante avec son p\u00e8re \u00e2g\u00e9e de seulement trois ans. Apr\u00e8s avoir \u00e9t\u00e9 \u00e9lev\u00e9e entre costumes de flamenca et des \u2018rasgeaos\u2019, elle a commenc\u00e9 ses \u00e9tudes de danse au Conservatoire de danse de Madrid. La premi\u00e8re fois qu&rsquo;elle a chant\u00e9 sur sc\u00e8ne,...","og_url":"https:\/\/cardamomo.com\/fr\/artist\/sonia-cortes-madrid\/","og_site_name":"Cardamomo Flamenco Madrid","article_modified_time":"2025-04-02T15:42:54+00:00","og_image":[{"width":600,"height":748,"url":"https:\/\/cardamomo.ams3.digitaloceanspaces.com\/wp-content\/uploads\/2016\/07\/02154146\/sonia-cortes.jpg","type":"image\/jpeg"}],"twitter_card":"summary_large_image","twitter_misc":{"Dur\u00e9e de lecture estim\u00e9e":"2 minutes"},"schema":{"@context":"https:\/\/schema.org","@graph":[{"@type":"WebPage","@id":"https:\/\/cardamomo.com\/fr\/artist\/sonia-cortes-madrid\/","url":"https:\/\/cardamomo.com\/fr\/artist\/sonia-cortes-madrid\/","name":"Sonia Cort\u00e9s (Madrid) - Cardamomo Flamenco Madrid","isPartOf":{"@id":"https:\/\/cardamomo.com\/fr\/#website"},"primaryImageOfPage":{"@id":"https:\/\/cardamomo.com\/fr\/artist\/sonia-cortes-madrid\/#primaryimage"},"image":{"@id":"https:\/\/cardamomo.com\/es\/artist\/sonia-cortes-madrid\/#primaryimage"},"thumbnailUrl":"https:\/\/cardamomo.ams3.digitaloceanspaces.com\/wp-content\/uploads\/2016\/07\/02154146\/sonia-cortes.jpg","datePublished":"2016-07-29T12:41:45+00:00","dateModified":"2025-04-02T15:42:54+00:00","breadcrumb":{"@id":"https:\/\/cardamomo.com\/fr\/artist\/sonia-cortes-madrid\/#breadcrumb"},"inLanguage":"fr-FR","potentialAction":[{"@type":"ReadAction","target":[["https:\/\/cardamomo.com\/fr\/artist\/sonia-cortes-madrid\/"]]}]},{"@type":"ImageObject","inLanguage":"fr-FR","@id":"https:\/\/cardamomo.com\/fr\/artist\/sonia-cortes-madrid\/#primaryimage","url":"https:\/\/cardamomo.ams3.digitaloceanspaces.com\/wp-content\/uploads\/2016\/07\/02154146\/sonia-cortes.jpg","contentUrl":"https:\/\/cardamomo.ams3.digitaloceanspaces.com\/wp-content\/uploads\/2016\/07\/02154146\/sonia-cortes.jpg","width":600,"height":748,"caption":"Cantaora Sonia Cort\u00e9s (Madrid)"},{"@type":"BreadcrumbList","@id":"https:\/\/cardamomo.com\/fr\/artist\/sonia-cortes-madrid\/#breadcrumb","itemListElement":[{"@type":"ListItem","position":1,"name":"Cardamomo","item":"https:\/\/cardamomo.com\/fr\/"},{"@type":"ListItem","position":2,"name":"Artists","item":"https:\/\/cardamomo.com\/fr\/artist\/"},{"@type":"ListItem","position":3,"name":"Sonia Cort\u00e9s (Madrid)"}]},{"@type":"WebSite","@id":"https:\/\/cardamomo.com\/fr\/#website","url":"https:\/\/cardamomo.com\/fr\/","name":"Cardamomo Flamenco Madrid","description":"","potentialAction":[{"@type":"SearchAction","target":{"@type":"EntryPoint","urlTemplate":"https:\/\/cardamomo.com\/fr\/?s={search_term_string}"},"query-input":{"@type":"PropertyValueSpecification","valueRequired":true,"valueName":"search_term_string"}}],"inLanguage":"fr-FR"}]}},"_links":{"self":[{"href":"https:\/\/cardamomo.com\/fr\/wp-json\/wp\/v2\/artist\/715","targetHints":{"allow":["GET"]}}],"collection":[{"href":"https:\/\/cardamomo.com\/fr\/wp-json\/wp\/v2\/artist"}],"about":[{"href":"https:\/\/cardamomo.com\/fr\/wp-json\/wp\/v2\/types\/artist"}],"wp:featuredmedia":[{"embeddable":true,"href":"https:\/\/cardamomo.com\/fr\/wp-json\/wp\/v2\/media\/157258"}],"wp:attachment":[{"href":"https:\/\/cardamomo.com\/fr\/wp-json\/wp\/v2\/media?parent=715"}],"curies":[{"name":"wp","href":"https:\/\/api.w.org\/{rel}","templated":true}]}}