{"id":696,"date":"2016-07-29T14:23:30","date_gmt":"2016-07-29T12:23:30","guid":{"rendered":"http:\/\/cardamomo.fullcircle.es\/?post_type=artist&#038;p=696"},"modified":"2025-04-03T08:09:53","modified_gmt":"2025-04-03T08:09:53","slug":"vaky-losada","status":"publish","type":"artist","link":"https:\/\/cardamomo.com\/fr\/artist\/vaky-losada-madrid\/","title":{"rendered":"Vaky Losada (Madrid)"},"content":{"rendered":"<p>\u00c0 l&rsquo;\u00e2ge de 8 ans, il a jou\u00e9 au Th\u00e9\u00e2tre Chinois de Manolita Chen et Antonio Encinas, o\u00f9 il a jou\u00e9 deux oeuvres accompagn\u00e9 d&rsquo;un orchestre symphonique. \u00c2g\u00e9 de 10 ans, il a \u00e9t\u00e9 appel\u00e9 par Ma\u00edto, grand pr\u00e9sentateur et journaliste de la station La voz de Madrid, pour interpr\u00e9ter avec Diego le morceau Entre dos aguas de Paco de Luc\u00eda, en comm\u00e9moration de la remise du disque d&rsquo;or au grand guitariste.<\/p>\n<p>\u00c0 16 ans, sa carri\u00e8re professionnelle a d\u00e9marr\u00e9 dans le fameux tablao Los Canasteros de Manolo Caracol o\u00f9 il a commenc\u00e9 \u00e0 travailler avec les artistes les plus connus du moment &#8211; Juan Ram\u00edrez, La Paquera de Jerez, Amina, La Chana\u2026 -. L&rsquo;ann\u00e9e suivante, il a commenc\u00e9 une tourn\u00e9e en Italie avec la troupe de danse de Jos\u00e9 et Carmela Greco. Il a continu\u00e9 avec une autre tourn\u00e9e avec la troupe Flamencos en Route avec Antonio Alonso, compos\u00e9e par des artistes flamencos du monde entier (suisses, norv\u00e9giens, finlandais, espagnols\u2026). Ensuite, il est entr\u00e9 dans la troupe du bailaor Luisillo, avec laquelle il a travaill\u00e9 en Chine, en Cor\u00e9e et \u00e0 Singapour. Avec son fr\u00e8re Diego, il a form\u00e9 le duo Makand\u00e9 pour travailler avec des musiciens de jazz et former artistiquement un cantaor appel\u00e9 Diego, actuellement connu comme El Cigala. Ils ont pr\u00e9sent\u00e9 un concert r\u00e9volutionnaire de jeunes flamencos au Sommet Flamenco, au th\u00e9\u00e2tre Alcal\u00e1 Palace de Madrid. Ensuite, il a form\u00e9 le groupe Flamenco Fusi\u00f3n, avec des membres aussi importants que Jorge Pardo, Carlos Benavent, Rub\u00e9n Dantas, La Susi et Ra\u00fal &#8211; virtuose de la danse flamenca &#8211; avec un premier concert au th\u00e9\u00e2tre Monumental de Madrid. Il a pris contact avec le bailaor japonais Shoji Kojima et a collabor\u00e9 avec lui au Japon, o\u00f9 il a \u00e9galement enregistr\u00e9 le disque On the road (1988) avec le trompettiste Terumasa Hino. Ce premier disque a \u00e9t\u00e9 suivi de Pa llorar de momento (1991), Arte y pasi\u00f3n (1993), T\u00fa est\u00e1s en el aire (1996) et Corazones rotos (1998). Depuis 1986 et pendant 14 ans, il se joint comme guitariste au concertiste de guitare flamenca Paco Pe\u00f1a, avec qui il a donn\u00e9 des cours magistraux et des concerts dans le monde entier (Europe, Australie, Japon, Chine, \u00c9tats-Unis, Am\u00e9rique Latine\u2026). Il a jou\u00e9 au Festival International de Guitare Flamenca de Cordoue en 1989, 1991 et 1993. \u00c0 cette \u00e9poque, il a offert un concert pour la princesse Diane de Galles au palais de Kensington. En 2000, il a jou\u00e9 au Royal Albert Hall de Londres, o\u00f9 il a partag\u00e9 l&rsquo;affiche avec Monserrat Caball\u00e9. Puis il est entr\u00e9 comme musicien polyvalent dans la troupe du bailaor Joaqu\u00edn Cort\u00e9s, pour travailler dans ses spectacles Alma Gitana, Soul et Cibay\u00ed, jouant de la guitare, du luth arabe, de la basse \u00e9lectrique et de la mandole. \u00c0 partir de 2003, il a form\u00e9 un groupe avec ses fr\u00e8res Diego et Tito, avec lesquels il a \u00e9trenn\u00e9 la premi\u00e8re com\u00e9die musicale flamenca, intitul\u00e9e Les Mille et Une Nuits, au th\u00e9\u00e2tre La Latina de Madrid, dont ils ont publi\u00e9 un disque cette m\u00eame ann\u00e9e. Enfin, il faut souligner que, tout au long de sa carri\u00e8re, Vaky Losada a travaill\u00e9 avec des artistes nationaux de la taille d&rsquo;Antonio Canales, Sara Baras, Crist\u00f3bal Reyes, La Tolea, Merche Esmeralda, Tomatito, Antonio Carmona, El Guadiana, El Indio Gitano, El Chato de la Isla\u2026 et avec des artistes internationaux et d&rsquo;autres genres tels que Robi Rosa (Draco), John Williams, Jennifer L\u00f3pez et le producteur Pino Sagliocco.<\/p>","protected":false},"featured_media":157270,"template":"","meta":{"_acf_changed":false,"inline_featured_image":false},"class_list":["post-696","artist","type-artist","status-publish","has-post-thumbnail","hentry"],"acf":[],"yoast_head":"<!-- This site is optimized with the Yoast SEO plugin v27.4 - https:\/\/yoast.com\/product\/yoast-seo-wordpress\/ -->\n<title>Vaky Losada (Madrid) - Cardamomo Flamenco Madrid<\/title>\n<meta name=\"robots\" content=\"index, follow, max-snippet:-1, max-image-preview:large, max-video-preview:-1\" \/>\n<link rel=\"canonical\" href=\"\/\" \/>\n<meta property=\"og:locale\" content=\"fr_FR\" \/>\n<meta property=\"og:type\" content=\"article\" \/>\n<meta property=\"og:title\" content=\"Vaky Losada (Madrid) - Cardamomo Flamenco Madrid\" \/>\n<meta property=\"og:description\" content=\"\u00c0 l&rsquo;\u00e2ge de 8 ans, il a jou\u00e9 au Th\u00e9\u00e2tre Chinois de Manolita Chen et Antonio Encinas, o\u00f9 il a jou\u00e9 deux oeuvres accompagn\u00e9 d&rsquo;un orchestre symphonique. \u00c2g\u00e9 de 10 ans, il a \u00e9t\u00e9 appel\u00e9 par Ma\u00edto, grand pr\u00e9sentateur et journaliste de la station La voz de Madrid, pour interpr\u00e9ter avec Diego le morceau Entre...\" \/>\n<meta property=\"og:url\" content=\"https:\/\/cardamomo.com\/fr\/artist\/vaky-losada-madrid\/\" \/>\n<meta property=\"og:site_name\" content=\"Cardamomo Flamenco Madrid\" \/>\n<meta property=\"article:modified_time\" content=\"2025-04-03T08:09:53+00:00\" \/>\n<meta property=\"og:image\" content=\"https:\/\/cardamomo.ams3.digitaloceanspaces.com\/wp-content\/uploads\/2016\/07\/03080933\/vaky-losada-1.jpg\" \/>\n\t<meta property=\"og:image:width\" content=\"600\" \/>\n\t<meta property=\"og:image:height\" content=\"750\" \/>\n\t<meta property=\"og:image:type\" content=\"image\/jpeg\" \/>\n<meta name=\"twitter:card\" content=\"summary_large_image\" \/>\n<meta name=\"twitter:label1\" content=\"Dur\u00e9e de lecture estim\u00e9e\" \/>\n\t<meta name=\"twitter:data1\" content=\"3 minutes\" \/>\n<script type=\"application\/ld+json\" class=\"yoast-schema-graph\">{\"@context\":\"https:\\\/\\\/schema.org\",\"@graph\":[{\"@type\":\"WebPage\",\"@id\":\"https:\\\/\\\/cardamomo.com\\\/fr\\\/artist\\\/vaky-losada-madrid\\\/\",\"url\":\"https:\\\/\\\/cardamomo.com\\\/fr\\\/artist\\\/vaky-losada-madrid\\\/\",\"name\":\"Vaky Losada (Madrid) - Cardamomo Flamenco Madrid\",\"isPartOf\":{\"@id\":\"https:\\\/\\\/cardamomo.com\\\/fr\\\/#website\"},\"primaryImageOfPage\":{\"@id\":\"https:\\\/\\\/cardamomo.com\\\/fr\\\/artist\\\/vaky-losada-madrid\\\/#primaryimage\"},\"image\":{\"@id\":\"https:\\\/\\\/cardamomo.com\\\/es\\\/artist\\\/vaky-losada-madrid\\\/#primaryimage\"},\"thumbnailUrl\":\"https:\\\/\\\/cardamomo.ams3.digitaloceanspaces.com\\\/wp-content\\\/uploads\\\/2016\\\/07\\\/03080933\\\/vaky-losada-1.jpg\",\"datePublished\":\"2016-07-29T12:23:30+00:00\",\"dateModified\":\"2025-04-03T08:09:53+00:00\",\"breadcrumb\":{\"@id\":\"https:\\\/\\\/cardamomo.com\\\/fr\\\/artist\\\/vaky-losada-madrid\\\/#breadcrumb\"},\"inLanguage\":\"fr-FR\",\"potentialAction\":[{\"@type\":\"ReadAction\",\"target\":[[\"https:\\\/\\\/cardamomo.com\\\/fr\\\/artist\\\/vaky-losada-madrid\\\/\"]]}]},{\"@type\":\"ImageObject\",\"inLanguage\":\"fr-FR\",\"@id\":\"https:\\\/\\\/cardamomo.com\\\/fr\\\/artist\\\/vaky-losada-madrid\\\/#primaryimage\",\"url\":\"https:\\\/\\\/cardamomo.ams3.digitaloceanspaces.com\\\/wp-content\\\/uploads\\\/2016\\\/07\\\/03080933\\\/vaky-losada-1.jpg\",\"contentUrl\":\"https:\\\/\\\/cardamomo.ams3.digitaloceanspaces.com\\\/wp-content\\\/uploads\\\/2016\\\/07\\\/03080933\\\/vaky-losada-1.jpg\",\"width\":600,\"height\":750,\"caption\":\"Guitarrista Vacky Losada\"},{\"@type\":\"BreadcrumbList\",\"@id\":\"https:\\\/\\\/cardamomo.com\\\/fr\\\/artist\\\/vaky-losada-madrid\\\/#breadcrumb\",\"itemListElement\":[{\"@type\":\"ListItem\",\"position\":1,\"name\":\"Cardamomo\",\"item\":\"https:\\\/\\\/cardamomo.com\\\/fr\\\/\"},{\"@type\":\"ListItem\",\"position\":2,\"name\":\"Artists\",\"item\":\"https:\\\/\\\/cardamomo.com\\\/fr\\\/artist\\\/\"},{\"@type\":\"ListItem\",\"position\":3,\"name\":\"Vaky Losada (Madrid)\"}]},{\"@type\":\"WebSite\",\"@id\":\"https:\\\/\\\/cardamomo.com\\\/fr\\\/#website\",\"url\":\"https:\\\/\\\/cardamomo.com\\\/fr\\\/\",\"name\":\"Cardamomo Flamenco Madrid\",\"description\":\"\",\"potentialAction\":[{\"@type\":\"SearchAction\",\"target\":{\"@type\":\"EntryPoint\",\"urlTemplate\":\"https:\\\/\\\/cardamomo.com\\\/fr\\\/?s={search_term_string}\"},\"query-input\":{\"@type\":\"PropertyValueSpecification\",\"valueRequired\":true,\"valueName\":\"search_term_string\"}}],\"inLanguage\":\"fr-FR\"}]}<\/script>\n<!-- \/ Yoast SEO plugin. -->","yoast_head_json":{"title":"Vaky Losada (Madrid) - Cardamomo Flamenco Madrid","robots":{"index":"index","follow":"follow","max-snippet":"max-snippet:-1","max-image-preview":"max-image-preview:large","max-video-preview":"max-video-preview:-1"},"canonical":"\/","og_locale":"fr_FR","og_type":"article","og_title":"Vaky Losada (Madrid) - Cardamomo Flamenco Madrid","og_description":"\u00c0 l&rsquo;\u00e2ge de 8 ans, il a jou\u00e9 au Th\u00e9\u00e2tre Chinois de Manolita Chen et Antonio Encinas, o\u00f9 il a jou\u00e9 deux oeuvres accompagn\u00e9 d&rsquo;un orchestre symphonique. \u00c2g\u00e9 de 10 ans, il a \u00e9t\u00e9 appel\u00e9 par Ma\u00edto, grand pr\u00e9sentateur et journaliste de la station La voz de Madrid, pour interpr\u00e9ter avec Diego le morceau Entre...","og_url":"https:\/\/cardamomo.com\/fr\/artist\/vaky-losada-madrid\/","og_site_name":"Cardamomo Flamenco Madrid","article_modified_time":"2025-04-03T08:09:53+00:00","og_image":[{"width":600,"height":750,"url":"https:\/\/cardamomo.ams3.digitaloceanspaces.com\/wp-content\/uploads\/2016\/07\/03080933\/vaky-losada-1.jpg","type":"image\/jpeg"}],"twitter_card":"summary_large_image","twitter_misc":{"Dur\u00e9e de lecture estim\u00e9e":"3 minutes"},"schema":{"@context":"https:\/\/schema.org","@graph":[{"@type":"WebPage","@id":"https:\/\/cardamomo.com\/fr\/artist\/vaky-losada-madrid\/","url":"https:\/\/cardamomo.com\/fr\/artist\/vaky-losada-madrid\/","name":"Vaky Losada (Madrid) - Cardamomo Flamenco Madrid","isPartOf":{"@id":"https:\/\/cardamomo.com\/fr\/#website"},"primaryImageOfPage":{"@id":"https:\/\/cardamomo.com\/fr\/artist\/vaky-losada-madrid\/#primaryimage"},"image":{"@id":"https:\/\/cardamomo.com\/es\/artist\/vaky-losada-madrid\/#primaryimage"},"thumbnailUrl":"https:\/\/cardamomo.ams3.digitaloceanspaces.com\/wp-content\/uploads\/2016\/07\/03080933\/vaky-losada-1.jpg","datePublished":"2016-07-29T12:23:30+00:00","dateModified":"2025-04-03T08:09:53+00:00","breadcrumb":{"@id":"https:\/\/cardamomo.com\/fr\/artist\/vaky-losada-madrid\/#breadcrumb"},"inLanguage":"fr-FR","potentialAction":[{"@type":"ReadAction","target":[["https:\/\/cardamomo.com\/fr\/artist\/vaky-losada-madrid\/"]]}]},{"@type":"ImageObject","inLanguage":"fr-FR","@id":"https:\/\/cardamomo.com\/fr\/artist\/vaky-losada-madrid\/#primaryimage","url":"https:\/\/cardamomo.ams3.digitaloceanspaces.com\/wp-content\/uploads\/2016\/07\/03080933\/vaky-losada-1.jpg","contentUrl":"https:\/\/cardamomo.ams3.digitaloceanspaces.com\/wp-content\/uploads\/2016\/07\/03080933\/vaky-losada-1.jpg","width":600,"height":750,"caption":"Guitarrista Vacky Losada"},{"@type":"BreadcrumbList","@id":"https:\/\/cardamomo.com\/fr\/artist\/vaky-losada-madrid\/#breadcrumb","itemListElement":[{"@type":"ListItem","position":1,"name":"Cardamomo","item":"https:\/\/cardamomo.com\/fr\/"},{"@type":"ListItem","position":2,"name":"Artists","item":"https:\/\/cardamomo.com\/fr\/artist\/"},{"@type":"ListItem","position":3,"name":"Vaky Losada (Madrid)"}]},{"@type":"WebSite","@id":"https:\/\/cardamomo.com\/fr\/#website","url":"https:\/\/cardamomo.com\/fr\/","name":"Cardamomo Flamenco Madrid","description":"","potentialAction":[{"@type":"SearchAction","target":{"@type":"EntryPoint","urlTemplate":"https:\/\/cardamomo.com\/fr\/?s={search_term_string}"},"query-input":{"@type":"PropertyValueSpecification","valueRequired":true,"valueName":"search_term_string"}}],"inLanguage":"fr-FR"}]}},"_links":{"self":[{"href":"https:\/\/cardamomo.com\/fr\/wp-json\/wp\/v2\/artist\/696","targetHints":{"allow":["GET"]}}],"collection":[{"href":"https:\/\/cardamomo.com\/fr\/wp-json\/wp\/v2\/artist"}],"about":[{"href":"https:\/\/cardamomo.com\/fr\/wp-json\/wp\/v2\/types\/artist"}],"wp:featuredmedia":[{"embeddable":true,"href":"https:\/\/cardamomo.com\/fr\/wp-json\/wp\/v2\/media\/157270"}],"wp:attachment":[{"href":"https:\/\/cardamomo.com\/fr\/wp-json\/wp\/v2\/media?parent=696"}],"curies":[{"name":"wp","href":"https:\/\/api.w.org\/{rel}","templated":true}]}}