{"id":688,"date":"2016-07-29T12:56:27","date_gmt":"2016-07-29T10:56:27","guid":{"rendered":"http:\/\/cardamomo.fullcircle.es\/?post_type=artist&#038;p=688"},"modified":"2025-04-03T08:40:46","modified_gmt":"2025-04-03T08:40:46","slug":"aurora-losada","status":"publish","type":"artist","link":"https:\/\/cardamomo.com\/fr\/artist\/aurora-losada-madrid\/","title":{"rendered":"Aurora Losada (Madrid)"},"content":{"rendered":"<p>\u00c0 l&rsquo;\u00e2ge de 11 ans, avec son interpr\u00e9tation de la chanson El Divorcio (Le Divorce), de Juan Antonio Jim\u00e9nez, Jer\u00f3 (chanteur et leader de Los Chichos), Aurora a d\u00e9tr\u00f4n\u00e9 au Festival International de la Chanson de Benidorm des artistes aussi fameux que Francisco et Mar\u00eda Jos\u00e9 Cantudo, lorsqu&rsquo;elle a \u00e9t\u00e9 reconnue meilleure interpr\u00e8te du concours. \u00c0 l&rsquo;\u00e2ge de 15 ans elle a sorti son troisi\u00e8me disque, Nac\u00ed para cantar (Je suis n\u00e9e pour chanter), \u00e9galement produit et compos\u00e9 par Jer\u00f3, avec la collaboration des musiciens Juan Carmona et Tomatito. Revolutionnaire, temp\u00e9ramentale et rac\u00e9e, la jeune Aurora Losada a commenc\u00e9 \u00e0 faire partie de l&rsquo;image et du leadership de la g\u00e9n\u00e9ration Jeunes Flamencos madril\u00e8nes &#8211; stimul\u00e9e par la maison de disques ind\u00e9pendante Nuevos Medios &#8211; aux c\u00f4t\u00e9s des groupes et des artistes Ketama, Pata Negra, Barber\u00eda del Sur, Martirio, Guadiana, Rey Heredia, Raimundo Amador, etc. C&rsquo;est de cette \u00e9poque que date sa collaboration dans 6 disques de Jeunes Flamencos, dont l&rsquo;image est devenue une ic\u00f4ne En m\u00eame temps, elle a pr\u00e9sent\u00e9 son nouveau disque: Besos de Caramelo (Baisers de Caramel), avec Antonio, Josemi et Juan Carmona (Ketama). Parmi ses derniers travaux discographiques se trouve Demasiado Coraz\u00f3n &#8211; produit et compos\u00e9 par Ketama &#8211; compris dans la bande son des films Demasiado Coraz\u00f3n (avec Victoria Abril et Manuel Banderas) et Alma Gitana (avec Amara Carmona). En 2013, elle a pr\u00e9sent\u00e9 son spectacle Carabanchel DF, produit par Jos\u00e9 Losada et Juan Carlos Quir\u00f3s, avec la collaboration de Pitingo, entre autres. En 2015, le Gouvernement de Madrid a reconnu sa trajectoire en lui accordant le Prix des Arts au sein des Prix Enrique Maya.<\/p>","protected":false},"featured_media":157276,"template":"","meta":{"_acf_changed":false,"inline_featured_image":false},"class_list":["post-688","artist","type-artist","status-publish","has-post-thumbnail","hentry"],"acf":[],"yoast_head":"<!-- This site is optimized with the Yoast SEO plugin v27.4 - https:\/\/yoast.com\/product\/yoast-seo-wordpress\/ -->\n<title>Aurora Losada (Madrid) - Cardamomo Flamenco Madrid<\/title>\n<meta name=\"robots\" content=\"index, follow, max-snippet:-1, max-image-preview:large, max-video-preview:-1\" \/>\n<link rel=\"canonical\" href=\"\/\" \/>\n<meta property=\"og:locale\" content=\"fr_FR\" \/>\n<meta property=\"og:type\" content=\"article\" \/>\n<meta property=\"og:title\" content=\"Aurora Losada (Madrid) - Cardamomo Flamenco Madrid\" \/>\n<meta property=\"og:description\" content=\"\u00c0 l&rsquo;\u00e2ge de 11 ans, avec son interpr\u00e9tation de la chanson El Divorcio (Le Divorce), de Juan Antonio Jim\u00e9nez, Jer\u00f3 (chanteur et leader de Los Chichos), Aurora a d\u00e9tr\u00f4n\u00e9 au Festival International de la Chanson de Benidorm des artistes aussi fameux que Francisco et Mar\u00eda Jos\u00e9 Cantudo, lorsqu&rsquo;elle a \u00e9t\u00e9 reconnue meilleure interpr\u00e8te du concours....\" \/>\n<meta property=\"og:url\" content=\"https:\/\/cardamomo.com\/fr\/artist\/aurora-losada-madrid\/\" \/>\n<meta property=\"og:site_name\" content=\"Cardamomo Flamenco Madrid\" \/>\n<meta property=\"article:modified_time\" content=\"2025-04-03T08:40:46+00:00\" \/>\n<meta property=\"og:image\" content=\"https:\/\/cardamomo.ams3.digitaloceanspaces.com\/wp-content\/uploads\/2016\/07\/03084027\/aurora-losada.jpg\" \/>\n\t<meta property=\"og:image:width\" content=\"600\" \/>\n\t<meta property=\"og:image:height\" content=\"750\" \/>\n\t<meta property=\"og:image:type\" content=\"image\/jpeg\" \/>\n<meta name=\"twitter:card\" content=\"summary_large_image\" \/>\n<meta name=\"twitter:label1\" content=\"Dur\u00e9e de lecture estim\u00e9e\" \/>\n\t<meta name=\"twitter:data1\" content=\"2 minutes\" \/>\n<script type=\"application\/ld+json\" class=\"yoast-schema-graph\">{\"@context\":\"https:\\\/\\\/schema.org\",\"@graph\":[{\"@type\":\"WebPage\",\"@id\":\"https:\\\/\\\/cardamomo.com\\\/fr\\\/artist\\\/aurora-losada-madrid\\\/\",\"url\":\"https:\\\/\\\/cardamomo.com\\\/fr\\\/artist\\\/aurora-losada-madrid\\\/\",\"name\":\"Aurora Losada (Madrid) - Cardamomo Flamenco Madrid\",\"isPartOf\":{\"@id\":\"https:\\\/\\\/cardamomo.com\\\/fr\\\/#website\"},\"primaryImageOfPage\":{\"@id\":\"https:\\\/\\\/cardamomo.com\\\/fr\\\/artist\\\/aurora-losada-madrid\\\/#primaryimage\"},\"image\":{\"@id\":\"https:\\\/\\\/cardamomo.com\\\/es\\\/artist\\\/aurora-losada-madrid\\\/#primaryimage\"},\"thumbnailUrl\":\"https:\\\/\\\/cardamomo.ams3.digitaloceanspaces.com\\\/wp-content\\\/uploads\\\/2016\\\/07\\\/03084027\\\/aurora-losada.jpg\",\"datePublished\":\"2016-07-29T10:56:27+00:00\",\"dateModified\":\"2025-04-03T08:40:46+00:00\",\"breadcrumb\":{\"@id\":\"https:\\\/\\\/cardamomo.com\\\/fr\\\/artist\\\/aurora-losada-madrid\\\/#breadcrumb\"},\"inLanguage\":\"fr-FR\",\"potentialAction\":[{\"@type\":\"ReadAction\",\"target\":[[\"https:\\\/\\\/cardamomo.com\\\/fr\\\/artist\\\/aurora-losada-madrid\\\/\"]]}]},{\"@type\":\"ImageObject\",\"inLanguage\":\"fr-FR\",\"@id\":\"https:\\\/\\\/cardamomo.com\\\/fr\\\/artist\\\/aurora-losada-madrid\\\/#primaryimage\",\"url\":\"https:\\\/\\\/cardamomo.ams3.digitaloceanspaces.com\\\/wp-content\\\/uploads\\\/2016\\\/07\\\/03084027\\\/aurora-losada.jpg\",\"contentUrl\":\"https:\\\/\\\/cardamomo.ams3.digitaloceanspaces.com\\\/wp-content\\\/uploads\\\/2016\\\/07\\\/03084027\\\/aurora-losada.jpg\",\"width\":600,\"height\":750,\"caption\":\"Cantaora Aurora Losada (Madrid)\"},{\"@type\":\"BreadcrumbList\",\"@id\":\"https:\\\/\\\/cardamomo.com\\\/fr\\\/artist\\\/aurora-losada-madrid\\\/#breadcrumb\",\"itemListElement\":[{\"@type\":\"ListItem\",\"position\":1,\"name\":\"Cardamomo\",\"item\":\"https:\\\/\\\/cardamomo.com\\\/fr\\\/\"},{\"@type\":\"ListItem\",\"position\":2,\"name\":\"Artists\",\"item\":\"https:\\\/\\\/cardamomo.com\\\/fr\\\/artist\\\/\"},{\"@type\":\"ListItem\",\"position\":3,\"name\":\"Aurora Losada (Madrid)\"}]},{\"@type\":\"WebSite\",\"@id\":\"https:\\\/\\\/cardamomo.com\\\/fr\\\/#website\",\"url\":\"https:\\\/\\\/cardamomo.com\\\/fr\\\/\",\"name\":\"Cardamomo Flamenco Madrid\",\"description\":\"\",\"potentialAction\":[{\"@type\":\"SearchAction\",\"target\":{\"@type\":\"EntryPoint\",\"urlTemplate\":\"https:\\\/\\\/cardamomo.com\\\/fr\\\/?s={search_term_string}\"},\"query-input\":{\"@type\":\"PropertyValueSpecification\",\"valueRequired\":true,\"valueName\":\"search_term_string\"}}],\"inLanguage\":\"fr-FR\"}]}<\/script>\n<!-- \/ Yoast SEO plugin. -->","yoast_head_json":{"title":"Aurora Losada (Madrid) - Cardamomo Flamenco Madrid","robots":{"index":"index","follow":"follow","max-snippet":"max-snippet:-1","max-image-preview":"max-image-preview:large","max-video-preview":"max-video-preview:-1"},"canonical":"\/","og_locale":"fr_FR","og_type":"article","og_title":"Aurora Losada (Madrid) - Cardamomo Flamenco Madrid","og_description":"\u00c0 l&rsquo;\u00e2ge de 11 ans, avec son interpr\u00e9tation de la chanson El Divorcio (Le Divorce), de Juan Antonio Jim\u00e9nez, Jer\u00f3 (chanteur et leader de Los Chichos), Aurora a d\u00e9tr\u00f4n\u00e9 au Festival International de la Chanson de Benidorm des artistes aussi fameux que Francisco et Mar\u00eda Jos\u00e9 Cantudo, lorsqu&rsquo;elle a \u00e9t\u00e9 reconnue meilleure interpr\u00e8te du concours....","og_url":"https:\/\/cardamomo.com\/fr\/artist\/aurora-losada-madrid\/","og_site_name":"Cardamomo Flamenco Madrid","article_modified_time":"2025-04-03T08:40:46+00:00","og_image":[{"width":600,"height":750,"url":"https:\/\/cardamomo.ams3.digitaloceanspaces.com\/wp-content\/uploads\/2016\/07\/03084027\/aurora-losada.jpg","type":"image\/jpeg"}],"twitter_card":"summary_large_image","twitter_misc":{"Dur\u00e9e de lecture estim\u00e9e":"2 minutes"},"schema":{"@context":"https:\/\/schema.org","@graph":[{"@type":"WebPage","@id":"https:\/\/cardamomo.com\/fr\/artist\/aurora-losada-madrid\/","url":"https:\/\/cardamomo.com\/fr\/artist\/aurora-losada-madrid\/","name":"Aurora Losada (Madrid) - Cardamomo Flamenco Madrid","isPartOf":{"@id":"https:\/\/cardamomo.com\/fr\/#website"},"primaryImageOfPage":{"@id":"https:\/\/cardamomo.com\/fr\/artist\/aurora-losada-madrid\/#primaryimage"},"image":{"@id":"https:\/\/cardamomo.com\/es\/artist\/aurora-losada-madrid\/#primaryimage"},"thumbnailUrl":"https:\/\/cardamomo.ams3.digitaloceanspaces.com\/wp-content\/uploads\/2016\/07\/03084027\/aurora-losada.jpg","datePublished":"2016-07-29T10:56:27+00:00","dateModified":"2025-04-03T08:40:46+00:00","breadcrumb":{"@id":"https:\/\/cardamomo.com\/fr\/artist\/aurora-losada-madrid\/#breadcrumb"},"inLanguage":"fr-FR","potentialAction":[{"@type":"ReadAction","target":[["https:\/\/cardamomo.com\/fr\/artist\/aurora-losada-madrid\/"]]}]},{"@type":"ImageObject","inLanguage":"fr-FR","@id":"https:\/\/cardamomo.com\/fr\/artist\/aurora-losada-madrid\/#primaryimage","url":"https:\/\/cardamomo.ams3.digitaloceanspaces.com\/wp-content\/uploads\/2016\/07\/03084027\/aurora-losada.jpg","contentUrl":"https:\/\/cardamomo.ams3.digitaloceanspaces.com\/wp-content\/uploads\/2016\/07\/03084027\/aurora-losada.jpg","width":600,"height":750,"caption":"Cantaora Aurora Losada (Madrid)"},{"@type":"BreadcrumbList","@id":"https:\/\/cardamomo.com\/fr\/artist\/aurora-losada-madrid\/#breadcrumb","itemListElement":[{"@type":"ListItem","position":1,"name":"Cardamomo","item":"https:\/\/cardamomo.com\/fr\/"},{"@type":"ListItem","position":2,"name":"Artists","item":"https:\/\/cardamomo.com\/fr\/artist\/"},{"@type":"ListItem","position":3,"name":"Aurora Losada (Madrid)"}]},{"@type":"WebSite","@id":"https:\/\/cardamomo.com\/fr\/#website","url":"https:\/\/cardamomo.com\/fr\/","name":"Cardamomo Flamenco Madrid","description":"","potentialAction":[{"@type":"SearchAction","target":{"@type":"EntryPoint","urlTemplate":"https:\/\/cardamomo.com\/fr\/?s={search_term_string}"},"query-input":{"@type":"PropertyValueSpecification","valueRequired":true,"valueName":"search_term_string"}}],"inLanguage":"fr-FR"}]}},"_links":{"self":[{"href":"https:\/\/cardamomo.com\/fr\/wp-json\/wp\/v2\/artist\/688","targetHints":{"allow":["GET"]}}],"collection":[{"href":"https:\/\/cardamomo.com\/fr\/wp-json\/wp\/v2\/artist"}],"about":[{"href":"https:\/\/cardamomo.com\/fr\/wp-json\/wp\/v2\/types\/artist"}],"wp:featuredmedia":[{"embeddable":true,"href":"https:\/\/cardamomo.com\/fr\/wp-json\/wp\/v2\/media\/157276"}],"wp:attachment":[{"href":"https:\/\/cardamomo.com\/fr\/wp-json\/wp\/v2\/media?parent=688"}],"curies":[{"name":"wp","href":"https:\/\/api.w.org\/{rel}","templated":true}]}}