{"id":686,"date":"2016-07-29T12:54:31","date_gmt":"2016-07-29T10:54:31","guid":{"rendered":"http:\/\/cardamomo.fullcircle.es\/?post_type=artist&#038;p=686"},"modified":"2025-04-03T08:53:55","modified_gmt":"2025-04-03T08:53:55","slug":"monica-fernandez","status":"publish","type":"artist","link":"https:\/\/cardamomo.com\/fr\/artist\/monica-fernandez-barcelone\/","title":{"rendered":"M\u00f3nica Fern\u00e1ndez (Barcelone)"},"content":{"rendered":"<p>En 2006, elle a \u00e9trenn\u00e9 sa propre troupe avec le spectacle <em>Antojo<\/em>\u00a0(avec lequel elle est partie en tourn\u00e9e en \u00c9gypte, en Alg\u00e9rie et au Venezuela entre 2010 et 2012\u2026<\/p>\n<p>Ces derni\u00e8res ann\u00e9es, de son intense trajectoire professionnelle il faut souligner son travail avec les figures les plus prestigieuses du flamenco : elle a \u00e9t\u00e9 premi\u00e8re bailaora dans <i>Poetas en Nueva York<\/i>, avec la troupe de\u00a0Rafael Amargo ; puis particip\u00e9 au Festival Flamenco de la Uni\u00f3n dans\u00a0<i>Bailaor<\/i>, avec\u00a0Antonio Canales et Amador Rojas ; elle a \u00e9t\u00e9 assistante de chor\u00e9graphie dans le programme\u00a0<i>Fama<\/i>\u00a0de Cuatro Televisi\u00f3n ; elle a \u00e9t\u00e9 bailaora soliste dans les troupes de Marta Heredia et Tito Losada (avec une tourn\u00e9e en Colombia avec le spectacle\u00a0<em>Entre Telones<\/em>) ; et elle a \u00e9t\u00e9 bailaora dans le clip vid\u00e9o\u00a0<i>Coraz\u00f3n Part\u00edo<\/i>\u00a0d&rsquo;Alejandro Sanz. Professeur de la Fondation Conservatoire Casa Patas de Madrid (2011-2012), elle a aussi dispens\u00e9 des cours et des classes magistrales aux \u00c9tats-Unis, en Allemagne, \u00e0 Cabo Verde et au Venezuela. Actuellement, elle fait partie de l&rsquo;\u00e9quipe d&rsquo;enseignants du Centre Sup\u00e9rieur d&rsquo;\u00c9tudes du Flamenco\u00a0(Uflamenco)\u00a0de Madrid.<\/p>","protected":false},"featured_media":157278,"template":"","meta":{"_acf_changed":false,"inline_featured_image":false},"class_list":["post-686","artist","type-artist","status-publish","has-post-thumbnail","hentry"],"acf":[],"yoast_head":"<!-- This site is optimized with the Yoast SEO plugin v27.4 - https:\/\/yoast.com\/product\/yoast-seo-wordpress\/ -->\n<title>M\u00f3nica Fern\u00e1ndez (Barcelone) - Cardamomo Flamenco Madrid<\/title>\n<meta name=\"robots\" content=\"index, follow, max-snippet:-1, max-image-preview:large, max-video-preview:-1\" \/>\n<link rel=\"canonical\" href=\"\/\" \/>\n<meta property=\"og:locale\" content=\"fr_FR\" \/>\n<meta property=\"og:type\" content=\"article\" \/>\n<meta property=\"og:title\" content=\"M\u00f3nica Fern\u00e1ndez (Barcelone) - Cardamomo Flamenco Madrid\" \/>\n<meta property=\"og:description\" content=\"En 2006, elle a \u00e9trenn\u00e9 sa propre troupe avec le spectacle Antojo\u00a0(avec lequel elle est partie en tourn\u00e9e en \u00c9gypte, en Alg\u00e9rie et au Venezuela entre 2010 et 2012\u2026 Ces derni\u00e8res ann\u00e9es, de son intense trajectoire professionnelle il faut souligner son travail avec les figures les plus prestigieuses du flamenco : elle a \u00e9t\u00e9 premi\u00e8re...\" \/>\n<meta property=\"og:url\" content=\"https:\/\/cardamomo.com\/fr\/artist\/monica-fernandez-barcelona\/\" \/>\n<meta property=\"og:site_name\" content=\"Cardamomo Flamenco Madrid\" \/>\n<meta property=\"article:modified_time\" content=\"2025-04-03T08:53:55+00:00\" \/>\n<meta property=\"og:image\" content=\"https:\/\/cardamomo.ams3.digitaloceanspaces.com\/wp-content\/uploads\/2016\/07\/03084728\/monica-fernandez-1.jpg\" \/>\n\t<meta property=\"og:image:width\" content=\"600\" \/>\n\t<meta property=\"og:image:height\" content=\"750\" \/>\n\t<meta property=\"og:image:type\" content=\"image\/jpeg\" \/>\n<meta name=\"twitter:card\" content=\"summary_large_image\" \/>\n<meta name=\"twitter:label1\" content=\"Dur\u00e9e de lecture estim\u00e9e\" \/>\n\t<meta name=\"twitter:data1\" content=\"1 minute\" \/>\n<script type=\"application\/ld+json\" class=\"yoast-schema-graph\">{\"@context\":\"https:\\\/\\\/schema.org\",\"@graph\":[{\"@type\":\"WebPage\",\"@id\":\"https:\\\/\\\/cardamomo.com\\\/fr\\\/artist\\\/monica-fernandez-barcelona\\\/\",\"url\":\"https:\\\/\\\/cardamomo.com\\\/fr\\\/artist\\\/monica-fernandez-barcelona\\\/\",\"name\":\"M\u00f3nica Fern\u00e1ndez (Barcelone) - Cardamomo Flamenco Madrid\",\"isPartOf\":{\"@id\":\"https:\\\/\\\/cardamomo.com\\\/fr\\\/#website\"},\"primaryImageOfPage\":{\"@id\":\"https:\\\/\\\/cardamomo.com\\\/fr\\\/artist\\\/monica-fernandez-barcelona\\\/#primaryimage\"},\"image\":{\"@id\":\"https:\\\/\\\/cardamomo.com\\\/es\\\/artist\\\/monica-fernandez-barcelona\\\/#primaryimage\"},\"thumbnailUrl\":\"https:\\\/\\\/cardamomo.ams3.digitaloceanspaces.com\\\/wp-content\\\/uploads\\\/2016\\\/07\\\/03084728\\\/monica-fernandez-1.jpg\",\"datePublished\":\"2016-07-29T10:54:31+00:00\",\"dateModified\":\"2025-04-03T08:53:55+00:00\",\"breadcrumb\":{\"@id\":\"https:\\\/\\\/cardamomo.com\\\/fr\\\/artist\\\/monica-fernandez-barcelona\\\/#breadcrumb\"},\"inLanguage\":\"fr-FR\",\"potentialAction\":[{\"@type\":\"ReadAction\",\"target\":[[\"https:\\\/\\\/cardamomo.com\\\/fr\\\/artist\\\/monica-fernandez-barcelona\\\/\"]]}]},{\"@type\":\"ImageObject\",\"inLanguage\":\"fr-FR\",\"@id\":\"https:\\\/\\\/cardamomo.com\\\/fr\\\/artist\\\/monica-fernandez-barcelona\\\/#primaryimage\",\"url\":\"https:\\\/\\\/cardamomo.ams3.digitaloceanspaces.com\\\/wp-content\\\/uploads\\\/2016\\\/07\\\/03084728\\\/monica-fernandez-1.jpg\",\"contentUrl\":\"https:\\\/\\\/cardamomo.ams3.digitaloceanspaces.com\\\/wp-content\\\/uploads\\\/2016\\\/07\\\/03084728\\\/monica-fernandez-1.jpg\",\"width\":600,\"height\":750,\"caption\":\"Bailaora M\u00f3nica Fern\u00e1ndez (Barcelona)\"},{\"@type\":\"BreadcrumbList\",\"@id\":\"https:\\\/\\\/cardamomo.com\\\/fr\\\/artist\\\/monica-fernandez-barcelona\\\/#breadcrumb\",\"itemListElement\":[{\"@type\":\"ListItem\",\"position\":1,\"name\":\"Cardamomo\",\"item\":\"https:\\\/\\\/cardamomo.com\\\/fr\\\/\"},{\"@type\":\"ListItem\",\"position\":2,\"name\":\"Artists\",\"item\":\"https:\\\/\\\/cardamomo.com\\\/fr\\\/artist\\\/\"},{\"@type\":\"ListItem\",\"position\":3,\"name\":\"M\u00f3nica Fern\u00e1ndez (Barcelona)\"}]},{\"@type\":\"WebSite\",\"@id\":\"https:\\\/\\\/cardamomo.com\\\/fr\\\/#website\",\"url\":\"https:\\\/\\\/cardamomo.com\\\/fr\\\/\",\"name\":\"Cardamomo Flamenco Madrid\",\"description\":\"\",\"potentialAction\":[{\"@type\":\"SearchAction\",\"target\":{\"@type\":\"EntryPoint\",\"urlTemplate\":\"https:\\\/\\\/cardamomo.com\\\/fr\\\/?s={search_term_string}\"},\"query-input\":{\"@type\":\"PropertyValueSpecification\",\"valueRequired\":true,\"valueName\":\"search_term_string\"}}],\"inLanguage\":\"fr-FR\"}]}<\/script>\n<!-- \/ Yoast SEO plugin. -->","yoast_head_json":{"title":"M\u00f3nica Fern\u00e1ndez (Barcelone) - Cardamomo Flamenco Madrid","robots":{"index":"index","follow":"follow","max-snippet":"max-snippet:-1","max-image-preview":"max-image-preview:large","max-video-preview":"max-video-preview:-1"},"canonical":"\/","og_locale":"fr_FR","og_type":"article","og_title":"M\u00f3nica Fern\u00e1ndez (Barcelone) - Cardamomo Flamenco Madrid","og_description":"En 2006, elle a \u00e9trenn\u00e9 sa propre troupe avec le spectacle Antojo\u00a0(avec lequel elle est partie en tourn\u00e9e en \u00c9gypte, en Alg\u00e9rie et au Venezuela entre 2010 et 2012\u2026 Ces derni\u00e8res ann\u00e9es, de son intense trajectoire professionnelle il faut souligner son travail avec les figures les plus prestigieuses du flamenco : elle a \u00e9t\u00e9 premi\u00e8re...","og_url":"https:\/\/cardamomo.com\/fr\/artist\/monica-fernandez-barcelona\/","og_site_name":"Cardamomo Flamenco Madrid","article_modified_time":"2025-04-03T08:53:55+00:00","og_image":[{"width":600,"height":750,"url":"https:\/\/cardamomo.ams3.digitaloceanspaces.com\/wp-content\/uploads\/2016\/07\/03084728\/monica-fernandez-1.jpg","type":"image\/jpeg"}],"twitter_card":"summary_large_image","twitter_misc":{"Dur\u00e9e de lecture estim\u00e9e":"1 minute"},"schema":{"@context":"https:\/\/schema.org","@graph":[{"@type":"WebPage","@id":"https:\/\/cardamomo.com\/fr\/artist\/monica-fernandez-barcelona\/","url":"https:\/\/cardamomo.com\/fr\/artist\/monica-fernandez-barcelona\/","name":"M\u00f3nica Fern\u00e1ndez (Barcelone) - Cardamomo Flamenco Madrid","isPartOf":{"@id":"https:\/\/cardamomo.com\/fr\/#website"},"primaryImageOfPage":{"@id":"https:\/\/cardamomo.com\/fr\/artist\/monica-fernandez-barcelona\/#primaryimage"},"image":{"@id":"https:\/\/cardamomo.com\/es\/artist\/monica-fernandez-barcelona\/#primaryimage"},"thumbnailUrl":"https:\/\/cardamomo.ams3.digitaloceanspaces.com\/wp-content\/uploads\/2016\/07\/03084728\/monica-fernandez-1.jpg","datePublished":"2016-07-29T10:54:31+00:00","dateModified":"2025-04-03T08:53:55+00:00","breadcrumb":{"@id":"https:\/\/cardamomo.com\/fr\/artist\/monica-fernandez-barcelona\/#breadcrumb"},"inLanguage":"fr-FR","potentialAction":[{"@type":"ReadAction","target":[["https:\/\/cardamomo.com\/fr\/artist\/monica-fernandez-barcelona\/"]]}]},{"@type":"ImageObject","inLanguage":"fr-FR","@id":"https:\/\/cardamomo.com\/fr\/artist\/monica-fernandez-barcelona\/#primaryimage","url":"https:\/\/cardamomo.ams3.digitaloceanspaces.com\/wp-content\/uploads\/2016\/07\/03084728\/monica-fernandez-1.jpg","contentUrl":"https:\/\/cardamomo.ams3.digitaloceanspaces.com\/wp-content\/uploads\/2016\/07\/03084728\/monica-fernandez-1.jpg","width":600,"height":750,"caption":"Bailaora M\u00f3nica Fern\u00e1ndez (Barcelona)"},{"@type":"BreadcrumbList","@id":"https:\/\/cardamomo.com\/fr\/artist\/monica-fernandez-barcelona\/#breadcrumb","itemListElement":[{"@type":"ListItem","position":1,"name":"Cardamomo","item":"https:\/\/cardamomo.com\/fr\/"},{"@type":"ListItem","position":2,"name":"Artists","item":"https:\/\/cardamomo.com\/fr\/artist\/"},{"@type":"ListItem","position":3,"name":"M\u00f3nica Fern\u00e1ndez (Barcelona)"}]},{"@type":"WebSite","@id":"https:\/\/cardamomo.com\/fr\/#website","url":"https:\/\/cardamomo.com\/fr\/","name":"Cardamomo Flamenco Madrid","description":"","potentialAction":[{"@type":"SearchAction","target":{"@type":"EntryPoint","urlTemplate":"https:\/\/cardamomo.com\/fr\/?s={search_term_string}"},"query-input":{"@type":"PropertyValueSpecification","valueRequired":true,"valueName":"search_term_string"}}],"inLanguage":"fr-FR"}]}},"_links":{"self":[{"href":"https:\/\/cardamomo.com\/fr\/wp-json\/wp\/v2\/artist\/686","targetHints":{"allow":["GET"]}}],"collection":[{"href":"https:\/\/cardamomo.com\/fr\/wp-json\/wp\/v2\/artist"}],"about":[{"href":"https:\/\/cardamomo.com\/fr\/wp-json\/wp\/v2\/types\/artist"}],"wp:featuredmedia":[{"embeddable":true,"href":"https:\/\/cardamomo.com\/fr\/wp-json\/wp\/v2\/media\/157278"}],"wp:attachment":[{"href":"https:\/\/cardamomo.com\/fr\/wp-json\/wp\/v2\/media?parent=686"}],"curies":[{"name":"wp","href":"https:\/\/api.w.org\/{rel}","templated":true}]}}