{"id":683,"date":"2016-07-29T12:50:07","date_gmt":"2016-07-29T10:50:07","guid":{"rendered":"http:\/\/cardamomo.fullcircle.es\/?post_type=artist&#038;p=683"},"modified":"2025-04-03T09:02:45","modified_gmt":"2025-04-03T09:02:45","slug":"amos-lora","status":"publish","type":"artist","link":"https:\/\/cardamomo.com\/fr\/artist\/amos-lora-salamanca\/","title":{"rendered":"Am\u00f3s Lora (Salamanca)"},"content":{"rendered":"<p><\/p>\n<p class=\"font_8\">Am\u00f3s Lora. Madrid, 21\/09\/1999.<\/p>\n<p class=\"font_8\">Il a commenc\u00e9 \u00e0 jouer de la guitare \u00e0 l&rsquo;\u00e2ge de trois ans, sous la direction de son p\u00e8re, Manuel Lora. \u00c0 six ans, il a commenc\u00e9 \u00e0 \u00e9tudier avec \u201cEl Entri\u201d, ma\u00eetre de l&rsquo;\u00e9cole de Ca\u00f1o Roto. Entre Madrid, X\u00e9r\u00e8s et le quartier de Pescader\u00eda, \u00e0 Almer\u00eda, Am\u00f3s s&rsquo;est peu \u00e0 peu impregn\u00e9 de l&rsquo;art des gitans. \u00c0 huit ans, il a connu Tomatito, qui, d\u00e8s le premier moment, s&rsquo;est d\u00e9vou\u00e9 \u00e0 l&rsquo;enfant et lui a appris ses faussets.<\/p>\n<p class=\"font_8\">Depuis 2010, Am\u00f3s re\u00e7oit \u00e9galement des cours de Diego del Morao, Manuel Parrilla, El Paquete, David Cerreduela , Carlos de Jacoba, Pepe del Morao et Jos\u00e9 I. Franco. Am\u00f3s est un amoureux du jazz, style qu&rsquo;il a commenc\u00e9 \u00e0 pratiquer de mani\u00e8re autodidacte : John Coltrane, Miles Davis, Chick Corea, Pat Metheny, George Benson, John McLaughlin ont laiss\u00e9 leur empreinte sur la guitare d&rsquo;Am\u00f3s.<\/p>\n<p class=\"font_8\">Depuis 2013, il \u00e9tudie \u00e0 l&rsquo;Ateneo Jazz Madrid, \u00e9cole du ma\u00eetre Felix Santos.<\/p>\n<p class=\"font_8\">\u00c0 12 ans, Am\u00f3s a enregistr\u00e9 son premier disque, avec la participation du pianiste Diego Amador comme invit\u00e9 sp\u00e9cial. R\u00e9alis\u00e9 \u00e0 partir d&rsquo;un r\u00e9pertoire propre, le disque a re\u00e7u la collaboration et le soutien de grands artistes de Madrid, Almer\u00eda et X\u00e9r\u00e8s, comme preuve de l&rsquo;influence de ces trois endroits sur la trajectoire d&rsquo;Am\u00f3s Lora.<\/p>\n<p class=\"font_8\">\u00c0 l&rsquo;\u00e2ge de quatre ans, Am\u00f3s faisait d\u00e9j\u00e0 ses premi\u00e8res aparitions en public et, \u00e0 sept ans, il a \u00e9t\u00e9 pr\u00e9sent\u00e9 en concert par Jes\u00fas de Rosario \u00e0 Casa Patas, un lieu symbolique de l&rsquo;ambiance du flamenco de Madrid. Depuis, Am\u00f3s a partag\u00e9 la sc\u00e8ne avec de grands artistes du flamenco tels que Diego del Morao, David Cerreduela, Farruquito, Farru, Jos\u00e9 Maya, Antonio Rey, La Tana, El Torta, Pedro el Grana\u00edno, David de Jacoba, El Pira\u00f1a et bien d&rsquo;autres. Il a jou\u00e9 dans les principaux tablaos de Madrid et de Barcelone : Cardamomo, Casa Patas et El Cordob\u00e9s. Il a particip\u00e9 \u00e0 d&rsquo;importants festivals et a fait de nombreux concerts en Espagne et \u00e0 l&rsquo;\u00e9tranger : \u00e0 souligner l&rsquo;Hommage \u00e0 Mora\u00edto \u00e0 X\u00e9r\u00e8s, le Festival Suma Flamenca, Los Veranos de la Villa, Plaza Mayor de Salamanca. Il participe habituellement \u00e0 des galas de bienfaisance de la Croix Rouge et d&rsquo;autres organisations pour des oeuvres sociales, comme le festival Quej\u00edo Solidario \u00e0 S\u00e9ville ou Flamenco P\u2019a T\u00f3s \u00e0 Madrid. \u00c0 l&rsquo;\u00e9tranger, il a jou\u00e9 dans d&rsquo;importants festivals, comme Guitar across the Styles \u00e0 Prague, le Festival d&rsquo;\u00c9t\u00e9 de Zagreb (Croatie). Il a aussi jou\u00e9 \u00e0 Bruxelles et comme invit\u00e9 avec plusieurs groupes de jazz \u00e0 La Havane ; \u00e0 Mont-de-Marsan avec Farruquito et El Carpeta ; au Festival Flamenco de Lisbonne 2015 ; \u00e0 l&rsquo;Istambul Internacional Guitar Festival 2016. Il a jou\u00e9 pour la t\u00e9l\u00e9vision, toujours en direct, au Th\u00e9\u00e2tre Quintero de S\u00e9ville, pour le programme El Sol, La Sal y el Son, pr\u00e9sent\u00e9 par Jes\u00fas Quintero ; dans le Concerts de Radio 3 de TVE2, au programme Pizzicato de TVE2, pour la cha\u00eene TV1 de Croatie et pour la t\u00e9l\u00e9vision hollandaise. Il a aussi jou\u00e9 en direct pour le programme La Ventana de Gemma Nierga, et avec Jorge Drexler au programme Asuntos Propios de Tony Garrido. Il a jou\u00e9 dans le documentaire Ni\u00f1os Flamencos, de la r\u00e9alisatrice Katherina Hager, qui pr\u00e9sente des moments de la vie et de la musique d&rsquo;Am\u00f3s Lora. En 2014, la maison de disques Worldmusic a \u00e9dit\u00e9 la compilation The Rough Guide to Flamenco Guitar. Dans ce disque, Am\u00f3s Lora appara\u00eet avec Tomatito, Carles Benavent, Paco de Luc\u00eda, Pepe Habichuela, Ca\u00f1izares, Mora\u00edto, Riqueni, etc. En 2016, Am\u00f3s a pr\u00e9sent\u00e9 son nouveau disque \u00ab\u00a0As\u00ed lo veo\u00a0\u00bb.<\/p>\n<p><\/p>","protected":false},"featured_media":157281,"template":"","meta":{"_acf_changed":false,"inline_featured_image":false},"class_list":["post-683","artist","type-artist","status-publish","has-post-thumbnail","hentry"],"acf":[],"yoast_head":"<!-- This site is optimized with the Yoast SEO plugin v27.4 - https:\/\/yoast.com\/product\/yoast-seo-wordpress\/ -->\n<title>Am\u00f3s Lora (Salamanca) - Cardamomo Flamenco Madrid<\/title>\n<meta name=\"robots\" content=\"index, follow, max-snippet:-1, max-image-preview:large, max-video-preview:-1\" \/>\n<link rel=\"canonical\" href=\"\/\" \/>\n<meta property=\"og:locale\" content=\"fr_FR\" \/>\n<meta property=\"og:type\" content=\"article\" \/>\n<meta property=\"og:title\" content=\"Am\u00f3s Lora (Salamanca) - Cardamomo Flamenco Madrid\" \/>\n<meta property=\"og:description\" content=\"Am\u00f3s Lora. Madrid, 21\/09\/1999. Il a commenc\u00e9 \u00e0 jouer de la guitare \u00e0 l&rsquo;\u00e2ge de trois ans, sous la direction de son p\u00e8re, Manuel Lora. \u00c0 six ans, il a commenc\u00e9 \u00e0 \u00e9tudier avec \u201cEl Entri\u201d, ma\u00eetre de l&rsquo;\u00e9cole de Ca\u00f1o Roto. Entre Madrid, X\u00e9r\u00e8s et le quartier de Pescader\u00eda, \u00e0 Almer\u00eda, Am\u00f3s s&rsquo;est peu...\" \/>\n<meta property=\"og:url\" content=\"https:\/\/cardamomo.com\/fr\/artist\/amos-lora-salamanca\/\" \/>\n<meta property=\"og:site_name\" content=\"Cardamomo Flamenco Madrid\" \/>\n<meta property=\"article:modified_time\" content=\"2025-04-03T09:02:45+00:00\" \/>\n<meta property=\"og:image\" content=\"https:\/\/cardamomo.ams3.digitaloceanspaces.com\/wp-content\/uploads\/2016\/07\/03090226\/amos-lora.jpg\" \/>\n\t<meta property=\"og:image:width\" content=\"600\" \/>\n\t<meta property=\"og:image:height\" content=\"750\" \/>\n\t<meta property=\"og:image:type\" content=\"image\/jpeg\" \/>\n<meta name=\"twitter:card\" content=\"summary_large_image\" \/>\n<meta name=\"twitter:label1\" content=\"Dur\u00e9e de lecture estim\u00e9e\" \/>\n\t<meta name=\"twitter:data1\" content=\"3 minutes\" \/>\n<script type=\"application\/ld+json\" class=\"yoast-schema-graph\">{\"@context\":\"https:\\\/\\\/schema.org\",\"@graph\":[{\"@type\":\"WebPage\",\"@id\":\"https:\\\/\\\/cardamomo.com\\\/fr\\\/artist\\\/amos-lora-salamanca\\\/\",\"url\":\"https:\\\/\\\/cardamomo.com\\\/fr\\\/artist\\\/amos-lora-salamanca\\\/\",\"name\":\"Am\u00f3s Lora (Salamanca) - Cardamomo Flamenco Madrid\",\"isPartOf\":{\"@id\":\"https:\\\/\\\/cardamomo.com\\\/fr\\\/#website\"},\"primaryImageOfPage\":{\"@id\":\"https:\\\/\\\/cardamomo.com\\\/fr\\\/artist\\\/amos-lora-salamanca\\\/#primaryimage\"},\"image\":{\"@id\":\"https:\\\/\\\/cardamomo.com\\\/es\\\/artist\\\/amos-lora-salamanca\\\/#primaryimage\"},\"thumbnailUrl\":\"https:\\\/\\\/cardamomo.ams3.digitaloceanspaces.com\\\/wp-content\\\/uploads\\\/2016\\\/07\\\/03090226\\\/amos-lora.jpg\",\"datePublished\":\"2016-07-29T10:50:07+00:00\",\"dateModified\":\"2025-04-03T09:02:45+00:00\",\"breadcrumb\":{\"@id\":\"https:\\\/\\\/cardamomo.com\\\/fr\\\/artist\\\/amos-lora-salamanca\\\/#breadcrumb\"},\"inLanguage\":\"fr-FR\",\"potentialAction\":[{\"@type\":\"ReadAction\",\"target\":[[\"https:\\\/\\\/cardamomo.com\\\/fr\\\/artist\\\/amos-lora-salamanca\\\/\"]]}]},{\"@type\":\"ImageObject\",\"inLanguage\":\"fr-FR\",\"@id\":\"https:\\\/\\\/cardamomo.com\\\/fr\\\/artist\\\/amos-lora-salamanca\\\/#primaryimage\",\"url\":\"https:\\\/\\\/cardamomo.ams3.digitaloceanspaces.com\\\/wp-content\\\/uploads\\\/2016\\\/07\\\/03090226\\\/amos-lora.jpg\",\"contentUrl\":\"https:\\\/\\\/cardamomo.ams3.digitaloceanspaces.com\\\/wp-content\\\/uploads\\\/2016\\\/07\\\/03090226\\\/amos-lora.jpg\",\"width\":600,\"height\":750,\"caption\":\"Guitarrista Am\u00f3s Lora (Salamanca)\"},{\"@type\":\"BreadcrumbList\",\"@id\":\"https:\\\/\\\/cardamomo.com\\\/fr\\\/artist\\\/amos-lora-salamanca\\\/#breadcrumb\",\"itemListElement\":[{\"@type\":\"ListItem\",\"position\":1,\"name\":\"Cardamomo\",\"item\":\"https:\\\/\\\/cardamomo.com\\\/fr\\\/\"},{\"@type\":\"ListItem\",\"position\":2,\"name\":\"Artists\",\"item\":\"https:\\\/\\\/cardamomo.com\\\/fr\\\/artist\\\/\"},{\"@type\":\"ListItem\",\"position\":3,\"name\":\"Am\u00f3s Lora (Salamanca)\"}]},{\"@type\":\"WebSite\",\"@id\":\"https:\\\/\\\/cardamomo.com\\\/fr\\\/#website\",\"url\":\"https:\\\/\\\/cardamomo.com\\\/fr\\\/\",\"name\":\"Cardamomo Flamenco Madrid\",\"description\":\"\",\"potentialAction\":[{\"@type\":\"SearchAction\",\"target\":{\"@type\":\"EntryPoint\",\"urlTemplate\":\"https:\\\/\\\/cardamomo.com\\\/fr\\\/?s={search_term_string}\"},\"query-input\":{\"@type\":\"PropertyValueSpecification\",\"valueRequired\":true,\"valueName\":\"search_term_string\"}}],\"inLanguage\":\"fr-FR\"}]}<\/script>\n<!-- \/ Yoast SEO plugin. -->","yoast_head_json":{"title":"Am\u00f3s Lora (Salamanca) - Cardamomo Flamenco Madrid","robots":{"index":"index","follow":"follow","max-snippet":"max-snippet:-1","max-image-preview":"max-image-preview:large","max-video-preview":"max-video-preview:-1"},"canonical":"\/","og_locale":"fr_FR","og_type":"article","og_title":"Am\u00f3s Lora (Salamanca) - Cardamomo Flamenco Madrid","og_description":"Am\u00f3s Lora. Madrid, 21\/09\/1999. Il a commenc\u00e9 \u00e0 jouer de la guitare \u00e0 l&rsquo;\u00e2ge de trois ans, sous la direction de son p\u00e8re, Manuel Lora. \u00c0 six ans, il a commenc\u00e9 \u00e0 \u00e9tudier avec \u201cEl Entri\u201d, ma\u00eetre de l&rsquo;\u00e9cole de Ca\u00f1o Roto. Entre Madrid, X\u00e9r\u00e8s et le quartier de Pescader\u00eda, \u00e0 Almer\u00eda, Am\u00f3s s&rsquo;est peu...","og_url":"https:\/\/cardamomo.com\/fr\/artist\/amos-lora-salamanca\/","og_site_name":"Cardamomo Flamenco Madrid","article_modified_time":"2025-04-03T09:02:45+00:00","og_image":[{"width":600,"height":750,"url":"https:\/\/cardamomo.ams3.digitaloceanspaces.com\/wp-content\/uploads\/2016\/07\/03090226\/amos-lora.jpg","type":"image\/jpeg"}],"twitter_card":"summary_large_image","twitter_misc":{"Dur\u00e9e de lecture estim\u00e9e":"3 minutes"},"schema":{"@context":"https:\/\/schema.org","@graph":[{"@type":"WebPage","@id":"https:\/\/cardamomo.com\/fr\/artist\/amos-lora-salamanca\/","url":"https:\/\/cardamomo.com\/fr\/artist\/amos-lora-salamanca\/","name":"Am\u00f3s Lora (Salamanca) - Cardamomo Flamenco Madrid","isPartOf":{"@id":"https:\/\/cardamomo.com\/fr\/#website"},"primaryImageOfPage":{"@id":"https:\/\/cardamomo.com\/fr\/artist\/amos-lora-salamanca\/#primaryimage"},"image":{"@id":"https:\/\/cardamomo.com\/es\/artist\/amos-lora-salamanca\/#primaryimage"},"thumbnailUrl":"https:\/\/cardamomo.ams3.digitaloceanspaces.com\/wp-content\/uploads\/2016\/07\/03090226\/amos-lora.jpg","datePublished":"2016-07-29T10:50:07+00:00","dateModified":"2025-04-03T09:02:45+00:00","breadcrumb":{"@id":"https:\/\/cardamomo.com\/fr\/artist\/amos-lora-salamanca\/#breadcrumb"},"inLanguage":"fr-FR","potentialAction":[{"@type":"ReadAction","target":[["https:\/\/cardamomo.com\/fr\/artist\/amos-lora-salamanca\/"]]}]},{"@type":"ImageObject","inLanguage":"fr-FR","@id":"https:\/\/cardamomo.com\/fr\/artist\/amos-lora-salamanca\/#primaryimage","url":"https:\/\/cardamomo.ams3.digitaloceanspaces.com\/wp-content\/uploads\/2016\/07\/03090226\/amos-lora.jpg","contentUrl":"https:\/\/cardamomo.ams3.digitaloceanspaces.com\/wp-content\/uploads\/2016\/07\/03090226\/amos-lora.jpg","width":600,"height":750,"caption":"Guitarrista Am\u00f3s Lora (Salamanca)"},{"@type":"BreadcrumbList","@id":"https:\/\/cardamomo.com\/fr\/artist\/amos-lora-salamanca\/#breadcrumb","itemListElement":[{"@type":"ListItem","position":1,"name":"Cardamomo","item":"https:\/\/cardamomo.com\/fr\/"},{"@type":"ListItem","position":2,"name":"Artists","item":"https:\/\/cardamomo.com\/fr\/artist\/"},{"@type":"ListItem","position":3,"name":"Am\u00f3s Lora (Salamanca)"}]},{"@type":"WebSite","@id":"https:\/\/cardamomo.com\/fr\/#website","url":"https:\/\/cardamomo.com\/fr\/","name":"Cardamomo Flamenco Madrid","description":"","potentialAction":[{"@type":"SearchAction","target":{"@type":"EntryPoint","urlTemplate":"https:\/\/cardamomo.com\/fr\/?s={search_term_string}"},"query-input":{"@type":"PropertyValueSpecification","valueRequired":true,"valueName":"search_term_string"}}],"inLanguage":"fr-FR"}]}},"_links":{"self":[{"href":"https:\/\/cardamomo.com\/fr\/wp-json\/wp\/v2\/artist\/683","targetHints":{"allow":["GET"]}}],"collection":[{"href":"https:\/\/cardamomo.com\/fr\/wp-json\/wp\/v2\/artist"}],"about":[{"href":"https:\/\/cardamomo.com\/fr\/wp-json\/wp\/v2\/types\/artist"}],"wp:featuredmedia":[{"embeddable":true,"href":"https:\/\/cardamomo.com\/fr\/wp-json\/wp\/v2\/media\/157281"}],"wp:attachment":[{"href":"https:\/\/cardamomo.com\/fr\/wp-json\/wp\/v2\/media?parent=683"}],"curies":[{"name":"wp","href":"https:\/\/api.w.org\/{rel}","templated":true}]}}