{"id":138550,"date":"2024-03-05T17:35:12","date_gmt":"2024-03-05T16:35:12","guid":{"rendered":"https:\/\/cardamomo.com\/es\/?post_type=artist&#038;p=138550"},"modified":"2025-03-10T15:43:15","modified_gmt":"2025-03-10T15:43:15","slug":"ricardo-vazquez","status":"publish","type":"artist","link":"https:\/\/cardamomo.com\/fr\/artist\/ricardo-vazquez\/","title":{"rendered":"Ricardo V\u00e1zquez"},"content":{"rendered":"<p><strong>Ricardo V\u00e1zquez Amador<\/strong> est n\u00e9 le 21 janvier 1984 \u00e0 Madrid. Depuis son enfance, il a connu le flamenco dans son environnement familial, car tous ses oncles chantent ou jouent de la guitare.<\/p>\n<blockquote><p>Il a h\u00e9rit\u00e9 son art de sa grand-m\u00e8re <strong>Josefa \u00ab\u00a0Pepa\u00a0\u00bb Amador Montes,<\/strong> une vieille femme gitane qui avait un don particulier pour le chant et la danse.<\/p><\/blockquote>\n<p>Son arri\u00e8re-grand-p\u00e8re Jos\u00e9 lui a offert sa premi\u00e8re guitare alors qu&rsquo;elle n&rsquo;avait que <strong>3 ans.<\/strong> Depuis lors, la curiosit\u00e9 de Ricardo V\u00e1zquez pour la musique n&rsquo;a jamais cess\u00e9. \u00c0 l&rsquo;\u00e2ge de 12 ans, il re\u00e7oit sa premi\u00e8re le\u00e7on d&rsquo;Aquilino Jim\u00e9nez \u00ab\u00a0<strong>El Entri\u00a0\u00bb<\/strong>, du quartier de Ca\u00f1o Roto, l&rsquo;un des meilleurs professeurs de guitare flamenca d&rsquo;Espagne.<\/p>\n<h2>Ricardo V\u00e1zquez a une carri\u00e8re internationale.<\/h2>\n<p>Sa premi\u00e8re rencontre sur sc\u00e8ne s&rsquo;est faite avec la cantaora <strong>Celia Flores<\/strong> &#8211; fille de la c\u00e9l\u00e8bre actrice Marisol Flores &#8211; et <strong>Aroa Fern\u00e1ndez<\/strong>. D\u00e8s lors, elle commence \u00e0 se produire dans divers groupes musicaux \u00e0 Madrid.<\/p>\n<p>Sa premi\u00e8re rencontre avec la danse flamenco a lieu sur la sc\u00e8ne du tablao Almonte, lors d&rsquo;un spectacle <strong>en<\/strong> <strong>direct<\/strong>. Ce guitariste s&rsquo;est progressivement form\u00e9 \u00e0 l&rsquo;accompagnement jusqu&rsquo;\u00e0 se produire dans des tablaos tels que <strong>Cardamomo<\/strong> et <strong>Tablao Flamenco 1911.<\/strong><\/p>\n<h3><\/h3>\n<h3>Spectacles auxquels il participe<\/h3>\n<p>Il se distingue dans le spectacle \u00a0\u00bb Genios \u00a0\u00bb (2019) aux c\u00f4t\u00e9s du danseur <strong>Curro de Candela<\/strong> qui se produit avec l&rsquo;Orquesta Sinf\u00f3nica RTVE au Teatro Monumental de Madrid.<\/p>\n<p>Il participe \u00e0 la s\u00e9rie de concerts <strong>Las Noches del Monumental<\/strong> au Teatro Monumental de Madrid avec le Mari\u00e1n Moraru Group, concerts retransmis sur la cha\u00eene de t\u00e9l\u00e9vision RTVE, La 2.<\/p>\n<p>En 2021 et 2022, il participe \u00e0 des spectacles tels que <em>Herencia<\/em> et <em>Amores Flamencos<\/em> \u00e0 Santander, Tol\u00e8de et au Palace Hotel (Madrid).<\/p>\n<p>Il a travaill\u00e9 avec le chef d&rsquo;orchestre<strong> Luis Cobos<\/strong> en interpr\u00e9tant de la musique pour des s\u00e9ries et avec le chef d&rsquo;orchestre <strong>Oliver D\u00edaz<\/strong> en jouant de la guitare flamenco dans des \u0153uvres telles que :<\/p>\n<ul>\n<li><em>Partita en r\u00e9 mineur pour violon solo, BWV 1004<\/em> de J.S Bach<\/li>\n<li><em>Concerto n\u00b0 2 en sol mineur, RV 315 \u00ab\u00a0El Verano\u00a0\u00bb. III Presto<\/em> de Vivaldi<\/li>\n<li><em>Capriccio no. 24<\/em> de Paganini.<\/li>\n<\/ul>\n<p>En 2023, il s&rsquo;est produit au <strong>Festival de Flamenco d&rsquo;Albuquerque<\/strong> (\u00c9tats-Unis) avec la danseuse <strong>Nazaret Reyes.<\/strong><\/p>\n<p>Il collabore actuellement en tant que directeur artistique du <em><strong>Ballet Flamenco Eterno Picasso<\/strong><\/em> avec l&rsquo;artiste Carlos Rodr\u00edguez de Mediaset Pro.<\/p>","protected":false},"featured_media":157146,"template":"","meta":{"_acf_changed":false,"inline_featured_image":false},"class_list":["post-138550","artist","type-artist","status-publish","has-post-thumbnail","hentry"],"acf":[],"yoast_head":"<!-- This site is optimized with the Yoast SEO plugin v27.4 - https:\/\/yoast.com\/product\/yoast-seo-wordpress\/ -->\n<title>Ricardo V\u00e1zquez<\/title>\n<meta name=\"description\" content=\"\u00a1El guitarrista Ricardo V\u00e1zquez en Cardamomo! Conoce m\u00e1s sobre la trayectoria de este magn\u00edfico m\u00fasico pulsando \u00a1aqu\u00ed!\" \/>\n<meta name=\"robots\" content=\"index, follow, max-snippet:-1, max-image-preview:large, max-video-preview:-1\" \/>\n<link rel=\"canonical\" href=\"\/\" \/>\n<meta property=\"og:locale\" content=\"fr_FR\" \/>\n<meta property=\"og:type\" content=\"article\" \/>\n<meta property=\"og:title\" content=\"Ricardo V\u00e1zquez\" \/>\n<meta property=\"og:description\" content=\"\u00a1El guitarrista Ricardo V\u00e1zquez en Cardamomo! Conoce m\u00e1s sobre la trayectoria de este magn\u00edfico m\u00fasico pulsando \u00a1aqu\u00ed!\" \/>\n<meta property=\"og:url\" content=\"https:\/\/cardamomo.com\/fr\/artist\/ricardo-vazquez\/\" \/>\n<meta property=\"og:site_name\" content=\"Cardamomo Flamenco Madrid\" \/>\n<meta property=\"article:modified_time\" content=\"2025-03-10T15:43:15+00:00\" \/>\n<meta property=\"og:image\" content=\"https:\/\/cardamomo.ams3.digitaloceanspaces.com\/wp-content\/uploads\/2024\/03\/10134153\/ricardo-vazquez.jpg\" \/>\n\t<meta property=\"og:image:width\" content=\"600\" \/>\n\t<meta property=\"og:image:height\" content=\"751\" \/>\n\t<meta property=\"og:image:type\" content=\"image\/jpeg\" \/>\n<meta name=\"twitter:card\" content=\"summary_large_image\" \/>\n<meta name=\"twitter:label1\" content=\"Dur\u00e9e de lecture estim\u00e9e\" \/>\n\t<meta name=\"twitter:data1\" content=\"2 minutes\" \/>\n<script type=\"application\/ld+json\" class=\"yoast-schema-graph\">{\"@context\":\"https:\\\/\\\/schema.org\",\"@graph\":[{\"@type\":\"WebPage\",\"@id\":\"https:\\\/\\\/cardamomo.com\\\/fr\\\/artist\\\/ricardo-vazquez\\\/\",\"url\":\"https:\\\/\\\/cardamomo.com\\\/fr\\\/artist\\\/ricardo-vazquez\\\/\",\"name\":\"Ricardo V\u00e1zquez\",\"isPartOf\":{\"@id\":\"https:\\\/\\\/cardamomo.com\\\/fr\\\/#website\"},\"primaryImageOfPage\":{\"@id\":\"https:\\\/\\\/cardamomo.com\\\/fr\\\/artist\\\/ricardo-vazquez\\\/#primaryimage\"},\"image\":{\"@id\":\"https:\\\/\\\/cardamomo.com\\\/es\\\/artist\\\/ricardo-vazquez\\\/#primaryimage\"},\"thumbnailUrl\":\"https:\\\/\\\/cardamomo.ams3.digitaloceanspaces.com\\\/wp-content\\\/uploads\\\/2024\\\/03\\\/10134153\\\/ricardo-vazquez.jpg\",\"datePublished\":\"2024-03-05T16:35:12+00:00\",\"dateModified\":\"2025-03-10T15:43:15+00:00\",\"description\":\"\u00a1El guitarrista Ricardo V\u00e1zquez en Cardamomo! Conoce m\u00e1s sobre la trayectoria de este magn\u00edfico m\u00fasico pulsando \u00a1aqu\u00ed!\",\"breadcrumb\":{\"@id\":\"https:\\\/\\\/cardamomo.com\\\/fr\\\/artist\\\/ricardo-vazquez\\\/#breadcrumb\"},\"inLanguage\":\"fr-FR\",\"potentialAction\":[{\"@type\":\"ReadAction\",\"target\":[[\"https:\\\/\\\/cardamomo.com\\\/fr\\\/artist\\\/ricardo-vazquez\\\/\"]]}]},{\"@type\":\"ImageObject\",\"inLanguage\":\"fr-FR\",\"@id\":\"https:\\\/\\\/cardamomo.com\\\/fr\\\/artist\\\/ricardo-vazquez\\\/#primaryimage\",\"url\":\"https:\\\/\\\/cardamomo.ams3.digitaloceanspaces.com\\\/wp-content\\\/uploads\\\/2024\\\/03\\\/10134153\\\/ricardo-vazquez.jpg\",\"contentUrl\":\"https:\\\/\\\/cardamomo.ams3.digitaloceanspaces.com\\\/wp-content\\\/uploads\\\/2024\\\/03\\\/10134153\\\/ricardo-vazquez.jpg\",\"width\":600,\"height\":751,\"caption\":\"guitarrista Ricardo V\u00e1zquez\"},{\"@type\":\"BreadcrumbList\",\"@id\":\"https:\\\/\\\/cardamomo.com\\\/fr\\\/artist\\\/ricardo-vazquez\\\/#breadcrumb\",\"itemListElement\":[{\"@type\":\"ListItem\",\"position\":1,\"name\":\"Cardamomo\",\"item\":\"https:\\\/\\\/cardamomo.com\\\/fr\\\/\"},{\"@type\":\"ListItem\",\"position\":2,\"name\":\"Artists\",\"item\":\"https:\\\/\\\/cardamomo.com\\\/fr\\\/artist\\\/\"},{\"@type\":\"ListItem\",\"position\":3,\"name\":\"Ricardo V\u00e1zquez\"}]},{\"@type\":\"WebSite\",\"@id\":\"https:\\\/\\\/cardamomo.com\\\/fr\\\/#website\",\"url\":\"https:\\\/\\\/cardamomo.com\\\/fr\\\/\",\"name\":\"Cardamomo Flamenco Madrid\",\"description\":\"\",\"potentialAction\":[{\"@type\":\"SearchAction\",\"target\":{\"@type\":\"EntryPoint\",\"urlTemplate\":\"https:\\\/\\\/cardamomo.com\\\/fr\\\/?s={search_term_string}\"},\"query-input\":{\"@type\":\"PropertyValueSpecification\",\"valueRequired\":true,\"valueName\":\"search_term_string\"}}],\"inLanguage\":\"fr-FR\"}]}<\/script>\n<!-- \/ Yoast SEO plugin. -->","yoast_head_json":{"title":"Ricardo V\u00e1zquez","description":"\u00a1El guitarrista Ricardo V\u00e1zquez en Cardamomo! Conoce m\u00e1s sobre la trayectoria de este magn\u00edfico m\u00fasico pulsando \u00a1aqu\u00ed!","robots":{"index":"index","follow":"follow","max-snippet":"max-snippet:-1","max-image-preview":"max-image-preview:large","max-video-preview":"max-video-preview:-1"},"canonical":"\/","og_locale":"fr_FR","og_type":"article","og_title":"Ricardo V\u00e1zquez","og_description":"\u00a1El guitarrista Ricardo V\u00e1zquez en Cardamomo! Conoce m\u00e1s sobre la trayectoria de este magn\u00edfico m\u00fasico pulsando \u00a1aqu\u00ed!","og_url":"https:\/\/cardamomo.com\/fr\/artist\/ricardo-vazquez\/","og_site_name":"Cardamomo Flamenco Madrid","article_modified_time":"2025-03-10T15:43:15+00:00","og_image":[{"width":600,"height":751,"url":"https:\/\/cardamomo.ams3.digitaloceanspaces.com\/wp-content\/uploads\/2024\/03\/10134153\/ricardo-vazquez.jpg","type":"image\/jpeg"}],"twitter_card":"summary_large_image","twitter_misc":{"Dur\u00e9e de lecture estim\u00e9e":"2 minutes"},"schema":{"@context":"https:\/\/schema.org","@graph":[{"@type":"WebPage","@id":"https:\/\/cardamomo.com\/fr\/artist\/ricardo-vazquez\/","url":"https:\/\/cardamomo.com\/fr\/artist\/ricardo-vazquez\/","name":"Ricardo V\u00e1zquez","isPartOf":{"@id":"https:\/\/cardamomo.com\/fr\/#website"},"primaryImageOfPage":{"@id":"https:\/\/cardamomo.com\/fr\/artist\/ricardo-vazquez\/#primaryimage"},"image":{"@id":"https:\/\/cardamomo.com\/es\/artist\/ricardo-vazquez\/#primaryimage"},"thumbnailUrl":"https:\/\/cardamomo.ams3.digitaloceanspaces.com\/wp-content\/uploads\/2024\/03\/10134153\/ricardo-vazquez.jpg","datePublished":"2024-03-05T16:35:12+00:00","dateModified":"2025-03-10T15:43:15+00:00","description":"\u00a1El guitarrista Ricardo V\u00e1zquez en Cardamomo! Conoce m\u00e1s sobre la trayectoria de este magn\u00edfico m\u00fasico pulsando \u00a1aqu\u00ed!","breadcrumb":{"@id":"https:\/\/cardamomo.com\/fr\/artist\/ricardo-vazquez\/#breadcrumb"},"inLanguage":"fr-FR","potentialAction":[{"@type":"ReadAction","target":[["https:\/\/cardamomo.com\/fr\/artist\/ricardo-vazquez\/"]]}]},{"@type":"ImageObject","inLanguage":"fr-FR","@id":"https:\/\/cardamomo.com\/fr\/artist\/ricardo-vazquez\/#primaryimage","url":"https:\/\/cardamomo.ams3.digitaloceanspaces.com\/wp-content\/uploads\/2024\/03\/10134153\/ricardo-vazquez.jpg","contentUrl":"https:\/\/cardamomo.ams3.digitaloceanspaces.com\/wp-content\/uploads\/2024\/03\/10134153\/ricardo-vazquez.jpg","width":600,"height":751,"caption":"guitarrista Ricardo V\u00e1zquez"},{"@type":"BreadcrumbList","@id":"https:\/\/cardamomo.com\/fr\/artist\/ricardo-vazquez\/#breadcrumb","itemListElement":[{"@type":"ListItem","position":1,"name":"Cardamomo","item":"https:\/\/cardamomo.com\/fr\/"},{"@type":"ListItem","position":2,"name":"Artists","item":"https:\/\/cardamomo.com\/fr\/artist\/"},{"@type":"ListItem","position":3,"name":"Ricardo V\u00e1zquez"}]},{"@type":"WebSite","@id":"https:\/\/cardamomo.com\/fr\/#website","url":"https:\/\/cardamomo.com\/fr\/","name":"Cardamomo Flamenco Madrid","description":"","potentialAction":[{"@type":"SearchAction","target":{"@type":"EntryPoint","urlTemplate":"https:\/\/cardamomo.com\/fr\/?s={search_term_string}"},"query-input":{"@type":"PropertyValueSpecification","valueRequired":true,"valueName":"search_term_string"}}],"inLanguage":"fr-FR"}]}},"_links":{"self":[{"href":"https:\/\/cardamomo.com\/fr\/wp-json\/wp\/v2\/artist\/138550","targetHints":{"allow":["GET"]}}],"collection":[{"href":"https:\/\/cardamomo.com\/fr\/wp-json\/wp\/v2\/artist"}],"about":[{"href":"https:\/\/cardamomo.com\/fr\/wp-json\/wp\/v2\/types\/artist"}],"wp:featuredmedia":[{"embeddable":true,"href":"https:\/\/cardamomo.com\/fr\/wp-json\/wp\/v2\/media\/157146"}],"wp:attachment":[{"href":"https:\/\/cardamomo.com\/fr\/wp-json\/wp\/v2\/media?parent=138550"}],"curies":[{"name":"wp","href":"https:\/\/api.w.org\/{rel}","templated":true}]}}