{"id":135121,"date":"2023-12-08T20:00:57","date_gmt":"2023-12-08T19:00:57","guid":{"rendered":"https:\/\/cardamomo.com\/es\/?post_type=artist&#038;p=135121"},"modified":"2025-03-12T08:58:17","modified_gmt":"2025-03-12T08:58:17","slug":"jesus-de-rosario-madrid","status":"publish","type":"artist","link":"https:\/\/cardamomo.com\/fr\/artist\/jesus-de-rosario-madrid\/","title":{"rendered":"Jes\u00fas de Rosario"},"content":{"rendered":"<p><\/p>\n<p class=\"p1\">N\u00e9 \u00e0 Madrid, dans le quartier de Ca\u00f1o roto, il commence \u00e0 jouer de la guitare \u00e0 l&rsquo;\u00e2ge de cinq ans, sous la direction de son p\u00e8re et professeur, \u00ab\u00a0El Entri\u00a0\u00bb. \u00c0 l&rsquo;\u00e2ge de neuf ans, il a particip\u00e9 \u00e0 un concours international de talents \u00e0 la t\u00e9l\u00e9vision norv\u00e9gienne, ce qui lui a permis de faire une tourn\u00e9e en Europe. \u00c0 l&rsquo;adolescence, il commence \u00e0 faire partie de la compagnie du maestro Antonio Canales.<\/p>\n<p class=\"p1\">Des ann\u00e9es plus tard, il a collabor\u00e9 avec la danseuse Merche Esmeralda en tant que directeur musical du spectacle \u00ab\u00a0Mujeres\u00a0\u00bb. Il a \u00e9galement partag\u00e9 la sc\u00e8ne avec de grands artistes de la danse comme El G\u00fcito, Carmen Cort\u00e9s, Joaqu\u00edn Cort\u00e9s, Rafael Amargo, Juan de Juan et Eva la Hierbabuena, et avec de grands artistes du cante comme Potito, Diego El Cigala, Jos\u00e9 Merc\u00e9, Guadiana, Ram\u00f3n \u00ab\u00a0El Portugu\u00e9s\u00a0\u00bb, Miguel Poveda, Montse Cort\u00e9s, Remedios Amaya et bien d&rsquo;autres.<\/p>\n<p class=\"p1\">En 1998, il a cr\u00e9\u00e9 la musique des spectacles \u00ab\u00a0Sensaciones\u00a0\u00bb et \u00ab\u00a0Sue\u00f1os\u00a0\u00bb de Sara Baras, avec laquelle il a tourn\u00e9 dans le monde entier. En 2000, il a compos\u00e9 la musique de la pi\u00e8ce de th\u00e9\u00e2tre \u00ab\u00a0Juana La Loca\u00a0\u00bb, laur\u00e9ate de trois Max Awards, cr\u00e9\u00e9e \u00e0 la Bienal de Flamenco de S\u00e9ville et qui a remport\u00e9 un grand succ\u00e8s dans cette ville ainsi qu&rsquo;au Japon, au Mexique, au Chili, au Br\u00e9sil, au Venezuela, en Grande-Bretagne et en France.<\/p>\n<p class=\"p1\">Il a compos\u00e9 la musique des spectacles \u00ab\u00a0Minotauro\u00a0\u00bb d&rsquo;Antonio Canales et \u00ab\u00a0Tambi\u00e9n muere el mar\u00a0\u00bb de Carmen Cort\u00e9s. Il a collabor\u00e9 aux albums \u00ab\u00a0Cuando el r\u00edo suena\u00a0\u00bb et \u00ab\u00a0Brillo de luna\u00a0\u00bb de la chanteuse Guadiana, et a ensuite collabor\u00e9 \u00e0 \u00ab\u00a0Directo desde Casa Patas\u00a0\u00bb, \u00ab\u00a0M\u00edrame\u00a0\u00bb de Mercedes Cort\u00e9s, \u00ab\u00a0Ca\u00eddo del Cielo\u00a0\u00bb de Pepe Luis Carmona, \u00ab\u00a0Sembrando Inquietudes\u00a0\u00bb de Ram\u00f3n Jim\u00e9nez.<\/p>\n<p class=\"p1\">Il a dirig\u00e9 et produit \u00ab\u00a0Juana La Loca, vivir por amor\u00a0\u00bb de Sara Baras et a particip\u00e9 en tant que soliste \u00e0 l&rsquo;album \u00ab\u00a0La Nueva Escuela de Guitarra Flamenca\u00a0\u00bb, nomin\u00e9 pour le meilleur album de flamenco aux Latin Grammy Awards 2003.<\/p>\n<p class=\"p1\">Jes\u00fas de Rosario, apr\u00e8s une longue carri\u00e8re, pr\u00e9sente son album \u00ab\u00a0Sin Tanto\u00a0\u00bb, son premier album solo, o\u00f9 il nous offre un r\u00e9pertoire dans lequel se distinguent les buler\u00edas, les ronde\u00f1as et les rumbas. L&rsquo;album comprend des collaborations avec Sara Baras, Tomatito, Antonio Carmona et Bernardo Parrilla, entre autres.<\/p>\n<p><\/p>","protected":false},"featured_media":157156,"template":"","meta":{"_acf_changed":false,"inline_featured_image":false},"class_list":["post-135121","artist","type-artist","status-publish","has-post-thumbnail","hentry"],"acf":[],"yoast_head":"<!-- This site is optimized with the Yoast SEO plugin v27.4 - https:\/\/yoast.com\/product\/yoast-seo-wordpress\/ -->\n<title>Jes\u00fas de Rosario - Cardamomo Flamenco Madrid<\/title>\n<meta name=\"robots\" content=\"index, follow, max-snippet:-1, max-image-preview:large, max-video-preview:-1\" \/>\n<link rel=\"canonical\" href=\"\/\" \/>\n<meta property=\"og:locale\" content=\"fr_FR\" \/>\n<meta property=\"og:type\" content=\"article\" \/>\n<meta property=\"og:title\" content=\"Jes\u00fas de Rosario - Cardamomo Flamenco Madrid\" \/>\n<meta property=\"og:description\" content=\"N\u00e9 \u00e0 Madrid, dans le quartier de Ca\u00f1o roto, il commence \u00e0 jouer de la guitare \u00e0 l&rsquo;\u00e2ge de cinq ans, sous la direction de son p\u00e8re et professeur, \u00ab\u00a0El Entri\u00a0\u00bb. \u00c0 l&rsquo;\u00e2ge de neuf ans, il a particip\u00e9 \u00e0 un concours international de talents \u00e0 la t\u00e9l\u00e9vision norv\u00e9gienne, ce qui lui a permis de...\" \/>\n<meta property=\"og:url\" content=\"https:\/\/cardamomo.com\/fr\/artist\/jesus-de-rosario-madrid\/\" \/>\n<meta property=\"og:site_name\" content=\"Cardamomo Flamenco Madrid\" \/>\n<meta property=\"article:modified_time\" content=\"2025-03-12T08:58:17+00:00\" \/>\n<meta property=\"og:image\" content=\"https:\/\/cardamomo.ams3.digitaloceanspaces.com\/wp-content\/uploads\/2023\/12\/12085749\/jesus-de-rosario.jpg\" \/>\n\t<meta property=\"og:image:width\" content=\"600\" \/>\n\t<meta property=\"og:image:height\" content=\"750\" \/>\n\t<meta property=\"og:image:type\" content=\"image\/jpeg\" \/>\n<meta name=\"twitter:card\" content=\"summary_large_image\" \/>\n<meta name=\"twitter:label1\" content=\"Dur\u00e9e de lecture estim\u00e9e\" \/>\n\t<meta name=\"twitter:data1\" content=\"2 minutes\" \/>\n<script type=\"application\/ld+json\" class=\"yoast-schema-graph\">{\"@context\":\"https:\\\/\\\/schema.org\",\"@graph\":[{\"@type\":\"WebPage\",\"@id\":\"https:\\\/\\\/cardamomo.com\\\/fr\\\/artist\\\/jesus-de-rosario-madrid\\\/\",\"url\":\"https:\\\/\\\/cardamomo.com\\\/fr\\\/artist\\\/jesus-de-rosario-madrid\\\/\",\"name\":\"Jes\u00fas de Rosario - Cardamomo Flamenco Madrid\",\"isPartOf\":{\"@id\":\"https:\\\/\\\/cardamomo.com\\\/fr\\\/#website\"},\"primaryImageOfPage\":{\"@id\":\"https:\\\/\\\/cardamomo.com\\\/fr\\\/artist\\\/jesus-de-rosario-madrid\\\/#primaryimage\"},\"image\":{\"@id\":\"https:\\\/\\\/cardamomo.com\\\/es\\\/artist\\\/jesus-de-rosario-madrid\\\/#primaryimage\"},\"thumbnailUrl\":\"https:\\\/\\\/cardamomo.ams3.digitaloceanspaces.com\\\/wp-content\\\/uploads\\\/2023\\\/12\\\/12085749\\\/jesus-de-rosario.jpg\",\"datePublished\":\"2023-12-08T19:00:57+00:00\",\"dateModified\":\"2025-03-12T08:58:17+00:00\",\"breadcrumb\":{\"@id\":\"https:\\\/\\\/cardamomo.com\\\/fr\\\/artist\\\/jesus-de-rosario-madrid\\\/#breadcrumb\"},\"inLanguage\":\"fr-FR\",\"potentialAction\":[{\"@type\":\"ReadAction\",\"target\":[[\"https:\\\/\\\/cardamomo.com\\\/fr\\\/artist\\\/jesus-de-rosario-madrid\\\/\"]]}]},{\"@type\":\"ImageObject\",\"inLanguage\":\"fr-FR\",\"@id\":\"https:\\\/\\\/cardamomo.com\\\/fr\\\/artist\\\/jesus-de-rosario-madrid\\\/#primaryimage\",\"url\":\"https:\\\/\\\/cardamomo.ams3.digitaloceanspaces.com\\\/wp-content\\\/uploads\\\/2023\\\/12\\\/12085749\\\/jesus-de-rosario.jpg\",\"contentUrl\":\"https:\\\/\\\/cardamomo.ams3.digitaloceanspaces.com\\\/wp-content\\\/uploads\\\/2023\\\/12\\\/12085749\\\/jesus-de-rosario.jpg\",\"width\":600,\"height\":750,\"caption\":\"Guitarrista Jes\u00fas de Rosario\"},{\"@type\":\"BreadcrumbList\",\"@id\":\"https:\\\/\\\/cardamomo.com\\\/fr\\\/artist\\\/jesus-de-rosario-madrid\\\/#breadcrumb\",\"itemListElement\":[{\"@type\":\"ListItem\",\"position\":1,\"name\":\"Cardamomo\",\"item\":\"https:\\\/\\\/cardamomo.com\\\/fr\\\/\"},{\"@type\":\"ListItem\",\"position\":2,\"name\":\"Artists\",\"item\":\"https:\\\/\\\/cardamomo.com\\\/fr\\\/artist\\\/\"},{\"@type\":\"ListItem\",\"position\":3,\"name\":\"Jes\u00fas de Rosario\"}]},{\"@type\":\"WebSite\",\"@id\":\"https:\\\/\\\/cardamomo.com\\\/fr\\\/#website\",\"url\":\"https:\\\/\\\/cardamomo.com\\\/fr\\\/\",\"name\":\"Cardamomo Flamenco Madrid\",\"description\":\"\",\"potentialAction\":[{\"@type\":\"SearchAction\",\"target\":{\"@type\":\"EntryPoint\",\"urlTemplate\":\"https:\\\/\\\/cardamomo.com\\\/fr\\\/?s={search_term_string}\"},\"query-input\":{\"@type\":\"PropertyValueSpecification\",\"valueRequired\":true,\"valueName\":\"search_term_string\"}}],\"inLanguage\":\"fr-FR\"}]}<\/script>\n<!-- \/ Yoast SEO plugin. -->","yoast_head_json":{"title":"Jes\u00fas de Rosario - Cardamomo Flamenco Madrid","robots":{"index":"index","follow":"follow","max-snippet":"max-snippet:-1","max-image-preview":"max-image-preview:large","max-video-preview":"max-video-preview:-1"},"canonical":"\/","og_locale":"fr_FR","og_type":"article","og_title":"Jes\u00fas de Rosario - Cardamomo Flamenco Madrid","og_description":"N\u00e9 \u00e0 Madrid, dans le quartier de Ca\u00f1o roto, il commence \u00e0 jouer de la guitare \u00e0 l&rsquo;\u00e2ge de cinq ans, sous la direction de son p\u00e8re et professeur, \u00ab\u00a0El Entri\u00a0\u00bb. \u00c0 l&rsquo;\u00e2ge de neuf ans, il a particip\u00e9 \u00e0 un concours international de talents \u00e0 la t\u00e9l\u00e9vision norv\u00e9gienne, ce qui lui a permis de...","og_url":"https:\/\/cardamomo.com\/fr\/artist\/jesus-de-rosario-madrid\/","og_site_name":"Cardamomo Flamenco Madrid","article_modified_time":"2025-03-12T08:58:17+00:00","og_image":[{"width":600,"height":750,"url":"https:\/\/cardamomo.ams3.digitaloceanspaces.com\/wp-content\/uploads\/2023\/12\/12085749\/jesus-de-rosario.jpg","type":"image\/jpeg"}],"twitter_card":"summary_large_image","twitter_misc":{"Dur\u00e9e de lecture estim\u00e9e":"2 minutes"},"schema":{"@context":"https:\/\/schema.org","@graph":[{"@type":"WebPage","@id":"https:\/\/cardamomo.com\/fr\/artist\/jesus-de-rosario-madrid\/","url":"https:\/\/cardamomo.com\/fr\/artist\/jesus-de-rosario-madrid\/","name":"Jes\u00fas de Rosario - Cardamomo Flamenco Madrid","isPartOf":{"@id":"https:\/\/cardamomo.com\/fr\/#website"},"primaryImageOfPage":{"@id":"https:\/\/cardamomo.com\/fr\/artist\/jesus-de-rosario-madrid\/#primaryimage"},"image":{"@id":"https:\/\/cardamomo.com\/es\/artist\/jesus-de-rosario-madrid\/#primaryimage"},"thumbnailUrl":"https:\/\/cardamomo.ams3.digitaloceanspaces.com\/wp-content\/uploads\/2023\/12\/12085749\/jesus-de-rosario.jpg","datePublished":"2023-12-08T19:00:57+00:00","dateModified":"2025-03-12T08:58:17+00:00","breadcrumb":{"@id":"https:\/\/cardamomo.com\/fr\/artist\/jesus-de-rosario-madrid\/#breadcrumb"},"inLanguage":"fr-FR","potentialAction":[{"@type":"ReadAction","target":[["https:\/\/cardamomo.com\/fr\/artist\/jesus-de-rosario-madrid\/"]]}]},{"@type":"ImageObject","inLanguage":"fr-FR","@id":"https:\/\/cardamomo.com\/fr\/artist\/jesus-de-rosario-madrid\/#primaryimage","url":"https:\/\/cardamomo.ams3.digitaloceanspaces.com\/wp-content\/uploads\/2023\/12\/12085749\/jesus-de-rosario.jpg","contentUrl":"https:\/\/cardamomo.ams3.digitaloceanspaces.com\/wp-content\/uploads\/2023\/12\/12085749\/jesus-de-rosario.jpg","width":600,"height":750,"caption":"Guitarrista Jes\u00fas de Rosario"},{"@type":"BreadcrumbList","@id":"https:\/\/cardamomo.com\/fr\/artist\/jesus-de-rosario-madrid\/#breadcrumb","itemListElement":[{"@type":"ListItem","position":1,"name":"Cardamomo","item":"https:\/\/cardamomo.com\/fr\/"},{"@type":"ListItem","position":2,"name":"Artists","item":"https:\/\/cardamomo.com\/fr\/artist\/"},{"@type":"ListItem","position":3,"name":"Jes\u00fas de Rosario"}]},{"@type":"WebSite","@id":"https:\/\/cardamomo.com\/fr\/#website","url":"https:\/\/cardamomo.com\/fr\/","name":"Cardamomo Flamenco Madrid","description":"","potentialAction":[{"@type":"SearchAction","target":{"@type":"EntryPoint","urlTemplate":"https:\/\/cardamomo.com\/fr\/?s={search_term_string}"},"query-input":{"@type":"PropertyValueSpecification","valueRequired":true,"valueName":"search_term_string"}}],"inLanguage":"fr-FR"}]}},"_links":{"self":[{"href":"https:\/\/cardamomo.com\/fr\/wp-json\/wp\/v2\/artist\/135121","targetHints":{"allow":["GET"]}}],"collection":[{"href":"https:\/\/cardamomo.com\/fr\/wp-json\/wp\/v2\/artist"}],"about":[{"href":"https:\/\/cardamomo.com\/fr\/wp-json\/wp\/v2\/types\/artist"}],"wp:featuredmedia":[{"embeddable":true,"href":"https:\/\/cardamomo.com\/fr\/wp-json\/wp\/v2\/media\/157156"}],"wp:attachment":[{"href":"https:\/\/cardamomo.com\/fr\/wp-json\/wp\/v2\/media?parent=135121"}],"curies":[{"name":"wp","href":"https:\/\/api.w.org\/{rel}","templated":true}]}}