{"id":132943,"date":"2023-10-23T11:47:21","date_gmt":"2023-10-23T09:47:21","guid":{"rendered":"https:\/\/cardamomo.com\/es\/?post_type=artist&#038;p=132943"},"modified":"2025-03-12T09:10:08","modified_gmt":"2025-03-12T09:10:08","slug":"carlos-velazquez","status":"publish","type":"artist","link":"https:\/\/cardamomo.com\/fr\/artist\/carlos-velazquez\/","title":{"rendered":"Carlos Vel\u00e1zquez (Madrid)"},"content":{"rendered":"<p><strong>Carlos Vel\u00e1zquez<\/strong> a commenc\u00e9 sa carri\u00e8re au Real Conservatorio de Madrid et \u00e0 l&rsquo;Escuela de Danza Amor de Dios avec des professeurs tels que El G\u00fcito, Rafael de C\u00f3rdoba et Rosa Dur\u00e1n. Il a fait carri\u00e8re aux c\u00f4t\u00e9s de grands danseurs tels que Ciro et Mar\u00eda Magdalena, entre autres. Elle a parcouru les plus grandes villes du monde au sein des plus importantes compagnies de ballet du pays, la compagnie Mar\u00eda Carrasco, la compagnie Il Camborio et Luc\u00eda del Real et la compagnie Jos\u00e9 Greco, avec laquelle elle a parcouru les meilleures sc\u00e8nes des \u00c9tats-Unis.<\/p>\n<p>Il a particip\u00e9 aux \u0153uvres \u00ab\u00a0Carmen\u00a0\u00bb et \u00ab\u00a0Il Trovatore\u00a0\u00bb sous les ordres de Franco Zefirelli, aux c\u00f4t\u00e9s de Bel\u00e9n L\u00f3pez, et a \u00e9t\u00e9 premier danseur soliste avec sa propre compagnie au th\u00e9\u00e2tre Mu\u00f1oz Seca.<\/p>\n<p><strong>Bailaor, chor\u00e9graphe, flamenco, Carlos vient au Cardamomo pour nous enchanter avec un magnifique spectacle.<\/strong><\/p>","protected":false},"featured_media":157160,"template":"","meta":{"_acf_changed":false,"inline_featured_image":false},"class_list":["post-132943","artist","type-artist","status-publish","has-post-thumbnail","hentry"],"acf":[],"yoast_head":"<!-- This site is optimized with the Yoast SEO plugin v27.4 - https:\/\/yoast.com\/product\/yoast-seo-wordpress\/ -->\n<title>Carlos Vel\u00e1zquez (Madrid) - Cardamomo Flamenco Madrid<\/title>\n<meta name=\"robots\" content=\"index, follow, max-snippet:-1, max-image-preview:large, max-video-preview:-1\" \/>\n<link rel=\"canonical\" href=\"\/\" \/>\n<meta property=\"og:locale\" content=\"fr_FR\" \/>\n<meta property=\"og:type\" content=\"article\" \/>\n<meta property=\"og:title\" content=\"Carlos Vel\u00e1zquez (Madrid) - Cardamomo Flamenco Madrid\" \/>\n<meta property=\"og:description\" content=\"Carlos Vel\u00e1zquez a commenc\u00e9 sa carri\u00e8re au Real Conservatorio de Madrid et \u00e0 l&rsquo;Escuela de Danza Amor de Dios avec des professeurs tels que El G\u00fcito, Rafael de C\u00f3rdoba et Rosa Dur\u00e1n. Il a fait carri\u00e8re aux c\u00f4t\u00e9s de grands danseurs tels que Ciro et Mar\u00eda Magdalena, entre autres. Elle a parcouru les plus grandes...\" \/>\n<meta property=\"og:url\" content=\"https:\/\/cardamomo.com\/fr\/artist\/carlos-velazquez\/\" \/>\n<meta property=\"og:site_name\" content=\"Cardamomo Flamenco Madrid\" \/>\n<meta property=\"article:modified_time\" content=\"2025-03-12T09:10:08+00:00\" \/>\n<meta property=\"og:image\" content=\"https:\/\/cardamomo.ams3.digitaloceanspaces.com\/wp-content\/uploads\/2023\/10\/12090939\/carlos-velazquez.jpg\" \/>\n\t<meta property=\"og:image:width\" content=\"600\" \/>\n\t<meta property=\"og:image:height\" content=\"750\" \/>\n\t<meta property=\"og:image:type\" content=\"image\/jpeg\" \/>\n<meta name=\"twitter:card\" content=\"summary_large_image\" \/>\n<meta name=\"twitter:label1\" content=\"Dur\u00e9e de lecture estim\u00e9e\" \/>\n\t<meta name=\"twitter:data1\" content=\"2 minutes\" \/>\n<script type=\"application\/ld+json\" class=\"yoast-schema-graph\">{\"@context\":\"https:\\\/\\\/schema.org\",\"@graph\":[{\"@type\":\"WebPage\",\"@id\":\"https:\\\/\\\/cardamomo.com\\\/fr\\\/artist\\\/carlos-velazquez\\\/\",\"url\":\"https:\\\/\\\/cardamomo.com\\\/fr\\\/artist\\\/carlos-velazquez\\\/\",\"name\":\"Carlos Vel\u00e1zquez (Madrid) - Cardamomo Flamenco Madrid\",\"isPartOf\":{\"@id\":\"https:\\\/\\\/cardamomo.com\\\/fr\\\/#website\"},\"primaryImageOfPage\":{\"@id\":\"https:\\\/\\\/cardamomo.com\\\/fr\\\/artist\\\/carlos-velazquez\\\/#primaryimage\"},\"image\":{\"@id\":\"https:\\\/\\\/cardamomo.com\\\/es\\\/artist\\\/carlos-velazquez\\\/#primaryimage\"},\"thumbnailUrl\":\"https:\\\/\\\/cardamomo.ams3.digitaloceanspaces.com\\\/wp-content\\\/uploads\\\/2023\\\/10\\\/12090939\\\/carlos-velazquez.jpg\",\"datePublished\":\"2023-10-23T09:47:21+00:00\",\"dateModified\":\"2025-03-12T09:10:08+00:00\",\"breadcrumb\":{\"@id\":\"https:\\\/\\\/cardamomo.com\\\/fr\\\/artist\\\/carlos-velazquez\\\/#breadcrumb\"},\"inLanguage\":\"fr-FR\",\"potentialAction\":[{\"@type\":\"ReadAction\",\"target\":[[\"https:\\\/\\\/cardamomo.com\\\/fr\\\/artist\\\/carlos-velazquez\\\/\"]]}]},{\"@type\":\"ImageObject\",\"inLanguage\":\"fr-FR\",\"@id\":\"https:\\\/\\\/cardamomo.com\\\/fr\\\/artist\\\/carlos-velazquez\\\/#primaryimage\",\"url\":\"https:\\\/\\\/cardamomo.ams3.digitaloceanspaces.com\\\/wp-content\\\/uploads\\\/2023\\\/10\\\/12090939\\\/carlos-velazquez.jpg\",\"contentUrl\":\"https:\\\/\\\/cardamomo.ams3.digitaloceanspaces.com\\\/wp-content\\\/uploads\\\/2023\\\/10\\\/12090939\\\/carlos-velazquez.jpg\",\"width\":600,\"height\":750,\"caption\":\"Bailaor Carlos Vel\u00e1zquez (Madrid)\"},{\"@type\":\"BreadcrumbList\",\"@id\":\"https:\\\/\\\/cardamomo.com\\\/fr\\\/artist\\\/carlos-velazquez\\\/#breadcrumb\",\"itemListElement\":[{\"@type\":\"ListItem\",\"position\":1,\"name\":\"Cardamomo\",\"item\":\"https:\\\/\\\/cardamomo.com\\\/fr\\\/\"},{\"@type\":\"ListItem\",\"position\":2,\"name\":\"Artists\",\"item\":\"https:\\\/\\\/cardamomo.com\\\/fr\\\/artist\\\/\"},{\"@type\":\"ListItem\",\"position\":3,\"name\":\"Carlos Vel\u00e1zquez (Madrid)\"}]},{\"@type\":\"WebSite\",\"@id\":\"https:\\\/\\\/cardamomo.com\\\/fr\\\/#website\",\"url\":\"https:\\\/\\\/cardamomo.com\\\/fr\\\/\",\"name\":\"Cardamomo Flamenco Madrid\",\"description\":\"\",\"potentialAction\":[{\"@type\":\"SearchAction\",\"target\":{\"@type\":\"EntryPoint\",\"urlTemplate\":\"https:\\\/\\\/cardamomo.com\\\/fr\\\/?s={search_term_string}\"},\"query-input\":{\"@type\":\"PropertyValueSpecification\",\"valueRequired\":true,\"valueName\":\"search_term_string\"}}],\"inLanguage\":\"fr-FR\"}]}<\/script>\n<!-- \/ Yoast SEO plugin. -->","yoast_head_json":{"title":"Carlos Vel\u00e1zquez (Madrid) - Cardamomo Flamenco Madrid","robots":{"index":"index","follow":"follow","max-snippet":"max-snippet:-1","max-image-preview":"max-image-preview:large","max-video-preview":"max-video-preview:-1"},"canonical":"\/","og_locale":"fr_FR","og_type":"article","og_title":"Carlos Vel\u00e1zquez (Madrid) - Cardamomo Flamenco Madrid","og_description":"Carlos Vel\u00e1zquez a commenc\u00e9 sa carri\u00e8re au Real Conservatorio de Madrid et \u00e0 l&rsquo;Escuela de Danza Amor de Dios avec des professeurs tels que El G\u00fcito, Rafael de C\u00f3rdoba et Rosa Dur\u00e1n. Il a fait carri\u00e8re aux c\u00f4t\u00e9s de grands danseurs tels que Ciro et Mar\u00eda Magdalena, entre autres. Elle a parcouru les plus grandes...","og_url":"https:\/\/cardamomo.com\/fr\/artist\/carlos-velazquez\/","og_site_name":"Cardamomo Flamenco Madrid","article_modified_time":"2025-03-12T09:10:08+00:00","og_image":[{"width":600,"height":750,"url":"https:\/\/cardamomo.ams3.digitaloceanspaces.com\/wp-content\/uploads\/2023\/10\/12090939\/carlos-velazquez.jpg","type":"image\/jpeg"}],"twitter_card":"summary_large_image","twitter_misc":{"Dur\u00e9e de lecture estim\u00e9e":"2 minutes"},"schema":{"@context":"https:\/\/schema.org","@graph":[{"@type":"WebPage","@id":"https:\/\/cardamomo.com\/fr\/artist\/carlos-velazquez\/","url":"https:\/\/cardamomo.com\/fr\/artist\/carlos-velazquez\/","name":"Carlos Vel\u00e1zquez (Madrid) - Cardamomo Flamenco Madrid","isPartOf":{"@id":"https:\/\/cardamomo.com\/fr\/#website"},"primaryImageOfPage":{"@id":"https:\/\/cardamomo.com\/fr\/artist\/carlos-velazquez\/#primaryimage"},"image":{"@id":"https:\/\/cardamomo.com\/es\/artist\/carlos-velazquez\/#primaryimage"},"thumbnailUrl":"https:\/\/cardamomo.ams3.digitaloceanspaces.com\/wp-content\/uploads\/2023\/10\/12090939\/carlos-velazquez.jpg","datePublished":"2023-10-23T09:47:21+00:00","dateModified":"2025-03-12T09:10:08+00:00","breadcrumb":{"@id":"https:\/\/cardamomo.com\/fr\/artist\/carlos-velazquez\/#breadcrumb"},"inLanguage":"fr-FR","potentialAction":[{"@type":"ReadAction","target":[["https:\/\/cardamomo.com\/fr\/artist\/carlos-velazquez\/"]]}]},{"@type":"ImageObject","inLanguage":"fr-FR","@id":"https:\/\/cardamomo.com\/fr\/artist\/carlos-velazquez\/#primaryimage","url":"https:\/\/cardamomo.ams3.digitaloceanspaces.com\/wp-content\/uploads\/2023\/10\/12090939\/carlos-velazquez.jpg","contentUrl":"https:\/\/cardamomo.ams3.digitaloceanspaces.com\/wp-content\/uploads\/2023\/10\/12090939\/carlos-velazquez.jpg","width":600,"height":750,"caption":"Bailaor Carlos Vel\u00e1zquez (Madrid)"},{"@type":"BreadcrumbList","@id":"https:\/\/cardamomo.com\/fr\/artist\/carlos-velazquez\/#breadcrumb","itemListElement":[{"@type":"ListItem","position":1,"name":"Cardamomo","item":"https:\/\/cardamomo.com\/fr\/"},{"@type":"ListItem","position":2,"name":"Artists","item":"https:\/\/cardamomo.com\/fr\/artist\/"},{"@type":"ListItem","position":3,"name":"Carlos Vel\u00e1zquez (Madrid)"}]},{"@type":"WebSite","@id":"https:\/\/cardamomo.com\/fr\/#website","url":"https:\/\/cardamomo.com\/fr\/","name":"Cardamomo Flamenco Madrid","description":"","potentialAction":[{"@type":"SearchAction","target":{"@type":"EntryPoint","urlTemplate":"https:\/\/cardamomo.com\/fr\/?s={search_term_string}"},"query-input":{"@type":"PropertyValueSpecification","valueRequired":true,"valueName":"search_term_string"}}],"inLanguage":"fr-FR"}]}},"_links":{"self":[{"href":"https:\/\/cardamomo.com\/fr\/wp-json\/wp\/v2\/artist\/132943","targetHints":{"allow":["GET"]}}],"collection":[{"href":"https:\/\/cardamomo.com\/fr\/wp-json\/wp\/v2\/artist"}],"about":[{"href":"https:\/\/cardamomo.com\/fr\/wp-json\/wp\/v2\/types\/artist"}],"wp:featuredmedia":[{"embeddable":true,"href":"https:\/\/cardamomo.com\/fr\/wp-json\/wp\/v2\/media\/157160"}],"wp:attachment":[{"href":"https:\/\/cardamomo.com\/fr\/wp-json\/wp\/v2\/media?parent=132943"}],"curies":[{"name":"wp","href":"https:\/\/api.w.org\/{rel}","templated":true}]}}