{"id":102767,"date":"2022-06-17T18:41:41","date_gmt":"2022-06-17T16:41:41","guid":{"rendered":"https:\/\/cardamomo.com\/es\/?post_type=artist&#038;p=102767"},"modified":"2025-03-12T10:32:22","modified_gmt":"2025-03-12T10:32:22","slug":"pastora-galvan","status":"publish","type":"artist","link":"https:\/\/cardamomo.com\/fr\/artist\/pastora-galvan\/","title":{"rendered":"Pastora Galv\u00e1n"},"content":{"rendered":"<p><\/p>\n<h4>Biographie<\/h4>\n<p>Danseuse n\u00e9e \u00e0 S\u00e9ville, fille de Jos\u00e9 Galv\u00e1n et s\u0153ur d&rsquo;Israel Galv\u00e1n, une famille de danseurs de flamenco aux styles diff\u00e9rents. \u00a0En 1990, Pastora a commenc\u00e9 \u00e0 \u00e9tudier la danse espagnole au conservatoire de S\u00e9ville jusqu&rsquo;en 1998.\u00a0 \u00c0 l&rsquo;\u00e2ge de 15 ans, elle se rend pour la premi\u00e8re fois aux \u00c9tats-Unis avec la San Francisco Flamenco Theatre Company. L&rsquo;ann\u00e9e suivante, elle enseigne \u00e0 l&rsquo;universit\u00e9 de Stanford et se produit en France avec la compagnie Israel Galv\u00e1n.<\/p>\n<p>Il a port\u00e9 son art dans les principaux th\u00e9\u00e2tres et tablaos espagnols, ainsi que dans plusieurs pays d&rsquo;Europe, au Japon, aux \u00c9tats-Unis, au Moyen-Orient, \u00e0 Cuba, entre autres. L&rsquo;un de ses plus grands d\u00e9fis a \u00e9t\u00e9 de se produire \u00e0 la Biennale en septembre 2006, avec la premi\u00e8re de \u00ab\u00a0La Francesa\u00a0\u00bb, en tant que premi\u00e8re danseuse dans cinq chor\u00e9graphies cr\u00e9\u00e9es sp\u00e9cialement pour elle par Israel Galv\u00e1n. Le succ\u00e8s a \u00e9t\u00e9 tel qu&rsquo;elle a emmen\u00e9 le m\u00eame travail dans d&rsquo;importants festivals tels que le Festival Andaluc\u00eda Flamenca de Madrid, le Festival de Jerez, le Festival Internacional de Granada et Montpellier Danse.<\/p>\n<p>En 2008, elle s&rsquo;est produite avec son fr\u00e8re en tant qu&rsquo;artiste invit\u00e9e dans le spectacle Tres movimientos de Pedro Sierra. La m\u00eame ann\u00e9e, elle collabore avec Carmen Linares, Miguel Poveda et le guitariste Juan Carlos Romero dans Cuatro Esquinas, une \u0153uvre cr\u00e9\u00e9e pour le Festival de flamenco, qui est pr\u00e9sent\u00e9e dans plusieurs villes des \u00c9tats-Unis.<\/p>\n<p>Tout au long de sa carri\u00e8re, il a travaill\u00e9 avec de grands artistes tels que Fernando Terremoto, Carmen Linares, Eva Yervabuena, Antonio Canales, La Susi, Mar\u00eda Pag\u00e9s, Jos\u00e9 Luis Rodr\u00edguez, Arc\u00e1ngel, Joaqu\u00edn Grilo, Pedro Sierra, entre autres. Il collabore actuellement avec le pianiste et compositeur David Pe\u00f1a Dorantes et avec la cantaora Esperanza Fern\u00e1ndez.<\/p>\n<h4>Festivals, \u0153uvres et prix<\/h4>\n<p>Il a particip\u00e9 \u00e0 des festivals dans le monde entier, tels que :<\/p>\n<p>Bienal de Flamenco, Mont-de-Marsans.<\/p>\n<p>Festival del Corral del Carb\u00f3n \u00e0 Grenade ; Alburqueque, Argeles-sur-Mer et Monterrey (Mexique).<\/p>\n<p>Festival Flamenco in the Sun \u00e0 Miami.<\/p>\n<p>Festival de Jerez, Andaluc\u00eda Flamenca, M\u00e1laga en Flamenco, Montpellier Danse.<\/p>\n<p>Festival international de Grenade.<\/p>\n<p>Festival de flamenco (\u00c9tats-Unis).<\/p>\n<p>Biennale de flamenco des Pays-Bas.<\/p>\n<p>Festival de flamenco de N\u00eemes, France.<\/p>\n<p>Festival du printemps au Caire ou \u00e0 Beyrouth.<\/p>\n<p>Festival Flamenc Empiric \u00e0 El Mercat de les Flors \u00e0 Barcelone.<\/p>\n<p>Travail Mira\/Los zapatos rojos d&rsquo;Israel Galv\u00e1n.<\/p>\n<p>La Metamorfosis (2000), Galv\u00e1nicas (2002), avec le guitariste Gerardo N\u00fa\u00f1ez et Dos Hermanos (2004).<\/p>\n<p>Identidades au Teatro Maestranza de S\u00e9ville, dirig\u00e9 par Antonio Canales.<\/p>\n<p>Moratana, \u00e0 la Torre de Don Fadrique de S\u00e9ville, sous la direction sc\u00e9nique de Rub\u00e9n Olmo, organis\u00e9 par la Bienal de Flamenco de Sevilla 2015.<\/p>\n<p>\u00ab\u00a0Mirame\u00a0\u00bb, un bilan de ses dix derni\u00e8res ann\u00e9es de danse en 2016.<\/p>\n<p>\u00ab\u00a0La edad de oro\u00a0\u00bb, reprise d&rsquo;un spectacle d&rsquo;Israel Galv\u00e1n interpr\u00e9t\u00e9 par Pastora dans lequel elle revient \u00e0 l&rsquo;essence du flamenco : danse, chant et jeu de guitare.<\/p>\n<p>La M\u00e1quina de Buler\u00edas \u00e0 la Fundaci\u00f3n Caja Sol \u00e0 S\u00e9ville 2019. Pastora Galv\u00e1n est accompagn\u00e9e sur sc\u00e8ne par Jos\u00e9 Valencia, en tant qu&rsquo;artiste invit\u00e9, et au rythme de \u00ab\u00a0Botote\u00a0\u00bb. Mise en sc\u00e8ne par le bailaor Israel Galv\u00e1n.<\/p>","protected":false},"featured_media":157182,"template":"","meta":{"_acf_changed":false,"inline_featured_image":false},"class_list":["post-102767","artist","type-artist","status-publish","has-post-thumbnail","hentry"],"acf":[],"yoast_head":"<!-- This site is optimized with the Yoast SEO plugin v27.4 - https:\/\/yoast.com\/product\/yoast-seo-wordpress\/ -->\n<title>Pastora Galv\u00e1n - Cardamomo Flamenco Madrid<\/title>\n<meta name=\"robots\" content=\"index, follow, max-snippet:-1, max-image-preview:large, max-video-preview:-1\" \/>\n<link rel=\"canonical\" href=\"\/\" \/>\n<meta property=\"og:locale\" content=\"fr_FR\" \/>\n<meta property=\"og:type\" content=\"article\" \/>\n<meta property=\"og:title\" content=\"Pastora Galv\u00e1n - Cardamomo Flamenco Madrid\" \/>\n<meta property=\"og:description\" content=\"Biographie Danseuse n\u00e9e \u00e0 S\u00e9ville, fille de Jos\u00e9 Galv\u00e1n et s\u0153ur d&rsquo;Israel Galv\u00e1n, une famille de danseurs de flamenco aux styles diff\u00e9rents. \u00a0En 1990, Pastora a commenc\u00e9 \u00e0 \u00e9tudier la danse espagnole au conservatoire de S\u00e9ville jusqu&rsquo;en 1998.\u00a0 \u00c0 l&rsquo;\u00e2ge de 15 ans, elle se rend pour la premi\u00e8re fois aux \u00c9tats-Unis avec la San...\" \/>\n<meta property=\"og:url\" content=\"https:\/\/cardamomo.com\/fr\/artist\/pastora-galvan\/\" \/>\n<meta property=\"og:site_name\" content=\"Cardamomo Flamenco Madrid\" \/>\n<meta property=\"article:modified_time\" content=\"2025-03-12T10:32:22+00:00\" \/>\n<meta property=\"og:image\" content=\"https:\/\/cardamomo.ams3.digitaloceanspaces.com\/wp-content\/uploads\/2022\/06\/12103205\/pastora-galvan.jpg\" \/>\n\t<meta property=\"og:image:width\" content=\"600\" \/>\n\t<meta property=\"og:image:height\" content=\"749\" \/>\n\t<meta property=\"og:image:type\" content=\"image\/jpeg\" \/>\n<meta name=\"twitter:card\" content=\"summary_large_image\" \/>\n<meta name=\"twitter:label1\" content=\"Dur\u00e9e de lecture estim\u00e9e\" \/>\n\t<meta name=\"twitter:data1\" content=\"3 minutes\" \/>\n<script type=\"application\/ld+json\" class=\"yoast-schema-graph\">{\"@context\":\"https:\\\/\\\/schema.org\",\"@graph\":[{\"@type\":\"WebPage\",\"@id\":\"https:\\\/\\\/cardamomo.com\\\/fr\\\/artist\\\/pastora-galvan\\\/\",\"url\":\"https:\\\/\\\/cardamomo.com\\\/fr\\\/artist\\\/pastora-galvan\\\/\",\"name\":\"Pastora Galv\u00e1n - Cardamomo Flamenco Madrid\",\"isPartOf\":{\"@id\":\"https:\\\/\\\/cardamomo.com\\\/fr\\\/#website\"},\"primaryImageOfPage\":{\"@id\":\"https:\\\/\\\/cardamomo.com\\\/fr\\\/artist\\\/pastora-galvan\\\/#primaryimage\"},\"image\":{\"@id\":\"https:\\\/\\\/cardamomo.com\\\/es\\\/artist\\\/pastora-galvan\\\/#primaryimage\"},\"thumbnailUrl\":\"https:\\\/\\\/cardamomo.ams3.digitaloceanspaces.com\\\/wp-content\\\/uploads\\\/2022\\\/06\\\/12103205\\\/pastora-galvan.jpg\",\"datePublished\":\"2022-06-17T16:41:41+00:00\",\"dateModified\":\"2025-03-12T10:32:22+00:00\",\"breadcrumb\":{\"@id\":\"https:\\\/\\\/cardamomo.com\\\/fr\\\/artist\\\/pastora-galvan\\\/#breadcrumb\"},\"inLanguage\":\"fr-FR\",\"potentialAction\":[{\"@type\":\"ReadAction\",\"target\":[[\"https:\\\/\\\/cardamomo.com\\\/fr\\\/artist\\\/pastora-galvan\\\/\"]]}]},{\"@type\":\"ImageObject\",\"inLanguage\":\"fr-FR\",\"@id\":\"https:\\\/\\\/cardamomo.com\\\/fr\\\/artist\\\/pastora-galvan\\\/#primaryimage\",\"url\":\"https:\\\/\\\/cardamomo.ams3.digitaloceanspaces.com\\\/wp-content\\\/uploads\\\/2022\\\/06\\\/12103205\\\/pastora-galvan.jpg\",\"contentUrl\":\"https:\\\/\\\/cardamomo.ams3.digitaloceanspaces.com\\\/wp-content\\\/uploads\\\/2022\\\/06\\\/12103205\\\/pastora-galvan.jpg\",\"width\":600,\"height\":749,\"caption\":\"Bailaora Pastora Galv\u00e1n\"},{\"@type\":\"BreadcrumbList\",\"@id\":\"https:\\\/\\\/cardamomo.com\\\/fr\\\/artist\\\/pastora-galvan\\\/#breadcrumb\",\"itemListElement\":[{\"@type\":\"ListItem\",\"position\":1,\"name\":\"Cardamomo\",\"item\":\"https:\\\/\\\/cardamomo.com\\\/fr\\\/\"},{\"@type\":\"ListItem\",\"position\":2,\"name\":\"Artists\",\"item\":\"https:\\\/\\\/cardamomo.com\\\/fr\\\/artist\\\/\"},{\"@type\":\"ListItem\",\"position\":3,\"name\":\"Pastora Galv\u00e1n\"}]},{\"@type\":\"WebSite\",\"@id\":\"https:\\\/\\\/cardamomo.com\\\/fr\\\/#website\",\"url\":\"https:\\\/\\\/cardamomo.com\\\/fr\\\/\",\"name\":\"Cardamomo Flamenco Madrid\",\"description\":\"\",\"potentialAction\":[{\"@type\":\"SearchAction\",\"target\":{\"@type\":\"EntryPoint\",\"urlTemplate\":\"https:\\\/\\\/cardamomo.com\\\/fr\\\/?s={search_term_string}\"},\"query-input\":{\"@type\":\"PropertyValueSpecification\",\"valueRequired\":true,\"valueName\":\"search_term_string\"}}],\"inLanguage\":\"fr-FR\"}]}<\/script>\n<!-- \/ Yoast SEO plugin. -->","yoast_head_json":{"title":"Pastora Galv\u00e1n - Cardamomo Flamenco Madrid","robots":{"index":"index","follow":"follow","max-snippet":"max-snippet:-1","max-image-preview":"max-image-preview:large","max-video-preview":"max-video-preview:-1"},"canonical":"\/","og_locale":"fr_FR","og_type":"article","og_title":"Pastora Galv\u00e1n - Cardamomo Flamenco Madrid","og_description":"Biographie Danseuse n\u00e9e \u00e0 S\u00e9ville, fille de Jos\u00e9 Galv\u00e1n et s\u0153ur d&rsquo;Israel Galv\u00e1n, une famille de danseurs de flamenco aux styles diff\u00e9rents. \u00a0En 1990, Pastora a commenc\u00e9 \u00e0 \u00e9tudier la danse espagnole au conservatoire de S\u00e9ville jusqu&rsquo;en 1998.\u00a0 \u00c0 l&rsquo;\u00e2ge de 15 ans, elle se rend pour la premi\u00e8re fois aux \u00c9tats-Unis avec la San...","og_url":"https:\/\/cardamomo.com\/fr\/artist\/pastora-galvan\/","og_site_name":"Cardamomo Flamenco Madrid","article_modified_time":"2025-03-12T10:32:22+00:00","og_image":[{"width":600,"height":749,"url":"https:\/\/cardamomo.ams3.digitaloceanspaces.com\/wp-content\/uploads\/2022\/06\/12103205\/pastora-galvan.jpg","type":"image\/jpeg"}],"twitter_card":"summary_large_image","twitter_misc":{"Dur\u00e9e de lecture estim\u00e9e":"3 minutes"},"schema":{"@context":"https:\/\/schema.org","@graph":[{"@type":"WebPage","@id":"https:\/\/cardamomo.com\/fr\/artist\/pastora-galvan\/","url":"https:\/\/cardamomo.com\/fr\/artist\/pastora-galvan\/","name":"Pastora Galv\u00e1n - Cardamomo Flamenco Madrid","isPartOf":{"@id":"https:\/\/cardamomo.com\/fr\/#website"},"primaryImageOfPage":{"@id":"https:\/\/cardamomo.com\/fr\/artist\/pastora-galvan\/#primaryimage"},"image":{"@id":"https:\/\/cardamomo.com\/es\/artist\/pastora-galvan\/#primaryimage"},"thumbnailUrl":"https:\/\/cardamomo.ams3.digitaloceanspaces.com\/wp-content\/uploads\/2022\/06\/12103205\/pastora-galvan.jpg","datePublished":"2022-06-17T16:41:41+00:00","dateModified":"2025-03-12T10:32:22+00:00","breadcrumb":{"@id":"https:\/\/cardamomo.com\/fr\/artist\/pastora-galvan\/#breadcrumb"},"inLanguage":"fr-FR","potentialAction":[{"@type":"ReadAction","target":[["https:\/\/cardamomo.com\/fr\/artist\/pastora-galvan\/"]]}]},{"@type":"ImageObject","inLanguage":"fr-FR","@id":"https:\/\/cardamomo.com\/fr\/artist\/pastora-galvan\/#primaryimage","url":"https:\/\/cardamomo.ams3.digitaloceanspaces.com\/wp-content\/uploads\/2022\/06\/12103205\/pastora-galvan.jpg","contentUrl":"https:\/\/cardamomo.ams3.digitaloceanspaces.com\/wp-content\/uploads\/2022\/06\/12103205\/pastora-galvan.jpg","width":600,"height":749,"caption":"Bailaora Pastora Galv\u00e1n"},{"@type":"BreadcrumbList","@id":"https:\/\/cardamomo.com\/fr\/artist\/pastora-galvan\/#breadcrumb","itemListElement":[{"@type":"ListItem","position":1,"name":"Cardamomo","item":"https:\/\/cardamomo.com\/fr\/"},{"@type":"ListItem","position":2,"name":"Artists","item":"https:\/\/cardamomo.com\/fr\/artist\/"},{"@type":"ListItem","position":3,"name":"Pastora Galv\u00e1n"}]},{"@type":"WebSite","@id":"https:\/\/cardamomo.com\/fr\/#website","url":"https:\/\/cardamomo.com\/fr\/","name":"Cardamomo Flamenco Madrid","description":"","potentialAction":[{"@type":"SearchAction","target":{"@type":"EntryPoint","urlTemplate":"https:\/\/cardamomo.com\/fr\/?s={search_term_string}"},"query-input":{"@type":"PropertyValueSpecification","valueRequired":true,"valueName":"search_term_string"}}],"inLanguage":"fr-FR"}]}},"_links":{"self":[{"href":"https:\/\/cardamomo.com\/fr\/wp-json\/wp\/v2\/artist\/102767","targetHints":{"allow":["GET"]}}],"collection":[{"href":"https:\/\/cardamomo.com\/fr\/wp-json\/wp\/v2\/artist"}],"about":[{"href":"https:\/\/cardamomo.com\/fr\/wp-json\/wp\/v2\/types\/artist"}],"wp:featuredmedia":[{"embeddable":true,"href":"https:\/\/cardamomo.com\/fr\/wp-json\/wp\/v2\/media\/157182"}],"wp:attachment":[{"href":"https:\/\/cardamomo.com\/fr\/wp-json\/wp\/v2\/media?parent=102767"}],"curies":[{"name":"wp","href":"https:\/\/api.w.org\/{rel}","templated":true}]}}