{"version":"1.0","provider_name":"Cardamomo Flamenco Madrid","provider_url":"https:\/\/cardamomo.com\/fr","author_name":"admin_cardamomo","author_url":"https:\/\/cardamomo.com\/fr\/author\/admin_cardamomo\/","title":"F\u00eate et \u00e9motion \u00e0 chaque compas - Cardamomo Flamenco Madrid","type":"rich","width":600,"height":338,"html":"<blockquote class=\"wp-embedded-content\" data-secret=\"v9vrfn3CsQ\"><a href=\"https:\/\/cardamomo.com\/fr\/show\/fiesta-y-sentimiento-en-cada-compas\/\">F\u00eate et \u00e9motion \u00e0 chaque compas<\/a><\/blockquote><iframe sandbox=\"allow-scripts\" security=\"restricted\" src=\"https:\/\/cardamomo.com\/fr\/show\/fiesta-y-sentimiento-en-cada-compas\/embed\/#?secret=v9vrfn3CsQ\" width=\"600\" height=\"338\" title=\"\u00ab\u00a0F\u00eate et \u00e9motion \u00e0 chaque compas\u00a0\u00bb &#8212; Cardamomo Flamenco Madrid\" data-secret=\"v9vrfn3CsQ\" frameborder=\"0\" marginwidth=\"0\" marginheight=\"0\" scrolling=\"no\" class=\"wp-embedded-content\"><\/iframe><script type=\"text\/javascript\">\n\/* <![CDATA[ *\/\n\/*! This file is auto-generated *\/\n!function(d,l){\"use strict\";l.querySelector&&d.addEventListener&&\"undefined\"!=typeof URL&&(d.wp=d.wp||{},d.wp.receiveEmbedMessage||(d.wp.receiveEmbedMessage=function(e){var t=e.data;if((t||t.secret||t.message||t.value)&&!\/[^a-zA-Z0-9]\/.test(t.secret)){for(var s,r,n,a=l.querySelectorAll('iframe[data-secret=\"'+t.secret+'\"]'),o=l.querySelectorAll('blockquote[data-secret=\"'+t.secret+'\"]'),c=new RegExp(\"^https?:$\",\"i\"),i=0;i<o.length;i++)o[i].style.display=\"none\";for(i=0;i<a.length;i++)s=a[i],e.source===s.contentWindow&&(s.removeAttribute(\"style\"),\"height\"===t.message?(1e3<(r=parseInt(t.value,10))?r=1e3:~~r<200&&(r=200),s.height=r):\"link\"===t.message&&(r=new URL(s.getAttribute(\"src\")),n=new URL(t.value),c.test(n.protocol))&&n.host===r.host&&l.activeElement===s&&(d.top.location.href=t.value))}},d.addEventListener(\"message\",d.wp.receiveEmbedMessage,!1),l.addEventListener(\"DOMContentLoaded\",function(){for(var e,t,s=l.querySelectorAll(\"iframe.wp-embedded-content\"),r=0;r<s.length;r++)(t=(e=s[r]).getAttribute(\"data-secret\"))||(t=Math.random().toString(36).substring(2,12),e.src+=\"#?secret=\"+t,e.setAttribute(\"data-secret\",t)),e.contentWindow.postMessage({message:\"ready\",secret:t},\"*\")},!1)))}(window,document);\n\/\/# sourceURL=https:\/\/cardamomo.com\/wp-includes\/js\/wp-embed.min.js\n\/* ]]> *\/\n<\/script>\n","thumbnail_url":"https:\/\/cardamomo.ams3.digitaloceanspaces.com\/wp-content\/uploads\/2025\/01\/21091717\/programacion-cardamomo.jpg","thumbnail_width":1200,"thumbnail_height":800,"description":"Au Cardamomo, chaque soir est du flamenco \u00e0 l\u2019\u00e9tat pur. Des chants les plus profonds aux danses les plus festives, ce que nous vivons ici est un hommage quotidien \u00e0 la force et \u00e0 la beaut\u00e9 de cet art. Avec l\u2019arriv\u00e9e du printemps, la sc\u00e8ne se remplit de joie et d\u2019\u00e9nergie. Les artistes donnent tout,..."}