{"id":95900,"date":"2022-03-25T21:45:05","date_gmt":"2022-03-25T21:45:05","guid":{"rendered":"https:\/\/cardamomo.com\/es\/?post_type=show&#038;p=95900"},"modified":"2024-12-26T21:59:05","modified_gmt":"2024-12-26T21:59:05","slug":"el-bailaor-y-coreografo-alfonso-losa-aterriza-en-cardamomo","status":"publish","type":"show","link":"https:\/\/cardamomo.com\/es\/show\/el-bailaor-y-coreografo-alfonso-losa-nos-visita-en-navidad\/","title":{"rendered":"El bailaor y core\u00f3grafo Alfonso Losa nos visita en Navidad"},"content":{"rendered":"<p><span style=\"color: #000000;\"><strong>El artista madrile\u00f1o,<\/strong> conocido por ser el autor de m\u00faltiples espect\u00e1culos que han recorrido nuestro pa\u00eds, ha sido premiado en numerosas ocasiones gracias a su t\u00e9cnica, estilo y profesionalidad. Algunos de los galardones m\u00e1s destacados son: el Premio El Desplante en el Festival del Cante de las Minas; Premio El G\u00fcito por sole\u00e1 en el Concurso de Arte Flamenco de C\u00f3rdoba 2007;\u00a0 Premio al Bailar\u00edn Sobresaliente del Certamen Coreogr\u00e1fico de Madrid, entre otros. <\/span><\/p>\n<p><span style=\"color: #000000;\">Adem\u00e1s, <strong>Alfonso Losa<\/strong> experiment\u00f3 un cambio en la forma de expresar su arte con su espect\u00e1culo Con-secuencia. Este fue presentado en el Festival de Jerez 2018. Su obra marc\u00f3<\/span><span style=\"color: #000000;\"> un antes y un despu\u00e9s en su carrera como artista. Apoyado por el trabajo esc\u00e9nico del director Florencio Campos, Losa recapitula lo aprendido para lanzarse a una nueva experiencia: investigar en la improvisaci\u00f3n y en la gesti\u00f3n de la energ\u00eda esc\u00e9nica, en tiempo real. Un reto al que muy pocos artistas pueden enfrentarse.\u00a0<\/span><\/p>\n<p><span style=\"color: #000000;\">Descubre una nueva forma de ver el arte con nuestro artista invitado. <\/span><\/p>\n<p>\u00a1Consigue ya tus entradas!<\/p>\n<p>???? reservas@cardamomo.com<\/p>\n<p>\u260e\ufe0f ( +34) 91 805 1038\/ (+34) 691 02 21 17<\/p>\n<p>???? cardamomo.com<\/p>\n<p>&nbsp;<\/p>\n<p><img loading=\"lazy\" decoding=\"async\" class=\"alignnone wp-image-110225\" src=\"https:\/\/cardamomo.com\/wp-content\/uploads\/2022\/01\/logo-gobierno-copia-231x300.jpg\" alt=\"\" width=\"45\" height=\"59\" \/><img loading=\"lazy\" decoding=\"async\" class=\"alignnone wp-image-110187\" src=\"https:\/\/cardamomo.com\/wp-content\/uploads\/2022\/03\/firma_madrid_negro-300x82.png\" alt=\"\" width=\"253\" height=\"69\" \/><img loading=\"lazy\" decoding=\"async\" class=\"alignnone wp-image-110202\" src=\"https:\/\/pro.cardamomo.com\/wp-content\/uploads\/2022\/01\/inaem-02-cajetin-rojo-300x53.png\" alt=\"\" width=\"328\" height=\"58\" \/> <img loading=\"lazy\" decoding=\"async\" class=\"alignnone wp-image-115034\" src=\"https:\/\/cardamomo.com\/wp-content\/uploads\/2022\/03\/espana-puede-logo.png\" alt=\"\" width=\"100\" height=\"58\" \/><\/p>\n<p>&nbsp;<\/p>","protected":false},"featured_media":98943,"template":"","meta":{"_acf_changed":false,"inline_featured_image":false},"class_list":["post-95900","show","type-show","status-publish","has-post-thumbnail","hentry"],"acf":[],"yoast_head":"<!-- This site is optimized with the Yoast SEO plugin v27.4 - https:\/\/yoast.com\/product\/yoast-seo-wordpress\/ -->\n<title>El bailaor y core\u00f3grafo Alfonso Losa nos visita en Navidad - Cardamomo Flamenco Madrid<\/title>\n<meta name=\"robots\" content=\"index, follow, max-snippet:-1, max-image-preview:large, max-video-preview:-1\" \/>\n<link rel=\"canonical\" href=\"\/\" \/>\n<meta property=\"og:locale\" content=\"es_ES\" \/>\n<meta property=\"og:type\" content=\"article\" \/>\n<meta property=\"og:title\" content=\"El bailaor y core\u00f3grafo Alfonso Losa nos visita en Navidad - Cardamomo Flamenco Madrid\" \/>\n<meta property=\"og:description\" content=\"El artista madrile\u00f1o, conocido por ser el autor de m\u00faltiples espect\u00e1culos que han recorrido nuestro pa\u00eds, ha sido premiado en numerosas ocasiones gracias a su t\u00e9cnica, estilo y profesionalidad. Algunos de los galardones m\u00e1s destacados son: el Premio El Desplante en el Festival del Cante de las Minas; Premio El G\u00fcito por sole\u00e1 en el...\" \/>\n<meta property=\"og:url\" content=\"https:\/\/cardamomo.com\/es\/show\/el-bailaor-y-coreografo-alfonso-losa-nos-visita-en-navidad\/\" \/>\n<meta property=\"og:site_name\" content=\"Cardamomo Flamenco Madrid\" \/>\n<meta property=\"article:modified_time\" content=\"2024-12-26T21:59:05+00:00\" \/>\n<meta name=\"twitter:card\" content=\"summary_large_image\" \/>\n<meta name=\"twitter:label1\" content=\"Tiempo de lectura\" \/>\n\t<meta name=\"twitter:data1\" content=\"2 minutos\" \/>\n<script type=\"application\/ld+json\" class=\"yoast-schema-graph\">{\"@context\":\"https:\\\/\\\/schema.org\",\"@graph\":[{\"@type\":\"WebPage\",\"@id\":\"https:\\\/\\\/cardamomo.com\\\/es\\\/show\\\/el-bailaor-y-coreografo-alfonso-losa-nos-visita-en-navidad\\\/\",\"url\":\"https:\\\/\\\/cardamomo.com\\\/es\\\/show\\\/el-bailaor-y-coreografo-alfonso-losa-nos-visita-en-navidad\\\/\",\"name\":\"El bailaor y core\u00f3grafo Alfonso Losa nos visita en Navidad - Cardamomo Flamenco Madrid\",\"isPartOf\":{\"@id\":\"https:\\\/\\\/cardamomo.com\\\/es\\\/#website\"},\"primaryImageOfPage\":{\"@id\":\"https:\\\/\\\/cardamomo.com\\\/es\\\/show\\\/el-bailaor-y-coreografo-alfonso-losa-nos-visita-en-navidad\\\/#primaryimage\"},\"image\":{\"@id\":\"https:\\\/\\\/cardamomo.com\\\/es\\\/show\\\/el-bailaor-y-coreografo-alfonso-losa-nos-visita-en-navidad\\\/#primaryimage\"},\"thumbnailUrl\":\"\",\"datePublished\":\"2022-03-25T21:45:05+00:00\",\"dateModified\":\"2024-12-26T21:59:05+00:00\",\"breadcrumb\":{\"@id\":\"https:\\\/\\\/cardamomo.com\\\/es\\\/show\\\/el-bailaor-y-coreografo-alfonso-losa-nos-visita-en-navidad\\\/#breadcrumb\"},\"inLanguage\":\"es\",\"potentialAction\":[{\"@type\":\"ReadAction\",\"target\":[[\"https:\\\/\\\/cardamomo.com\\\/es\\\/show\\\/el-bailaor-y-coreografo-alfonso-losa-nos-visita-en-navidad\\\/\"]]}]},{\"@type\":\"ImageObject\",\"inLanguage\":\"es\",\"@id\":\"https:\\\/\\\/cardamomo.com\\\/es\\\/show\\\/el-bailaor-y-coreografo-alfonso-losa-nos-visita-en-navidad\\\/#primaryimage\",\"url\":\"\",\"contentUrl\":\"\"},{\"@type\":\"BreadcrumbList\",\"@id\":\"https:\\\/\\\/cardamomo.com\\\/es\\\/show\\\/el-bailaor-y-coreografo-alfonso-losa-nos-visita-en-navidad\\\/#breadcrumb\",\"itemListElement\":[{\"@type\":\"ListItem\",\"position\":1,\"name\":\"Cardamomo\",\"item\":\"https:\\\/\\\/cardamomo.com\\\/es\\\/\"},{\"@type\":\"ListItem\",\"position\":2,\"name\":\"Shows\",\"item\":\"https:\\\/\\\/cardamomo.com\\\/es\\\/show\\\/\"},{\"@type\":\"ListItem\",\"position\":3,\"name\":\"El bailaor y core\u00f3grafo Alfonso Losa nos visita en Navidad\"}]},{\"@type\":\"WebSite\",\"@id\":\"https:\\\/\\\/cardamomo.com\\\/es\\\/#website\",\"url\":\"https:\\\/\\\/cardamomo.com\\\/es\\\/\",\"name\":\"Cardamomo Flamenco Madrid\",\"description\":\"\",\"potentialAction\":[{\"@type\":\"SearchAction\",\"target\":{\"@type\":\"EntryPoint\",\"urlTemplate\":\"https:\\\/\\\/cardamomo.com\\\/es\\\/?s={search_term_string}\"},\"query-input\":{\"@type\":\"PropertyValueSpecification\",\"valueRequired\":true,\"valueName\":\"search_term_string\"}}],\"inLanguage\":\"es\"}]}<\/script>\n<!-- \/ Yoast SEO plugin. -->","yoast_head_json":{"title":"El bailaor y core\u00f3grafo Alfonso Losa nos visita en Navidad - Cardamomo Flamenco Madrid","robots":{"index":"index","follow":"follow","max-snippet":"max-snippet:-1","max-image-preview":"max-image-preview:large","max-video-preview":"max-video-preview:-1"},"canonical":"\/","og_locale":"es_ES","og_type":"article","og_title":"El bailaor y core\u00f3grafo Alfonso Losa nos visita en Navidad - Cardamomo Flamenco Madrid","og_description":"El artista madrile\u00f1o, conocido por ser el autor de m\u00faltiples espect\u00e1culos que han recorrido nuestro pa\u00eds, ha sido premiado en numerosas ocasiones gracias a su t\u00e9cnica, estilo y profesionalidad. Algunos de los galardones m\u00e1s destacados son: el Premio El Desplante en el Festival del Cante de las Minas; Premio El G\u00fcito por sole\u00e1 en el...","og_url":"https:\/\/cardamomo.com\/es\/show\/el-bailaor-y-coreografo-alfonso-losa-nos-visita-en-navidad\/","og_site_name":"Cardamomo Flamenco Madrid","article_modified_time":"2024-12-26T21:59:05+00:00","twitter_card":"summary_large_image","twitter_misc":{"Tiempo de lectura":"2 minutos"},"schema":{"@context":"https:\/\/schema.org","@graph":[{"@type":"WebPage","@id":"https:\/\/cardamomo.com\/es\/show\/el-bailaor-y-coreografo-alfonso-losa-nos-visita-en-navidad\/","url":"https:\/\/cardamomo.com\/es\/show\/el-bailaor-y-coreografo-alfonso-losa-nos-visita-en-navidad\/","name":"El bailaor y core\u00f3grafo Alfonso Losa nos visita en Navidad - Cardamomo Flamenco Madrid","isPartOf":{"@id":"https:\/\/cardamomo.com\/es\/#website"},"primaryImageOfPage":{"@id":"https:\/\/cardamomo.com\/es\/show\/el-bailaor-y-coreografo-alfonso-losa-nos-visita-en-navidad\/#primaryimage"},"image":{"@id":"https:\/\/cardamomo.com\/es\/show\/el-bailaor-y-coreografo-alfonso-losa-nos-visita-en-navidad\/#primaryimage"},"thumbnailUrl":"","datePublished":"2022-03-25T21:45:05+00:00","dateModified":"2024-12-26T21:59:05+00:00","breadcrumb":{"@id":"https:\/\/cardamomo.com\/es\/show\/el-bailaor-y-coreografo-alfonso-losa-nos-visita-en-navidad\/#breadcrumb"},"inLanguage":"es","potentialAction":[{"@type":"ReadAction","target":[["https:\/\/cardamomo.com\/es\/show\/el-bailaor-y-coreografo-alfonso-losa-nos-visita-en-navidad\/"]]}]},{"@type":"ImageObject","inLanguage":"es","@id":"https:\/\/cardamomo.com\/es\/show\/el-bailaor-y-coreografo-alfonso-losa-nos-visita-en-navidad\/#primaryimage","url":"","contentUrl":""},{"@type":"BreadcrumbList","@id":"https:\/\/cardamomo.com\/es\/show\/el-bailaor-y-coreografo-alfonso-losa-nos-visita-en-navidad\/#breadcrumb","itemListElement":[{"@type":"ListItem","position":1,"name":"Cardamomo","item":"https:\/\/cardamomo.com\/es\/"},{"@type":"ListItem","position":2,"name":"Shows","item":"https:\/\/cardamomo.com\/es\/show\/"},{"@type":"ListItem","position":3,"name":"El bailaor y core\u00f3grafo Alfonso Losa nos visita en Navidad"}]},{"@type":"WebSite","@id":"https:\/\/cardamomo.com\/es\/#website","url":"https:\/\/cardamomo.com\/es\/","name":"Cardamomo Flamenco Madrid","description":"","potentialAction":[{"@type":"SearchAction","target":{"@type":"EntryPoint","urlTemplate":"https:\/\/cardamomo.com\/es\/?s={search_term_string}"},"query-input":{"@type":"PropertyValueSpecification","valueRequired":true,"valueName":"search_term_string"}}],"inLanguage":"es"}]}},"_links":{"self":[{"href":"https:\/\/cardamomo.com\/es\/wp-json\/wp\/v2\/show\/95900","targetHints":{"allow":["GET"]}}],"collection":[{"href":"https:\/\/cardamomo.com\/es\/wp-json\/wp\/v2\/show"}],"about":[{"href":"https:\/\/cardamomo.com\/es\/wp-json\/wp\/v2\/types\/show"}],"wp:featuredmedia":[{"embeddable":true,"href":"https:\/\/cardamomo.com\/es\/wp-json\/"}],"wp:attachment":[{"href":"https:\/\/cardamomo.com\/es\/wp-json\/wp\/v2\/media?parent=95900"}],"curies":[{"name":"wp","href":"https:\/\/api.w.org\/{rel}","templated":true}]}}