{"id":84858,"date":"2022-03-15T13:58:13","date_gmt":"2022-03-15T12:58:13","guid":{"rendered":"https:\/\/cardamomo.com\/es\/?post_type=show&amp;p=84858"},"modified":"2022-03-15T13:58:13","modified_gmt":"2022-03-15T12:58:13","slug":"el-yiyo-19-al-22-de-agosto","status":"publish","type":"show","link":"https:\/\/cardamomo.com\/es\/show\/el-yiyo-vuelve-a-cardamomo\/","title":{"rendered":"El Yiyo vuelve a Cardamomo"},"content":{"rendered":"<p><strong>El Yiyo, joven bailaor que vuelve con m\u00e1s arte que nunca a Cardamomo<\/strong><\/p>\n<p>Desde ni\u00f1o, el bailaor catal\u00e1n ha sido un amante del baile flamenco.<\/p>\n<blockquote><p><em>aprendi\u00f3 a bailar antes que a caminar<\/em><\/p><\/blockquote>\n<p>Y no nos extra\u00f1a \u00a1lo hace genial! El bailaor lleva m\u00e1s de 17 a\u00f1os llenando tablaos de arte, magia y pasi\u00f3n. Antes de cumplir la mayor\u00eda de edad, el Yiyo ya compart\u00eda cartel con grandes artistas del flamenco como Estrella Morente, Miguel Poveda, Duquende, entre otros. Un artista que a pesar de su juventud lleva muchos a\u00f1os encima de los escenarios creando su sello propio en el baile.<\/p>\n<p>Inspir\u00e1ndose en los m\u00e1s grandes como <b>Eduardo Serrano \u00abEl G\u00fcito\u00bb<\/b>, <b>Joaquin Cort\u00e9s<\/b>, <b>Farruquito<\/b> y <b>Antonio Canales,<\/b> el joven bailaor continua trabajando duro para \u00abcrear escuela\u00bb y compartir su arte con el mundo. Con su baile, desprende una energ\u00eda \u00fanica capaz de transmitir sensaciones e historias con su huella tan caracter\u00edstica y personal.\u00a0 Gracias a su estilo tan caracter\u00edstico, se ha convertido en un icono del mundo del flamenco, pudiendo formar parte de grandes proyectos art\u00edsticos del mundo de la m\u00fasica junto a artistas como <a href=\"https:\/\/www.youtube.com\/watch?v=_3c-dGdwgXc\">Lola \u00cdndigo<\/a>, el cine y el dise\u00f1o de moda, desfilando para firmas como <em><a href=\"https:\/\/www.islamanagement.com\/news\/20-el-yiyo-for-palomo-spain\/\">Palomo Spain.<\/a><\/em><\/p>\n<p><a href=\"https:\/\/cardamomo.com\/es\/comprar-entradas\/\"><br \/>\n<img decoding=\"async\" class=\"banner_mb\" src=\"https:\/\/cardamomo.com\/wp-content\/uploads\/2024\/03\/banner-2_mb.jpg\" alt=\"Consigue Entradas de Flamenco en Madrid: Descubre el alma de Espa\u00f1a en Cardamomo\" width=\"100%\" \/><br \/>\n<img decoding=\"async\" class=\"banner_dsk\" src=\"https:\/\/cardamomo.com\/wp-content\/uploads\/2024\/03\/banner-2.jpg\" alt=\"Consigue Entradas de Flamenco en Madrid: Descubre el alma de Espa\u00f1a en Cardamomo\" width=\"100%\" \/><br \/>\n<\/a><\/p>\n<p>Sin duda, el Yiyo es uno de los bailaores con m\u00e1s proyecci\u00f3n en estos momentos, dentro y fuera de los tablaos y teatros.<\/p>\n<h2>El Yiyo vuelve a Cardamomo. Fechas \u00fanicas.<\/h2>\n<p>\u00a1No te pierdas la oportunidad de ver a esta nueva estrella del baile flamenco a escasos cent\u00edmetros de \u00e9l!<\/p>\n<p>\u00a1Os esperamos!<\/p>\n<p class=\"p1\"><span class=\"s1\">Reservas:<\/span><\/p>\n<p>???? reservas@cardamomo.com<\/p>\n<p class=\"p2\">\u260e\ufe0f (\u200b +34) 91 805 1038\/ (+34) 691 02 21 17<\/p>\n<p class=\"p1\"><span class=\"s1\">???? <\/span><a href=\"https:\/\/cardamomo.com\/es\/comprar-entradas\/\">cardamomo.com<\/a><\/p>\n<p><img loading=\"lazy\" decoding=\"async\" class=\"alignnone wp-image-110199\" src=\"https:\/\/cardamomo.com\/wp-content\/uploads\/2022\/03\/log_comunidad_m.jpg\" alt=\"\" width=\"38\" height=\"54\" \/><img loading=\"lazy\" decoding=\"async\" class=\"alignnone wp-image-110187\" src=\"https:\/\/cardamomo.com\/wp-content\/uploads\/2022\/03\/firma_madrid_negro-300x82.png\" alt=\"\" width=\"227\" height=\"62\" \/><img loading=\"lazy\" decoding=\"async\" class=\"alignnone wp-image-110186\" src=\"https:\/\/cardamomo.com\/wp-content\/uploads\/2022\/03\/inaem-02-cajetin-rojo-300x53.png\" alt=\"\" width=\"294\" height=\"52\" \/><\/p>","protected":false},"featured_media":98954,"template":"","meta":{"_acf_changed":false,"inline_featured_image":false},"class_list":["post-84858","show","type-show","status-publish","has-post-thumbnail","hentry"],"acf":[],"yoast_head":"<!-- This site is optimized with the Yoast SEO plugin v27.4 - https:\/\/yoast.com\/product\/yoast-seo-wordpress\/ -->\n<title>El Yiyo vuelve a Cardamomo<\/title>\n<meta name=\"description\" content=\"\u00a1El Yiyo vuelve a Cardamomo! No te pierdas todos los detalles del espect\u00e1culo de este joven figura del baile flamenco.\" \/>\n<meta name=\"robots\" content=\"index, follow, max-snippet:-1, max-image-preview:large, max-video-preview:-1\" \/>\n<link rel=\"canonical\" href=\"\/\" \/>\n<meta property=\"og:locale\" content=\"es_ES\" \/>\n<meta property=\"og:type\" content=\"article\" \/>\n<meta property=\"og:title\" content=\"El Yiyo vuelve a Cardamomo\" \/>\n<meta property=\"og:description\" content=\"\u00a1El Yiyo vuelve a Cardamomo! No te pierdas todos los detalles del espect\u00e1culo de este joven figura del baile flamenco.\" \/>\n<meta property=\"og:url\" content=\"https:\/\/cardamomo.com\/es\/show\/el-yiyo-vuelve-a-cardamomo\/\" \/>\n<meta property=\"og:site_name\" content=\"Cardamomo Flamenco Madrid\" \/>\n<meta name=\"twitter:card\" content=\"summary_large_image\" \/>\n<meta name=\"twitter:label1\" content=\"Tiempo de lectura\" \/>\n\t<meta name=\"twitter:data1\" content=\"3 minutos\" \/>\n<script type=\"application\/ld+json\" class=\"yoast-schema-graph\">{\"@context\":\"https:\\\/\\\/schema.org\",\"@graph\":[{\"@type\":\"WebPage\",\"@id\":\"https:\\\/\\\/cardamomo.com\\\/es\\\/show\\\/el-yiyo-vuelve-a-cardamomo\\\/\",\"url\":\"https:\\\/\\\/cardamomo.com\\\/es\\\/show\\\/el-yiyo-vuelve-a-cardamomo\\\/\",\"name\":\"El Yiyo vuelve a Cardamomo\",\"isPartOf\":{\"@id\":\"https:\\\/\\\/cardamomo.com\\\/es\\\/#website\"},\"primaryImageOfPage\":{\"@id\":\"https:\\\/\\\/cardamomo.com\\\/es\\\/show\\\/el-yiyo-vuelve-a-cardamomo\\\/#primaryimage\"},\"image\":{\"@id\":\"https:\\\/\\\/cardamomo.com\\\/es\\\/show\\\/el-yiyo-vuelve-a-cardamomo\\\/#primaryimage\"},\"thumbnailUrl\":\"\",\"datePublished\":\"2022-03-15T12:58:13+00:00\",\"description\":\"\u00a1El Yiyo vuelve a Cardamomo! No te pierdas todos los detalles del espect\u00e1culo de este joven figura del baile flamenco.\",\"breadcrumb\":{\"@id\":\"https:\\\/\\\/cardamomo.com\\\/es\\\/show\\\/el-yiyo-vuelve-a-cardamomo\\\/#breadcrumb\"},\"inLanguage\":\"es\",\"potentialAction\":[{\"@type\":\"ReadAction\",\"target\":[[\"https:\\\/\\\/cardamomo.com\\\/es\\\/show\\\/el-yiyo-vuelve-a-cardamomo\\\/\"]]}]},{\"@type\":\"ImageObject\",\"inLanguage\":\"es\",\"@id\":\"https:\\\/\\\/cardamomo.com\\\/es\\\/show\\\/el-yiyo-vuelve-a-cardamomo\\\/#primaryimage\",\"url\":\"\",\"contentUrl\":\"\"},{\"@type\":\"BreadcrumbList\",\"@id\":\"https:\\\/\\\/cardamomo.com\\\/es\\\/show\\\/el-yiyo-vuelve-a-cardamomo\\\/#breadcrumb\",\"itemListElement\":[{\"@type\":\"ListItem\",\"position\":1,\"name\":\"Cardamomo\",\"item\":\"https:\\\/\\\/cardamomo.com\\\/es\\\/\"},{\"@type\":\"ListItem\",\"position\":2,\"name\":\"Shows\",\"item\":\"https:\\\/\\\/cardamomo.com\\\/es\\\/show\\\/\"},{\"@type\":\"ListItem\",\"position\":3,\"name\":\"El Yiyo vuelve a Cardamomo\"}]},{\"@type\":\"WebSite\",\"@id\":\"https:\\\/\\\/cardamomo.com\\\/es\\\/#website\",\"url\":\"https:\\\/\\\/cardamomo.com\\\/es\\\/\",\"name\":\"Cardamomo Flamenco Madrid\",\"description\":\"\",\"potentialAction\":[{\"@type\":\"SearchAction\",\"target\":{\"@type\":\"EntryPoint\",\"urlTemplate\":\"https:\\\/\\\/cardamomo.com\\\/es\\\/?s={search_term_string}\"},\"query-input\":{\"@type\":\"PropertyValueSpecification\",\"valueRequired\":true,\"valueName\":\"search_term_string\"}}],\"inLanguage\":\"es\"}]}<\/script>\n<!-- \/ Yoast SEO plugin. -->","yoast_head_json":{"title":"El Yiyo vuelve a Cardamomo","description":"\u00a1El Yiyo vuelve a Cardamomo! No te pierdas todos los detalles del espect\u00e1culo de este joven figura del baile flamenco.","robots":{"index":"index","follow":"follow","max-snippet":"max-snippet:-1","max-image-preview":"max-image-preview:large","max-video-preview":"max-video-preview:-1"},"canonical":"\/","og_locale":"es_ES","og_type":"article","og_title":"El Yiyo vuelve a Cardamomo","og_description":"\u00a1El Yiyo vuelve a Cardamomo! No te pierdas todos los detalles del espect\u00e1culo de este joven figura del baile flamenco.","og_url":"https:\/\/cardamomo.com\/es\/show\/el-yiyo-vuelve-a-cardamomo\/","og_site_name":"Cardamomo Flamenco Madrid","twitter_card":"summary_large_image","twitter_misc":{"Tiempo de lectura":"3 minutos"},"schema":{"@context":"https:\/\/schema.org","@graph":[{"@type":"WebPage","@id":"https:\/\/cardamomo.com\/es\/show\/el-yiyo-vuelve-a-cardamomo\/","url":"https:\/\/cardamomo.com\/es\/show\/el-yiyo-vuelve-a-cardamomo\/","name":"El Yiyo vuelve a Cardamomo","isPartOf":{"@id":"https:\/\/cardamomo.com\/es\/#website"},"primaryImageOfPage":{"@id":"https:\/\/cardamomo.com\/es\/show\/el-yiyo-vuelve-a-cardamomo\/#primaryimage"},"image":{"@id":"https:\/\/cardamomo.com\/es\/show\/el-yiyo-vuelve-a-cardamomo\/#primaryimage"},"thumbnailUrl":"","datePublished":"2022-03-15T12:58:13+00:00","description":"\u00a1El Yiyo vuelve a Cardamomo! No te pierdas todos los detalles del espect\u00e1culo de este joven figura del baile flamenco.","breadcrumb":{"@id":"https:\/\/cardamomo.com\/es\/show\/el-yiyo-vuelve-a-cardamomo\/#breadcrumb"},"inLanguage":"es","potentialAction":[{"@type":"ReadAction","target":[["https:\/\/cardamomo.com\/es\/show\/el-yiyo-vuelve-a-cardamomo\/"]]}]},{"@type":"ImageObject","inLanguage":"es","@id":"https:\/\/cardamomo.com\/es\/show\/el-yiyo-vuelve-a-cardamomo\/#primaryimage","url":"","contentUrl":""},{"@type":"BreadcrumbList","@id":"https:\/\/cardamomo.com\/es\/show\/el-yiyo-vuelve-a-cardamomo\/#breadcrumb","itemListElement":[{"@type":"ListItem","position":1,"name":"Cardamomo","item":"https:\/\/cardamomo.com\/es\/"},{"@type":"ListItem","position":2,"name":"Shows","item":"https:\/\/cardamomo.com\/es\/show\/"},{"@type":"ListItem","position":3,"name":"El Yiyo vuelve a Cardamomo"}]},{"@type":"WebSite","@id":"https:\/\/cardamomo.com\/es\/#website","url":"https:\/\/cardamomo.com\/es\/","name":"Cardamomo Flamenco Madrid","description":"","potentialAction":[{"@type":"SearchAction","target":{"@type":"EntryPoint","urlTemplate":"https:\/\/cardamomo.com\/es\/?s={search_term_string}"},"query-input":{"@type":"PropertyValueSpecification","valueRequired":true,"valueName":"search_term_string"}}],"inLanguage":"es"}]}},"_links":{"self":[{"href":"https:\/\/cardamomo.com\/es\/wp-json\/wp\/v2\/show\/84858","targetHints":{"allow":["GET"]}}],"collection":[{"href":"https:\/\/cardamomo.com\/es\/wp-json\/wp\/v2\/show"}],"about":[{"href":"https:\/\/cardamomo.com\/es\/wp-json\/wp\/v2\/types\/show"}],"wp:featuredmedia":[{"embeddable":true,"href":"https:\/\/cardamomo.com\/es\/wp-json\/"}],"wp:attachment":[{"href":"https:\/\/cardamomo.com\/es\/wp-json\/wp\/v2\/media?parent=84858"}],"curies":[{"name":"wp","href":"https:\/\/api.w.org\/{rel}","templated":true}]}}