{"id":157974,"date":"2025-11-17T10:26:01","date_gmt":"2025-11-17T09:26:01","guid":{"rendered":"https:\/\/cardamomo.com\/es\/?post_type=show&#038;p=157974"},"modified":"2025-11-27T14:11:04","modified_gmt":"2025-11-27T13:11:04","slug":"esta-semana-cardamomo-presenta-un-vendaval-de-talento-flamenco","status":"publish","type":"show","link":"https:\/\/cardamomo.com\/es\/show\/semana-vendaval-flamenco\/","title":{"rendered":"Esta semana Cardamomo presenta un vendaval de talento Flamenco"},"content":{"rendered":"<p><\/p>\n<p class=\"ng-star-inserted\"><span class=\"ng-star-inserted\">Esta semana del <strong>17 de Noviembre<\/strong>, el escenario de <strong>Cardamomo<\/strong> se convierte en un punto de encuentro, en un cruce de caminos donde se van a citar algunos de los nombres m\u00e1s potentes del flamenco. Hemos reunido a un elenco de fueras de serie, y cada noche ser\u00e1 una oportunidad \u00fanica para ver qu\u00e9 surge de la magia de su encuentro.<\/span><\/p>\n<p class=\"ng-star-inserted\"><span class=\"ng-star-inserted\">Prep\u00e1rate, porque el\u00a0<\/span><strong class=\"ng-star-inserted\"><span class=\"ng-star-inserted\">baile<\/span><\/strong><span class=\"ng-star-inserted\">\u00a0va a ser un aut\u00e9ntico vendaval. A lo largo de estos siete d\u00edas, por nuestras tablas va a pasar un desfile de titanes que te dejar\u00e1 sin aliento: la fuerza arrolladora del\u00a0<\/span><strong class=\"ng-star-inserted\"><span class=\"ng-star-inserted\">Yiyo<\/span><\/strong><span class=\"ng-star-inserted\">, el torbellino\u00a0<\/span><strong class=\"ng-star-inserted\"><span class=\"ng-star-inserted\">Rapico<\/span><\/strong><span class=\"ng-star-inserted\">, la elegancia de\u00a0<\/span><strong class=\"ng-star-inserted\"><span class=\"ng-star-inserted\">Paula Rodr\u00edguez L\u00e1zaro<\/span><\/strong><span class=\"ng-star-inserted\">, el duende de\u00a0<\/span><strong class=\"ng-star-inserted\"><span class=\"ng-star-inserted\">Angelita Espanadero<\/span><\/strong><span class=\"ng-star-inserted\">, el arte de\u00a0<\/span><strong class=\"ng-star-inserted\"><span class=\"ng-star-inserted\">Estefan\u00eda Narv\u00e1ez<\/span><\/strong><span class=\"ng-star-inserted\">, la raza de\u00a0<\/span><strong class=\"ng-star-inserted\"><span class=\"ng-star-inserted\">Clara Gutierrez<\/span><\/strong><span class=\"ng-star-inserted\">\u00a0y la chispa de\u00a0<\/span><strong class=\"ng-star-inserted\"><span class=\"ng-star-inserted\">Tachu<\/span><\/strong><span class=\"ng-star-inserted\">. Imag\u00ednate la que se puede liar con todos estos monstruos compartiendo el mismo aire.<\/span><\/p>\n<p class=\"ng-star-inserted\"><span class=\"ng-star-inserted\">El hilo conductor de esta locura, la banda sonora que lo har\u00e1 posible, estar\u00e1 en las manos de un maestro a la\u00a0<\/span><strong class=\"ng-star-inserted\"><span class=\"ng-star-inserted\">guitarra<\/span><\/strong><span class=\"ng-star-inserted\">: el gran\u00a0<\/span><strong class=\"ng-star-inserted\"><span class=\"ng-star-inserted\">Mario Montoya<\/span><\/strong><span class=\"ng-star-inserted\">. \u00c9l ser\u00e1 el encargado de tejer los sonidos para que todo este talento pueda volar libre.<\/span><\/p>\n<p class=\"ng-star-inserted\"><span class=\"ng-star-inserted\">Y las voces&#8230; \u00a1ay, las voces! El\u00a0<\/span><strong class=\"ng-star-inserted\"><span class=\"ng-star-inserted\">cante<\/span><\/strong><span class=\"ng-star-inserted\">\u00a0esta semana es un mano a mano constante entre almas gitanas. Por nuestro escenario pasar\u00e1n el eco profundo de\u00a0<\/span><strong class=\"ng-star-inserted\"><span class=\"ng-star-inserted\">Jacob Quir\u00f3s<\/span><\/strong><span class=\"ng-star-inserted\">, la jondura de\u00a0<\/span><strong class=\"ng-star-inserted\"><span class=\"ng-star-inserted\">Antonio de Manuela<\/span><\/strong><span class=\"ng-star-inserted\">, el pellizco de\u00a0<\/span><strong class=\"ng-star-inserted\"><span class=\"ng-star-inserted\">Jua\u00f1arito<\/span><\/strong><span class=\"ng-star-inserted\">\u00a0y la voz de pura ley de\u00a0<\/span><strong class=\"ng-star-inserted\"><span class=\"ng-star-inserted\">Calli<\/span><\/strong><span class=\"ng-star-inserted\">. Un cartel de cante para romperse la camisa.<\/span><\/p>\n<p class=\"ng-star-inserted\"><span class=\"ng-star-inserted\">El latido que marcar\u00e1 el comp\u00e1s de esta fiesta correr\u00e1 a cargo de dos genios de la\u00a0<\/span><strong class=\"ng-star-inserted\"><span class=\"ng-star-inserted\">percusi\u00f3n<\/span><\/strong><span class=\"ng-star-inserted\">. El ritmo estar\u00e1 en las manos expertas de\u00a0<\/span><strong class=\"ng-star-inserted\"><span class=\"ng-star-inserted\">Iv\u00e1n Losada<\/span><\/strong><span class=\"ng-star-inserted\">\u00a0y del maestro\u00a0<\/span><strong class=\"ng-star-inserted\"><span class=\"ng-star-inserted\">Lamela<\/span><\/strong><span class=\"ng-star-inserted\">, dos seguros de vida que saben c\u00f3mo hacer que el coraz\u00f3n te lata por buler\u00edas.<\/span><\/p>\n<p class=\"ng-star-inserted\"><span class=\"ng-star-inserted\">En resumen: una semana para venir con los o\u00eddos y los ojos bien abiertos, porque el talento va a desbordar el escenario. Esto es flamenco en estado puro, esto es <strong>Cardamomo<\/strong>.<\/span><\/p>\n<p><a href=\"https:\/\/cardamomo.com\/es\/comprar-entradas\/\"><strong>Ven a vernos esta semana.<\/strong><\/a><\/p>","protected":false},"featured_media":157975,"template":"","meta":{"_acf_changed":false,"inline_featured_image":false},"class_list":["post-157974","show","type-show","status-publish","has-post-thumbnail","hentry"],"acf":[],"yoast_head":"<!-- This site is optimized with the Yoast SEO plugin v27.4 - https:\/\/yoast.com\/product\/yoast-seo-wordpress\/ -->\n<title>Esta semana Cardamomo presenta un vendaval de talento Flamenco - Cardamomo Flamenco Madrid<\/title>\n<meta name=\"robots\" content=\"index, follow, max-snippet:-1, max-image-preview:large, max-video-preview:-1\" \/>\n<link rel=\"canonical\" href=\"\/\" \/>\n<meta property=\"og:locale\" content=\"es_ES\" \/>\n<meta property=\"og:type\" content=\"article\" \/>\n<meta property=\"og:title\" content=\"Esta semana Cardamomo presenta un vendaval de talento Flamenco - Cardamomo Flamenco Madrid\" \/>\n<meta property=\"og:description\" content=\"Esta semana del 17 de Noviembre, el escenario de Cardamomo se convierte en un punto de encuentro, en un cruce de caminos donde se van a citar algunos de los nombres m\u00e1s potentes del flamenco. Hemos reunido a un elenco de fueras de serie, y cada noche ser\u00e1 una oportunidad \u00fanica para ver qu\u00e9 surge...\" \/>\n<meta property=\"og:url\" content=\"https:\/\/cardamomo.com\/es\/show\/semana-vendaval-flamenco\/\" \/>\n<meta property=\"og:site_name\" content=\"Cardamomo Flamenco Madrid\" \/>\n<meta property=\"article:modified_time\" content=\"2025-11-27T13:11:04+00:00\" \/>\n<meta property=\"og:image\" content=\"https:\/\/cardamomo.ams3.digitaloceanspaces.com\/wp-content\/uploads\/2025\/11\/17102554\/programacion-cardamomo-17-23-noviembre.jpg\" \/>\n\t<meta property=\"og:image:width\" content=\"1200\" \/>\n\t<meta property=\"og:image:height\" content=\"800\" \/>\n\t<meta property=\"og:image:type\" content=\"image\/jpeg\" \/>\n<meta name=\"twitter:card\" content=\"summary_large_image\" \/>\n<meta name=\"twitter:label1\" content=\"Tiempo de lectura\" \/>\n\t<meta name=\"twitter:data1\" content=\"1 minuto\" \/>\n<script type=\"application\/ld+json\" class=\"yoast-schema-graph\">{\"@context\":\"https:\\\/\\\/schema.org\",\"@graph\":[{\"@type\":\"WebPage\",\"@id\":\"https:\\\/\\\/cardamomo.com\\\/es\\\/show\\\/semana-vendaval-flamenco\\\/\",\"url\":\"https:\\\/\\\/cardamomo.com\\\/es\\\/show\\\/semana-vendaval-flamenco\\\/\",\"name\":\"Esta semana Cardamomo presenta un vendaval de talento Flamenco - Cardamomo Flamenco Madrid\",\"isPartOf\":{\"@id\":\"https:\\\/\\\/cardamomo.com\\\/es\\\/#website\"},\"primaryImageOfPage\":{\"@id\":\"https:\\\/\\\/cardamomo.com\\\/es\\\/show\\\/semana-vendaval-flamenco\\\/#primaryimage\"},\"image\":{\"@id\":\"https:\\\/\\\/cardamomo.com\\\/es\\\/show\\\/semana-vendaval-flamenco\\\/#primaryimage\"},\"thumbnailUrl\":\"https:\\\/\\\/cardamomo.ams3.digitaloceanspaces.com\\\/wp-content\\\/uploads\\\/2025\\\/11\\\/17102554\\\/programacion-cardamomo-17-23-noviembre.jpg\",\"datePublished\":\"2025-11-17T09:26:01+00:00\",\"dateModified\":\"2025-11-27T13:11:04+00:00\",\"breadcrumb\":{\"@id\":\"https:\\\/\\\/cardamomo.com\\\/es\\\/show\\\/semana-vendaval-flamenco\\\/#breadcrumb\"},\"inLanguage\":\"es\",\"potentialAction\":[{\"@type\":\"ReadAction\",\"target\":[[\"https:\\\/\\\/cardamomo.com\\\/es\\\/show\\\/semana-vendaval-flamenco\\\/\"]]}]},{\"@type\":\"ImageObject\",\"inLanguage\":\"es\",\"@id\":\"https:\\\/\\\/cardamomo.com\\\/es\\\/show\\\/semana-vendaval-flamenco\\\/#primaryimage\",\"url\":\"https:\\\/\\\/cardamomo.ams3.digitaloceanspaces.com\\\/wp-content\\\/uploads\\\/2025\\\/11\\\/17102554\\\/programacion-cardamomo-17-23-noviembre.jpg\",\"contentUrl\":\"https:\\\/\\\/cardamomo.ams3.digitaloceanspaces.com\\\/wp-content\\\/uploads\\\/2025\\\/11\\\/17102554\\\/programacion-cardamomo-17-23-noviembre.jpg\",\"width\":1200,\"height\":800,\"caption\":\"Programacio\u0301n Cardamomo 17-23 Noviembre\"},{\"@type\":\"BreadcrumbList\",\"@id\":\"https:\\\/\\\/cardamomo.com\\\/es\\\/show\\\/semana-vendaval-flamenco\\\/#breadcrumb\",\"itemListElement\":[{\"@type\":\"ListItem\",\"position\":1,\"name\":\"Cardamomo\",\"item\":\"https:\\\/\\\/cardamomo.com\\\/es\\\/\"},{\"@type\":\"ListItem\",\"position\":2,\"name\":\"Shows\",\"item\":\"https:\\\/\\\/cardamomo.com\\\/es\\\/show\\\/\"},{\"@type\":\"ListItem\",\"position\":3,\"name\":\"Esta semana Cardamomo presenta un vendaval de talento Flamenco\"}]},{\"@type\":\"WebSite\",\"@id\":\"https:\\\/\\\/cardamomo.com\\\/es\\\/#website\",\"url\":\"https:\\\/\\\/cardamomo.com\\\/es\\\/\",\"name\":\"Cardamomo Flamenco Madrid\",\"description\":\"\",\"potentialAction\":[{\"@type\":\"SearchAction\",\"target\":{\"@type\":\"EntryPoint\",\"urlTemplate\":\"https:\\\/\\\/cardamomo.com\\\/es\\\/?s={search_term_string}\"},\"query-input\":{\"@type\":\"PropertyValueSpecification\",\"valueRequired\":true,\"valueName\":\"search_term_string\"}}],\"inLanguage\":\"es\"}]}<\/script>\n<!-- \/ Yoast SEO plugin. -->","yoast_head_json":{"title":"Esta semana Cardamomo presenta un vendaval de talento Flamenco - Cardamomo Flamenco Madrid","robots":{"index":"index","follow":"follow","max-snippet":"max-snippet:-1","max-image-preview":"max-image-preview:large","max-video-preview":"max-video-preview:-1"},"canonical":"\/","og_locale":"es_ES","og_type":"article","og_title":"Esta semana Cardamomo presenta un vendaval de talento Flamenco - Cardamomo Flamenco Madrid","og_description":"Esta semana del 17 de Noviembre, el escenario de Cardamomo se convierte en un punto de encuentro, en un cruce de caminos donde se van a citar algunos de los nombres m\u00e1s potentes del flamenco. Hemos reunido a un elenco de fueras de serie, y cada noche ser\u00e1 una oportunidad \u00fanica para ver qu\u00e9 surge...","og_url":"https:\/\/cardamomo.com\/es\/show\/semana-vendaval-flamenco\/","og_site_name":"Cardamomo Flamenco Madrid","article_modified_time":"2025-11-27T13:11:04+00:00","og_image":[{"width":1200,"height":800,"url":"https:\/\/cardamomo.ams3.digitaloceanspaces.com\/wp-content\/uploads\/2025\/11\/17102554\/programacion-cardamomo-17-23-noviembre.jpg","type":"image\/jpeg"}],"twitter_card":"summary_large_image","twitter_misc":{"Tiempo de lectura":"1 minuto"},"schema":{"@context":"https:\/\/schema.org","@graph":[{"@type":"WebPage","@id":"https:\/\/cardamomo.com\/es\/show\/semana-vendaval-flamenco\/","url":"https:\/\/cardamomo.com\/es\/show\/semana-vendaval-flamenco\/","name":"Esta semana Cardamomo presenta un vendaval de talento Flamenco - Cardamomo Flamenco Madrid","isPartOf":{"@id":"https:\/\/cardamomo.com\/es\/#website"},"primaryImageOfPage":{"@id":"https:\/\/cardamomo.com\/es\/show\/semana-vendaval-flamenco\/#primaryimage"},"image":{"@id":"https:\/\/cardamomo.com\/es\/show\/semana-vendaval-flamenco\/#primaryimage"},"thumbnailUrl":"https:\/\/cardamomo.ams3.digitaloceanspaces.com\/wp-content\/uploads\/2025\/11\/17102554\/programacion-cardamomo-17-23-noviembre.jpg","datePublished":"2025-11-17T09:26:01+00:00","dateModified":"2025-11-27T13:11:04+00:00","breadcrumb":{"@id":"https:\/\/cardamomo.com\/es\/show\/semana-vendaval-flamenco\/#breadcrumb"},"inLanguage":"es","potentialAction":[{"@type":"ReadAction","target":[["https:\/\/cardamomo.com\/es\/show\/semana-vendaval-flamenco\/"]]}]},{"@type":"ImageObject","inLanguage":"es","@id":"https:\/\/cardamomo.com\/es\/show\/semana-vendaval-flamenco\/#primaryimage","url":"https:\/\/cardamomo.ams3.digitaloceanspaces.com\/wp-content\/uploads\/2025\/11\/17102554\/programacion-cardamomo-17-23-noviembre.jpg","contentUrl":"https:\/\/cardamomo.ams3.digitaloceanspaces.com\/wp-content\/uploads\/2025\/11\/17102554\/programacion-cardamomo-17-23-noviembre.jpg","width":1200,"height":800,"caption":"Programacio\u0301n Cardamomo 17-23 Noviembre"},{"@type":"BreadcrumbList","@id":"https:\/\/cardamomo.com\/es\/show\/semana-vendaval-flamenco\/#breadcrumb","itemListElement":[{"@type":"ListItem","position":1,"name":"Cardamomo","item":"https:\/\/cardamomo.com\/es\/"},{"@type":"ListItem","position":2,"name":"Shows","item":"https:\/\/cardamomo.com\/es\/show\/"},{"@type":"ListItem","position":3,"name":"Esta semana Cardamomo presenta un vendaval de talento Flamenco"}]},{"@type":"WebSite","@id":"https:\/\/cardamomo.com\/es\/#website","url":"https:\/\/cardamomo.com\/es\/","name":"Cardamomo Flamenco Madrid","description":"","potentialAction":[{"@type":"SearchAction","target":{"@type":"EntryPoint","urlTemplate":"https:\/\/cardamomo.com\/es\/?s={search_term_string}"},"query-input":{"@type":"PropertyValueSpecification","valueRequired":true,"valueName":"search_term_string"}}],"inLanguage":"es"}]}},"_links":{"self":[{"href":"https:\/\/cardamomo.com\/es\/wp-json\/wp\/v2\/show\/157974","targetHints":{"allow":["GET"]}}],"collection":[{"href":"https:\/\/cardamomo.com\/es\/wp-json\/wp\/v2\/show"}],"about":[{"href":"https:\/\/cardamomo.com\/es\/wp-json\/wp\/v2\/types\/show"}],"wp:featuredmedia":[{"embeddable":true,"href":"https:\/\/cardamomo.com\/es\/wp-json\/wp\/v2\/media\/157975"}],"wp:attachment":[{"href":"https:\/\/cardamomo.com\/es\/wp-json\/wp\/v2\/media?parent=157974"}],"curies":[{"name":"wp","href":"https:\/\/api.w.org\/{rel}","templated":true}]}}