{"id":157899,"date":"2025-11-02T11:03:21","date_gmt":"2025-11-02T10:03:21","guid":{"rendered":"https:\/\/cardamomo.com\/es\/?post_type=show&#038;p=157899"},"modified":"2025-11-17T10:45:56","modified_gmt":"2025-11-17T09:45:56","slug":"llega-noviembre-con-el-mejor-flamenco-en-cardamomo","status":"publish","type":"show","link":"https:\/\/cardamomo.com\/es\/show\/noviembre-flamenco\/","title":{"rendered":"Llega Noviembre con el Mejor Flamenco en Cardamomo"},"content":{"rendered":"<p><\/p>\n<p class=\"ng-star-inserted\"><span class=\"ng-star-inserted\">Esta semana del <strong>3 al 9 de Noviembre<\/strong>, en <strong>Cardamomo<\/strong>, hemos reunido a un elenco de los que quitan el aliento, y el juego consiste en ver c\u00f3mo se encuentran, c\u00f3mo dialogan y qu\u00e9 chispas saltan sobre las tablas a lo largo de la semana. Cada noche ser\u00e1 una cumbre de artistas creando algo \u00fanico y que no volver\u00e1 a repetirse.<\/span><\/p>\n<p class=\"ng-star-inserted\"><span class=\"ng-star-inserted\">Piensa en la conversaci\u00f3n que se va a crear en el\u00a0<\/span><strong class=\"ng-star-inserted\"><span class=\"ng-star-inserted\">baile<\/span><\/strong><span class=\"ng-star-inserted\">. Por ese escenario van a pasar la fuerza de\u00a0<\/span><strong class=\"ng-star-inserted\"><span class=\"ng-star-inserted\">Mariano Lozano<\/span><\/strong><span class=\"ng-star-inserted\">, la raza de\u00a0<\/span><strong class=\"ng-star-inserted\"><span class=\"ng-star-inserted\">Nerea Fern\u00e1ndez<\/span><\/strong><span class=\"ng-star-inserted\">, el comp\u00e1s de <strong>Alejandra Hern\u00e1ndez<\/strong><\/span><span class=\"ng-star-inserted\"><strong>\u00a0<\/strong>y la elegancia de\u00a0<\/span><strong class=\"ng-star-inserted\"><span class=\"ng-star-inserted\">Nerea Carrasco<\/span><\/strong><span class=\"ng-star-inserted\">. Imagina la magia que puede surgir cuando sus caminos se crucen bajo los focos.<\/span><\/p>\n<p class=\"ng-star-inserted\"><span class=\"ng-star-inserted\">Y para ponerle letra a esa historia, prep\u00e1rate, porque traemos una artiller\u00eda de voces que te va a dejar sin aliento. A lo largo de la semana, se subir\u00e1n al escenario\u00a0<\/span><strong class=\"ng-star-inserted\"><span class=\"ng-star-inserted\">Sa\u00fal Quir\u00f3s<\/span><\/strong><span class=\"ng-star-inserted\">,\u00a0<\/span><strong class=\"ng-star-inserted\"><span class=\"ng-star-inserted\">Antonio de Manuela<\/span><\/strong><span class=\"ng-star-inserted\">,\u00a0<\/span><strong class=\"ng-star-inserted\"><span class=\"ng-star-inserted\">El Perre<\/span><\/strong><span class=\"ng-star-inserted\">\u00a0y\u00a0<\/span><strong class=\"ng-star-inserted\"><span class=\"ng-star-inserted\">El Cancu<\/span><\/strong><span class=\"ng-star-inserted\">. Tener a estos monstruos en casa es un lujo, y sus voces se ir\u00e1n turnando para ara\u00f1arte el alma.<\/span><\/p>\n<p class=\"ng-star-inserted\"><span class=\"ng-star-inserted\">Para tejer el colch\u00f3n sonoro sobre el que todo nace, contaremos con dos guitarristas de una sensibilidad exquisita: el toque de\u00a0<\/span><strong class=\"ng-star-inserted\"><span class=\"ng-star-inserted\">Parrana<\/span><\/strong><span class=\"ng-star-inserted\">\u00a0y el soniquete de\u00a0<\/span><strong class=\"ng-star-inserted\"><span class=\"ng-star-inserted\">Mario Montoya<\/span><\/strong><span class=\"ng-star-inserted\">. Ellos ser\u00e1n los encargados de poner la melod\u00eda para que el duende aparezca.<\/span><\/p>\n<p class=\"ng-star-inserted\"><span class=\"ng-star-inserted\">El que pone el coraz\u00f3n para que todo lata a comp\u00e1s es un seguro de vida, el gran\u00a0<\/span><strong class=\"ng-star-inserted\"><span class=\"ng-star-inserted\">Iv\u00e1n Losada<\/span><\/strong><span class=\"ng-star-inserted\">. Su caj\u00f3n ser\u00e1 el motor que impulse cada noche, el latido que nos recuerde que estamos ante algo vivo y de verdad.<\/span><\/p>\n<p class=\"ng-star-inserted\"><span class=\"ng-star-inserted\">Y para que en este encuentro de estrellas la magia suceda y todo encaje, tenemos a una capitana de excepci\u00f3n. La\u00a0<\/span><strong class=\"ng-star-inserted\"><span class=\"ng-star-inserted\">direcci\u00f3n art\u00edstica<\/span><\/strong><span class=\"ng-star-inserted\">\u00a0corre a cargo de\u00a0<\/span><strong class=\"ng-star-inserted\"><span class=\"ng-star-inserted\">Paula Rodr\u00edguez L\u00e1zaro<\/span><\/strong><span class=\"ng-star-inserted\">, cuya visi\u00f3n garantiza que cada noche, se junte quien se junte, la emoci\u00f3n est\u00e9 a flor de piel.<\/span><\/p>\n<p class=\"ng-star-inserted\"><span class=\"ng-star-inserted\">En resumen: no es un cartel cerrado, es una invitaci\u00f3n a la cocina del arte, a ver c\u00f3mo se guisa el flamenco m\u00e1s puro. <\/span><\/p>\n<p class=\"ng-star-inserted\"><a href=\"https:\/\/cardamomo.com\/es\/comprar-entradas\/\"><strong><span class=\"ng-star-inserted\">Te esperamos en casa, en Cardamomo Flamenco Madrid.<\/span><\/strong><\/a><\/p>\n<p><\/p>","protected":false},"featured_media":157956,"template":"","meta":{"_acf_changed":false,"inline_featured_image":false},"class_list":["post-157899","show","type-show","status-publish","has-post-thumbnail","hentry"],"acf":[],"yoast_head":"<!-- This site is optimized with the Yoast SEO plugin v27.4 - https:\/\/yoast.com\/product\/yoast-seo-wordpress\/ -->\n<title>Llega Noviembre con el Mejor Flamenco en Cardamomo - Cardamomo Flamenco Madrid<\/title>\n<meta name=\"description\" content=\"Vive el mejor flamenco del 3 al 9 de noviembre en Cardamomo Madrid. Arte, pasi\u00f3n y duende en cada noche \u00fanica. \u00a1Reserva ya tu entrada!\" \/>\n<meta name=\"robots\" content=\"index, follow, max-snippet:-1, max-image-preview:large, max-video-preview:-1\" \/>\n<link rel=\"canonical\" href=\"\/\" \/>\n<meta property=\"og:locale\" content=\"es_ES\" \/>\n<meta property=\"og:type\" content=\"article\" \/>\n<meta property=\"og:title\" content=\"Llega Noviembre con el Mejor Flamenco en Cardamomo - Cardamomo Flamenco Madrid\" \/>\n<meta property=\"og:description\" content=\"Vive el mejor flamenco del 3 al 9 de noviembre en Cardamomo Madrid. Arte, pasi\u00f3n y duende en cada noche \u00fanica. \u00a1Reserva ya tu entrada!\" \/>\n<meta property=\"og:url\" content=\"https:\/\/cardamomo.com\/es\/show\/noviembre-flamenco\/\" \/>\n<meta property=\"og:site_name\" content=\"Cardamomo Flamenco Madrid\" \/>\n<meta property=\"article:modified_time\" content=\"2025-11-17T09:45:56+00:00\" \/>\n<meta property=\"og:image\" content=\"https:\/\/cardamomo.ams3.digitaloceanspaces.com\/wp-content\/uploads\/2025\/11\/11131557\/programacion-cardamomo-3-9-noviembre.jpg\" \/>\n\t<meta property=\"og:image:width\" content=\"1200\" \/>\n\t<meta property=\"og:image:height\" content=\"800\" \/>\n\t<meta property=\"og:image:type\" content=\"image\/jpeg\" \/>\n<meta name=\"twitter:card\" content=\"summary_large_image\" \/>\n<meta name=\"twitter:label1\" content=\"Tiempo de lectura\" \/>\n\t<meta name=\"twitter:data1\" content=\"2 minutos\" \/>\n<script type=\"application\/ld+json\" class=\"yoast-schema-graph\">{\"@context\":\"https:\\\/\\\/schema.org\",\"@graph\":[{\"@type\":\"WebPage\",\"@id\":\"https:\\\/\\\/cardamomo.com\\\/es\\\/show\\\/noviembre-flamenco\\\/\",\"url\":\"https:\\\/\\\/cardamomo.com\\\/es\\\/show\\\/noviembre-flamenco\\\/\",\"name\":\"Llega Noviembre con el Mejor Flamenco en Cardamomo - Cardamomo Flamenco Madrid\",\"isPartOf\":{\"@id\":\"https:\\\/\\\/cardamomo.com\\\/es\\\/#website\"},\"primaryImageOfPage\":{\"@id\":\"https:\\\/\\\/cardamomo.com\\\/es\\\/show\\\/noviembre-flamenco\\\/#primaryimage\"},\"image\":{\"@id\":\"https:\\\/\\\/cardamomo.com\\\/es\\\/show\\\/noviembre-flamenco\\\/#primaryimage\"},\"thumbnailUrl\":\"https:\\\/\\\/cardamomo.ams3.digitaloceanspaces.com\\\/wp-content\\\/uploads\\\/2025\\\/11\\\/11131557\\\/programacion-cardamomo-3-9-noviembre.jpg\",\"datePublished\":\"2025-11-02T10:03:21+00:00\",\"dateModified\":\"2025-11-17T09:45:56+00:00\",\"description\":\"Vive el mejor flamenco del 3 al 9 de noviembre en Cardamomo Madrid. Arte, pasi\u00f3n y duende en cada noche \u00fanica. \u00a1Reserva ya tu entrada!\",\"breadcrumb\":{\"@id\":\"https:\\\/\\\/cardamomo.com\\\/es\\\/show\\\/noviembre-flamenco\\\/#breadcrumb\"},\"inLanguage\":\"es\",\"potentialAction\":[{\"@type\":\"ReadAction\",\"target\":[[\"https:\\\/\\\/cardamomo.com\\\/es\\\/show\\\/noviembre-flamenco\\\/\"]]}]},{\"@type\":\"ImageObject\",\"inLanguage\":\"es\",\"@id\":\"https:\\\/\\\/cardamomo.com\\\/es\\\/show\\\/noviembre-flamenco\\\/#primaryimage\",\"url\":\"https:\\\/\\\/cardamomo.ams3.digitaloceanspaces.com\\\/wp-content\\\/uploads\\\/2025\\\/11\\\/11131557\\\/programacion-cardamomo-3-9-noviembre.jpg\",\"contentUrl\":\"https:\\\/\\\/cardamomo.ams3.digitaloceanspaces.com\\\/wp-content\\\/uploads\\\/2025\\\/11\\\/11131557\\\/programacion-cardamomo-3-9-noviembre.jpg\",\"width\":1200,\"height\":800,\"caption\":\"Programacio\u0301n Cardamomo 3-9 Noviembre\"},{\"@type\":\"BreadcrumbList\",\"@id\":\"https:\\\/\\\/cardamomo.com\\\/es\\\/show\\\/noviembre-flamenco\\\/#breadcrumb\",\"itemListElement\":[{\"@type\":\"ListItem\",\"position\":1,\"name\":\"Cardamomo\",\"item\":\"https:\\\/\\\/cardamomo.com\\\/es\\\/\"},{\"@type\":\"ListItem\",\"position\":2,\"name\":\"Shows\",\"item\":\"https:\\\/\\\/cardamomo.com\\\/es\\\/show\\\/\"},{\"@type\":\"ListItem\",\"position\":3,\"name\":\"Llega Noviembre con el Mejor Flamenco en Cardamomo\"}]},{\"@type\":\"WebSite\",\"@id\":\"https:\\\/\\\/cardamomo.com\\\/es\\\/#website\",\"url\":\"https:\\\/\\\/cardamomo.com\\\/es\\\/\",\"name\":\"Cardamomo Flamenco Madrid\",\"description\":\"\",\"potentialAction\":[{\"@type\":\"SearchAction\",\"target\":{\"@type\":\"EntryPoint\",\"urlTemplate\":\"https:\\\/\\\/cardamomo.com\\\/es\\\/?s={search_term_string}\"},\"query-input\":{\"@type\":\"PropertyValueSpecification\",\"valueRequired\":true,\"valueName\":\"search_term_string\"}}],\"inLanguage\":\"es\"}]}<\/script>\n<!-- \/ Yoast SEO plugin. -->","yoast_head_json":{"title":"Llega Noviembre con el Mejor Flamenco en Cardamomo - Cardamomo Flamenco Madrid","description":"Vive el mejor flamenco del 3 al 9 de noviembre en Cardamomo Madrid. Arte, pasi\u00f3n y duende en cada noche \u00fanica. \u00a1Reserva ya tu entrada!","robots":{"index":"index","follow":"follow","max-snippet":"max-snippet:-1","max-image-preview":"max-image-preview:large","max-video-preview":"max-video-preview:-1"},"canonical":"\/","og_locale":"es_ES","og_type":"article","og_title":"Llega Noviembre con el Mejor Flamenco en Cardamomo - Cardamomo Flamenco Madrid","og_description":"Vive el mejor flamenco del 3 al 9 de noviembre en Cardamomo Madrid. Arte, pasi\u00f3n y duende en cada noche \u00fanica. \u00a1Reserva ya tu entrada!","og_url":"https:\/\/cardamomo.com\/es\/show\/noviembre-flamenco\/","og_site_name":"Cardamomo Flamenco Madrid","article_modified_time":"2025-11-17T09:45:56+00:00","og_image":[{"width":1200,"height":800,"url":"https:\/\/cardamomo.ams3.digitaloceanspaces.com\/wp-content\/uploads\/2025\/11\/11131557\/programacion-cardamomo-3-9-noviembre.jpg","type":"image\/jpeg"}],"twitter_card":"summary_large_image","twitter_misc":{"Tiempo de lectura":"2 minutos"},"schema":{"@context":"https:\/\/schema.org","@graph":[{"@type":"WebPage","@id":"https:\/\/cardamomo.com\/es\/show\/noviembre-flamenco\/","url":"https:\/\/cardamomo.com\/es\/show\/noviembre-flamenco\/","name":"Llega Noviembre con el Mejor Flamenco en Cardamomo - Cardamomo Flamenco Madrid","isPartOf":{"@id":"https:\/\/cardamomo.com\/es\/#website"},"primaryImageOfPage":{"@id":"https:\/\/cardamomo.com\/es\/show\/noviembre-flamenco\/#primaryimage"},"image":{"@id":"https:\/\/cardamomo.com\/es\/show\/noviembre-flamenco\/#primaryimage"},"thumbnailUrl":"https:\/\/cardamomo.ams3.digitaloceanspaces.com\/wp-content\/uploads\/2025\/11\/11131557\/programacion-cardamomo-3-9-noviembre.jpg","datePublished":"2025-11-02T10:03:21+00:00","dateModified":"2025-11-17T09:45:56+00:00","description":"Vive el mejor flamenco del 3 al 9 de noviembre en Cardamomo Madrid. Arte, pasi\u00f3n y duende en cada noche \u00fanica. \u00a1Reserva ya tu entrada!","breadcrumb":{"@id":"https:\/\/cardamomo.com\/es\/show\/noviembre-flamenco\/#breadcrumb"},"inLanguage":"es","potentialAction":[{"@type":"ReadAction","target":[["https:\/\/cardamomo.com\/es\/show\/noviembre-flamenco\/"]]}]},{"@type":"ImageObject","inLanguage":"es","@id":"https:\/\/cardamomo.com\/es\/show\/noviembre-flamenco\/#primaryimage","url":"https:\/\/cardamomo.ams3.digitaloceanspaces.com\/wp-content\/uploads\/2025\/11\/11131557\/programacion-cardamomo-3-9-noviembre.jpg","contentUrl":"https:\/\/cardamomo.ams3.digitaloceanspaces.com\/wp-content\/uploads\/2025\/11\/11131557\/programacion-cardamomo-3-9-noviembre.jpg","width":1200,"height":800,"caption":"Programacio\u0301n Cardamomo 3-9 Noviembre"},{"@type":"BreadcrumbList","@id":"https:\/\/cardamomo.com\/es\/show\/noviembre-flamenco\/#breadcrumb","itemListElement":[{"@type":"ListItem","position":1,"name":"Cardamomo","item":"https:\/\/cardamomo.com\/es\/"},{"@type":"ListItem","position":2,"name":"Shows","item":"https:\/\/cardamomo.com\/es\/show\/"},{"@type":"ListItem","position":3,"name":"Llega Noviembre con el Mejor Flamenco en Cardamomo"}]},{"@type":"WebSite","@id":"https:\/\/cardamomo.com\/es\/#website","url":"https:\/\/cardamomo.com\/es\/","name":"Cardamomo Flamenco Madrid","description":"","potentialAction":[{"@type":"SearchAction","target":{"@type":"EntryPoint","urlTemplate":"https:\/\/cardamomo.com\/es\/?s={search_term_string}"},"query-input":{"@type":"PropertyValueSpecification","valueRequired":true,"valueName":"search_term_string"}}],"inLanguage":"es"}]}},"_links":{"self":[{"href":"https:\/\/cardamomo.com\/es\/wp-json\/wp\/v2\/show\/157899","targetHints":{"allow":["GET"]}}],"collection":[{"href":"https:\/\/cardamomo.com\/es\/wp-json\/wp\/v2\/show"}],"about":[{"href":"https:\/\/cardamomo.com\/es\/wp-json\/wp\/v2\/types\/show"}],"wp:featuredmedia":[{"embeddable":true,"href":"https:\/\/cardamomo.com\/es\/wp-json\/wp\/v2\/media\/157956"}],"wp:attachment":[{"href":"https:\/\/cardamomo.com\/es\/wp-json\/wp\/v2\/media?parent=157899"}],"curies":[{"name":"wp","href":"https:\/\/api.w.org\/{rel}","templated":true}]}}