{"id":157758,"date":"2025-09-12T16:45:34","date_gmt":"2025-09-12T16:45:34","guid":{"rendered":"https:\/\/cardamomo.com\/es\/?post_type=show&#038;p=157758"},"modified":"2025-10-23T14:21:21","modified_gmt":"2025-10-23T12:21:21","slug":"157758","status":"publish","type":"show","link":"https:\/\/cardamomo.com\/es\/show\/verano-acaba-flamenco-continua\/","title":{"rendered":"El verano se acaba, el Flamenco contin\u00faa"},"content":{"rendered":"<p><\/p>\n<p class=\"ng-star-inserted\"><span class=\"ng-star-inserted\">Esta semana, el escenario de Cardamomo se enciende con un elenco de lujo que te har\u00e1 vibrar desde el primer &#8216;ol\u00e9&#8217;. Nos enorgullece presentar a figuras del baile que derrochan arte y sentimiento: la fuerza y carisma de <\/span><strong class=\"ng-star-inserted\"><span class=\"ng-star-inserted\">Yiyo<\/span><\/strong><span class=\"ng-star-inserted\">, la elegancia innata de\u00a0<\/span><strong class=\"ng-star-inserted\"><span class=\"ng-star-inserted\">Clara Guti\u00e9rrez<\/span><\/strong><span class=\"ng-star-inserted\">, y la expresividad de\u00a0<\/span><strong class=\"ng-star-inserted\"><span class=\"ng-star-inserted\">Nerea Dom\u00ednguez<\/span><\/strong><span class=\"ng-star-inserted\">\u00a0(del 15 al 17 de septiembre). A partir del d\u00eda 18 y hasta el 21, la pasi\u00f3n de\u00a0<\/span><strong class=\"ng-star-inserted\"><span class=\"ng-star-inserted\">Paula Moreno<\/span><\/strong><span class=\"ng-star-inserted\">\u00a0tomar\u00e1 las tablas, guiando adem\u00e1s la direcci\u00f3n art\u00edstica junto a Paula Rodr\u00edguez L\u00e1zaro para asegurar que cada detalle sea impecable.<\/span><\/p>\n<p class=\"ng-star-inserted\"><span class=\"ng-star-inserted\">El cante, voz del flamenco, correr\u00e1 a cargo de tres gargantas que cortan el aire: la jondura de\u00a0<\/span><strong class=\"ng-star-inserted\"><span class=\"ng-star-inserted\">Jacob Quir\u00f3s<\/span><\/strong><span class=\"ng-star-inserted\">, la profundidad de\u00a0<\/span><strong class=\"ng-star-inserted\"><span class=\"ng-star-inserted\">Sa\u00fal Quir\u00f3s<\/span><\/strong><span class=\"ng-star-inserted\">, y la promesa de un eco flamenco con\u00a0<\/span><strong class=\"ng-star-inserted\"><span class=\"ng-star-inserted\">Aser de Madrid<\/span><\/strong><span class=\"ng-star-inserted\">\u00a0(que nos acompa\u00f1ar\u00e1 el 18 de septiembre). Cada cante, una historia, un lamento, una celebraci\u00f3n.<\/span><\/p>\n<p class=\"ng-star-inserted\"><span class=\"ng-star-inserted\">Y, por supuesto, \u00bfqu\u00e9 ser\u00eda del flamenco sin su guitarra? El virtuosismo de\u00a0<\/span><strong class=\"ng-star-inserted\"><span class=\"ng-star-inserted\">Ricardo V\u00e1zquez<\/span><\/strong><span class=\"ng-star-inserted\">\u00a0estar\u00e1 presente cada noche, tejiendo melod\u00edas que son el alma de nuestro arte, acompa\u00f1ando con maestr\u00eda cada voz y cada movimiento.<\/span><\/p>\n<p class=\"ng-star-inserted\"><span class=\"ng-star-inserted\">El ritmo imparable y el pulso vibrante lo pondr\u00e1 la percusi\u00f3n, con la energ\u00eda de\u00a0<\/span><strong class=\"ng-star-inserted\"><span class=\"ng-star-inserted\">Iv\u00e1n Losada<\/span><\/strong><span class=\"ng-star-inserted\">\u00a0y el toque especial de\u00a0<\/span><strong class=\"ng-star-inserted\"><span class=\"ng-star-inserted\">\u00c1lvaro Lamela<\/span><\/strong><span class=\"ng-star-inserted\">\u00a0el d\u00eda 18 de septiembre, que har\u00e1n que sientas el comp\u00e1s hasta en el alma.<\/span><\/p>\n<p class=\"ng-star-inserted\"><span class=\"ng-star-inserted\">Con pases diarios a las <strong>18:00, 19:30, 21:00 y 22:30<\/strong>, <strong>Cardamomo<\/strong> te invita a sumergirte en una experiencia flamenca aut\u00e9ntica e inolvidable. \u00a1No te quedes fuera! Ven a vivir la magia en vivo.<\/span><\/p>\n<p><a href=\"https:\/\/cardamomo.com\/es\/comprar-entradas\/\"><strong>Reserva ya tu entrada en Cardamomo.<\/strong><\/a><\/p>","protected":false},"featured_media":157761,"template":"","meta":{"_acf_changed":false,"inline_featured_image":false},"class_list":["post-157758","show","type-show","status-publish","has-post-thumbnail","hentry"],"acf":[],"yoast_head":"<!-- This site is optimized with the Yoast SEO plugin v27.4 - https:\/\/yoast.com\/product\/yoast-seo-wordpress\/ -->\n<title>El verano se acaba, el Flamenco contin\u00faa - Cardamomo Flamenco Madrid<\/title>\n<meta name=\"description\" content=\"El verano se acaba, pero la magia del flamenco sigue viva cada noche en Madrid. Ven a sentir su fuerza en Cardamomo.\" \/>\n<meta name=\"robots\" content=\"index, follow, max-snippet:-1, max-image-preview:large, max-video-preview:-1\" \/>\n<link rel=\"canonical\" href=\"\/\" \/>\n<meta property=\"og:locale\" content=\"es_ES\" \/>\n<meta property=\"og:type\" content=\"article\" \/>\n<meta property=\"og:title\" content=\"El verano se acaba, el Flamenco contin\u00faa - Cardamomo Flamenco Madrid\" \/>\n<meta property=\"og:description\" content=\"El verano se acaba, pero la magia del flamenco sigue viva cada noche en Madrid. Ven a sentir su fuerza en Cardamomo.\" \/>\n<meta property=\"og:url\" content=\"https:\/\/cardamomo.com\/es\/show\/verano-acaba-flamenco-continua\/\" \/>\n<meta property=\"og:site_name\" content=\"Cardamomo Flamenco Madrid\" \/>\n<meta property=\"article:modified_time\" content=\"2025-10-23T12:21:21+00:00\" \/>\n<meta property=\"og:image\" content=\"https:\/\/cardamomo.ams3.digitaloceanspaces.com\/wp-content\/uploads\/2025\/09\/16161837\/programacion-artistica-cardamomo-15-21-septiembre.jpg\" \/>\n\t<meta property=\"og:image:width\" content=\"1200\" \/>\n\t<meta property=\"og:image:height\" content=\"800\" \/>\n\t<meta property=\"og:image:type\" content=\"image\/jpeg\" \/>\n<meta name=\"twitter:card\" content=\"summary_large_image\" \/>\n<meta name=\"twitter:label1\" content=\"Tiempo de lectura\" \/>\n\t<meta name=\"twitter:data1\" content=\"2 minutos\" \/>\n<script type=\"application\/ld+json\" class=\"yoast-schema-graph\">{\"@context\":\"https:\\\/\\\/schema.org\",\"@graph\":[{\"@type\":\"WebPage\",\"@id\":\"https:\\\/\\\/cardamomo.com\\\/es\\\/show\\\/verano-acaba-flamenco-continua\\\/\",\"url\":\"https:\\\/\\\/cardamomo.com\\\/es\\\/show\\\/verano-acaba-flamenco-continua\\\/\",\"name\":\"El verano se acaba, el Flamenco contin\u00faa - Cardamomo Flamenco Madrid\",\"isPartOf\":{\"@id\":\"https:\\\/\\\/cardamomo.com\\\/es\\\/#website\"},\"primaryImageOfPage\":{\"@id\":\"https:\\\/\\\/cardamomo.com\\\/es\\\/show\\\/verano-acaba-flamenco-continua\\\/#primaryimage\"},\"image\":{\"@id\":\"https:\\\/\\\/cardamomo.com\\\/es\\\/show\\\/verano-acaba-flamenco-continua\\\/#primaryimage\"},\"thumbnailUrl\":\"https:\\\/\\\/cardamomo.ams3.digitaloceanspaces.com\\\/wp-content\\\/uploads\\\/2025\\\/09\\\/16161837\\\/programacion-artistica-cardamomo-15-21-septiembre.jpg\",\"datePublished\":\"2025-09-12T16:45:34+00:00\",\"dateModified\":\"2025-10-23T12:21:21+00:00\",\"description\":\"El verano se acaba, pero la magia del flamenco sigue viva cada noche en Madrid. Ven a sentir su fuerza en Cardamomo.\",\"breadcrumb\":{\"@id\":\"https:\\\/\\\/cardamomo.com\\\/es\\\/show\\\/verano-acaba-flamenco-continua\\\/#breadcrumb\"},\"inLanguage\":\"es\",\"potentialAction\":[{\"@type\":\"ReadAction\",\"target\":[[\"https:\\\/\\\/cardamomo.com\\\/es\\\/show\\\/verano-acaba-flamenco-continua\\\/\"]]}]},{\"@type\":\"ImageObject\",\"inLanguage\":\"es\",\"@id\":\"https:\\\/\\\/cardamomo.com\\\/es\\\/show\\\/verano-acaba-flamenco-continua\\\/#primaryimage\",\"url\":\"https:\\\/\\\/cardamomo.ams3.digitaloceanspaces.com\\\/wp-content\\\/uploads\\\/2025\\\/09\\\/16161837\\\/programacion-artistica-cardamomo-15-21-septiembre.jpg\",\"contentUrl\":\"https:\\\/\\\/cardamomo.ams3.digitaloceanspaces.com\\\/wp-content\\\/uploads\\\/2025\\\/09\\\/16161837\\\/programacion-artistica-cardamomo-15-21-septiembre.jpg\",\"width\":1200,\"height\":800,\"caption\":\"Programaci\u00f3n art\u00edstica Cardamomo 15-21 Septiembre\"},{\"@type\":\"BreadcrumbList\",\"@id\":\"https:\\\/\\\/cardamomo.com\\\/es\\\/show\\\/verano-acaba-flamenco-continua\\\/#breadcrumb\",\"itemListElement\":[{\"@type\":\"ListItem\",\"position\":1,\"name\":\"Cardamomo\",\"item\":\"https:\\\/\\\/cardamomo.com\\\/es\\\/\"},{\"@type\":\"ListItem\",\"position\":2,\"name\":\"Shows\",\"item\":\"https:\\\/\\\/cardamomo.com\\\/es\\\/show\\\/\"},{\"@type\":\"ListItem\",\"position\":3,\"name\":\"El verano se acaba, el Flamenco contin\u00faa\"}]},{\"@type\":\"WebSite\",\"@id\":\"https:\\\/\\\/cardamomo.com\\\/es\\\/#website\",\"url\":\"https:\\\/\\\/cardamomo.com\\\/es\\\/\",\"name\":\"Cardamomo Flamenco Madrid\",\"description\":\"\",\"potentialAction\":[{\"@type\":\"SearchAction\",\"target\":{\"@type\":\"EntryPoint\",\"urlTemplate\":\"https:\\\/\\\/cardamomo.com\\\/es\\\/?s={search_term_string}\"},\"query-input\":{\"@type\":\"PropertyValueSpecification\",\"valueRequired\":true,\"valueName\":\"search_term_string\"}}],\"inLanguage\":\"es\"}]}<\/script>\n<!-- \/ Yoast SEO plugin. -->","yoast_head_json":{"title":"El verano se acaba, el Flamenco contin\u00faa - Cardamomo Flamenco Madrid","description":"El verano se acaba, pero la magia del flamenco sigue viva cada noche en Madrid. Ven a sentir su fuerza en Cardamomo.","robots":{"index":"index","follow":"follow","max-snippet":"max-snippet:-1","max-image-preview":"max-image-preview:large","max-video-preview":"max-video-preview:-1"},"canonical":"\/","og_locale":"es_ES","og_type":"article","og_title":"El verano se acaba, el Flamenco contin\u00faa - Cardamomo Flamenco Madrid","og_description":"El verano se acaba, pero la magia del flamenco sigue viva cada noche en Madrid. Ven a sentir su fuerza en Cardamomo.","og_url":"https:\/\/cardamomo.com\/es\/show\/verano-acaba-flamenco-continua\/","og_site_name":"Cardamomo Flamenco Madrid","article_modified_time":"2025-10-23T12:21:21+00:00","og_image":[{"width":1200,"height":800,"url":"https:\/\/cardamomo.ams3.digitaloceanspaces.com\/wp-content\/uploads\/2025\/09\/16161837\/programacion-artistica-cardamomo-15-21-septiembre.jpg","type":"image\/jpeg"}],"twitter_card":"summary_large_image","twitter_misc":{"Tiempo de lectura":"2 minutos"},"schema":{"@context":"https:\/\/schema.org","@graph":[{"@type":"WebPage","@id":"https:\/\/cardamomo.com\/es\/show\/verano-acaba-flamenco-continua\/","url":"https:\/\/cardamomo.com\/es\/show\/verano-acaba-flamenco-continua\/","name":"El verano se acaba, el Flamenco contin\u00faa - Cardamomo Flamenco Madrid","isPartOf":{"@id":"https:\/\/cardamomo.com\/es\/#website"},"primaryImageOfPage":{"@id":"https:\/\/cardamomo.com\/es\/show\/verano-acaba-flamenco-continua\/#primaryimage"},"image":{"@id":"https:\/\/cardamomo.com\/es\/show\/verano-acaba-flamenco-continua\/#primaryimage"},"thumbnailUrl":"https:\/\/cardamomo.ams3.digitaloceanspaces.com\/wp-content\/uploads\/2025\/09\/16161837\/programacion-artistica-cardamomo-15-21-septiembre.jpg","datePublished":"2025-09-12T16:45:34+00:00","dateModified":"2025-10-23T12:21:21+00:00","description":"El verano se acaba, pero la magia del flamenco sigue viva cada noche en Madrid. Ven a sentir su fuerza en Cardamomo.","breadcrumb":{"@id":"https:\/\/cardamomo.com\/es\/show\/verano-acaba-flamenco-continua\/#breadcrumb"},"inLanguage":"es","potentialAction":[{"@type":"ReadAction","target":[["https:\/\/cardamomo.com\/es\/show\/verano-acaba-flamenco-continua\/"]]}]},{"@type":"ImageObject","inLanguage":"es","@id":"https:\/\/cardamomo.com\/es\/show\/verano-acaba-flamenco-continua\/#primaryimage","url":"https:\/\/cardamomo.ams3.digitaloceanspaces.com\/wp-content\/uploads\/2025\/09\/16161837\/programacion-artistica-cardamomo-15-21-septiembre.jpg","contentUrl":"https:\/\/cardamomo.ams3.digitaloceanspaces.com\/wp-content\/uploads\/2025\/09\/16161837\/programacion-artistica-cardamomo-15-21-septiembre.jpg","width":1200,"height":800,"caption":"Programaci\u00f3n art\u00edstica Cardamomo 15-21 Septiembre"},{"@type":"BreadcrumbList","@id":"https:\/\/cardamomo.com\/es\/show\/verano-acaba-flamenco-continua\/#breadcrumb","itemListElement":[{"@type":"ListItem","position":1,"name":"Cardamomo","item":"https:\/\/cardamomo.com\/es\/"},{"@type":"ListItem","position":2,"name":"Shows","item":"https:\/\/cardamomo.com\/es\/show\/"},{"@type":"ListItem","position":3,"name":"El verano se acaba, el Flamenco contin\u00faa"}]},{"@type":"WebSite","@id":"https:\/\/cardamomo.com\/es\/#website","url":"https:\/\/cardamomo.com\/es\/","name":"Cardamomo Flamenco Madrid","description":"","potentialAction":[{"@type":"SearchAction","target":{"@type":"EntryPoint","urlTemplate":"https:\/\/cardamomo.com\/es\/?s={search_term_string}"},"query-input":{"@type":"PropertyValueSpecification","valueRequired":true,"valueName":"search_term_string"}}],"inLanguage":"es"}]}},"_links":{"self":[{"href":"https:\/\/cardamomo.com\/es\/wp-json\/wp\/v2\/show\/157758","targetHints":{"allow":["GET"]}}],"collection":[{"href":"https:\/\/cardamomo.com\/es\/wp-json\/wp\/v2\/show"}],"about":[{"href":"https:\/\/cardamomo.com\/es\/wp-json\/wp\/v2\/types\/show"}],"wp:featuredmedia":[{"embeddable":true,"href":"https:\/\/cardamomo.com\/es\/wp-json\/wp\/v2\/media\/157761"}],"wp:attachment":[{"href":"https:\/\/cardamomo.com\/es\/wp-json\/wp\/v2\/media?parent=157758"}],"curies":[{"name":"wp","href":"https:\/\/api.w.org\/{rel}","templated":true}]}}