{"id":98664,"date":"2022-04-30T17:31:01","date_gmt":"2022-04-30T15:31:01","guid":{"rendered":"https:\/\/cardamomo.com\/es\/?post_type=artist&#038;p=98664"},"modified":"2025-03-18T16:17:54","modified_gmt":"2025-03-18T16:17:54","slug":"karime-amaya","status":"publish","type":"artist","link":"https:\/\/cardamomo.com\/es\/artist\/karime-amaya\/","title":{"rendered":"Karime Amaya"},"content":{"rendered":"<p><\/p>\n<h4><strong>Trayectoria\u00a0<\/strong><\/h4>\n<p>Dentro de su trayectoria, la bailaora Karime Amaya, ha sido parte de numerosos festivales internacionales. Dentro de ellos se encuentran el Festival Flamenco Internacional de Albuquerque (Estados Unidos), Festival de Arte Flamenco en Monterrey (M\u00e9xico) y\u00a0 el Festival de Arte Flamenco de Mont-de-Marsan (Francia) entre otros. Particip\u00f3 de varios tablaos de Tokio como \u00abGarlochi\u00bb y \u00abEl Flamenco\u201d siendo de los mas emblem\u00e1ticos de esta ciudad. En 2007 inicia una amplia gira recorriendo Jap\u00f3n y\u00a0 en 2011 realiza un homenaje a los miembros de la Familia Amaya con el espect\u00e1culo \u201dAmaya Linaje\u201d.<\/p>\n<h4><strong><br \/>\nPremios<\/strong><\/h4>\n<p>En el 2013, adquiere el premio como artista revelaci\u00f3n en el <strong>Festival de Jerez<\/strong> de la mano de<strong> \u201cFarruquito\u201d<\/strong>.<\/p>\n<h4><strong><br \/>\nAn\u00e9cdotas<\/strong><\/h4>\n<p>A la edad de once a\u00f1os, Karime se encuentra con su gran \u00eddolo <strong>Alejandro Sanz<\/strong> en una sesi\u00f3n de fotos en M\u00e9xico. Para su sorpresa, Alejandro se acerc\u00f3, la salud\u00f3 y bailaron juntos una pata de buler\u00eda. Al terminar, Alejandro le regala a Karime una pulsera t\u00edpica de los ind\u00edgenas mexicanos para que tenga suerte cada vez que salga a bailar.<\/p>","protected":false},"featured_media":157210,"template":"","meta":{"_acf_changed":false,"inline_featured_image":false},"class_list":["post-98664","artist","type-artist","status-publish","has-post-thumbnail","hentry"],"acf":[],"yoast_head":"<!-- This site is optimized with the Yoast SEO plugin v27.4 - https:\/\/yoast.com\/product\/yoast-seo-wordpress\/ -->\n<title>Karime Amaya - Cardamomo Flamenco Madrid<\/title>\n<meta name=\"robots\" content=\"index, follow, max-snippet:-1, max-image-preview:large, max-video-preview:-1\" \/>\n<link rel=\"canonical\" href=\"\/\" \/>\n<meta property=\"og:locale\" content=\"es_ES\" \/>\n<meta property=\"og:type\" content=\"article\" \/>\n<meta property=\"og:title\" content=\"Karime Amaya - Cardamomo Flamenco Madrid\" \/>\n<meta property=\"og:description\" content=\"Trayectoria\u00a0 Dentro de su trayectoria, la bailaora Karime Amaya, ha sido parte de numerosos festivales internacionales. Dentro de ellos se encuentran el Festival Flamenco Internacional de Albuquerque (Estados Unidos), Festival de Arte Flamenco en Monterrey (M\u00e9xico) y\u00a0 el Festival de Arte Flamenco de Mont-de-Marsan (Francia) entre otros. Particip\u00f3 de varios tablaos de Tokio como \u00abGarlochi\u00bb...\" \/>\n<meta property=\"og:url\" content=\"https:\/\/cardamomo.com\/es\/artist\/karime-amaya\/\" \/>\n<meta property=\"og:site_name\" content=\"Cardamomo Flamenco Madrid\" \/>\n<meta property=\"article:modified_time\" content=\"2025-03-18T16:17:54+00:00\" \/>\n<meta property=\"og:image\" content=\"https:\/\/cardamomo.ams3.digitaloceanspaces.com\/wp-content\/uploads\/2022\/04\/18161728\/karime-amaya-1.jpg\" \/>\n\t<meta property=\"og:image:width\" content=\"600\" \/>\n\t<meta property=\"og:image:height\" content=\"750\" \/>\n\t<meta property=\"og:image:type\" content=\"image\/jpeg\" \/>\n<meta name=\"twitter:card\" content=\"summary_large_image\" \/>\n<meta name=\"twitter:label1\" content=\"Tiempo de lectura\" \/>\n\t<meta name=\"twitter:data1\" content=\"1 minuto\" \/>\n<script type=\"application\/ld+json\" class=\"yoast-schema-graph\">{\"@context\":\"https:\\\/\\\/schema.org\",\"@graph\":[{\"@type\":\"WebPage\",\"@id\":\"https:\\\/\\\/cardamomo.com\\\/es\\\/artist\\\/karime-amaya\\\/\",\"url\":\"https:\\\/\\\/cardamomo.com\\\/es\\\/artist\\\/karime-amaya\\\/\",\"name\":\"Karime Amaya - Cardamomo Flamenco Madrid\",\"isPartOf\":{\"@id\":\"https:\\\/\\\/cardamomo.com\\\/es\\\/#website\"},\"primaryImageOfPage\":{\"@id\":\"https:\\\/\\\/cardamomo.com\\\/es\\\/artist\\\/karime-amaya\\\/#primaryimage\"},\"image\":{\"@id\":\"https:\\\/\\\/cardamomo.com\\\/es\\\/artist\\\/karime-amaya\\\/#primaryimage\"},\"thumbnailUrl\":\"https:\\\/\\\/cardamomo.ams3.digitaloceanspaces.com\\\/wp-content\\\/uploads\\\/2022\\\/04\\\/18161728\\\/karime-amaya-1.jpg\",\"datePublished\":\"2022-04-30T15:31:01+00:00\",\"dateModified\":\"2025-03-18T16:17:54+00:00\",\"breadcrumb\":{\"@id\":\"https:\\\/\\\/cardamomo.com\\\/es\\\/artist\\\/karime-amaya\\\/#breadcrumb\"},\"inLanguage\":\"es\",\"potentialAction\":[{\"@type\":\"ReadAction\",\"target\":[[\"https:\\\/\\\/cardamomo.com\\\/es\\\/artist\\\/karime-amaya\\\/\"]]}]},{\"@type\":\"ImageObject\",\"inLanguage\":\"es\",\"@id\":\"https:\\\/\\\/cardamomo.com\\\/es\\\/artist\\\/karime-amaya\\\/#primaryimage\",\"url\":\"https:\\\/\\\/cardamomo.ams3.digitaloceanspaces.com\\\/wp-content\\\/uploads\\\/2022\\\/04\\\/18161728\\\/karime-amaya-1.jpg\",\"contentUrl\":\"https:\\\/\\\/cardamomo.ams3.digitaloceanspaces.com\\\/wp-content\\\/uploads\\\/2022\\\/04\\\/18161728\\\/karime-amaya-1.jpg\",\"width\":600,\"height\":750,\"caption\":\"Bailaora Karime Amaya\"},{\"@type\":\"BreadcrumbList\",\"@id\":\"https:\\\/\\\/cardamomo.com\\\/es\\\/artist\\\/karime-amaya\\\/#breadcrumb\",\"itemListElement\":[{\"@type\":\"ListItem\",\"position\":1,\"name\":\"Cardamomo\",\"item\":\"https:\\\/\\\/cardamomo.com\\\/es\\\/\"},{\"@type\":\"ListItem\",\"position\":2,\"name\":\"Artists\",\"item\":\"https:\\\/\\\/cardamomo.com\\\/es\\\/artist\\\/\"},{\"@type\":\"ListItem\",\"position\":3,\"name\":\"Karime Amaya\"}]},{\"@type\":\"WebSite\",\"@id\":\"https:\\\/\\\/cardamomo.com\\\/es\\\/#website\",\"url\":\"https:\\\/\\\/cardamomo.com\\\/es\\\/\",\"name\":\"Cardamomo Flamenco Madrid\",\"description\":\"\",\"potentialAction\":[{\"@type\":\"SearchAction\",\"target\":{\"@type\":\"EntryPoint\",\"urlTemplate\":\"https:\\\/\\\/cardamomo.com\\\/es\\\/?s={search_term_string}\"},\"query-input\":{\"@type\":\"PropertyValueSpecification\",\"valueRequired\":true,\"valueName\":\"search_term_string\"}}],\"inLanguage\":\"es\"}]}<\/script>\n<!-- \/ Yoast SEO plugin. -->","yoast_head_json":{"title":"Karime Amaya - Cardamomo Flamenco Madrid","robots":{"index":"index","follow":"follow","max-snippet":"max-snippet:-1","max-image-preview":"max-image-preview:large","max-video-preview":"max-video-preview:-1"},"canonical":"\/","og_locale":"es_ES","og_type":"article","og_title":"Karime Amaya - Cardamomo Flamenco Madrid","og_description":"Trayectoria\u00a0 Dentro de su trayectoria, la bailaora Karime Amaya, ha sido parte de numerosos festivales internacionales. Dentro de ellos se encuentran el Festival Flamenco Internacional de Albuquerque (Estados Unidos), Festival de Arte Flamenco en Monterrey (M\u00e9xico) y\u00a0 el Festival de Arte Flamenco de Mont-de-Marsan (Francia) entre otros. Particip\u00f3 de varios tablaos de Tokio como \u00abGarlochi\u00bb...","og_url":"https:\/\/cardamomo.com\/es\/artist\/karime-amaya\/","og_site_name":"Cardamomo Flamenco Madrid","article_modified_time":"2025-03-18T16:17:54+00:00","og_image":[{"width":600,"height":750,"url":"https:\/\/cardamomo.ams3.digitaloceanspaces.com\/wp-content\/uploads\/2022\/04\/18161728\/karime-amaya-1.jpg","type":"image\/jpeg"}],"twitter_card":"summary_large_image","twitter_misc":{"Tiempo de lectura":"1 minuto"},"schema":{"@context":"https:\/\/schema.org","@graph":[{"@type":"WebPage","@id":"https:\/\/cardamomo.com\/es\/artist\/karime-amaya\/","url":"https:\/\/cardamomo.com\/es\/artist\/karime-amaya\/","name":"Karime Amaya - Cardamomo Flamenco Madrid","isPartOf":{"@id":"https:\/\/cardamomo.com\/es\/#website"},"primaryImageOfPage":{"@id":"https:\/\/cardamomo.com\/es\/artist\/karime-amaya\/#primaryimage"},"image":{"@id":"https:\/\/cardamomo.com\/es\/artist\/karime-amaya\/#primaryimage"},"thumbnailUrl":"https:\/\/cardamomo.ams3.digitaloceanspaces.com\/wp-content\/uploads\/2022\/04\/18161728\/karime-amaya-1.jpg","datePublished":"2022-04-30T15:31:01+00:00","dateModified":"2025-03-18T16:17:54+00:00","breadcrumb":{"@id":"https:\/\/cardamomo.com\/es\/artist\/karime-amaya\/#breadcrumb"},"inLanguage":"es","potentialAction":[{"@type":"ReadAction","target":[["https:\/\/cardamomo.com\/es\/artist\/karime-amaya\/"]]}]},{"@type":"ImageObject","inLanguage":"es","@id":"https:\/\/cardamomo.com\/es\/artist\/karime-amaya\/#primaryimage","url":"https:\/\/cardamomo.ams3.digitaloceanspaces.com\/wp-content\/uploads\/2022\/04\/18161728\/karime-amaya-1.jpg","contentUrl":"https:\/\/cardamomo.ams3.digitaloceanspaces.com\/wp-content\/uploads\/2022\/04\/18161728\/karime-amaya-1.jpg","width":600,"height":750,"caption":"Bailaora Karime Amaya"},{"@type":"BreadcrumbList","@id":"https:\/\/cardamomo.com\/es\/artist\/karime-amaya\/#breadcrumb","itemListElement":[{"@type":"ListItem","position":1,"name":"Cardamomo","item":"https:\/\/cardamomo.com\/es\/"},{"@type":"ListItem","position":2,"name":"Artists","item":"https:\/\/cardamomo.com\/es\/artist\/"},{"@type":"ListItem","position":3,"name":"Karime Amaya"}]},{"@type":"WebSite","@id":"https:\/\/cardamomo.com\/es\/#website","url":"https:\/\/cardamomo.com\/es\/","name":"Cardamomo Flamenco Madrid","description":"","potentialAction":[{"@type":"SearchAction","target":{"@type":"EntryPoint","urlTemplate":"https:\/\/cardamomo.com\/es\/?s={search_term_string}"},"query-input":{"@type":"PropertyValueSpecification","valueRequired":true,"valueName":"search_term_string"}}],"inLanguage":"es"}]}},"_links":{"self":[{"href":"https:\/\/cardamomo.com\/es\/wp-json\/wp\/v2\/artist\/98664","targetHints":{"allow":["GET"]}}],"collection":[{"href":"https:\/\/cardamomo.com\/es\/wp-json\/wp\/v2\/artist"}],"about":[{"href":"https:\/\/cardamomo.com\/es\/wp-json\/wp\/v2\/types\/artist"}],"wp:featuredmedia":[{"embeddable":true,"href":"https:\/\/cardamomo.com\/es\/wp-json\/wp\/v2\/media\/157210"}],"wp:attachment":[{"href":"https:\/\/cardamomo.com\/es\/wp-json\/wp\/v2\/media?parent=98664"}],"curies":[{"name":"wp","href":"https:\/\/api.w.org\/{rel}","templated":true}]}}