{"id":689,"date":"2016-07-29T12:57:01","date_gmt":"2016-07-29T10:57:01","guid":{"rendered":"http:\/\/cardamomo.fullcircle.es\/?post_type=artist&#038;p=689"},"modified":"2025-04-03T08:35:28","modified_gmt":"2025-04-03T08:35:28","slug":"juan-carlos-quiros","status":"publish","type":"artist","link":"https:\/\/cardamomo.com\/es\/artist\/juan-carlos-quiros-madrid\/","title":{"rendered":"Juan Carlos Quir\u00f3s (Madrid)"},"content":{"rendered":"<p>Su amor por la m\u00fasica arraiga en \u00e9l desde chico, cuando su t\u00edo Adolfo le animaba a coger la guitarra y acompa\u00f1arle a sus encuentros con artistas amigos, como Camar\u00f3n o Tomatito. Estas vivencias cotidianas fueron ense\u00f1anzas magistrales que marcaron para siempre su dedicaci\u00f3n a la m\u00fasica. Su proyecci\u00f3n art\u00edstica profesional se inicia como compositor, cantante y guitarra del grupo Karma. M\u00e1s tarde, entra a formar parte de la compa\u00f1\u00eda de la gran cantaora Aurora Losada, con quien act\u00faa desde hace m\u00e1s de 15 a\u00f1os por escenarios de todo el mundo. Ha trabajado con la compa\u00f1\u00eda de Francisco Su\u00e1rez en la obra del Romancero Gitano, con m\u00e1s de 150 representaciones por Espa\u00f1a; en 2011 participa con un tema en el \u00faltimo disco de Los Chorbos, Ol\u00e9 Ca\u00f1o Roto. Ha recorrido los principales tablaos espa\u00f1oles y compartiendo \u00e9xito con los artistas Jos\u00e9 Maya, Alegr\u00eda Su\u00e1rez, Miki Molina, Esperanza Roy, Kuki Dani Do\u00f1a, Antonio Rey y Aurora Losada. Es guitarrista de Jos\u00e9 Soto Sorderita y Silverio Belmonte; productor y compositor de la discograf\u00eda del d\u00fao Losadas\u201ds Soul (Aurora Losada y Chenoa Quir\u00f3s); y forma parte en la compa\u00f1\u00eda Entre Dos Mundos, con Aurora Losada, Bel\u00e9n L\u00f3pez, Paloma Fantova, Enrique Berm\u00fadez El Piculabe y Chenoa Quir\u00f3s.<\/p>","protected":false},"featured_media":157275,"template":"","meta":{"_acf_changed":false,"inline_featured_image":false},"class_list":["post-689","artist","type-artist","status-publish","has-post-thumbnail","hentry"],"acf":[],"yoast_head":"<!-- This site is optimized with the Yoast SEO plugin v27.4 - https:\/\/yoast.com\/product\/yoast-seo-wordpress\/ -->\n<title>Juan Carlos Quir\u00f3s (Madrid) - Cardamomo Flamenco Madrid<\/title>\n<meta name=\"robots\" content=\"index, follow, max-snippet:-1, max-image-preview:large, max-video-preview:-1\" \/>\n<link rel=\"canonical\" href=\"\/\" \/>\n<meta property=\"og:locale\" content=\"es_ES\" \/>\n<meta property=\"og:type\" content=\"article\" \/>\n<meta property=\"og:title\" content=\"Juan Carlos Quir\u00f3s (Madrid) - Cardamomo Flamenco Madrid\" \/>\n<meta property=\"og:description\" content=\"Su amor por la m\u00fasica arraiga en \u00e9l desde chico, cuando su t\u00edo Adolfo le animaba a coger la guitarra y acompa\u00f1arle a sus encuentros con artistas amigos, como Camar\u00f3n o Tomatito. Estas vivencias cotidianas fueron ense\u00f1anzas magistrales que marcaron para siempre su dedicaci\u00f3n a la m\u00fasica. Su proyecci\u00f3n art\u00edstica profesional se inicia como compositor,...\" \/>\n<meta property=\"og:url\" content=\"https:\/\/cardamomo.com\/es\/artist\/juan-carlos-quiros-madrid\/\" \/>\n<meta property=\"og:site_name\" content=\"Cardamomo Flamenco Madrid\" \/>\n<meta property=\"article:modified_time\" content=\"2025-04-03T08:35:28+00:00\" \/>\n<meta property=\"og:image\" content=\"https:\/\/cardamomo.ams3.digitaloceanspaces.com\/wp-content\/uploads\/2016\/07\/03083458\/juan-carlos-quiros.jpg\" \/>\n\t<meta property=\"og:image:width\" content=\"600\" \/>\n\t<meta property=\"og:image:height\" content=\"751\" \/>\n\t<meta property=\"og:image:type\" content=\"image\/jpeg\" \/>\n<meta name=\"twitter:card\" content=\"summary_large_image\" \/>\n<meta name=\"twitter:label1\" content=\"Tiempo de lectura\" \/>\n\t<meta name=\"twitter:data1\" content=\"2 minutos\" \/>\n<script type=\"application\/ld+json\" class=\"yoast-schema-graph\">{\"@context\":\"https:\\\/\\\/schema.org\",\"@graph\":[{\"@type\":\"WebPage\",\"@id\":\"https:\\\/\\\/cardamomo.com\\\/es\\\/artist\\\/juan-carlos-quiros-madrid\\\/\",\"url\":\"https:\\\/\\\/cardamomo.com\\\/es\\\/artist\\\/juan-carlos-quiros-madrid\\\/\",\"name\":\"Juan Carlos Quir\u00f3s (Madrid) - Cardamomo Flamenco Madrid\",\"isPartOf\":{\"@id\":\"https:\\\/\\\/cardamomo.com\\\/es\\\/#website\"},\"primaryImageOfPage\":{\"@id\":\"https:\\\/\\\/cardamomo.com\\\/es\\\/artist\\\/juan-carlos-quiros-madrid\\\/#primaryimage\"},\"image\":{\"@id\":\"https:\\\/\\\/cardamomo.com\\\/es\\\/artist\\\/juan-carlos-quiros-madrid\\\/#primaryimage\"},\"thumbnailUrl\":\"https:\\\/\\\/cardamomo.ams3.digitaloceanspaces.com\\\/wp-content\\\/uploads\\\/2016\\\/07\\\/03083458\\\/juan-carlos-quiros.jpg\",\"datePublished\":\"2016-07-29T10:57:01+00:00\",\"dateModified\":\"2025-04-03T08:35:28+00:00\",\"breadcrumb\":{\"@id\":\"https:\\\/\\\/cardamomo.com\\\/es\\\/artist\\\/juan-carlos-quiros-madrid\\\/#breadcrumb\"},\"inLanguage\":\"es\",\"potentialAction\":[{\"@type\":\"ReadAction\",\"target\":[[\"https:\\\/\\\/cardamomo.com\\\/es\\\/artist\\\/juan-carlos-quiros-madrid\\\/\"]]}]},{\"@type\":\"ImageObject\",\"inLanguage\":\"es\",\"@id\":\"https:\\\/\\\/cardamomo.com\\\/es\\\/artist\\\/juan-carlos-quiros-madrid\\\/#primaryimage\",\"url\":\"https:\\\/\\\/cardamomo.ams3.digitaloceanspaces.com\\\/wp-content\\\/uploads\\\/2016\\\/07\\\/03083458\\\/juan-carlos-quiros.jpg\",\"contentUrl\":\"https:\\\/\\\/cardamomo.ams3.digitaloceanspaces.com\\\/wp-content\\\/uploads\\\/2016\\\/07\\\/03083458\\\/juan-carlos-quiros.jpg\",\"width\":600,\"height\":751,\"caption\":\"Guitarrista Juan Carlos Quir\u00f3s (Madrid)\"},{\"@type\":\"BreadcrumbList\",\"@id\":\"https:\\\/\\\/cardamomo.com\\\/es\\\/artist\\\/juan-carlos-quiros-madrid\\\/#breadcrumb\",\"itemListElement\":[{\"@type\":\"ListItem\",\"position\":1,\"name\":\"Cardamomo\",\"item\":\"https:\\\/\\\/cardamomo.com\\\/es\\\/\"},{\"@type\":\"ListItem\",\"position\":2,\"name\":\"Artists\",\"item\":\"https:\\\/\\\/cardamomo.com\\\/es\\\/artist\\\/\"},{\"@type\":\"ListItem\",\"position\":3,\"name\":\"Juan Carlos Quir\u00f3s (Madrid)\"}]},{\"@type\":\"WebSite\",\"@id\":\"https:\\\/\\\/cardamomo.com\\\/es\\\/#website\",\"url\":\"https:\\\/\\\/cardamomo.com\\\/es\\\/\",\"name\":\"Cardamomo Flamenco Madrid\",\"description\":\"\",\"potentialAction\":[{\"@type\":\"SearchAction\",\"target\":{\"@type\":\"EntryPoint\",\"urlTemplate\":\"https:\\\/\\\/cardamomo.com\\\/es\\\/?s={search_term_string}\"},\"query-input\":{\"@type\":\"PropertyValueSpecification\",\"valueRequired\":true,\"valueName\":\"search_term_string\"}}],\"inLanguage\":\"es\"}]}<\/script>\n<!-- \/ Yoast SEO plugin. -->","yoast_head_json":{"title":"Juan Carlos Quir\u00f3s (Madrid) - Cardamomo Flamenco Madrid","robots":{"index":"index","follow":"follow","max-snippet":"max-snippet:-1","max-image-preview":"max-image-preview:large","max-video-preview":"max-video-preview:-1"},"canonical":"\/","og_locale":"es_ES","og_type":"article","og_title":"Juan Carlos Quir\u00f3s (Madrid) - Cardamomo Flamenco Madrid","og_description":"Su amor por la m\u00fasica arraiga en \u00e9l desde chico, cuando su t\u00edo Adolfo le animaba a coger la guitarra y acompa\u00f1arle a sus encuentros con artistas amigos, como Camar\u00f3n o Tomatito. Estas vivencias cotidianas fueron ense\u00f1anzas magistrales que marcaron para siempre su dedicaci\u00f3n a la m\u00fasica. Su proyecci\u00f3n art\u00edstica profesional se inicia como compositor,...","og_url":"https:\/\/cardamomo.com\/es\/artist\/juan-carlos-quiros-madrid\/","og_site_name":"Cardamomo Flamenco Madrid","article_modified_time":"2025-04-03T08:35:28+00:00","og_image":[{"width":600,"height":751,"url":"https:\/\/cardamomo.ams3.digitaloceanspaces.com\/wp-content\/uploads\/2016\/07\/03083458\/juan-carlos-quiros.jpg","type":"image\/jpeg"}],"twitter_card":"summary_large_image","twitter_misc":{"Tiempo de lectura":"2 minutos"},"schema":{"@context":"https:\/\/schema.org","@graph":[{"@type":"WebPage","@id":"https:\/\/cardamomo.com\/es\/artist\/juan-carlos-quiros-madrid\/","url":"https:\/\/cardamomo.com\/es\/artist\/juan-carlos-quiros-madrid\/","name":"Juan Carlos Quir\u00f3s (Madrid) - Cardamomo Flamenco Madrid","isPartOf":{"@id":"https:\/\/cardamomo.com\/es\/#website"},"primaryImageOfPage":{"@id":"https:\/\/cardamomo.com\/es\/artist\/juan-carlos-quiros-madrid\/#primaryimage"},"image":{"@id":"https:\/\/cardamomo.com\/es\/artist\/juan-carlos-quiros-madrid\/#primaryimage"},"thumbnailUrl":"https:\/\/cardamomo.ams3.digitaloceanspaces.com\/wp-content\/uploads\/2016\/07\/03083458\/juan-carlos-quiros.jpg","datePublished":"2016-07-29T10:57:01+00:00","dateModified":"2025-04-03T08:35:28+00:00","breadcrumb":{"@id":"https:\/\/cardamomo.com\/es\/artist\/juan-carlos-quiros-madrid\/#breadcrumb"},"inLanguage":"es","potentialAction":[{"@type":"ReadAction","target":[["https:\/\/cardamomo.com\/es\/artist\/juan-carlos-quiros-madrid\/"]]}]},{"@type":"ImageObject","inLanguage":"es","@id":"https:\/\/cardamomo.com\/es\/artist\/juan-carlos-quiros-madrid\/#primaryimage","url":"https:\/\/cardamomo.ams3.digitaloceanspaces.com\/wp-content\/uploads\/2016\/07\/03083458\/juan-carlos-quiros.jpg","contentUrl":"https:\/\/cardamomo.ams3.digitaloceanspaces.com\/wp-content\/uploads\/2016\/07\/03083458\/juan-carlos-quiros.jpg","width":600,"height":751,"caption":"Guitarrista Juan Carlos Quir\u00f3s (Madrid)"},{"@type":"BreadcrumbList","@id":"https:\/\/cardamomo.com\/es\/artist\/juan-carlos-quiros-madrid\/#breadcrumb","itemListElement":[{"@type":"ListItem","position":1,"name":"Cardamomo","item":"https:\/\/cardamomo.com\/es\/"},{"@type":"ListItem","position":2,"name":"Artists","item":"https:\/\/cardamomo.com\/es\/artist\/"},{"@type":"ListItem","position":3,"name":"Juan Carlos Quir\u00f3s (Madrid)"}]},{"@type":"WebSite","@id":"https:\/\/cardamomo.com\/es\/#website","url":"https:\/\/cardamomo.com\/es\/","name":"Cardamomo Flamenco Madrid","description":"","potentialAction":[{"@type":"SearchAction","target":{"@type":"EntryPoint","urlTemplate":"https:\/\/cardamomo.com\/es\/?s={search_term_string}"},"query-input":{"@type":"PropertyValueSpecification","valueRequired":true,"valueName":"search_term_string"}}],"inLanguage":"es"}]}},"_links":{"self":[{"href":"https:\/\/cardamomo.com\/es\/wp-json\/wp\/v2\/artist\/689","targetHints":{"allow":["GET"]}}],"collection":[{"href":"https:\/\/cardamomo.com\/es\/wp-json\/wp\/v2\/artist"}],"about":[{"href":"https:\/\/cardamomo.com\/es\/wp-json\/wp\/v2\/types\/artist"}],"wp:featuredmedia":[{"embeddable":true,"href":"https:\/\/cardamomo.com\/es\/wp-json\/wp\/v2\/media\/157275"}],"wp:attachment":[{"href":"https:\/\/cardamomo.com\/es\/wp-json\/wp\/v2\/media?parent=689"}],"curies":[{"name":"wp","href":"https:\/\/api.w.org\/{rel}","templated":true}]}}