{"id":684,"date":"2016-07-29T12:52:03","date_gmt":"2016-07-29T10:52:03","guid":{"rendered":"http:\/\/cardamomo.fullcircle.es\/?post_type=artist&#038;p=684"},"modified":"2025-04-03T09:00:26","modified_gmt":"2025-04-03T09:00:26","slug":"jose-gomez-carmona-rapico","status":"publish","type":"artist","link":"https:\/\/cardamomo.com\/es\/artist\/jose-gomez\/","title":{"rendered":"Jos\u00e9 G\u00f3mez Carmona \u00abRapico\u00bb (Mallorca)"},"content":{"rendered":"<p>Con 5 a\u00f1os, sus profesores tuvieron que aceptar que fuese al colegio con botas de baile e incluso que jugara al f\u00fatbol con ellas porque si no lloraba sin parar\u2026<\/p>\n<p>Cuando, a los 7 a\u00f1os, Rapico asisti\u00f3 al espect\u00e1culo flamenco \u201cTorero\u201d, del m\u00edtico Antonio Canales, en el auditorio de su Mallorca natal, un impulso irrefrenable le empuj\u00f3 a subir al escenario como un espont\u00e1neo. Impresionado, el maestro Canales detuvo el espect\u00e1culo, ante el estupor de los asistentes por la interrupci\u00f3n, y le invit\u00f3 a bailar. A\u00fan recuerdan esta an\u00e9cdota algunos de los integrantes de la compa\u00f1\u00eda en aquel momento y que hoy comparten escenario con \u00e9l en Cardamomo (David Jim\u00e9nez, Keli\u00e1n Jim\u00e9nez y M\u00f3nica Fern\u00e1ndez). Todo pronosticaba que Jos\u00e9 G\u00f3mez \u2013cuyo apodo proviene de la familia de artistas \u201clos Rapico\u201d- ser\u00eda el gran bailaor que es. Y as\u00ed lo vaticin\u00f3 Paco de Luc\u00eda cuando le dijo que ten\u00eda todo lo necesario para alcanzar el triunfo; y Michael Douglas, que despu\u00e9s de verle bailar por casualidad, lo contrat\u00f3 con 12 a\u00f1os para bailar en una fiesta que ofrec\u00eda en su casa. No obstante, al margen de estas impresionantes an\u00e9cdotas, su trayectoria est\u00e1 repleta de viajes y eventos que evidencian su profesionalidad. En 2015 viaja a Kuwait y Dubai formando parte de un espect\u00e1culo flamenco compuesto por artistas reconocidos de Granada, Madrid y Barcelona. Ha rodado tambi\u00e9n un spot comercial con ADIDAS para los Emiratos \u00c1rabes dejando all\u00ed su huella flamenca. Ha formado parte de la compa\u00f1\u00eda de Tito Losada, viajando a Jap\u00f3n y otras 18 ciudades distintas como artista solista. Ha participado en numerosas colaboraciones con maestros de la guitarra como Tomatito y Pepe Habichuela; ha participado en el Festival de Marsella; ha formado parte de la compa\u00f1\u00eda de Gerardo N\u00fa\u00f1ez y colaborado con la compa\u00f1\u00eda Promesa Flamenca. Y sumando, ha atesorado un impresionante curr\u00edculum con cert\u00e1menes, festivales, premios, tablaos de prestigio, teatros y auditorios espa\u00f1oles e internacionales. En definitiva, Rapico, artista excepcional que con tan solo 7 a\u00f1os ya recib\u00eda clases de ballet, cl\u00e1sico espa\u00f1ol y flamenco, hoy, con apenas 26 a\u00f1os reconoce haber aprendido realmente lo que sabe \u2018poni\u00e9ndose una y otra vez cintas de v\u00eddeo de los mejores artistas del flamenco y sobre todo, en casa, con la familia\u2019.<\/p>\n<p>Cuando, a los 7 a\u00f1os, Rapico asisti\u00f3 al espect\u00e1culo flamenco \u201cTorero\u201d, del m\u00edtico Antonio Canales, en el auditorio de su Mallorca natal, un impulso irrefrenable le empuj\u00f3 a subir al escenario como un espont\u00e1neo. Impresionado, el maestro Canales detuvo el espect\u00e1culo, ante el estupor de los asistentes por la interrupci\u00f3n, y le invit\u00f3 a bailar. A\u00fan recuerdan esta an\u00e9cdota algunos de los integrantes de la compa\u00f1\u00eda en aquel momento y que hoy comparten escenario con \u00e9l en Cardamomo (David Jim\u00e9nez, Keli\u00e1n Jim\u00e9nez y M\u00f3nica Fern\u00e1ndez). Todo pronosticaba que Jos\u00e9 G\u00f3mez \u2013cuyo apodo proviene de la familia de artistas \u201clos Rapico\u201d- ser\u00eda el gran bailaor que es. Y as\u00ed lo vaticin\u00f3 Paco de Luc\u00eda cuando le dijo que ten\u00eda todo lo necesario para alcanzar el triunfo; y Michael Douglas, que despu\u00e9s de verle bailar por casualidad, lo contrat\u00f3 con 12 a\u00f1os para bailar en una fiesta que ofrec\u00eda en su casa. No obstante, al margen de estas impresionantes an\u00e9cdotas, su trayectoria est\u00e1 repleta de viajes y eventos que evidencian su profesionalidad. En 2015 viaja a Kuwait y Dubai formando parte de un espect\u00e1culo flamenco compuesto por artistas reconocidos de Granada, Madrid y Barcelona. Ha rodado tambi\u00e9n un spot comercial con ADIDAS para los Emiratos \u00c1rabes dejando all\u00ed su huella flamenca. Ha formado parte de la compa\u00f1\u00eda de Tito Losada, viajando a Jap\u00f3n y otras 18 ciudades distintas como artista solista. Ha participado en numerosas colaboraciones con maestros de la guitarra como Tomatito y Pepe Habichuela; ha participado en el Festival de Marsella; ha formado parte de la compa\u00f1\u00eda de Gerardo N\u00fa\u00f1ez y colaborado con la compa\u00f1\u00eda Promesa Flamenca. Y sumando, ha atesorado un impresionante curr\u00edculum con cert\u00e1menes, festivales, premios, tablaos de prestigio, teatros y auditorios espa\u00f1oles e internacionales. En definitiva, Rapico, artista excepcional que con tan solo 7 a\u00f1os ya recib\u00eda clases de ballet, cl\u00e1sico espa\u00f1ol y flamenco, hoy, con apenas 26 a\u00f1os reconoce haber aprendido realmente lo que sabe \u2018poni\u00e9ndose una y otra vez cintas de v\u00eddeo de los mejores artistas del flamenco y sobre todo, en casa, con la familia\u2019.<\/p>","protected":false},"featured_media":157280,"template":"","meta":{"_acf_changed":false,"inline_featured_image":false},"class_list":["post-684","artist","type-artist","status-publish","has-post-thumbnail","hentry"],"acf":[],"yoast_head":"<!-- This site is optimized with the Yoast SEO plugin v27.4 - https:\/\/yoast.com\/product\/yoast-seo-wordpress\/ -->\n<title>Jos\u00e9 G\u00f3mez Carmona &quot;Rapico&quot; (Mallorca) - Cardamomo Flamenco Madrid<\/title>\n<meta name=\"robots\" content=\"index, follow, max-snippet:-1, max-image-preview:large, max-video-preview:-1\" \/>\n<link rel=\"canonical\" href=\"\/\" \/>\n<meta property=\"og:locale\" content=\"es_ES\" \/>\n<meta property=\"og:type\" content=\"article\" \/>\n<meta property=\"og:title\" content=\"Jos\u00e9 G\u00f3mez Carmona &quot;Rapico&quot; (Mallorca) - Cardamomo Flamenco Madrid\" \/>\n<meta property=\"og:description\" content=\"Con 5 a\u00f1os, sus profesores tuvieron que aceptar que fuese al colegio con botas de baile e incluso que jugara al f\u00fatbol con ellas porque si no lloraba sin parar\u2026 Cuando, a los 7 a\u00f1os, Rapico asisti\u00f3 al espect\u00e1culo flamenco \u201cTorero\u201d, del m\u00edtico Antonio Canales, en el auditorio de su Mallorca natal, un impulso irrefrenable...\" \/>\n<meta property=\"og:url\" content=\"https:\/\/cardamomo.com\/es\/artist\/jose-gomez\/\" \/>\n<meta property=\"og:site_name\" content=\"Cardamomo Flamenco Madrid\" \/>\n<meta property=\"article:modified_time\" content=\"2025-04-03T09:00:26+00:00\" \/>\n<meta property=\"og:image\" content=\"https:\/\/cardamomo.ams3.digitaloceanspaces.com\/wp-content\/uploads\/2016\/07\/03085949\/jose-gomez-carmona.jpg\" \/>\n\t<meta property=\"og:image:width\" content=\"600\" \/>\n\t<meta property=\"og:image:height\" content=\"750\" \/>\n\t<meta property=\"og:image:type\" content=\"image\/jpeg\" \/>\n<meta name=\"twitter:card\" content=\"summary_large_image\" \/>\n<meta name=\"twitter:label1\" content=\"Tiempo de lectura\" \/>\n\t<meta name=\"twitter:data1\" content=\"4 minutos\" \/>\n<script type=\"application\/ld+json\" class=\"yoast-schema-graph\">{\"@context\":\"https:\\\/\\\/schema.org\",\"@graph\":[{\"@type\":\"WebPage\",\"@id\":\"https:\\\/\\\/cardamomo.com\\\/es\\\/artist\\\/jose-gomez\\\/\",\"url\":\"https:\\\/\\\/cardamomo.com\\\/es\\\/artist\\\/jose-gomez\\\/\",\"name\":\"Jos\u00e9 G\u00f3mez Carmona \\\"Rapico\\\" (Mallorca) - Cardamomo Flamenco Madrid\",\"isPartOf\":{\"@id\":\"https:\\\/\\\/cardamomo.com\\\/es\\\/#website\"},\"primaryImageOfPage\":{\"@id\":\"https:\\\/\\\/cardamomo.com\\\/es\\\/artist\\\/jose-gomez\\\/#primaryimage\"},\"image\":{\"@id\":\"https:\\\/\\\/cardamomo.com\\\/es\\\/artist\\\/jose-gomez\\\/#primaryimage\"},\"thumbnailUrl\":\"https:\\\/\\\/cardamomo.ams3.digitaloceanspaces.com\\\/wp-content\\\/uploads\\\/2016\\\/07\\\/03085949\\\/jose-gomez-carmona.jpg\",\"datePublished\":\"2016-07-29T10:52:03+00:00\",\"dateModified\":\"2025-04-03T09:00:26+00:00\",\"breadcrumb\":{\"@id\":\"https:\\\/\\\/cardamomo.com\\\/es\\\/artist\\\/jose-gomez\\\/#breadcrumb\"},\"inLanguage\":\"es\",\"potentialAction\":[{\"@type\":\"ReadAction\",\"target\":[[\"https:\\\/\\\/cardamomo.com\\\/es\\\/artist\\\/jose-gomez\\\/\"]]}]},{\"@type\":\"ImageObject\",\"inLanguage\":\"es\",\"@id\":\"https:\\\/\\\/cardamomo.com\\\/es\\\/artist\\\/jose-gomez\\\/#primaryimage\",\"url\":\"https:\\\/\\\/cardamomo.ams3.digitaloceanspaces.com\\\/wp-content\\\/uploads\\\/2016\\\/07\\\/03085949\\\/jose-gomez-carmona.jpg\",\"contentUrl\":\"https:\\\/\\\/cardamomo.ams3.digitaloceanspaces.com\\\/wp-content\\\/uploads\\\/2016\\\/07\\\/03085949\\\/jose-gomez-carmona.jpg\",\"width\":600,\"height\":750,\"caption\":\"Bailaor Jos\u00e9 G\u00f3mez Carmona \\\"Rapico\\\" (Mallorca)\"},{\"@type\":\"BreadcrumbList\",\"@id\":\"https:\\\/\\\/cardamomo.com\\\/es\\\/artist\\\/jose-gomez\\\/#breadcrumb\",\"itemListElement\":[{\"@type\":\"ListItem\",\"position\":1,\"name\":\"Cardamomo\",\"item\":\"https:\\\/\\\/cardamomo.com\\\/es\\\/\"},{\"@type\":\"ListItem\",\"position\":2,\"name\":\"Artists\",\"item\":\"https:\\\/\\\/cardamomo.com\\\/es\\\/artist\\\/\"},{\"@type\":\"ListItem\",\"position\":3,\"name\":\"Jos\u00e9 G\u00f3mez Carmona \u00abRapico\u00bb (Mallorca)\"}]},{\"@type\":\"WebSite\",\"@id\":\"https:\\\/\\\/cardamomo.com\\\/es\\\/#website\",\"url\":\"https:\\\/\\\/cardamomo.com\\\/es\\\/\",\"name\":\"Cardamomo Flamenco Madrid\",\"description\":\"\",\"potentialAction\":[{\"@type\":\"SearchAction\",\"target\":{\"@type\":\"EntryPoint\",\"urlTemplate\":\"https:\\\/\\\/cardamomo.com\\\/es\\\/?s={search_term_string}\"},\"query-input\":{\"@type\":\"PropertyValueSpecification\",\"valueRequired\":true,\"valueName\":\"search_term_string\"}}],\"inLanguage\":\"es\"}]}<\/script>\n<!-- \/ Yoast SEO plugin. -->","yoast_head_json":{"title":"Jos\u00e9 G\u00f3mez Carmona \"Rapico\" (Mallorca) - Cardamomo Flamenco Madrid","robots":{"index":"index","follow":"follow","max-snippet":"max-snippet:-1","max-image-preview":"max-image-preview:large","max-video-preview":"max-video-preview:-1"},"canonical":"\/","og_locale":"es_ES","og_type":"article","og_title":"Jos\u00e9 G\u00f3mez Carmona \"Rapico\" (Mallorca) - Cardamomo Flamenco Madrid","og_description":"Con 5 a\u00f1os, sus profesores tuvieron que aceptar que fuese al colegio con botas de baile e incluso que jugara al f\u00fatbol con ellas porque si no lloraba sin parar\u2026 Cuando, a los 7 a\u00f1os, Rapico asisti\u00f3 al espect\u00e1culo flamenco \u201cTorero\u201d, del m\u00edtico Antonio Canales, en el auditorio de su Mallorca natal, un impulso irrefrenable...","og_url":"https:\/\/cardamomo.com\/es\/artist\/jose-gomez\/","og_site_name":"Cardamomo Flamenco Madrid","article_modified_time":"2025-04-03T09:00:26+00:00","og_image":[{"width":600,"height":750,"url":"https:\/\/cardamomo.ams3.digitaloceanspaces.com\/wp-content\/uploads\/2016\/07\/03085949\/jose-gomez-carmona.jpg","type":"image\/jpeg"}],"twitter_card":"summary_large_image","twitter_misc":{"Tiempo de lectura":"4 minutos"},"schema":{"@context":"https:\/\/schema.org","@graph":[{"@type":"WebPage","@id":"https:\/\/cardamomo.com\/es\/artist\/jose-gomez\/","url":"https:\/\/cardamomo.com\/es\/artist\/jose-gomez\/","name":"Jos\u00e9 G\u00f3mez Carmona \"Rapico\" (Mallorca) - Cardamomo Flamenco Madrid","isPartOf":{"@id":"https:\/\/cardamomo.com\/es\/#website"},"primaryImageOfPage":{"@id":"https:\/\/cardamomo.com\/es\/artist\/jose-gomez\/#primaryimage"},"image":{"@id":"https:\/\/cardamomo.com\/es\/artist\/jose-gomez\/#primaryimage"},"thumbnailUrl":"https:\/\/cardamomo.ams3.digitaloceanspaces.com\/wp-content\/uploads\/2016\/07\/03085949\/jose-gomez-carmona.jpg","datePublished":"2016-07-29T10:52:03+00:00","dateModified":"2025-04-03T09:00:26+00:00","breadcrumb":{"@id":"https:\/\/cardamomo.com\/es\/artist\/jose-gomez\/#breadcrumb"},"inLanguage":"es","potentialAction":[{"@type":"ReadAction","target":[["https:\/\/cardamomo.com\/es\/artist\/jose-gomez\/"]]}]},{"@type":"ImageObject","inLanguage":"es","@id":"https:\/\/cardamomo.com\/es\/artist\/jose-gomez\/#primaryimage","url":"https:\/\/cardamomo.ams3.digitaloceanspaces.com\/wp-content\/uploads\/2016\/07\/03085949\/jose-gomez-carmona.jpg","contentUrl":"https:\/\/cardamomo.ams3.digitaloceanspaces.com\/wp-content\/uploads\/2016\/07\/03085949\/jose-gomez-carmona.jpg","width":600,"height":750,"caption":"Bailaor Jos\u00e9 G\u00f3mez Carmona \"Rapico\" (Mallorca)"},{"@type":"BreadcrumbList","@id":"https:\/\/cardamomo.com\/es\/artist\/jose-gomez\/#breadcrumb","itemListElement":[{"@type":"ListItem","position":1,"name":"Cardamomo","item":"https:\/\/cardamomo.com\/es\/"},{"@type":"ListItem","position":2,"name":"Artists","item":"https:\/\/cardamomo.com\/es\/artist\/"},{"@type":"ListItem","position":3,"name":"Jos\u00e9 G\u00f3mez Carmona \u00abRapico\u00bb (Mallorca)"}]},{"@type":"WebSite","@id":"https:\/\/cardamomo.com\/es\/#website","url":"https:\/\/cardamomo.com\/es\/","name":"Cardamomo Flamenco Madrid","description":"","potentialAction":[{"@type":"SearchAction","target":{"@type":"EntryPoint","urlTemplate":"https:\/\/cardamomo.com\/es\/?s={search_term_string}"},"query-input":{"@type":"PropertyValueSpecification","valueRequired":true,"valueName":"search_term_string"}}],"inLanguage":"es"}]}},"_links":{"self":[{"href":"https:\/\/cardamomo.com\/es\/wp-json\/wp\/v2\/artist\/684","targetHints":{"allow":["GET"]}}],"collection":[{"href":"https:\/\/cardamomo.com\/es\/wp-json\/wp\/v2\/artist"}],"about":[{"href":"https:\/\/cardamomo.com\/es\/wp-json\/wp\/v2\/types\/artist"}],"wp:featuredmedia":[{"embeddable":true,"href":"https:\/\/cardamomo.com\/es\/wp-json\/wp\/v2\/media\/157280"}],"wp:attachment":[{"href":"https:\/\/cardamomo.com\/es\/wp-json\/wp\/v2\/media?parent=684"}],"curies":[{"name":"wp","href":"https:\/\/api.w.org\/{rel}","templated":true}]}}