{"id":104300,"date":"2022-07-05T17:16:07","date_gmt":"2022-07-05T15:16:07","guid":{"rendered":"https:\/\/cardamomo.com\/es\/?post_type=artist&#038;p=104300"},"modified":"2025-03-12T10:11:36","modified_gmt":"2025-03-12T10:11:36","slug":"morenito-de-illora","status":"publish","type":"artist","link":"https:\/\/cardamomo.com\/es\/artist\/morenito-de-illora\/","title":{"rendered":"\u00abMorenito de Illora\u00bb"},"content":{"rendered":"<p><\/p>\n<h4>Biograf\u00eda<\/h4>\n<p>Guillermo Campos Jim\u00e9nez, m\u00e1s conocido como \u00abMorenito de Illora\u00bb es un cantaor gitano nacido en Illora (Granada). Miembro de una familia gitana de aficionados y famosos artistas, viviendo en un ambiente de cante y baile. A los 7 a\u00f1os, emigr\u00f3 a Barcelona. Este cantante tuvo el honor de trabajar durante tres a\u00f1os con la gran Flora Albaic\u00edn. Tambi\u00e9n cre\u00f3 el grupo Pureza, junto con Nene de Santa Fe.<\/p>\n<p style=\"font-weight: 400;\">El apodo de Morenito de \u00cdllora se lo puso Camar\u00f3n en el festival de la localidad granadina en 1979. Este le dijo que llevara el nombre de su pueblo, y no el de Granada. \u00abYo soy Camar\u00f3n de la Isla y no Camar\u00f3n de C\u00e1diz\u00bb. Morenito de \u00cdllora sali\u00f3 al escenario y abraz\u00f3 a Camar\u00f3n, que lo apadrinaba con el nombre art\u00edstico de Morenito de \u00cdllora. \u00a0Luego de este momento \u00e9pico, actuaron juntos en<em> Los Tarantos del Sacromonte, <\/em>un lugar destacado para los artistas.<\/p>\n<p>Morenito actualmente acompa\u00f1a a Tomatito, con el que lleva m\u00e1s de quince a\u00f1os, haciendo giras por todo el mundo. Ha actuado junto a artistas como \u00abPansequito\u00bb, el propio Camar\u00f3n, Manuela Carrasco, Joaqu\u00edn Cort\u00e9s, David Morales y Ram\u00f3n Porrinas entre otros.<\/p>\n<p style=\"font-weight: 400;\">Con mucho estilo y paladar, su mundo es de las seguiriyas, tangos, buler\u00edas, canti\u00f1as, sole\u00e1 y algunos otros cantes libres que los domina muy f\u00e1cilmente.<\/p>\n<h4>Obras Discogr\u00e1ficas<\/h4>\n<p><em>\u00abPasi\u00f3n\u00bb<\/em> 1991 producido por Pepe de Luc\u00eda \u00ab<em>India\u00bb<\/em>, con la participaci\u00f3n de Juan Manuel Ca\u00f1izares, Benavent y Chano Dom\u00ednguez.<\/p>\n<p><em>\u00abYo quiero volar\u00bb 1994<\/em> con la colaboraci\u00f3n de Pedro Sierra, \u00abTobala\u00bb y Juan Jos\u00e9 Amador entre otros.<\/p>\n<p>\u00ab<em>A Paco de Luc\u00eda\u00bb 1995 <\/em>, con el toque de Tomatito y \u00abPaquito\u00bb Fern\u00e1ndez.<\/p>\n<p><em>Alumbra mi vida<\/em> 2001, producido por Discos Mercurio,<\/p>\n<p style=\"font-weight: 400;\">Tambi\u00e9n trabaja como productor, promocionando nuevos valores David Carmona o Miguel \u00c1ngel Cort\u00e9s y ha trabajado en importantes tablaos de Espa\u00f1a.<\/p>\n<p><\/p>","protected":false},"featured_media":157174,"template":"","meta":{"_acf_changed":false,"inline_featured_image":false},"class_list":["post-104300","artist","type-artist","status-publish","has-post-thumbnail","hentry"],"acf":[],"yoast_head":"<!-- This site is optimized with the Yoast SEO plugin v27.4 - https:\/\/yoast.com\/product\/yoast-seo-wordpress\/ -->\n<title>&quot;Morenito de Illora&quot; - Cardamomo Flamenco Madrid<\/title>\n<meta name=\"robots\" content=\"index, follow, max-snippet:-1, max-image-preview:large, max-video-preview:-1\" \/>\n<link rel=\"canonical\" href=\"\/\" \/>\n<meta property=\"og:locale\" content=\"es_ES\" \/>\n<meta property=\"og:type\" content=\"article\" \/>\n<meta property=\"og:title\" content=\"&quot;Morenito de Illora&quot; - Cardamomo Flamenco Madrid\" \/>\n<meta property=\"og:description\" content=\"Biograf\u00eda Guillermo Campos Jim\u00e9nez, m\u00e1s conocido como \u00abMorenito de Illora\u00bb es un cantaor gitano nacido en Illora (Granada). Miembro de una familia gitana de aficionados y famosos artistas, viviendo en un ambiente de cante y baile. A los 7 a\u00f1os, emigr\u00f3 a Barcelona. Este cantante tuvo el honor de trabajar durante tres a\u00f1os con la...\" \/>\n<meta property=\"og:url\" content=\"https:\/\/cardamomo.com\/es\/artist\/morenito-de-illora\/\" \/>\n<meta property=\"og:site_name\" content=\"Cardamomo Flamenco Madrid\" \/>\n<meta property=\"article:modified_time\" content=\"2025-03-12T10:11:36+00:00\" \/>\n<meta property=\"og:image\" content=\"https:\/\/cardamomo.ams3.digitaloceanspaces.com\/wp-content\/uploads\/2022\/07\/12101119\/morenito-de-illora.jpg\" \/>\n\t<meta property=\"og:image:width\" content=\"600\" \/>\n\t<meta property=\"og:image:height\" content=\"750\" \/>\n\t<meta property=\"og:image:type\" content=\"image\/jpeg\" \/>\n<meta name=\"twitter:card\" content=\"summary_large_image\" \/>\n<meta name=\"twitter:label1\" content=\"Tiempo de lectura\" \/>\n\t<meta name=\"twitter:data1\" content=\"2 minutos\" \/>\n<script type=\"application\/ld+json\" class=\"yoast-schema-graph\">{\"@context\":\"https:\\\/\\\/schema.org\",\"@graph\":[{\"@type\":\"WebPage\",\"@id\":\"https:\\\/\\\/cardamomo.com\\\/es\\\/artist\\\/morenito-de-illora\\\/\",\"url\":\"https:\\\/\\\/cardamomo.com\\\/es\\\/artist\\\/morenito-de-illora\\\/\",\"name\":\"\\\"Morenito de Illora\\\" - Cardamomo Flamenco Madrid\",\"isPartOf\":{\"@id\":\"https:\\\/\\\/cardamomo.com\\\/es\\\/#website\"},\"primaryImageOfPage\":{\"@id\":\"https:\\\/\\\/cardamomo.com\\\/es\\\/artist\\\/morenito-de-illora\\\/#primaryimage\"},\"image\":{\"@id\":\"https:\\\/\\\/cardamomo.com\\\/es\\\/artist\\\/morenito-de-illora\\\/#primaryimage\"},\"thumbnailUrl\":\"https:\\\/\\\/cardamomo.ams3.digitaloceanspaces.com\\\/wp-content\\\/uploads\\\/2022\\\/07\\\/12101119\\\/morenito-de-illora.jpg\",\"datePublished\":\"2022-07-05T15:16:07+00:00\",\"dateModified\":\"2025-03-12T10:11:36+00:00\",\"breadcrumb\":{\"@id\":\"https:\\\/\\\/cardamomo.com\\\/es\\\/artist\\\/morenito-de-illora\\\/#breadcrumb\"},\"inLanguage\":\"es\",\"potentialAction\":[{\"@type\":\"ReadAction\",\"target\":[[\"https:\\\/\\\/cardamomo.com\\\/es\\\/artist\\\/morenito-de-illora\\\/\"]]}]},{\"@type\":\"ImageObject\",\"inLanguage\":\"es\",\"@id\":\"https:\\\/\\\/cardamomo.com\\\/es\\\/artist\\\/morenito-de-illora\\\/#primaryimage\",\"url\":\"https:\\\/\\\/cardamomo.ams3.digitaloceanspaces.com\\\/wp-content\\\/uploads\\\/2022\\\/07\\\/12101119\\\/morenito-de-illora.jpg\",\"contentUrl\":\"https:\\\/\\\/cardamomo.ams3.digitaloceanspaces.com\\\/wp-content\\\/uploads\\\/2022\\\/07\\\/12101119\\\/morenito-de-illora.jpg\",\"width\":600,\"height\":750,\"caption\":\"Cantaor Morenita de Illora\"},{\"@type\":\"BreadcrumbList\",\"@id\":\"https:\\\/\\\/cardamomo.com\\\/es\\\/artist\\\/morenito-de-illora\\\/#breadcrumb\",\"itemListElement\":[{\"@type\":\"ListItem\",\"position\":1,\"name\":\"Cardamomo\",\"item\":\"https:\\\/\\\/cardamomo.com\\\/es\\\/\"},{\"@type\":\"ListItem\",\"position\":2,\"name\":\"Artists\",\"item\":\"https:\\\/\\\/cardamomo.com\\\/es\\\/artist\\\/\"},{\"@type\":\"ListItem\",\"position\":3,\"name\":\"\u00abMorenito de Illora\u00bb\"}]},{\"@type\":\"WebSite\",\"@id\":\"https:\\\/\\\/cardamomo.com\\\/es\\\/#website\",\"url\":\"https:\\\/\\\/cardamomo.com\\\/es\\\/\",\"name\":\"Cardamomo Flamenco Madrid\",\"description\":\"\",\"potentialAction\":[{\"@type\":\"SearchAction\",\"target\":{\"@type\":\"EntryPoint\",\"urlTemplate\":\"https:\\\/\\\/cardamomo.com\\\/es\\\/?s={search_term_string}\"},\"query-input\":{\"@type\":\"PropertyValueSpecification\",\"valueRequired\":true,\"valueName\":\"search_term_string\"}}],\"inLanguage\":\"es\"}]}<\/script>\n<!-- \/ Yoast SEO plugin. -->","yoast_head_json":{"title":"\"Morenito de Illora\" - Cardamomo Flamenco Madrid","robots":{"index":"index","follow":"follow","max-snippet":"max-snippet:-1","max-image-preview":"max-image-preview:large","max-video-preview":"max-video-preview:-1"},"canonical":"\/","og_locale":"es_ES","og_type":"article","og_title":"\"Morenito de Illora\" - Cardamomo Flamenco Madrid","og_description":"Biograf\u00eda Guillermo Campos Jim\u00e9nez, m\u00e1s conocido como \u00abMorenito de Illora\u00bb es un cantaor gitano nacido en Illora (Granada). Miembro de una familia gitana de aficionados y famosos artistas, viviendo en un ambiente de cante y baile. A los 7 a\u00f1os, emigr\u00f3 a Barcelona. Este cantante tuvo el honor de trabajar durante tres a\u00f1os con la...","og_url":"https:\/\/cardamomo.com\/es\/artist\/morenito-de-illora\/","og_site_name":"Cardamomo Flamenco Madrid","article_modified_time":"2025-03-12T10:11:36+00:00","og_image":[{"width":600,"height":750,"url":"https:\/\/cardamomo.ams3.digitaloceanspaces.com\/wp-content\/uploads\/2022\/07\/12101119\/morenito-de-illora.jpg","type":"image\/jpeg"}],"twitter_card":"summary_large_image","twitter_misc":{"Tiempo de lectura":"2 minutos"},"schema":{"@context":"https:\/\/schema.org","@graph":[{"@type":"WebPage","@id":"https:\/\/cardamomo.com\/es\/artist\/morenito-de-illora\/","url":"https:\/\/cardamomo.com\/es\/artist\/morenito-de-illora\/","name":"\"Morenito de Illora\" - Cardamomo Flamenco Madrid","isPartOf":{"@id":"https:\/\/cardamomo.com\/es\/#website"},"primaryImageOfPage":{"@id":"https:\/\/cardamomo.com\/es\/artist\/morenito-de-illora\/#primaryimage"},"image":{"@id":"https:\/\/cardamomo.com\/es\/artist\/morenito-de-illora\/#primaryimage"},"thumbnailUrl":"https:\/\/cardamomo.ams3.digitaloceanspaces.com\/wp-content\/uploads\/2022\/07\/12101119\/morenito-de-illora.jpg","datePublished":"2022-07-05T15:16:07+00:00","dateModified":"2025-03-12T10:11:36+00:00","breadcrumb":{"@id":"https:\/\/cardamomo.com\/es\/artist\/morenito-de-illora\/#breadcrumb"},"inLanguage":"es","potentialAction":[{"@type":"ReadAction","target":[["https:\/\/cardamomo.com\/es\/artist\/morenito-de-illora\/"]]}]},{"@type":"ImageObject","inLanguage":"es","@id":"https:\/\/cardamomo.com\/es\/artist\/morenito-de-illora\/#primaryimage","url":"https:\/\/cardamomo.ams3.digitaloceanspaces.com\/wp-content\/uploads\/2022\/07\/12101119\/morenito-de-illora.jpg","contentUrl":"https:\/\/cardamomo.ams3.digitaloceanspaces.com\/wp-content\/uploads\/2022\/07\/12101119\/morenito-de-illora.jpg","width":600,"height":750,"caption":"Cantaor Morenita de Illora"},{"@type":"BreadcrumbList","@id":"https:\/\/cardamomo.com\/es\/artist\/morenito-de-illora\/#breadcrumb","itemListElement":[{"@type":"ListItem","position":1,"name":"Cardamomo","item":"https:\/\/cardamomo.com\/es\/"},{"@type":"ListItem","position":2,"name":"Artists","item":"https:\/\/cardamomo.com\/es\/artist\/"},{"@type":"ListItem","position":3,"name":"\u00abMorenito de Illora\u00bb"}]},{"@type":"WebSite","@id":"https:\/\/cardamomo.com\/es\/#website","url":"https:\/\/cardamomo.com\/es\/","name":"Cardamomo Flamenco Madrid","description":"","potentialAction":[{"@type":"SearchAction","target":{"@type":"EntryPoint","urlTemplate":"https:\/\/cardamomo.com\/es\/?s={search_term_string}"},"query-input":{"@type":"PropertyValueSpecification","valueRequired":true,"valueName":"search_term_string"}}],"inLanguage":"es"}]}},"_links":{"self":[{"href":"https:\/\/cardamomo.com\/es\/wp-json\/wp\/v2\/artist\/104300","targetHints":{"allow":["GET"]}}],"collection":[{"href":"https:\/\/cardamomo.com\/es\/wp-json\/wp\/v2\/artist"}],"about":[{"href":"https:\/\/cardamomo.com\/es\/wp-json\/wp\/v2\/types\/artist"}],"wp:featuredmedia":[{"embeddable":true,"href":"https:\/\/cardamomo.com\/es\/wp-json\/wp\/v2\/media\/157174"}],"wp:attachment":[{"href":"https:\/\/cardamomo.com\/es\/wp-json\/wp\/v2\/media?parent=104300"}],"curies":[{"name":"wp","href":"https:\/\/api.w.org\/{rel}","templated":true}]}}