{"id":102767,"date":"2022-06-17T18:41:41","date_gmt":"2022-06-17T16:41:41","guid":{"rendered":"https:\/\/cardamomo.com\/es\/?post_type=artist&#038;p=102767"},"modified":"2025-03-12T10:32:22","modified_gmt":"2025-03-12T10:32:22","slug":"pastora-galvan","status":"publish","type":"artist","link":"https:\/\/cardamomo.com\/es\/artist\/pastora-galvan\/","title":{"rendered":"Pastora Galv\u00e1n"},"content":{"rendered":"<p><\/p>\n<h4>Biograf\u00eda<\/h4>\n<p>Bailaora nacida en Sevilla, hija de <strong>Jos\u00e9 Galv\u00e1n, <\/strong>y hermana de\u00a0<strong>Israel Galv\u00e1n<\/strong>, familia de bailaores flamencos con diferentes estilos. \u00a0En 1990, Pastora,\u00a0 comienza a cursar la carrera de Danza Espa\u00f1ola en el Conservatorio de Sevilla hasta 1998.\u00a0 A la edad de 15 a\u00f1os viaj\u00f3 por primera vez a Estados Unidos con la Compa\u00f1\u00eda de Teatro Flamenco de San Francisco. Al a\u00f1o siguiente imparti\u00f3 cursos en la Universidad de Standford y actu\u00f3 en Francia con la Compa\u00f1\u00eda de <strong>Israel Galv\u00e1n<\/strong>.<\/p>\n<p>Ha llevado su arte a los principales teatros y tablaos espa\u00f1oles, como a varios pa\u00edses de Europa, Jap\u00f3n, Estados Unidos, Oriente Medio, Cuba, entre otros. Uno de sus mayores desaf\u00edos fue presentarse en la Bienal de septiembre 2006, estrenando <em>\u00abLa Francesa\u00bb, <\/em>como protagonista de baile bajo cinco coreograf\u00edas creadas por Israel Galv\u00e1n especialmente para ella. El \u00e9xito fue tal que ha llevado esa misma obra a importantes festivales como el Festival Andaluc\u00eda Flamenca de Madrid, el Festival de Jerez, el Festival Internacional de Granada y\u00a0 Montpellier Danse.<\/p>\n<p>En\u00a02008, actu\u00f3 con su hermano\u00a0como artista invitada en el espect\u00e1culo <em>Tres movimientos<\/em> de\u00a0Pedro Sierra. Este mismo a\u00f1o, realiz\u00f3 colaboraciones con <strong>Carmen Linares,\u00a0Miguel Poveda<\/strong>\u00a0y el guitarrista\u00a0<strong>Juan Carlos<\/strong> Romero\u00a0en\u00a0<em>Cuatro Esquinas<\/em>, obra creada para el\u00a0<em>Flamenco Festival,<\/em> que fue representada en diversas ciudades de Estados Unidos.<\/p>\n<p>A lo largo de su carrera ha trabajado con grandes artistas como <strong>Fernando Terremoto<\/strong>,\u00a0<strong>Carmen Linares<\/strong>,\u00a0<strong>Eva Yervabuena<\/strong>, <strong>Antonio Canales<\/strong>,\u00a0<strong>La Susi, <\/strong><strong>Mar\u00eda Pag\u00e9s<\/strong>,\u00a0<strong>Jos\u00e9 Luis Rodr\u00edguez<\/strong>,\u00a0<strong>Arc\u00e1ngel<\/strong>,\u00a0<strong>Joaqu\u00edn Grilo<\/strong>,\u00a0<strong>Pedro Sierra<\/strong>, entre otros. Actualmente colabora con el pianista y compositor <strong>David Pe\u00f1a Dorantes<\/strong>\u00a0y con la\u00a0<strong>cantaora Esperanza Fern\u00e1ndez.<\/strong><\/p>\n<h4>Festivales, Obras y Premios<\/h4>\n<p>Participaci\u00f3n en festivales en todas partes del mundo como:<\/p>\n<p>Bienal de Flamenco, Mont-de-Marsans.<\/p>\n<p>Festival del Corral del Carb\u00f3n de Granada; Alburqueque, Argeles-sur-Mer y Monterrey (M\u00e9xico).<\/p>\n<p>Festival Flamenco in the Sun de Miami.<\/p>\n<p>Festival de Jerez, Andaluc\u00eda Flamenca, M\u00e1laga en Flamenco, Montpellier Danse.<\/p>\n<p>Festival Internacional de Granada.<\/p>\n<p>Flamenco Festival (USA).<\/p>\n<p>Bienal de Flamenco de los Pa\u00edses Bajos.<\/p>\n<p>Festival Flamenco de N\u00eemes, Francia.<\/p>\n<p>Spring Festival de El Cairo\u00a0 o\u00a0 Beirut.<\/p>\n<p>Festival Flamenc Empiric en El Mercat de les Flors de Barcelona.<\/p>\n<p><em>Obra Mira\/Los zapatos rojos<\/em> de\u00a0Israel Galv\u00e1n.<br \/>\n<strong><br \/>\n<\/strong><em>La Metamorfosis (2000), Galv\u00e1nicas (2002<\/em>), con el guitarrista Gerardo N\u00fa\u00f1ez y <em>Dos Hermanos<\/em> (2004).<\/p>\n<p><em>Identidades<\/em> en el\u00a0Teatro Maestranza de Sevilla, dirigida por Antonio Canales.<\/p>\n<p><em>Moratana,<\/em> en la Torre de Don Fadrique de Sevilla, bajo la direcci\u00f3n esc\u00e9nica de\u00a0Rub\u00e9n Olmo, organizado por la Bienal de Flamenco de Sevilla 2015.<\/p>\n<p><em>\u201cMirame\u00bb<\/em>, un repaso a sus \u00faltimos diez a\u00f1os de baile en 2016.<\/p>\n<p><em>\u00abLa edad de oro\u00bb<\/em> reestreno de un espect\u00e1culo de Israel Galv\u00e1n interpretado por Pastora donde se retorna a la esencialidad flamenca: baile, cante y toque.<\/p>\n<p><em>La M\u00e1quina de Buler\u00edas en la Fundaci\u00f3n Caja Sol en Sevilla 2019.<\/em> Pastora Galv\u00e1n est\u00e1 acompa\u00f1ada sobre el escenario por Jos\u00e9 Valencia, como artista invitado, y al comp\u00e1s de \u00abBotote\u00bb. Dirigido por el bailaor Israel Galv\u00e1n.<\/p>","protected":false},"featured_media":157182,"template":"","meta":{"_acf_changed":false,"inline_featured_image":false},"class_list":["post-102767","artist","type-artist","status-publish","has-post-thumbnail","hentry"],"acf":[],"yoast_head":"<!-- This site is optimized with the Yoast SEO plugin v27.4 - https:\/\/yoast.com\/product\/yoast-seo-wordpress\/ -->\n<title>Pastora Galv\u00e1n - Cardamomo Flamenco Madrid<\/title>\n<meta name=\"robots\" content=\"index, follow, max-snippet:-1, max-image-preview:large, max-video-preview:-1\" \/>\n<link rel=\"canonical\" href=\"\/\" \/>\n<meta property=\"og:locale\" content=\"es_ES\" \/>\n<meta property=\"og:type\" content=\"article\" \/>\n<meta property=\"og:title\" content=\"Pastora Galv\u00e1n - Cardamomo Flamenco Madrid\" \/>\n<meta property=\"og:description\" content=\"Biograf\u00eda Bailaora nacida en Sevilla, hija de Jos\u00e9 Galv\u00e1n, y hermana de\u00a0Israel Galv\u00e1n, familia de bailaores flamencos con diferentes estilos. \u00a0En 1990, Pastora,\u00a0 comienza a cursar la carrera de Danza Espa\u00f1ola en el Conservatorio de Sevilla hasta 1998.\u00a0 A la edad de 15 a\u00f1os viaj\u00f3 por primera vez a Estados Unidos con la Compa\u00f1\u00eda de...\" \/>\n<meta property=\"og:url\" content=\"https:\/\/cardamomo.com\/es\/artist\/pastora-galvan\/\" \/>\n<meta property=\"og:site_name\" content=\"Cardamomo Flamenco Madrid\" \/>\n<meta property=\"article:modified_time\" content=\"2025-03-12T10:32:22+00:00\" \/>\n<meta property=\"og:image\" content=\"https:\/\/cardamomo.ams3.digitaloceanspaces.com\/wp-content\/uploads\/2022\/06\/12103205\/pastora-galvan.jpg\" \/>\n\t<meta property=\"og:image:width\" content=\"600\" \/>\n\t<meta property=\"og:image:height\" content=\"749\" \/>\n\t<meta property=\"og:image:type\" content=\"image\/jpeg\" \/>\n<meta name=\"twitter:card\" content=\"summary_large_image\" \/>\n<meta name=\"twitter:label1\" content=\"Tiempo de lectura\" \/>\n\t<meta name=\"twitter:data1\" content=\"3 minutos\" \/>\n<script type=\"application\/ld+json\" class=\"yoast-schema-graph\">{\"@context\":\"https:\\\/\\\/schema.org\",\"@graph\":[{\"@type\":\"WebPage\",\"@id\":\"https:\\\/\\\/cardamomo.com\\\/es\\\/artist\\\/pastora-galvan\\\/\",\"url\":\"https:\\\/\\\/cardamomo.com\\\/es\\\/artist\\\/pastora-galvan\\\/\",\"name\":\"Pastora Galv\u00e1n - Cardamomo Flamenco Madrid\",\"isPartOf\":{\"@id\":\"https:\\\/\\\/cardamomo.com\\\/es\\\/#website\"},\"primaryImageOfPage\":{\"@id\":\"https:\\\/\\\/cardamomo.com\\\/es\\\/artist\\\/pastora-galvan\\\/#primaryimage\"},\"image\":{\"@id\":\"https:\\\/\\\/cardamomo.com\\\/es\\\/artist\\\/pastora-galvan\\\/#primaryimage\"},\"thumbnailUrl\":\"https:\\\/\\\/cardamomo.ams3.digitaloceanspaces.com\\\/wp-content\\\/uploads\\\/2022\\\/06\\\/12103205\\\/pastora-galvan.jpg\",\"datePublished\":\"2022-06-17T16:41:41+00:00\",\"dateModified\":\"2025-03-12T10:32:22+00:00\",\"breadcrumb\":{\"@id\":\"https:\\\/\\\/cardamomo.com\\\/es\\\/artist\\\/pastora-galvan\\\/#breadcrumb\"},\"inLanguage\":\"es\",\"potentialAction\":[{\"@type\":\"ReadAction\",\"target\":[[\"https:\\\/\\\/cardamomo.com\\\/es\\\/artist\\\/pastora-galvan\\\/\"]]}]},{\"@type\":\"ImageObject\",\"inLanguage\":\"es\",\"@id\":\"https:\\\/\\\/cardamomo.com\\\/es\\\/artist\\\/pastora-galvan\\\/#primaryimage\",\"url\":\"https:\\\/\\\/cardamomo.ams3.digitaloceanspaces.com\\\/wp-content\\\/uploads\\\/2022\\\/06\\\/12103205\\\/pastora-galvan.jpg\",\"contentUrl\":\"https:\\\/\\\/cardamomo.ams3.digitaloceanspaces.com\\\/wp-content\\\/uploads\\\/2022\\\/06\\\/12103205\\\/pastora-galvan.jpg\",\"width\":600,\"height\":749,\"caption\":\"Bailaora Pastora Galv\u00e1n\"},{\"@type\":\"BreadcrumbList\",\"@id\":\"https:\\\/\\\/cardamomo.com\\\/es\\\/artist\\\/pastora-galvan\\\/#breadcrumb\",\"itemListElement\":[{\"@type\":\"ListItem\",\"position\":1,\"name\":\"Cardamomo\",\"item\":\"https:\\\/\\\/cardamomo.com\\\/es\\\/\"},{\"@type\":\"ListItem\",\"position\":2,\"name\":\"Artists\",\"item\":\"https:\\\/\\\/cardamomo.com\\\/es\\\/artist\\\/\"},{\"@type\":\"ListItem\",\"position\":3,\"name\":\"Pastora Galv\u00e1n\"}]},{\"@type\":\"WebSite\",\"@id\":\"https:\\\/\\\/cardamomo.com\\\/es\\\/#website\",\"url\":\"https:\\\/\\\/cardamomo.com\\\/es\\\/\",\"name\":\"Cardamomo Flamenco Madrid\",\"description\":\"\",\"potentialAction\":[{\"@type\":\"SearchAction\",\"target\":{\"@type\":\"EntryPoint\",\"urlTemplate\":\"https:\\\/\\\/cardamomo.com\\\/es\\\/?s={search_term_string}\"},\"query-input\":{\"@type\":\"PropertyValueSpecification\",\"valueRequired\":true,\"valueName\":\"search_term_string\"}}],\"inLanguage\":\"es\"}]}<\/script>\n<!-- \/ Yoast SEO plugin. -->","yoast_head_json":{"title":"Pastora Galv\u00e1n - Cardamomo Flamenco Madrid","robots":{"index":"index","follow":"follow","max-snippet":"max-snippet:-1","max-image-preview":"max-image-preview:large","max-video-preview":"max-video-preview:-1"},"canonical":"\/","og_locale":"es_ES","og_type":"article","og_title":"Pastora Galv\u00e1n - Cardamomo Flamenco Madrid","og_description":"Biograf\u00eda Bailaora nacida en Sevilla, hija de Jos\u00e9 Galv\u00e1n, y hermana de\u00a0Israel Galv\u00e1n, familia de bailaores flamencos con diferentes estilos. \u00a0En 1990, Pastora,\u00a0 comienza a cursar la carrera de Danza Espa\u00f1ola en el Conservatorio de Sevilla hasta 1998.\u00a0 A la edad de 15 a\u00f1os viaj\u00f3 por primera vez a Estados Unidos con la Compa\u00f1\u00eda de...","og_url":"https:\/\/cardamomo.com\/es\/artist\/pastora-galvan\/","og_site_name":"Cardamomo Flamenco Madrid","article_modified_time":"2025-03-12T10:32:22+00:00","og_image":[{"width":600,"height":749,"url":"https:\/\/cardamomo.ams3.digitaloceanspaces.com\/wp-content\/uploads\/2022\/06\/12103205\/pastora-galvan.jpg","type":"image\/jpeg"}],"twitter_card":"summary_large_image","twitter_misc":{"Tiempo de lectura":"3 minutos"},"schema":{"@context":"https:\/\/schema.org","@graph":[{"@type":"WebPage","@id":"https:\/\/cardamomo.com\/es\/artist\/pastora-galvan\/","url":"https:\/\/cardamomo.com\/es\/artist\/pastora-galvan\/","name":"Pastora Galv\u00e1n - Cardamomo Flamenco Madrid","isPartOf":{"@id":"https:\/\/cardamomo.com\/es\/#website"},"primaryImageOfPage":{"@id":"https:\/\/cardamomo.com\/es\/artist\/pastora-galvan\/#primaryimage"},"image":{"@id":"https:\/\/cardamomo.com\/es\/artist\/pastora-galvan\/#primaryimage"},"thumbnailUrl":"https:\/\/cardamomo.ams3.digitaloceanspaces.com\/wp-content\/uploads\/2022\/06\/12103205\/pastora-galvan.jpg","datePublished":"2022-06-17T16:41:41+00:00","dateModified":"2025-03-12T10:32:22+00:00","breadcrumb":{"@id":"https:\/\/cardamomo.com\/es\/artist\/pastora-galvan\/#breadcrumb"},"inLanguage":"es","potentialAction":[{"@type":"ReadAction","target":[["https:\/\/cardamomo.com\/es\/artist\/pastora-galvan\/"]]}]},{"@type":"ImageObject","inLanguage":"es","@id":"https:\/\/cardamomo.com\/es\/artist\/pastora-galvan\/#primaryimage","url":"https:\/\/cardamomo.ams3.digitaloceanspaces.com\/wp-content\/uploads\/2022\/06\/12103205\/pastora-galvan.jpg","contentUrl":"https:\/\/cardamomo.ams3.digitaloceanspaces.com\/wp-content\/uploads\/2022\/06\/12103205\/pastora-galvan.jpg","width":600,"height":749,"caption":"Bailaora Pastora Galv\u00e1n"},{"@type":"BreadcrumbList","@id":"https:\/\/cardamomo.com\/es\/artist\/pastora-galvan\/#breadcrumb","itemListElement":[{"@type":"ListItem","position":1,"name":"Cardamomo","item":"https:\/\/cardamomo.com\/es\/"},{"@type":"ListItem","position":2,"name":"Artists","item":"https:\/\/cardamomo.com\/es\/artist\/"},{"@type":"ListItem","position":3,"name":"Pastora Galv\u00e1n"}]},{"@type":"WebSite","@id":"https:\/\/cardamomo.com\/es\/#website","url":"https:\/\/cardamomo.com\/es\/","name":"Cardamomo Flamenco Madrid","description":"","potentialAction":[{"@type":"SearchAction","target":{"@type":"EntryPoint","urlTemplate":"https:\/\/cardamomo.com\/es\/?s={search_term_string}"},"query-input":{"@type":"PropertyValueSpecification","valueRequired":true,"valueName":"search_term_string"}}],"inLanguage":"es"}]}},"_links":{"self":[{"href":"https:\/\/cardamomo.com\/es\/wp-json\/wp\/v2\/artist\/102767","targetHints":{"allow":["GET"]}}],"collection":[{"href":"https:\/\/cardamomo.com\/es\/wp-json\/wp\/v2\/artist"}],"about":[{"href":"https:\/\/cardamomo.com\/es\/wp-json\/wp\/v2\/types\/artist"}],"wp:featuredmedia":[{"embeddable":true,"href":"https:\/\/cardamomo.com\/es\/wp-json\/wp\/v2\/media\/157182"}],"wp:attachment":[{"href":"https:\/\/cardamomo.com\/es\/wp-json\/wp\/v2\/media?parent=102767"}],"curies":[{"name":"wp","href":"https:\/\/api.w.org\/{rel}","templated":true}]}}