{"version":"1.0","provider_name":"Cardamomo Flamenco Madrid","provider_url":"https:\/\/cardamomo.com\/es","author_name":"admin_cardamomo","author_url":"https:\/\/cardamomo.com\/es\/author\/admin_cardamomo\/","title":"Vuelve Juan Ram\u00edrez, maestro del comp\u00e1s y zapateado - Cardamomo Flamenco Madrid","type":"rich","width":600,"height":338,"html":"<blockquote class=\"wp-embedded-content\" data-secret=\"wPBbCV652c\"><a href=\"https:\/\/cardamomo.com\/es\/show\/vuelve-juan-ramirez-maestro-del-compas-y-zapateado\/\">Vuelve Juan Ram\u00edrez, maestro del comp\u00e1s y zapateado<\/a><\/blockquote><iframe sandbox=\"allow-scripts\" security=\"restricted\" src=\"https:\/\/cardamomo.com\/es\/show\/vuelve-juan-ramirez-maestro-del-compas-y-zapateado\/embed\/#?secret=wPBbCV652c\" width=\"600\" height=\"338\" title=\"\u00abVuelve Juan Ram\u00edrez, maestro del comp\u00e1s y zapateado\u00bb \u2014 Cardamomo Flamenco Madrid\" data-secret=\"wPBbCV652c\" frameborder=\"0\" marginwidth=\"0\" marginheight=\"0\" scrolling=\"no\" class=\"wp-embedded-content\"><\/iframe><script type=\"text\/javascript\">\n\/* <![CDATA[ *\/\n\/*! This file is auto-generated *\/\n!function(d,l){\"use strict\";l.querySelector&&d.addEventListener&&\"undefined\"!=typeof URL&&(d.wp=d.wp||{},d.wp.receiveEmbedMessage||(d.wp.receiveEmbedMessage=function(e){var t=e.data;if((t||t.secret||t.message||t.value)&&!\/[^a-zA-Z0-9]\/.test(t.secret)){for(var s,r,n,a=l.querySelectorAll('iframe[data-secret=\"'+t.secret+'\"]'),o=l.querySelectorAll('blockquote[data-secret=\"'+t.secret+'\"]'),c=new RegExp(\"^https?:$\",\"i\"),i=0;i<o.length;i++)o[i].style.display=\"none\";for(i=0;i<a.length;i++)s=a[i],e.source===s.contentWindow&&(s.removeAttribute(\"style\"),\"height\"===t.message?(1e3<(r=parseInt(t.value,10))?r=1e3:~~r<200&&(r=200),s.height=r):\"link\"===t.message&&(r=new URL(s.getAttribute(\"src\")),n=new URL(t.value),c.test(n.protocol))&&n.host===r.host&&l.activeElement===s&&(d.top.location.href=t.value))}},d.addEventListener(\"message\",d.wp.receiveEmbedMessage,!1),l.addEventListener(\"DOMContentLoaded\",function(){for(var e,t,s=l.querySelectorAll(\"iframe.wp-embedded-content\"),r=0;r<s.length;r++)(t=(e=s[r]).getAttribute(\"data-secret\"))||(t=Math.random().toString(36).substring(2,12),e.src+=\"#?secret=\"+t,e.setAttribute(\"data-secret\",t)),e.contentWindow.postMessage({message:\"ready\",secret:t},\"*\")},!1)))}(window,document);\n\/\/# sourceURL=https:\/\/cardamomo.com\/wp-includes\/js\/wp-embed.min.js\n\/* ]]> *\/\n<\/script>\n","description":"Nacido en M\u00e9rida, a los diez a\u00f1os, inicia su trayectoria por el mundo del flamenco. Aprende en la calle, observando a los m\u00e1s grandes como Manuela Carrasco, Angelita Vargas, el Mimbre, Manuela Vargas, La Chana entre otros. Siempre consecuente con la pureza que conlleva el flamenco, su t\u00e9cnica inigualable nos envuelve en una experiencia flamenca...","thumbnail_url":"https:\/\/cardamomo.com\/wp-content\/uploads\/2023\/06\/logo-inst-madridenvivo.png"}