{"id":125873,"date":"2023-07-05T15:15:47","date_gmt":"2023-07-05T13:15:47","guid":{"rendered":"https:\/\/cardamomo.com\/es\/?post_type=show&#038;p=125873"},"modified":"2025-02-01T13:59:30","modified_gmt":"2025-02-01T13:59:30","slug":"show-unico","status":"publish","type":"show","link":"https:\/\/cardamomo.com\/en\/show\/show-unico\/","title":{"rendered":"The great figures of flamenco &#8211; Unique show"},"content":{"rendered":"<p><\/p>\n<h3><span style=\"color: #000000;\"><strong>JUANA AMAYA &#8211; PEPE TORRES &#8211; NAZARET REYES<\/strong><\/span><\/h3>\n<h3><span style=\"color: #000000;\">????\ufe0f Single date: September 22 21:00 | 22:30<\/span><\/h3>\n<h3><span style=\"color: #000000;\"><strong>The most anticipated meeting of the year, three great artists together on the stage of Cardamomo Flamenco<\/strong><em><strong> ????<\/strong><\/em><\/span><\/h3>\n<p>&nbsp;<\/p>\n<p><img decoding=\"async\" class=\"alignnone size-full wp-image-130774\" src=\"https:\/\/cardamomo.com\/wp-content\/uploads\/2023\/07\/grandes-figuras-moron-cardamomo-1.jpg\" alt=\"\" \/><\/p>\n<p><span style=\"color: #ff0000;\"><strong><em><br \/>\n<span style=\"color: #ff0000;\">Juana Amaya is one of the strongest and most charismatic flamenco dancers of today.<\/span><\/em><\/strong><\/span><\/p>\n<p><span style=\"color: #000000;\">She was born in Mor\u00f3n de la Frontera (Seville) in 1968. Granddaughter of Francisca Amaya Amaya and niece of Paco del Gastor&#8217;s mother.<\/em><\/span><\/p>\n<p><span style=\"color: #000000;\">During his career, he participated in various shows and international tours.<\/span><\/p>\n<p><span style=\"color: #000000;\">In 1991, he joined the companies <em>&#8220;Estrellas de la Bienal&#8221; and &#8220;La cima flamenca de Madrid&#8221;.<\/em><\/span><br \/>\n<span style=\"color: #000000;\">In 1993, he collaborated in a show with <strong>Joaqu\u00edn Cort\u00e9s and Antonio Canales<\/strong>. Her company performed in places such as the <em>Roman Theatre of Caracalla, the Trianon Theatre in Paris and the Mont de Marsan Festival in France.<\/em><\/span><br \/>\n<span style=\"color: #000000;\">In 1996, she was called by <strong>Salvador T\u00e1vora<\/strong> to play the role of <em>&#8220;Carmen&#8221;.<\/em><\/span><br \/>\n<span style=\"color: #000000;\">In 1997, she stood out in <em>&#8220;Un gitano de ley&#8221;<\/em> by <strong>Jos\u00e9 Heredia Maya.<\/strong><\/span><br \/>\n<span style=\"color: #000000;\">In 1998, she participated in the <em>Ciclo Arte Flamenco in London and in the Bath Festival in the United Kingdom.<\/em><\/span><br \/>\n<span style=\"color: #000000;\">In 1999, she became an artist She was invited to the Japanese tour of &#8220;Pasi\u00f3n gitana&#8221; by <strong>Joaqu\u00edn Cort\u00e9s<\/strong> and performed as <strong>prima dancer alongside Pl\u00e1cido Domingo in the opera &#8220;El Cid&#8221;<\/strong>. She was also invited by <strong>Antonio Canales<\/strong> to participate in his show <em>&#8220;Fuerza Latina&#8221;.<\/em><\/span><\/p>\n<p>&nbsp;<\/p>\n<p><img loading=\"lazy\" decoding=\"async\" class=\"alignnone wp-image-125804 size-full\" src=\"https:\/\/pro.cardamomo.com\/wp-content\/uploads\/2023\/07\/whatsapp-image-2023-07-03-at-19-37-58.jpeg\" alt=\"\" width=\"651\" height=\"646\" \/><\/p>\n<p>&nbsp;<\/p>\n<p><span style=\"color: #000000;\"><em><strong><span style=\"color: #ff0000;\">Pepe Torres, a gypsy dancer with a long career, his art on stage displays sensitivity and spontaneity full of inspiration.<\/span>\u00a0<\/strong><\/em><\/span><\/p>\n<p><span style=\"color: #000000;\">Born in Mor\u00f3n de la Frontera, Seville, inspired by the flamenco that his family gave him. He is the nephew of the master guitarist <strong>Diego del Gastor<\/strong>, the dancers <strong>Pepe R\u00edos<\/strong>, <strong>Andorran<\/strong>, his aunt <strong>Ni\u00f1a Amparo<\/strong>, who was an artist in Guajiro with <strong>Farruco, Rafael el Negro<\/strong> and <strong>Matilde Coral<\/strong> in the 50s. <\/span><\/p>\n<p><span style=\"color: #000000;\">After establishing his career, he decided to form his own company, with which he presented his show <em>&#8220;As\u00ed Baila Mor\u00f3n&#8221;. <\/em> This show was presented at the Seville Biennial in 2004, both on two regular occasions and in the special cycle &#8220;Bienal Solidaria&#8221;, where he performed for the prisoners of Seville. <\/span><\/p>\n<p><span style=\"color: #000000;\">He also participated in other shows at the Biennial, such as &#8220;<strong>Bailaor&#8221; by Antonio Canales<\/strong>. In the last edition of the Biennial, his performance at the Patio Hotel Triana with the group <strong>Son de la Frontera<\/strong> stands out, receiving great critical acclaim. He also collaborated in the show directed by <em>Ricardo Pach\u00f3n called &#8220;Perrater\u00edas&#8221;, together with Tom\u00e1s de Perrate, at the Teatro Central.<\/em><\/span><\/p>\n<p><span style=\"color: #000000;\">Bailaor of <strong>Son de la Frontera, a group that is reaping great success and receiving excellent reviews<\/strong> (Critics Award, Madrid, Award for Best Live Show of the Year) and recognition, as well as being nominated for several awards such as the Latin Grammys 2007 and awarded by the BBC in London, which calls them the best European group.<\/span><\/p>\n<p>&nbsp;<\/p>\n<p><img loading=\"lazy\" decoding=\"async\" class=\"alignnone wp-image-125808 size-full\" src=\"https:\/\/pro.cardamomo.com\/wp-content\/uploads\/2023\/07\/pepe-torres.jpg\" alt=\"\" width=\"2560\" height=\"1441\" \/><\/p>\n<p>&nbsp;<\/p>\n<p><span style=\"color: #000000;\"><em><strong><span style=\"color: #ff0000;\">Pepe Torres, a gypsy dancer with a long career, his art on stage displays sensitivity and spontaneity full of inspiration.<\/span>\u00a0<\/strong><\/em><\/span><\/p>\n<p><span style=\"color: #000000;\">Born in Mor\u00f3n de la Frontera, Seville, inspired by the flamenco that his family gave him. He is the nephew of the master guitarist <strong>Diego del Gastor<\/strong>, the dancers <strong>Pepe R\u00edos<\/strong>, <strong>Andorran<\/strong>, his aunt <strong>Ni\u00f1a Amparo<\/strong>, who was an artist in Guajiro with <strong>Farruco, Rafael el Negro<\/strong> and <strong>Matilde Coral<\/strong> in the 50s. <\/span><\/p>\n<p><span style=\"color: #000000;\">After establishing his career, he decided to form his own company, with which he presented his show <em>&#8220;As\u00ed Baila Mor\u00f3n&#8221;. <\/em> This show was presented at the Seville Biennial in 2004, both on two regular occasions and in the special cycle &#8220;Bienal Solidaria&#8221;, where he performed for the prisoners of Seville. <\/span><\/p>\n<p><span style=\"color: #000000;\">He also participated in other shows at the Biennial, such as &#8220;<strong>Bailaor&#8221; by Antonio Canales<\/strong>. In the last edition of the Biennial, his performance at the Patio Hotel Triana with the group <strong>Son de la Frontera<\/strong> stands out, receiving great critical acclaim. He also collaborated in the show directed by <em>Ricardo Pach\u00f3n called &#8220;Perrater\u00edas&#8221;, together with Tom\u00e1s de Perrate, at the Teatro Central.<\/em><\/span><\/p>\n<p><span style=\"color: #000000;\">Bailaor of <strong>Son de la Frontera, a group that is reaping great success and receiving excellent reviews<\/strong> (Critics Award, Madrid, Award for Best Live Show of the Year) and recognition, as well as being nominated for several awards such as the Latin Grammys 2007 and awarded by the BBC in London, which calls them the best European group.<\/span><\/p>\n<p>&nbsp;<\/p>\n<p><img loading=\"lazy\" decoding=\"async\" class=\"alignnone wp-image-125808 size-full\" src=\"https:\/\/pro.cardamomo.com\/wp-content\/uploads\/2023\/07\/pepe-torres.jpg\" alt=\"\" width=\"2560\" height=\"1441\" \/><\/p>\n<p>&nbsp;<\/p>\n<p><em><strong><span style=\"color: #ff0000;\">Nazaret Reyes, a Sevillian dancer, a young revelation and wonder in the world of flamenco.<\/span><\/strong><\/em><\/p>\n<p><span style=\"color: #000000;\">Her parents, Juana Amaya and Crist\u00f3bal Reyes, two greats of flamenco, are Nazaret&#8217;s roots as a dancer.<\/span><\/p>\n<p><span style=\"color: #000000;\">Born in a flamenco environment, Nazaret followed in her mother&#8217;s footsteps to become a professional dancer.<\/span><\/p>\n<p><span style=\"color: #000000;\">She began at the end of the parties in the shows that her mother danced at the age of five. At the age of ten, she took part in the Flamenco Biennial in Seville with the show \u201cCarmen Amaya,\u201d \u201cEvocaciones,\u201d performing Carmen alongside her mother, Juana Amaya, Rafael Amargo, and other great artists. After a long career and tours around the world, she is currently a teacher at the dance academy of Juana Amaya and Crist\u00f3bal Reyes in Seville.<\/p>\n<p>&nbsp;<\/p>\n<p><img loading=\"lazy\" decoding=\"async\" class=\"alignnone wp-image-125815 size-full\" src=\"https:\/\/pro.cardamomo.com\/wp-content\/uploads\/2023\/07\/nazaret-reyes-5.jpg\" alt=\"\" width=\"867\" height=\"1146\" \/><\/p>\n<h3><span style=\"color: #000000;\"><strong><br \/>\nGet your tickets now!<\/strong><\/span><\/h3>\n<h3><span style=\"color: #000000;\"><strong>???? reservas@cardamomo.com<\/strong><\/span><\/h3>\n<h3><span style=\"color: #000000;\"><strong>\u260e\ufe0f ( +34) 91 805 1038\/ (+34) 691 02 21 17<\/strong><\/span><\/h3>\n<h3><span style=\"color: #000000;\"><strong>???? cardamomo.com<\/strong><\/span><\/h3>\n<p>&nbsp;<\/p>\n<p>&nbsp;<\/p>","protected":false},"featured_media":0,"template":"","meta":{"_acf_changed":false,"inline_featured_image":false},"class_list":["post-125873","show","type-show","status-publish","hentry"],"acf":[],"yoast_head":"<!-- This site is optimized with the Yoast SEO plugin v27.4 - https:\/\/yoast.com\/product\/yoast-seo-wordpress\/ -->\n<title>The great figures of flamenco - Unique show - Cardamomo Flamenco Madrid<\/title>\n<meta name=\"robots\" content=\"index, follow, max-snippet:-1, max-image-preview:large, max-video-preview:-1\" \/>\n<link rel=\"canonical\" href=\"\/\" \/>\n<meta property=\"og:locale\" content=\"en_US\" \/>\n<meta property=\"og:type\" content=\"article\" \/>\n<meta property=\"og:title\" content=\"The great figures of flamenco - Unique show - Cardamomo Flamenco Madrid\" \/>\n<meta property=\"og:description\" content=\"JUANA AMAYA &#8211; PEPE TORRES &#8211; NAZARET REYES ????\ufe0f Single date: September 22 21:00 | 22:30 The most anticipated meeting of the year, three great artists together on the stage of Cardamomo Flamenco ???? &nbsp; Juana Amaya is one of the strongest and most charismatic flamenco dancers of today. She was born in Mor\u00f3n de...\" \/>\n<meta property=\"og:url\" content=\"https:\/\/cardamomo.com\/en\/show\/show-unico\/\" \/>\n<meta property=\"og:site_name\" content=\"Cardamomo Flamenco Madrid\" \/>\n<meta property=\"article:modified_time\" content=\"2025-02-01T13:59:30+00:00\" \/>\n<meta property=\"og:image\" content=\"https:\/\/cardamomo.com\/wp-content\/uploads\/2023\/07\/grandes-figuras-moron-cardamomo-1.jpg\" \/>\n<meta name=\"twitter:card\" content=\"summary_large_image\" \/>\n<meta name=\"twitter:label1\" content=\"Est. reading time\" \/>\n\t<meta name=\"twitter:data1\" content=\"4 minutes\" \/>\n<script type=\"application\/ld+json\" class=\"yoast-schema-graph\">{\"@context\":\"https:\\\/\\\/schema.org\",\"@graph\":[{\"@type\":\"WebPage\",\"@id\":\"https:\\\/\\\/cardamomo.com\\\/en\\\/show\\\/show-unico\\\/\",\"url\":\"https:\\\/\\\/cardamomo.com\\\/en\\\/show\\\/show-unico\\\/\",\"name\":\"The great figures of flamenco - Unique show - Cardamomo Flamenco Madrid\",\"isPartOf\":{\"@id\":\"https:\\\/\\\/cardamomo.com\\\/en\\\/#website\"},\"primaryImageOfPage\":{\"@id\":\"https:\\\/\\\/cardamomo.com\\\/en\\\/show\\\/show-unico\\\/#primaryimage\"},\"image\":{\"@id\":\"https:\\\/\\\/cardamomo.com\\\/es\\\/show\\\/show-unico\\\/#primaryimage\"},\"thumbnailUrl\":\"https:\\\/\\\/cardamomo.com\\\/wp-content\\\/uploads\\\/2023\\\/07\\\/grandes-figuras-moron-cardamomo-1.jpg\",\"datePublished\":\"2023-07-05T13:15:47+00:00\",\"dateModified\":\"2025-02-01T13:59:30+00:00\",\"breadcrumb\":{\"@id\":\"https:\\\/\\\/cardamomo.com\\\/en\\\/show\\\/show-unico\\\/#breadcrumb\"},\"inLanguage\":\"en-US\",\"potentialAction\":[{\"@type\":\"ReadAction\",\"target\":[[\"https:\\\/\\\/cardamomo.com\\\/en\\\/show\\\/show-unico\\\/\"]]}]},{\"@type\":\"ImageObject\",\"inLanguage\":\"en-US\",\"@id\":\"https:\\\/\\\/cardamomo.com\\\/en\\\/show\\\/show-unico\\\/#primaryimage\",\"url\":\"https:\\\/\\\/cardamomo.com\\\/wp-content\\\/uploads\\\/2023\\\/07\\\/grandes-figuras-moron-cardamomo-1.jpg\",\"contentUrl\":\"https:\\\/\\\/cardamomo.com\\\/wp-content\\\/uploads\\\/2023\\\/07\\\/grandes-figuras-moron-cardamomo-1.jpg\"},{\"@type\":\"BreadcrumbList\",\"@id\":\"https:\\\/\\\/cardamomo.com\\\/en\\\/show\\\/show-unico\\\/#breadcrumb\",\"itemListElement\":[{\"@type\":\"ListItem\",\"position\":1,\"name\":\"Cardamomo\",\"item\":\"https:\\\/\\\/cardamomo.com\\\/en\\\/\"},{\"@type\":\"ListItem\",\"position\":2,\"name\":\"Shows\",\"item\":\"https:\\\/\\\/cardamomo.com\\\/en\\\/show\\\/\"},{\"@type\":\"ListItem\",\"position\":3,\"name\":\"Las grandes figuras del flamenco &#8211; Show \u00fanico\"}]},{\"@type\":\"WebSite\",\"@id\":\"https:\\\/\\\/cardamomo.com\\\/en\\\/#website\",\"url\":\"https:\\\/\\\/cardamomo.com\\\/en\\\/\",\"name\":\"Cardamomo Flamenco Madrid\",\"description\":\"\",\"potentialAction\":[{\"@type\":\"SearchAction\",\"target\":{\"@type\":\"EntryPoint\",\"urlTemplate\":\"https:\\\/\\\/cardamomo.com\\\/en\\\/?s={search_term_string}\"},\"query-input\":{\"@type\":\"PropertyValueSpecification\",\"valueRequired\":true,\"valueName\":\"search_term_string\"}}],\"inLanguage\":\"en-US\"}]}<\/script>\n<!-- \/ Yoast SEO plugin. -->","yoast_head_json":{"title":"The great figures of flamenco - Unique show - Cardamomo Flamenco Madrid","robots":{"index":"index","follow":"follow","max-snippet":"max-snippet:-1","max-image-preview":"max-image-preview:large","max-video-preview":"max-video-preview:-1"},"canonical":"\/","og_locale":"en_US","og_type":"article","og_title":"The great figures of flamenco - Unique show - Cardamomo Flamenco Madrid","og_description":"JUANA AMAYA &#8211; PEPE TORRES &#8211; NAZARET REYES ????\ufe0f Single date: September 22 21:00 | 22:30 The most anticipated meeting of the year, three great artists together on the stage of Cardamomo Flamenco ???? &nbsp; Juana Amaya is one of the strongest and most charismatic flamenco dancers of today. She was born in Mor\u00f3n de...","og_url":"https:\/\/cardamomo.com\/en\/show\/show-unico\/","og_site_name":"Cardamomo Flamenco Madrid","article_modified_time":"2025-02-01T13:59:30+00:00","og_image":[{"url":"https:\/\/cardamomo.com\/wp-content\/uploads\/2023\/07\/grandes-figuras-moron-cardamomo-1.jpg","type":"","width":"","height":""}],"twitter_card":"summary_large_image","twitter_misc":{"Est. reading time":"4 minutes"},"schema":{"@context":"https:\/\/schema.org","@graph":[{"@type":"WebPage","@id":"https:\/\/cardamomo.com\/en\/show\/show-unico\/","url":"https:\/\/cardamomo.com\/en\/show\/show-unico\/","name":"The great figures of flamenco - Unique show - Cardamomo Flamenco Madrid","isPartOf":{"@id":"https:\/\/cardamomo.com\/en\/#website"},"primaryImageOfPage":{"@id":"https:\/\/cardamomo.com\/en\/show\/show-unico\/#primaryimage"},"image":{"@id":"https:\/\/cardamomo.com\/es\/show\/show-unico\/#primaryimage"},"thumbnailUrl":"https:\/\/cardamomo.com\/wp-content\/uploads\/2023\/07\/grandes-figuras-moron-cardamomo-1.jpg","datePublished":"2023-07-05T13:15:47+00:00","dateModified":"2025-02-01T13:59:30+00:00","breadcrumb":{"@id":"https:\/\/cardamomo.com\/en\/show\/show-unico\/#breadcrumb"},"inLanguage":"en-US","potentialAction":[{"@type":"ReadAction","target":[["https:\/\/cardamomo.com\/en\/show\/show-unico\/"]]}]},{"@type":"ImageObject","inLanguage":"en-US","@id":"https:\/\/cardamomo.com\/en\/show\/show-unico\/#primaryimage","url":"https:\/\/cardamomo.com\/wp-content\/uploads\/2023\/07\/grandes-figuras-moron-cardamomo-1.jpg","contentUrl":"https:\/\/cardamomo.com\/wp-content\/uploads\/2023\/07\/grandes-figuras-moron-cardamomo-1.jpg"},{"@type":"BreadcrumbList","@id":"https:\/\/cardamomo.com\/en\/show\/show-unico\/#breadcrumb","itemListElement":[{"@type":"ListItem","position":1,"name":"Cardamomo","item":"https:\/\/cardamomo.com\/en\/"},{"@type":"ListItem","position":2,"name":"Shows","item":"https:\/\/cardamomo.com\/en\/show\/"},{"@type":"ListItem","position":3,"name":"Las grandes figuras del flamenco &#8211; Show \u00fanico"}]},{"@type":"WebSite","@id":"https:\/\/cardamomo.com\/en\/#website","url":"https:\/\/cardamomo.com\/en\/","name":"Cardamomo Flamenco Madrid","description":"","potentialAction":[{"@type":"SearchAction","target":{"@type":"EntryPoint","urlTemplate":"https:\/\/cardamomo.com\/en\/?s={search_term_string}"},"query-input":{"@type":"PropertyValueSpecification","valueRequired":true,"valueName":"search_term_string"}}],"inLanguage":"en-US"}]}},"_links":{"self":[{"href":"https:\/\/cardamomo.com\/en\/wp-json\/wp\/v2\/show\/125873","targetHints":{"allow":["GET"]}}],"collection":[{"href":"https:\/\/cardamomo.com\/en\/wp-json\/wp\/v2\/show"}],"about":[{"href":"https:\/\/cardamomo.com\/en\/wp-json\/wp\/v2\/types\/show"}],"wp:attachment":[{"href":"https:\/\/cardamomo.com\/en\/wp-json\/wp\/v2\/media?parent=125873"}],"curies":[{"name":"wp","href":"https:\/\/api.w.org\/{rel}","templated":true}]}}