{"id":103886,"date":"2022-06-30T19:44:19","date_gmt":"2022-06-30T17:44:19","guid":{"rendered":"https:\/\/cardamomo.com\/es\/?post_type=artist&#038;p=103886"},"modified":"2025-03-12T10:15:57","modified_gmt":"2025-03-12T10:15:57","slug":"manuel-tane","status":"publish","type":"artist","link":"https:\/\/cardamomo.com\/en\/artist\/manuel-tanie\/","title":{"rendered":"Manuel Ta\u00f1i\u00e9"},"content":{"rendered":"<p><\/p>\n<h4>Biography<\/h4>\n<p>Born into a family of flamenco tradition, Manuel was born in Jerez de la Frontera, Cadiz. The nickname Ta\u00f1\u00e9 comes from his father, a famous soccer player. \u00a0His first references who taught him were Luis Moneo, Enrique &#8220;El Extreme\u00f1o&#8221; and Juan Parrilla. His great idols are Agujetas, Juan Talega, Manuel Torre, &#8220;Borrico&#8221; and &#8220;El Torta&#8221;.<\/p>\n<p>He started singing when he was only 16 years old. At first he sang with his cousin Manuela Carpio, then he spent two years in El Lagar de T\u00edo Parrilla, to present himself to the public as a singer in 1992, in the Pe\u00f1a Fernando Terremoto and in the Pe\u00f1a La Buler\u00eda.<\/p>\n<p>He has participated in several tablaos, such as Tablao El Arenal in Seville, hired by Curro V\u00e9lez, and Tablao Cordob\u00e9s in Barcelona. In 1996 he began working with Antonio &#8220;El Pipa&#8221;, participating in all his shows. He gained national and international experience, performing in the first theaters around the world, such as the City Center in New York, the Royal Hall in London or the Opera House in Paris, among others.<\/p>\n<p>Manuel Ta\u00f1\u00e9&#8217;s voice has accompanied the dancing of great artists such as Manuela Carpio, Concha Vargas, Manuela Carrasco, Carmelilla, Montoya, Antonio Fern\u00e1ndez &#8220;Farru&#8221;, Juan Polvillo, Mar\u00eda Juncal, etc. He has also taught singing in some countries, being a teacher of singing in Vancouver, at the Academy of Victor Kolstee and Rosario Ancer, and even in Japan.<\/p>\n<p>&nbsp;<\/p>\n<h4>\nFestivals and Pe\u00f1as<\/h4>\n<p>Participation in La Bienal, Festival de C\u00f3rdoba, Festival de Jerez, Festival de La Uni\u00f3n, Suma Flamenca, Villa de Madrid, Festival de La Habana and Festival de El Cairo.<\/p>\n<p>Performances in La Pe\u00f1a Torre Macarena, the Pe\u00f1a del Mellizo, the Pe\u00f1a Juan Villar, the Pe\u00f1a Antonio Chac\u00f3n or the veteran Pe\u00f1a Los Cern\u00edcalos.<\/p>\n<p>Manuel is an artist who identifies himself with the purest flamenco, where he adapts and gives himself to every performance he does, that is why he has always been surrounded by good reviews all over the world.<\/p>\n<p>&nbsp;<\/p>","protected":false},"featured_media":157175,"template":"","meta":{"_acf_changed":false,"inline_featured_image":false},"class_list":["post-103886","artist","type-artist","status-publish","has-post-thumbnail","hentry"],"acf":[],"yoast_head":"<!-- This site is optimized with the Yoast SEO plugin v27.4 - https:\/\/yoast.com\/product\/yoast-seo-wordpress\/ -->\n<title>Manuel Ta\u00f1i\u00e9 - Cardamomo Flamenco Madrid<\/title>\n<meta name=\"robots\" content=\"index, follow, max-snippet:-1, max-image-preview:large, max-video-preview:-1\" \/>\n<link rel=\"canonical\" href=\"\/\" \/>\n<meta property=\"og:locale\" content=\"en_US\" \/>\n<meta property=\"og:type\" content=\"article\" \/>\n<meta property=\"og:title\" content=\"Manuel Ta\u00f1i\u00e9 - Cardamomo Flamenco Madrid\" \/>\n<meta property=\"og:description\" content=\"Biography Born into a family of flamenco tradition, Manuel was born in Jerez de la Frontera, Cadiz. The nickname Ta\u00f1\u00e9 comes from his father, a famous soccer player. \u00a0His first references who taught him were Luis Moneo, Enrique &#8220;El Extreme\u00f1o&#8221; and Juan Parrilla. His great idols are Agujetas, Juan Talega, Manuel Torre, &#8220;Borrico&#8221; and &#8220;El...\" \/>\n<meta property=\"og:url\" content=\"https:\/\/cardamomo.com\/en\/artist\/manuel-tane\/\" \/>\n<meta property=\"og:site_name\" content=\"Cardamomo Flamenco Madrid\" \/>\n<meta property=\"article:modified_time\" content=\"2025-03-12T10:15:57+00:00\" \/>\n<meta property=\"og:image\" content=\"https:\/\/cardamomo.ams3.digitaloceanspaces.com\/wp-content\/uploads\/2022\/06\/12101539\/manuel-tane.jpg\" \/>\n\t<meta property=\"og:image:width\" content=\"600\" \/>\n\t<meta property=\"og:image:height\" content=\"750\" \/>\n\t<meta property=\"og:image:type\" content=\"image\/jpeg\" \/>\n<meta name=\"twitter:card\" content=\"summary_large_image\" \/>\n<meta name=\"twitter:label1\" content=\"Est. reading time\" \/>\n\t<meta name=\"twitter:data1\" content=\"2 minutes\" \/>\n<script type=\"application\/ld+json\" class=\"yoast-schema-graph\">{\"@context\":\"https:\\\/\\\/schema.org\",\"@graph\":[{\"@type\":\"WebPage\",\"@id\":\"https:\\\/\\\/cardamomo.com\\\/en\\\/artist\\\/manuel-tane\\\/\",\"url\":\"https:\\\/\\\/cardamomo.com\\\/en\\\/artist\\\/manuel-tane\\\/\",\"name\":\"Manuel Ta\u00f1i\u00e9 - Cardamomo Flamenco Madrid\",\"isPartOf\":{\"@id\":\"https:\\\/\\\/cardamomo.com\\\/en\\\/#website\"},\"primaryImageOfPage\":{\"@id\":\"https:\\\/\\\/cardamomo.com\\\/en\\\/artist\\\/manuel-tane\\\/#primaryimage\"},\"image\":{\"@id\":\"https:\\\/\\\/cardamomo.com\\\/es\\\/artist\\\/manuel-tane\\\/#primaryimage\"},\"thumbnailUrl\":\"https:\\\/\\\/cardamomo.ams3.digitaloceanspaces.com\\\/wp-content\\\/uploads\\\/2022\\\/06\\\/12101539\\\/manuel-tane.jpg\",\"datePublished\":\"2022-06-30T17:44:19+00:00\",\"dateModified\":\"2025-03-12T10:15:57+00:00\",\"breadcrumb\":{\"@id\":\"https:\\\/\\\/cardamomo.com\\\/en\\\/artist\\\/manuel-tane\\\/#breadcrumb\"},\"inLanguage\":\"en-US\",\"potentialAction\":[{\"@type\":\"ReadAction\",\"target\":[[\"https:\\\/\\\/cardamomo.com\\\/en\\\/artist\\\/manuel-tane\\\/\"]]}]},{\"@type\":\"ImageObject\",\"inLanguage\":\"en-US\",\"@id\":\"https:\\\/\\\/cardamomo.com\\\/en\\\/artist\\\/manuel-tane\\\/#primaryimage\",\"url\":\"https:\\\/\\\/cardamomo.ams3.digitaloceanspaces.com\\\/wp-content\\\/uploads\\\/2022\\\/06\\\/12101539\\\/manuel-tane.jpg\",\"contentUrl\":\"https:\\\/\\\/cardamomo.ams3.digitaloceanspaces.com\\\/wp-content\\\/uploads\\\/2022\\\/06\\\/12101539\\\/manuel-tane.jpg\",\"width\":600,\"height\":750,\"caption\":\"Cantaor Manuel Ta\u00f1\u00e9\"},{\"@type\":\"BreadcrumbList\",\"@id\":\"https:\\\/\\\/cardamomo.com\\\/en\\\/artist\\\/manuel-tane\\\/#breadcrumb\",\"itemListElement\":[{\"@type\":\"ListItem\",\"position\":1,\"name\":\"Cardamomo\",\"item\":\"https:\\\/\\\/cardamomo.com\\\/en\\\/\"},{\"@type\":\"ListItem\",\"position\":2,\"name\":\"Artists\",\"item\":\"https:\\\/\\\/cardamomo.com\\\/en\\\/artist\\\/\"},{\"@type\":\"ListItem\",\"position\":3,\"name\":\"Manuel Ta\u00f1\u00e9\"}]},{\"@type\":\"WebSite\",\"@id\":\"https:\\\/\\\/cardamomo.com\\\/en\\\/#website\",\"url\":\"https:\\\/\\\/cardamomo.com\\\/en\\\/\",\"name\":\"Cardamomo Flamenco Madrid\",\"description\":\"\",\"potentialAction\":[{\"@type\":\"SearchAction\",\"target\":{\"@type\":\"EntryPoint\",\"urlTemplate\":\"https:\\\/\\\/cardamomo.com\\\/en\\\/?s={search_term_string}\"},\"query-input\":{\"@type\":\"PropertyValueSpecification\",\"valueRequired\":true,\"valueName\":\"search_term_string\"}}],\"inLanguage\":\"en-US\"}]}<\/script>\n<!-- \/ Yoast SEO plugin. -->","yoast_head_json":{"title":"Manuel Ta\u00f1i\u00e9 - Cardamomo Flamenco Madrid","robots":{"index":"index","follow":"follow","max-snippet":"max-snippet:-1","max-image-preview":"max-image-preview:large","max-video-preview":"max-video-preview:-1"},"canonical":"\/","og_locale":"en_US","og_type":"article","og_title":"Manuel Ta\u00f1i\u00e9 - Cardamomo Flamenco Madrid","og_description":"Biography Born into a family of flamenco tradition, Manuel was born in Jerez de la Frontera, Cadiz. The nickname Ta\u00f1\u00e9 comes from his father, a famous soccer player. \u00a0His first references who taught him were Luis Moneo, Enrique &#8220;El Extreme\u00f1o&#8221; and Juan Parrilla. His great idols are Agujetas, Juan Talega, Manuel Torre, &#8220;Borrico&#8221; and &#8220;El...","og_url":"https:\/\/cardamomo.com\/en\/artist\/manuel-tane\/","og_site_name":"Cardamomo Flamenco Madrid","article_modified_time":"2025-03-12T10:15:57+00:00","og_image":[{"width":600,"height":750,"url":"https:\/\/cardamomo.ams3.digitaloceanspaces.com\/wp-content\/uploads\/2022\/06\/12101539\/manuel-tane.jpg","type":"image\/jpeg"}],"twitter_card":"summary_large_image","twitter_misc":{"Est. reading time":"2 minutes"},"schema":{"@context":"https:\/\/schema.org","@graph":[{"@type":"WebPage","@id":"https:\/\/cardamomo.com\/en\/artist\/manuel-tane\/","url":"https:\/\/cardamomo.com\/en\/artist\/manuel-tane\/","name":"Manuel Ta\u00f1i\u00e9 - Cardamomo Flamenco Madrid","isPartOf":{"@id":"https:\/\/cardamomo.com\/en\/#website"},"primaryImageOfPage":{"@id":"https:\/\/cardamomo.com\/en\/artist\/manuel-tane\/#primaryimage"},"image":{"@id":"https:\/\/cardamomo.com\/es\/artist\/manuel-tane\/#primaryimage"},"thumbnailUrl":"https:\/\/cardamomo.ams3.digitaloceanspaces.com\/wp-content\/uploads\/2022\/06\/12101539\/manuel-tane.jpg","datePublished":"2022-06-30T17:44:19+00:00","dateModified":"2025-03-12T10:15:57+00:00","breadcrumb":{"@id":"https:\/\/cardamomo.com\/en\/artist\/manuel-tane\/#breadcrumb"},"inLanguage":"en-US","potentialAction":[{"@type":"ReadAction","target":[["https:\/\/cardamomo.com\/en\/artist\/manuel-tane\/"]]}]},{"@type":"ImageObject","inLanguage":"en-US","@id":"https:\/\/cardamomo.com\/en\/artist\/manuel-tane\/#primaryimage","url":"https:\/\/cardamomo.ams3.digitaloceanspaces.com\/wp-content\/uploads\/2022\/06\/12101539\/manuel-tane.jpg","contentUrl":"https:\/\/cardamomo.ams3.digitaloceanspaces.com\/wp-content\/uploads\/2022\/06\/12101539\/manuel-tane.jpg","width":600,"height":750,"caption":"Cantaor Manuel Ta\u00f1\u00e9"},{"@type":"BreadcrumbList","@id":"https:\/\/cardamomo.com\/en\/artist\/manuel-tane\/#breadcrumb","itemListElement":[{"@type":"ListItem","position":1,"name":"Cardamomo","item":"https:\/\/cardamomo.com\/en\/"},{"@type":"ListItem","position":2,"name":"Artists","item":"https:\/\/cardamomo.com\/en\/artist\/"},{"@type":"ListItem","position":3,"name":"Manuel Ta\u00f1\u00e9"}]},{"@type":"WebSite","@id":"https:\/\/cardamomo.com\/en\/#website","url":"https:\/\/cardamomo.com\/en\/","name":"Cardamomo Flamenco Madrid","description":"","potentialAction":[{"@type":"SearchAction","target":{"@type":"EntryPoint","urlTemplate":"https:\/\/cardamomo.com\/en\/?s={search_term_string}"},"query-input":{"@type":"PropertyValueSpecification","valueRequired":true,"valueName":"search_term_string"}}],"inLanguage":"en-US"}]}},"_links":{"self":[{"href":"https:\/\/cardamomo.com\/en\/wp-json\/wp\/v2\/artist\/103886","targetHints":{"allow":["GET"]}}],"collection":[{"href":"https:\/\/cardamomo.com\/en\/wp-json\/wp\/v2\/artist"}],"about":[{"href":"https:\/\/cardamomo.com\/en\/wp-json\/wp\/v2\/types\/artist"}],"wp:featuredmedia":[{"embeddable":true,"href":"https:\/\/cardamomo.com\/en\/wp-json\/wp\/v2\/media\/157175"}],"wp:attachment":[{"href":"https:\/\/cardamomo.com\/en\/wp-json\/wp\/v2\/media?parent=103886"}],"curies":[{"name":"wp","href":"https:\/\/api.w.org\/{rel}","templated":true}]}}