{"id":138903,"date":"2024-03-11T15:36:29","date_gmt":"2024-03-11T14:36:29","guid":{"rendered":"https:\/\/cardamomo.com\/es\/?post_type=show&#038;p=138903"},"modified":"2025-02-01T14:00:31","modified_gmt":"2025-02-01T14:00:31","slug":"juan-jose-villar-en-cardamomo","status":"publish","type":"show","link":"https:\/\/cardamomo.com\/de\/show\/juan-jose-villar-en-cardamomo\/","title":{"rendered":"Juan Jos\u00e9 Villar in Cardamomo"},"content":{"rendered":"<p><strong><a href=\"https:\/\/cardamomo.com\/es\/artist\/juan-jose-villar\/\">Juan Jos\u00e9 Villar<\/a> im Cardamomo!<\/strong> Nur diese Woche k\u00f6nnen Sie den gro\u00dfen T\u00e4nzer aus C\u00e1diz erleben.<\/p>\n<p>Er geh\u00f6rt zur Saga der &#8222;los Villar&#8220; und ist ein gro\u00dfer Fan des Flamenco-Tanzes und der Perkussion, was sein gro\u00dfes rhythmisches Gef\u00fchl bestimmt.<\/p>\n<h2>Juan Jos\u00e9 Villar,<a href=\"https:\/\/cardamomo.com\/es\/comprar-entradas\/\"> rhythmische Show.<\/a><\/h2>\n<p>Er begann seine Karriere im Alter von 10 Jahren mit seiner ersten Tournee in Japan und setzte sie in Spanien fort, wo er u.a. in Tablaos wie El Arenal, El Cordob\u00e9s und Tablao del Carmen auftrat. Seine Leidenschaft f\u00fcr den Flamenco hat es ihm erm\u00f6glicht, die B\u00fchne mit gro\u00dfen Flamenco-T\u00e4nzern wie <strong>Farruquito, Pepe Torres, Bel\u00e9n L\u00f3pez, Karime Amaya usw. zu teilen.<\/strong><\/p>\n<p>Die umfangreiche Karriere dieses jungen T\u00e4nzers, der derzeit mit <a href=\"https:\/\/rosariofloresoficial.com\/\">Rosario Flores<\/a> auftritt, ist ein Beweis f\u00fcr seine Virtuosit\u00e4t und sein gro\u00dfes K\u00f6nnen auf der B\u00fchne. Er ist ein K\u00fcnstler, der mit seinen F\u00fc\u00dfen hypnotisiert. Eine besondere Art zu tanzen, die man sich nicht entgehen lassen sollte.<\/p>\n<p><strong>Dieser T\u00e4nzer hat ein starkes Rhythmusgef\u00fchl in jeder seiner Darbietungen, also kommen Sie und genie\u00dfen Sie Juan Jos\u00e9 Villar im Cardamomo!<\/strong><\/p>\n<p><a href=\"https:\/\/cardamomo.com\/es\/comprar-entradas\/\">Reservieren Sie einen Termin!<\/a><\/p>","protected":false},"featured_media":156606,"template":"","meta":{"_acf_changed":false,"inline_featured_image":false},"class_list":["post-138903","show","type-show","status-publish","has-post-thumbnail","hentry"],"acf":[],"yoast_head":"<!-- This site is optimized with the Yoast SEO plugin v27.4 - https:\/\/yoast.com\/product\/yoast-seo-wordpress\/ -->\n<title>Juan Jos\u00e9 Villar in Cardamomo<\/title>\n<meta name=\"description\" content=\"\u00a1Juan Jos\u00e9 Villar en Cardamomo! Bailaor procedente de una importante saga de artistas flamencos \u00a1No te lo pierdas!\" \/>\n<meta name=\"robots\" content=\"index, follow, max-snippet:-1, max-image-preview:large, max-video-preview:-1\" \/>\n<link rel=\"canonical\" href=\"\/\" \/>\n<meta property=\"og:locale\" content=\"de_DE\" \/>\n<meta property=\"og:type\" content=\"article\" \/>\n<meta property=\"og:title\" content=\"Juan Jos\u00e9 Villar in Cardamomo\" \/>\n<meta property=\"og:description\" content=\"\u00a1Juan Jos\u00e9 Villar en Cardamomo! Bailaor procedente de una importante saga de artistas flamencos \u00a1No te lo pierdas!\" \/>\n<meta property=\"og:url\" content=\"https:\/\/cardamomo.com\/de\/show\/juan-jose-villar-en-cardamomo\/\" \/>\n<meta property=\"og:site_name\" content=\"Cardamomo Flamenco Madrid\" \/>\n<meta property=\"article:modified_time\" content=\"2025-02-01T14:00:31+00:00\" \/>\n<meta property=\"og:image\" content=\"https:\/\/cardamomo.ams3.digitaloceanspaces.com\/wp-content\/uploads\/2025\/01\/11133341\/juan-jose-villar.jpg\" \/>\n\t<meta property=\"og:image:width\" content=\"1400\" \/>\n\t<meta property=\"og:image:height\" content=\"800\" \/>\n\t<meta property=\"og:image:type\" content=\"image\/jpeg\" \/>\n<meta name=\"twitter:card\" content=\"summary_large_image\" \/>\n<meta name=\"twitter:label1\" content=\"Gesch\u00e4tzte Lesezeit\" \/>\n\t<meta name=\"twitter:data1\" content=\"1\u00a0Minute\" \/>\n<script type=\"application\/ld+json\" class=\"yoast-schema-graph\">{\"@context\":\"https:\\\/\\\/schema.org\",\"@graph\":[{\"@type\":\"WebPage\",\"@id\":\"https:\\\/\\\/cardamomo.com\\\/de\\\/show\\\/juan-jose-villar-en-cardamomo\\\/\",\"url\":\"https:\\\/\\\/cardamomo.com\\\/de\\\/show\\\/juan-jose-villar-en-cardamomo\\\/\",\"name\":\"Juan Jos\u00e9 Villar in Cardamomo\",\"isPartOf\":{\"@id\":\"https:\\\/\\\/cardamomo.com\\\/de\\\/#website\"},\"primaryImageOfPage\":{\"@id\":\"https:\\\/\\\/cardamomo.com\\\/de\\\/show\\\/juan-jose-villar-en-cardamomo\\\/#primaryimage\"},\"image\":{\"@id\":\"https:\\\/\\\/cardamomo.com\\\/es\\\/show\\\/juan-jose-villar-en-cardamomo\\\/#primaryimage\"},\"thumbnailUrl\":\"https:\\\/\\\/cardamomo.ams3.digitaloceanspaces.com\\\/wp-content\\\/uploads\\\/2025\\\/01\\\/11133341\\\/juan-jose-villar.jpg\",\"datePublished\":\"2024-03-11T14:36:29+00:00\",\"dateModified\":\"2025-02-01T14:00:31+00:00\",\"description\":\"\u00a1Juan Jos\u00e9 Villar en Cardamomo! Bailaor procedente de una importante saga de artistas flamencos \u00a1No te lo pierdas!\",\"breadcrumb\":{\"@id\":\"https:\\\/\\\/cardamomo.com\\\/de\\\/show\\\/juan-jose-villar-en-cardamomo\\\/#breadcrumb\"},\"inLanguage\":\"de\",\"potentialAction\":[{\"@type\":\"ReadAction\",\"target\":[[\"https:\\\/\\\/cardamomo.com\\\/de\\\/show\\\/juan-jose-villar-en-cardamomo\\\/\"]]}]},{\"@type\":\"ImageObject\",\"inLanguage\":\"de\",\"@id\":\"https:\\\/\\\/cardamomo.com\\\/de\\\/show\\\/juan-jose-villar-en-cardamomo\\\/#primaryimage\",\"url\":\"https:\\\/\\\/cardamomo.ams3.digitaloceanspaces.com\\\/wp-content\\\/uploads\\\/2025\\\/01\\\/11133341\\\/juan-jose-villar.jpg\",\"contentUrl\":\"https:\\\/\\\/cardamomo.ams3.digitaloceanspaces.com\\\/wp-content\\\/uploads\\\/2025\\\/01\\\/11133341\\\/juan-jose-villar.jpg\",\"width\":1400,\"height\":800,\"caption\":\"Bailaor Juan Jos\u00e9 Villar\"},{\"@type\":\"BreadcrumbList\",\"@id\":\"https:\\\/\\\/cardamomo.com\\\/de\\\/show\\\/juan-jose-villar-en-cardamomo\\\/#breadcrumb\",\"itemListElement\":[{\"@type\":\"ListItem\",\"position\":1,\"name\":\"Cardamomo\",\"item\":\"https:\\\/\\\/cardamomo.com\\\/de\\\/\"},{\"@type\":\"ListItem\",\"position\":2,\"name\":\"Shows\",\"item\":\"https:\\\/\\\/cardamomo.com\\\/de\\\/show\\\/\"},{\"@type\":\"ListItem\",\"position\":3,\"name\":\"Juan Jos\u00e9 Villar en Cardamomo\"}]},{\"@type\":\"WebSite\",\"@id\":\"https:\\\/\\\/cardamomo.com\\\/de\\\/#website\",\"url\":\"https:\\\/\\\/cardamomo.com\\\/de\\\/\",\"name\":\"Cardamomo Flamenco Madrid\",\"description\":\"\",\"potentialAction\":[{\"@type\":\"SearchAction\",\"target\":{\"@type\":\"EntryPoint\",\"urlTemplate\":\"https:\\\/\\\/cardamomo.com\\\/de\\\/?s={search_term_string}\"},\"query-input\":{\"@type\":\"PropertyValueSpecification\",\"valueRequired\":true,\"valueName\":\"search_term_string\"}}],\"inLanguage\":\"de\"}]}<\/script>\n<!-- \/ Yoast SEO plugin. -->","yoast_head_json":{"title":"Juan Jos\u00e9 Villar in Cardamomo","description":"\u00a1Juan Jos\u00e9 Villar en Cardamomo! Bailaor procedente de una importante saga de artistas flamencos \u00a1No te lo pierdas!","robots":{"index":"index","follow":"follow","max-snippet":"max-snippet:-1","max-image-preview":"max-image-preview:large","max-video-preview":"max-video-preview:-1"},"canonical":"\/","og_locale":"de_DE","og_type":"article","og_title":"Juan Jos\u00e9 Villar in Cardamomo","og_description":"\u00a1Juan Jos\u00e9 Villar en Cardamomo! Bailaor procedente de una importante saga de artistas flamencos \u00a1No te lo pierdas!","og_url":"https:\/\/cardamomo.com\/de\/show\/juan-jose-villar-en-cardamomo\/","og_site_name":"Cardamomo Flamenco Madrid","article_modified_time":"2025-02-01T14:00:31+00:00","og_image":[{"width":1400,"height":800,"url":"https:\/\/cardamomo.ams3.digitaloceanspaces.com\/wp-content\/uploads\/2025\/01\/11133341\/juan-jose-villar.jpg","type":"image\/jpeg"}],"twitter_card":"summary_large_image","twitter_misc":{"Gesch\u00e4tzte Lesezeit":"1\u00a0Minute"},"schema":{"@context":"https:\/\/schema.org","@graph":[{"@type":"WebPage","@id":"https:\/\/cardamomo.com\/de\/show\/juan-jose-villar-en-cardamomo\/","url":"https:\/\/cardamomo.com\/de\/show\/juan-jose-villar-en-cardamomo\/","name":"Juan Jos\u00e9 Villar in Cardamomo","isPartOf":{"@id":"https:\/\/cardamomo.com\/de\/#website"},"primaryImageOfPage":{"@id":"https:\/\/cardamomo.com\/de\/show\/juan-jose-villar-en-cardamomo\/#primaryimage"},"image":{"@id":"https:\/\/cardamomo.com\/es\/show\/juan-jose-villar-en-cardamomo\/#primaryimage"},"thumbnailUrl":"https:\/\/cardamomo.ams3.digitaloceanspaces.com\/wp-content\/uploads\/2025\/01\/11133341\/juan-jose-villar.jpg","datePublished":"2024-03-11T14:36:29+00:00","dateModified":"2025-02-01T14:00:31+00:00","description":"\u00a1Juan Jos\u00e9 Villar en Cardamomo! Bailaor procedente de una importante saga de artistas flamencos \u00a1No te lo pierdas!","breadcrumb":{"@id":"https:\/\/cardamomo.com\/de\/show\/juan-jose-villar-en-cardamomo\/#breadcrumb"},"inLanguage":"de","potentialAction":[{"@type":"ReadAction","target":[["https:\/\/cardamomo.com\/de\/show\/juan-jose-villar-en-cardamomo\/"]]}]},{"@type":"ImageObject","inLanguage":"de","@id":"https:\/\/cardamomo.com\/de\/show\/juan-jose-villar-en-cardamomo\/#primaryimage","url":"https:\/\/cardamomo.ams3.digitaloceanspaces.com\/wp-content\/uploads\/2025\/01\/11133341\/juan-jose-villar.jpg","contentUrl":"https:\/\/cardamomo.ams3.digitaloceanspaces.com\/wp-content\/uploads\/2025\/01\/11133341\/juan-jose-villar.jpg","width":1400,"height":800,"caption":"Bailaor Juan Jos\u00e9 Villar"},{"@type":"BreadcrumbList","@id":"https:\/\/cardamomo.com\/de\/show\/juan-jose-villar-en-cardamomo\/#breadcrumb","itemListElement":[{"@type":"ListItem","position":1,"name":"Cardamomo","item":"https:\/\/cardamomo.com\/de\/"},{"@type":"ListItem","position":2,"name":"Shows","item":"https:\/\/cardamomo.com\/de\/show\/"},{"@type":"ListItem","position":3,"name":"Juan Jos\u00e9 Villar en Cardamomo"}]},{"@type":"WebSite","@id":"https:\/\/cardamomo.com\/de\/#website","url":"https:\/\/cardamomo.com\/de\/","name":"Cardamomo Flamenco Madrid","description":"","potentialAction":[{"@type":"SearchAction","target":{"@type":"EntryPoint","urlTemplate":"https:\/\/cardamomo.com\/de\/?s={search_term_string}"},"query-input":{"@type":"PropertyValueSpecification","valueRequired":true,"valueName":"search_term_string"}}],"inLanguage":"de"}]}},"_links":{"self":[{"href":"https:\/\/cardamomo.com\/de\/wp-json\/wp\/v2\/show\/138903","targetHints":{"allow":["GET"]}}],"collection":[{"href":"https:\/\/cardamomo.com\/de\/wp-json\/wp\/v2\/show"}],"about":[{"href":"https:\/\/cardamomo.com\/de\/wp-json\/wp\/v2\/types\/show"}],"wp:featuredmedia":[{"embeddable":true,"href":"https:\/\/cardamomo.com\/de\/wp-json\/wp\/v2\/media\/156606"}],"wp:attachment":[{"href":"https:\/\/cardamomo.com\/de\/wp-json\/wp\/v2\/media?parent=138903"}],"curies":[{"name":"wp","href":"https:\/\/api.w.org\/{rel}","templated":true}]}}