{"id":102050,"date":"2022-06-09T21:45:05","date_gmt":"2022-06-09T21:45:05","guid":{"rendered":"https:\/\/cardamomo.com\/es\/?post_type=show&#038;p=102050"},"modified":"2024-12-26T21:57:55","modified_gmt":"2024-12-26T21:57:55","slug":"barullo-en-cardamomo-a-partir-del-13-de-junio","status":"publish","type":"show","link":"https:\/\/cardamomo.com\/de\/show\/juan-fernandez-montoya-barullo-in-cardamomo-ab-13-juni\/","title":{"rendered":"Juan Fern\u00e1ndez Montoya, &#8222;Barullo&#8220;, in Cardamomo ab 13. Juni"},"content":{"rendered":"<p>Der sevillanische T\u00e4nzer deb\u00fctierte im Alter von 5 Jahren mit seinem Gro\u00dfvater &#8222;Farruco&#8220; in der Alameda de H\u00e9rcules. Er ist auch der Sohn von &#8222;La Faraona&#8220; und der Cousin ersten Grades des Meisters &#8222;Farruquito&#8220;.\u00a0 Von reinem Zigeunerblut, Gewinnerin des Preises &#8222;El Desplante&#8220; f\u00fcr die beste T\u00e4nzerin, Festival de Cante de Las Minas, 2014, Bienal Flamenca de Sevilla 2014, Premio Nacional de Arte Flamenco de C\u00f3rdoba 2016, begleitet die besten Flamenco-K\u00fcnstler aus ganz Spanien.<\/p>\n<p>Sein Gro\u00dfvater gab ihm den Spitznamen &#8222;Farruco&#8220;, in Anspielung auf die Tatsache, dass er bei jedem Tanz einen &#8222;Aufruhr&#8220; im Publikum verursachte. Er ist ein leidenschaftlicher Verfechter der Flamenco-Kunst von der Wiege an, ein gro\u00dfer Verfechter des Klassikers, der die Wurzeln, aus denen er stammt, ehrt und dem Weg seiner Vorfahren folgt. Er besucht uns ab dem 13. Juni im Cardamomo.<\/p>\n<p>Lassen Sie sich die Intensit\u00e4t und Eleganz dieses Vogelf\u00e4ngers vom 13. bis 19. Juni nicht entgehen.<\/p>","protected":false},"featured_media":0,"template":"","meta":{"_acf_changed":false,"inline_featured_image":false},"class_list":["post-102050","show","type-show","status-publish","hentry"],"acf":[],"yoast_head":"<!-- This site is optimized with the Yoast SEO plugin v27.4 - https:\/\/yoast.com\/product\/yoast-seo-wordpress\/ -->\n<title>Juan Fern\u00e1ndez Montoya, &quot;Barullo&quot;, in Cardamomo ab 13. Juni - Cardamomo Flamenco Madrid<\/title>\n<meta name=\"robots\" content=\"index, follow, max-snippet:-1, max-image-preview:large, max-video-preview:-1\" \/>\n<link rel=\"canonical\" href=\"\/\" \/>\n<meta property=\"og:locale\" content=\"de_DE\" \/>\n<meta property=\"og:type\" content=\"article\" \/>\n<meta property=\"og:title\" content=\"Juan Fern\u00e1ndez Montoya, &quot;Barullo&quot;, in Cardamomo ab 13. Juni - Cardamomo Flamenco Madrid\" \/>\n<meta property=\"og:description\" content=\"Der sevillanische T\u00e4nzer deb\u00fctierte im Alter von 5 Jahren mit seinem Gro\u00dfvater &#8222;Farruco&#8220; in der Alameda de H\u00e9rcules. Er ist auch der Sohn von &#8222;La Faraona&#8220; und der Cousin ersten Grades des Meisters &#8222;Farruquito&#8220;.\u00a0 Von reinem Zigeunerblut, Gewinnerin des Preises &#8222;El Desplante&#8220; f\u00fcr die beste T\u00e4nzerin, Festival de Cante de Las Minas, 2014, Bienal Flamenca...\" \/>\n<meta property=\"og:url\" content=\"https:\/\/cardamomo.com\/de\/show\/juan-fernandez-montoya-barullo-en-cardamomo-a-partir-del-13-de-junio\/\" \/>\n<meta property=\"og:site_name\" content=\"Cardamomo Flamenco Madrid\" \/>\n<meta property=\"article:modified_time\" content=\"2024-12-26T21:57:55+00:00\" \/>\n<meta name=\"twitter:card\" content=\"summary_large_image\" \/>\n<meta name=\"twitter:label1\" content=\"Gesch\u00e4tzte Lesezeit\" \/>\n\t<meta name=\"twitter:data1\" content=\"1\u00a0Minute\" \/>\n<script type=\"application\/ld+json\" class=\"yoast-schema-graph\">{\"@context\":\"https:\\\/\\\/schema.org\",\"@graph\":[{\"@type\":\"WebPage\",\"@id\":\"https:\\\/\\\/cardamomo.com\\\/de\\\/show\\\/juan-fernandez-montoya-barullo-en-cardamomo-a-partir-del-13-de-junio\\\/\",\"url\":\"https:\\\/\\\/cardamomo.com\\\/de\\\/show\\\/juan-fernandez-montoya-barullo-en-cardamomo-a-partir-del-13-de-junio\\\/\",\"name\":\"Juan Fern\u00e1ndez Montoya, \\\"Barullo\\\", in Cardamomo ab 13. Juni - Cardamomo Flamenco Madrid\",\"isPartOf\":{\"@id\":\"https:\\\/\\\/cardamomo.com\\\/de\\\/#website\"},\"datePublished\":\"2022-06-09T21:45:05+00:00\",\"dateModified\":\"2024-12-26T21:57:55+00:00\",\"breadcrumb\":{\"@id\":\"https:\\\/\\\/cardamomo.com\\\/de\\\/show\\\/juan-fernandez-montoya-barullo-en-cardamomo-a-partir-del-13-de-junio\\\/#breadcrumb\"},\"inLanguage\":\"de\",\"potentialAction\":[{\"@type\":\"ReadAction\",\"target\":[[\"https:\\\/\\\/cardamomo.com\\\/de\\\/show\\\/juan-fernandez-montoya-barullo-en-cardamomo-a-partir-del-13-de-junio\\\/\"]]}]},{\"@type\":\"BreadcrumbList\",\"@id\":\"https:\\\/\\\/cardamomo.com\\\/de\\\/show\\\/juan-fernandez-montoya-barullo-en-cardamomo-a-partir-del-13-de-junio\\\/#breadcrumb\",\"itemListElement\":[{\"@type\":\"ListItem\",\"position\":1,\"name\":\"Cardamomo\",\"item\":\"https:\\\/\\\/cardamomo.com\\\/de\\\/\"},{\"@type\":\"ListItem\",\"position\":2,\"name\":\"Shows\",\"item\":\"https:\\\/\\\/cardamomo.com\\\/de\\\/show\\\/\"},{\"@type\":\"ListItem\",\"position\":3,\"name\":\"Juan Fern\u00e1ndez Montoya, \u00abBarullo\u00bb, en Cardamomo a partir del 13 de junio\"}]},{\"@type\":\"WebSite\",\"@id\":\"https:\\\/\\\/cardamomo.com\\\/de\\\/#website\",\"url\":\"https:\\\/\\\/cardamomo.com\\\/de\\\/\",\"name\":\"Cardamomo Flamenco Madrid\",\"description\":\"\",\"potentialAction\":[{\"@type\":\"SearchAction\",\"target\":{\"@type\":\"EntryPoint\",\"urlTemplate\":\"https:\\\/\\\/cardamomo.com\\\/de\\\/?s={search_term_string}\"},\"query-input\":{\"@type\":\"PropertyValueSpecification\",\"valueRequired\":true,\"valueName\":\"search_term_string\"}}],\"inLanguage\":\"de\"}]}<\/script>\n<!-- \/ Yoast SEO plugin. -->","yoast_head_json":{"title":"Juan Fern\u00e1ndez Montoya, \"Barullo\", in Cardamomo ab 13. Juni - Cardamomo Flamenco Madrid","robots":{"index":"index","follow":"follow","max-snippet":"max-snippet:-1","max-image-preview":"max-image-preview:large","max-video-preview":"max-video-preview:-1"},"canonical":"\/","og_locale":"de_DE","og_type":"article","og_title":"Juan Fern\u00e1ndez Montoya, \"Barullo\", in Cardamomo ab 13. Juni - Cardamomo Flamenco Madrid","og_description":"Der sevillanische T\u00e4nzer deb\u00fctierte im Alter von 5 Jahren mit seinem Gro\u00dfvater &#8222;Farruco&#8220; in der Alameda de H\u00e9rcules. Er ist auch der Sohn von &#8222;La Faraona&#8220; und der Cousin ersten Grades des Meisters &#8222;Farruquito&#8220;.\u00a0 Von reinem Zigeunerblut, Gewinnerin des Preises &#8222;El Desplante&#8220; f\u00fcr die beste T\u00e4nzerin, Festival de Cante de Las Minas, 2014, Bienal Flamenca...","og_url":"https:\/\/cardamomo.com\/de\/show\/juan-fernandez-montoya-barullo-en-cardamomo-a-partir-del-13-de-junio\/","og_site_name":"Cardamomo Flamenco Madrid","article_modified_time":"2024-12-26T21:57:55+00:00","twitter_card":"summary_large_image","twitter_misc":{"Gesch\u00e4tzte Lesezeit":"1\u00a0Minute"},"schema":{"@context":"https:\/\/schema.org","@graph":[{"@type":"WebPage","@id":"https:\/\/cardamomo.com\/de\/show\/juan-fernandez-montoya-barullo-en-cardamomo-a-partir-del-13-de-junio\/","url":"https:\/\/cardamomo.com\/de\/show\/juan-fernandez-montoya-barullo-en-cardamomo-a-partir-del-13-de-junio\/","name":"Juan Fern\u00e1ndez Montoya, \"Barullo\", in Cardamomo ab 13. Juni - Cardamomo Flamenco Madrid","isPartOf":{"@id":"https:\/\/cardamomo.com\/de\/#website"},"datePublished":"2022-06-09T21:45:05+00:00","dateModified":"2024-12-26T21:57:55+00:00","breadcrumb":{"@id":"https:\/\/cardamomo.com\/de\/show\/juan-fernandez-montoya-barullo-en-cardamomo-a-partir-del-13-de-junio\/#breadcrumb"},"inLanguage":"de","potentialAction":[{"@type":"ReadAction","target":[["https:\/\/cardamomo.com\/de\/show\/juan-fernandez-montoya-barullo-en-cardamomo-a-partir-del-13-de-junio\/"]]}]},{"@type":"BreadcrumbList","@id":"https:\/\/cardamomo.com\/de\/show\/juan-fernandez-montoya-barullo-en-cardamomo-a-partir-del-13-de-junio\/#breadcrumb","itemListElement":[{"@type":"ListItem","position":1,"name":"Cardamomo","item":"https:\/\/cardamomo.com\/de\/"},{"@type":"ListItem","position":2,"name":"Shows","item":"https:\/\/cardamomo.com\/de\/show\/"},{"@type":"ListItem","position":3,"name":"Juan Fern\u00e1ndez Montoya, \u00abBarullo\u00bb, en Cardamomo a partir del 13 de junio"}]},{"@type":"WebSite","@id":"https:\/\/cardamomo.com\/de\/#website","url":"https:\/\/cardamomo.com\/de\/","name":"Cardamomo Flamenco Madrid","description":"","potentialAction":[{"@type":"SearchAction","target":{"@type":"EntryPoint","urlTemplate":"https:\/\/cardamomo.com\/de\/?s={search_term_string}"},"query-input":{"@type":"PropertyValueSpecification","valueRequired":true,"valueName":"search_term_string"}}],"inLanguage":"de"}]}},"_links":{"self":[{"href":"https:\/\/cardamomo.com\/de\/wp-json\/wp\/v2\/show\/102050","targetHints":{"allow":["GET"]}}],"collection":[{"href":"https:\/\/cardamomo.com\/de\/wp-json\/wp\/v2\/show"}],"about":[{"href":"https:\/\/cardamomo.com\/de\/wp-json\/wp\/v2\/types\/show"}],"wp:attachment":[{"href":"https:\/\/cardamomo.com\/de\/wp-json\/wp\/v2\/media?parent=102050"}],"curies":[{"name":"wp","href":"https:\/\/api.w.org\/{rel}","templated":true}]}}