{"id":24031,"date":"2016-11-04T10:03:23","date_gmt":"2016-11-04T09:03:23","guid":{"rendered":"https:\/\/cardamomo.com\/es\/?post_type=artist&#038;p=24031"},"modified":"2025-04-02T10:32:15","modified_gmt":"2025-04-02T10:32:15","slug":"claudia-cruz-cadiz","status":"publish","type":"artist","link":"https:\/\/cardamomo.com\/de\/artist\/claudia-cruz\/","title":{"rendered":"Claudia Cruz (C\u00e1diz)"},"content":{"rendered":"<p><\/p>\n<h4>Biografie<\/h4>\n<p>Claudia Cruz wurde 1986 in C\u00e1diz geboren und begann bereits im Alter von 5 Jahren, Flamencounterricht zu nehmen. Mit mehr als 20 Jahren Erfahrung ist sie eine der f\u00fchrenden T\u00e4nzerinnen der aktuellen Flamenco-Szene.<\/p>\n<p>Gegenw\u00e4rtig tritt sie in den wichtigsten Tablaos in ganz Spanien auf, insbesondere in Madrid und Barcelona, sowie bei den wichtigsten nationalen und internationalen Flamenco-Festivals. Von den Kritikern gelobt und vom Publikum bewundert, genie\u00dft die T\u00e4nzerin den Respekt aller ihrer Kollegen. Im Laufe ihrer Karriere hat sie mit K\u00fcnstlern zusammengearbeitet wie: Ni\u00f1a Pastori, Remedios Amaya, Rancapino, Josemi Carmona, Antonio und Juana del Pipa, Marco Flores und anderen.<\/p>\n<p>Claudia Cruz hat eine gro\u00dfe Erfahrung im Unterrichten und ist sowohl in Spanien als auch in anderen L\u00e4ndern gefragt: Argentinien, Uruguay, Costa Rica, Vereinigte Staaten, Japan, Holland, Luxemburg und viele mehr. Arbeiten f\u00fcr Presse und Werbung: Zusammenarbeit mit der Zeitschrift &#8222;GQ&#8220; in New York unter der Leitung von Pedro Almod\u00f3var, wo er Fotoreportagen mit dem Model Jon Kortajarena und den spanischen Schauspielerinnen Inma Cuesta und Adriana Ugarte machte. Zusammenarbeit mit dem renommierten Juwelierhaus &#8222;Carrera y Carrera&#8220;. Zusammenarbeit mit der &#8222;Financial Times&#8220;, einer der seri\u00f6sesten Zeitungen und mit einer au\u00dfergew\u00f6hnlichen Verbreitung.<\/p>\n<ul>\n<li>Im Jahr 2001 wirkte sie als Mitglied der Show der Karnevalsproklamation von C\u00e1diz mit Sara Baras in der Hauptrolle mit. Im Jahr 2003 arbeitete er mit der Theatergruppe Los Ulen&#8220; zusammen mit dem Ballett von Monaco bei der Auff\u00fchrung von Carmen de Bizet&#8220;.<\/li>\n<li>Im Jahr 2005 begann er eine Tournee durch Japan mit der Show &#8222;Pasi\u00f3n Flamenca&#8220;, bei der er mit Enrique el Extreme\u00f1o, La Tobala, Pedro Sierra und vielen anderen auftrat. Im selben Jahr ging er mit Turismo Andaluz auf Tournee und repr\u00e4sentierte den andalusischen Flamenco in Europa.<\/li>\n<li>Im Jahr 2007 nahm er am Flamenco-Festival von Granada &#8222;Corral del Carb\u00f3n&#8220; teil und erzielte einen fabelhaften Erfolg und gute Kritiken. Im folgenden Jahr nimmt sie an der Kompanie &#8222;Cadiz&#8220; teil, die von der andalusischen Agentur f\u00fcr die Entwicklung des Flamenco geleitet wird, und teilt die B\u00fchne mit K\u00fcnstlern wie Mariana Cornejo, David Palomar, El Junco, Ana Salazar, Rosario Toledo und vielen anderen.<\/li>\n<li>Im Jahr 2009 pr\u00e4sentierte er seine erste Ausstellung &#8222;Con Alma&#8220; in der Sala Central Lechera in C\u00e1diz, mit Enrique el Extreme\u00f1o als Gastk\u00fcnstler auf Provinzebene.<\/li>\n<li>2011 war sie als Gastk\u00fcnstlerin in der Show &#8222;Ni\u00f1a Pastori en Navidad&#8220; auf Tournee. Es war das erste Mal, dass Ni\u00f1a Pastori eine Tanzfigur in ihre Show aufnahm.<\/li>\n<li>Im Jahr 2012 schloss sie sich der Kompanie von Antonio &#8222;El Pipa&#8220; an, als Hauptt\u00e4nzerin und seine Tanzpartnerin. Im selben Jahr pr\u00e4sentierte sie ihre Show &#8222;Claudia Cruz&#8220;, mit der sie das Programm der Zweihundertjahrfeier der Cortes de C\u00e1diz er\u00f6ffnete. Sie ist Gastk\u00fcnstlerin in der Show &#8222;Ayer y Hoy&#8220; mit dem Meister &#8222;Rancapino&#8220; in der Hauptrolle. Sie hat in der Show der Karnevalsproklamation von C\u00e1diz &#8222;La Pepa&#8220; mit Ni\u00f1a Pastori in der Hauptrolle mitgewirkt. Sie ist erste T\u00e4nzerin in den Zyklen &#8222;La Aristocracia del Flamenco&#8220; im Tablao Cordob\u00e9s und arbeitet mit Pers\u00f6nlichkeiten wie Duquende, Carrete de M\u00e1laga, Remedios Amaya und La Susi zusammen.<\/li>\n<li>Im Jahr 2013 war sie Solot\u00e4nzerin in der Show &#8222;Jereg\u00fce\u00f1o&#8220; von Antonio el Pipa auf der Flamenco-Biennale von Malaga, und im selben Jahr nahm sie am multikulturellen Festival &#8222;Art Unites Generations&#8220; in Wroclaw, Polen, teil. Sp\u00e4ter war sie Solot\u00e4nzerin in der Show &#8222;Vivencias&#8220; von Antonio el Pipa zusammen mit T\u00eda Juana del Pipa, Concha Vargas und Carmen Ledesma. Sie nahm auch an der Show &#8222;En la Ra\u00edz del Flamenco&#8220; teil, die im Lope de Vega-Theater in Sevilla mit Top-K\u00fcnstlern wie &#8222;Dorantes&#8220;, Remedio Amaya, Farruquito, Ca\u00f1eta de M\u00e1laga und anderen uraufgef\u00fchrt wurde.<br \/>\nM\u00e1laga, unter anderem.<\/li>\n<li>Im Jahr 2014 nahm sie am III Festival de Flamenco de Jap\u00f3n teil und teilte die B\u00fchne mit K\u00fcnstlern wie Pastora Galv\u00e1n, Mercedes Ruiz, La Moneta, Patricia Guerrero, Jairo Barrul, Jes\u00fas Carmona und anderen. Im selben Jahr pr\u00e4sentierte sie im Centro Munincipal de Arte Flamenco La Merced ihre Show &#8222;Ni la hambre la vamo a sent\u00ed&#8220;, die von der Stadtverwaltung von C\u00e1diz gef\u00f6rdert wurde.<\/li>\n<li>Im Jahr 2015 feierte er mit seiner eigenen Show &#8222;C\u00e1diz &#8211; Sevilla, Qu\u00e9 Maravilla&#8220; bei der XIX Ausgabe des Festival de Jerez Premiere.<\/li>\n<li>Im Jahr 2016 hat er in der Show &#8222;Entrar al Juego&#8220; von Marco Flores mitgewirkt, die bei der XX Ausgabe des Festival de Jerez uraufgef\u00fchrt wurde. Er arbeitete auch mit Josemi Carmona, Mitglied der ber\u00fchmten Gruppe Ketama, zusammen.<\/li>\n<\/ul>\n<p>Aus ihrer Biografie geht hervor, dass sie eine besonders gute T\u00e4nzerin ist, mit einer langen Karriere, \u00fcber die heute viel gesprochen wird.<\/p>","protected":false},"featured_media":157247,"template":"","meta":{"_acf_changed":false,"inline_featured_image":false},"class_list":["post-24031","artist","type-artist","status-publish","has-post-thumbnail","hentry"],"acf":[],"yoast_head":"<!-- This site is optimized with the Yoast SEO plugin v27.4 - https:\/\/yoast.com\/product\/yoast-seo-wordpress\/ -->\n<title>Claudia Cruz (C\u00e1diz) - Cardamomo Flamenco Madrid<\/title>\n<meta name=\"robots\" content=\"index, follow, max-snippet:-1, max-image-preview:large, max-video-preview:-1\" \/>\n<link rel=\"canonical\" href=\"\/\" \/>\n<meta property=\"og:locale\" content=\"de_DE\" \/>\n<meta property=\"og:type\" content=\"article\" \/>\n<meta property=\"og:title\" content=\"Claudia Cruz (C\u00e1diz) - Cardamomo Flamenco Madrid\" \/>\n<meta property=\"og:description\" content=\"Biografie Claudia Cruz wurde 1986 in C\u00e1diz geboren und begann bereits im Alter von 5 Jahren, Flamencounterricht zu nehmen. Mit mehr als 20 Jahren Erfahrung ist sie eine der f\u00fchrenden T\u00e4nzerinnen der aktuellen Flamenco-Szene. Gegenw\u00e4rtig tritt sie in den wichtigsten Tablaos in ganz Spanien auf, insbesondere in Madrid und Barcelona, sowie bei den wichtigsten nationalen...\" \/>\n<meta property=\"og:url\" content=\"https:\/\/cardamomo.com\/de\/artist\/claudia-cruz\/\" \/>\n<meta property=\"og:site_name\" content=\"Cardamomo Flamenco Madrid\" \/>\n<meta property=\"article:modified_time\" content=\"2025-04-02T10:32:15+00:00\" \/>\n<meta property=\"og:image\" content=\"https:\/\/cardamomo.ams3.digitaloceanspaces.com\/wp-content\/uploads\/2016\/11\/02103152\/claudia-cruz.jpg\" \/>\n\t<meta property=\"og:image:width\" content=\"600\" \/>\n\t<meta property=\"og:image:height\" content=\"750\" \/>\n\t<meta property=\"og:image:type\" content=\"image\/jpeg\" \/>\n<meta name=\"twitter:card\" content=\"summary_large_image\" \/>\n<meta name=\"twitter:label1\" content=\"Gesch\u00e4tzte Lesezeit\" \/>\n\t<meta name=\"twitter:data1\" content=\"4\u00a0Minuten\" \/>\n<script type=\"application\/ld+json\" class=\"yoast-schema-graph\">{\"@context\":\"https:\\\/\\\/schema.org\",\"@graph\":[{\"@type\":\"WebPage\",\"@id\":\"https:\\\/\\\/cardamomo.com\\\/de\\\/artist\\\/claudia-cruz\\\/\",\"url\":\"https:\\\/\\\/cardamomo.com\\\/de\\\/artist\\\/claudia-cruz\\\/\",\"name\":\"Claudia Cruz (C\u00e1diz) - Cardamomo Flamenco Madrid\",\"isPartOf\":{\"@id\":\"https:\\\/\\\/cardamomo.com\\\/de\\\/#website\"},\"primaryImageOfPage\":{\"@id\":\"https:\\\/\\\/cardamomo.com\\\/de\\\/artist\\\/claudia-cruz\\\/#primaryimage\"},\"image\":{\"@id\":\"https:\\\/\\\/cardamomo.com\\\/es\\\/artist\\\/claudia-cruz\\\/#primaryimage\"},\"thumbnailUrl\":\"https:\\\/\\\/cardamomo.ams3.digitaloceanspaces.com\\\/wp-content\\\/uploads\\\/2016\\\/11\\\/02103152\\\/claudia-cruz.jpg\",\"datePublished\":\"2016-11-04T09:03:23+00:00\",\"dateModified\":\"2025-04-02T10:32:15+00:00\",\"breadcrumb\":{\"@id\":\"https:\\\/\\\/cardamomo.com\\\/de\\\/artist\\\/claudia-cruz\\\/#breadcrumb\"},\"inLanguage\":\"de\",\"potentialAction\":[{\"@type\":\"ReadAction\",\"target\":[[\"https:\\\/\\\/cardamomo.com\\\/de\\\/artist\\\/claudia-cruz\\\/\"]]}]},{\"@type\":\"ImageObject\",\"inLanguage\":\"de\",\"@id\":\"https:\\\/\\\/cardamomo.com\\\/de\\\/artist\\\/claudia-cruz\\\/#primaryimage\",\"url\":\"https:\\\/\\\/cardamomo.ams3.digitaloceanspaces.com\\\/wp-content\\\/uploads\\\/2016\\\/11\\\/02103152\\\/claudia-cruz.jpg\",\"contentUrl\":\"https:\\\/\\\/cardamomo.ams3.digitaloceanspaces.com\\\/wp-content\\\/uploads\\\/2016\\\/11\\\/02103152\\\/claudia-cruz.jpg\",\"width\":600,\"height\":750,\"caption\":\"Bailaora Claudia Cruz\"},{\"@type\":\"BreadcrumbList\",\"@id\":\"https:\\\/\\\/cardamomo.com\\\/de\\\/artist\\\/claudia-cruz\\\/#breadcrumb\",\"itemListElement\":[{\"@type\":\"ListItem\",\"position\":1,\"name\":\"Cardamomo\",\"item\":\"https:\\\/\\\/cardamomo.com\\\/de\\\/\"},{\"@type\":\"ListItem\",\"position\":2,\"name\":\"Artists\",\"item\":\"https:\\\/\\\/cardamomo.com\\\/de\\\/artist\\\/\"},{\"@type\":\"ListItem\",\"position\":3,\"name\":\"Claudia Cruz (C\u00e1diz)\"}]},{\"@type\":\"WebSite\",\"@id\":\"https:\\\/\\\/cardamomo.com\\\/de\\\/#website\",\"url\":\"https:\\\/\\\/cardamomo.com\\\/de\\\/\",\"name\":\"Cardamomo Flamenco Madrid\",\"description\":\"\",\"potentialAction\":[{\"@type\":\"SearchAction\",\"target\":{\"@type\":\"EntryPoint\",\"urlTemplate\":\"https:\\\/\\\/cardamomo.com\\\/de\\\/?s={search_term_string}\"},\"query-input\":{\"@type\":\"PropertyValueSpecification\",\"valueRequired\":true,\"valueName\":\"search_term_string\"}}],\"inLanguage\":\"de\"}]}<\/script>\n<!-- \/ Yoast SEO plugin. -->","yoast_head_json":{"title":"Claudia Cruz (C\u00e1diz) - Cardamomo Flamenco Madrid","robots":{"index":"index","follow":"follow","max-snippet":"max-snippet:-1","max-image-preview":"max-image-preview:large","max-video-preview":"max-video-preview:-1"},"canonical":"\/","og_locale":"de_DE","og_type":"article","og_title":"Claudia Cruz (C\u00e1diz) - Cardamomo Flamenco Madrid","og_description":"Biografie Claudia Cruz wurde 1986 in C\u00e1diz geboren und begann bereits im Alter von 5 Jahren, Flamencounterricht zu nehmen. Mit mehr als 20 Jahren Erfahrung ist sie eine der f\u00fchrenden T\u00e4nzerinnen der aktuellen Flamenco-Szene. Gegenw\u00e4rtig tritt sie in den wichtigsten Tablaos in ganz Spanien auf, insbesondere in Madrid und Barcelona, sowie bei den wichtigsten nationalen...","og_url":"https:\/\/cardamomo.com\/de\/artist\/claudia-cruz\/","og_site_name":"Cardamomo Flamenco Madrid","article_modified_time":"2025-04-02T10:32:15+00:00","og_image":[{"width":600,"height":750,"url":"https:\/\/cardamomo.ams3.digitaloceanspaces.com\/wp-content\/uploads\/2016\/11\/02103152\/claudia-cruz.jpg","type":"image\/jpeg"}],"twitter_card":"summary_large_image","twitter_misc":{"Gesch\u00e4tzte Lesezeit":"4\u00a0Minuten"},"schema":{"@context":"https:\/\/schema.org","@graph":[{"@type":"WebPage","@id":"https:\/\/cardamomo.com\/de\/artist\/claudia-cruz\/","url":"https:\/\/cardamomo.com\/de\/artist\/claudia-cruz\/","name":"Claudia Cruz (C\u00e1diz) - Cardamomo Flamenco Madrid","isPartOf":{"@id":"https:\/\/cardamomo.com\/de\/#website"},"primaryImageOfPage":{"@id":"https:\/\/cardamomo.com\/de\/artist\/claudia-cruz\/#primaryimage"},"image":{"@id":"https:\/\/cardamomo.com\/es\/artist\/claudia-cruz\/#primaryimage"},"thumbnailUrl":"https:\/\/cardamomo.ams3.digitaloceanspaces.com\/wp-content\/uploads\/2016\/11\/02103152\/claudia-cruz.jpg","datePublished":"2016-11-04T09:03:23+00:00","dateModified":"2025-04-02T10:32:15+00:00","breadcrumb":{"@id":"https:\/\/cardamomo.com\/de\/artist\/claudia-cruz\/#breadcrumb"},"inLanguage":"de","potentialAction":[{"@type":"ReadAction","target":[["https:\/\/cardamomo.com\/de\/artist\/claudia-cruz\/"]]}]},{"@type":"ImageObject","inLanguage":"de","@id":"https:\/\/cardamomo.com\/de\/artist\/claudia-cruz\/#primaryimage","url":"https:\/\/cardamomo.ams3.digitaloceanspaces.com\/wp-content\/uploads\/2016\/11\/02103152\/claudia-cruz.jpg","contentUrl":"https:\/\/cardamomo.ams3.digitaloceanspaces.com\/wp-content\/uploads\/2016\/11\/02103152\/claudia-cruz.jpg","width":600,"height":750,"caption":"Bailaora Claudia Cruz"},{"@type":"BreadcrumbList","@id":"https:\/\/cardamomo.com\/de\/artist\/claudia-cruz\/#breadcrumb","itemListElement":[{"@type":"ListItem","position":1,"name":"Cardamomo","item":"https:\/\/cardamomo.com\/de\/"},{"@type":"ListItem","position":2,"name":"Artists","item":"https:\/\/cardamomo.com\/de\/artist\/"},{"@type":"ListItem","position":3,"name":"Claudia Cruz (C\u00e1diz)"}]},{"@type":"WebSite","@id":"https:\/\/cardamomo.com\/de\/#website","url":"https:\/\/cardamomo.com\/de\/","name":"Cardamomo Flamenco Madrid","description":"","potentialAction":[{"@type":"SearchAction","target":{"@type":"EntryPoint","urlTemplate":"https:\/\/cardamomo.com\/de\/?s={search_term_string}"},"query-input":{"@type":"PropertyValueSpecification","valueRequired":true,"valueName":"search_term_string"}}],"inLanguage":"de"}]}},"_links":{"self":[{"href":"https:\/\/cardamomo.com\/de\/wp-json\/wp\/v2\/artist\/24031","targetHints":{"allow":["GET"]}}],"collection":[{"href":"https:\/\/cardamomo.com\/de\/wp-json\/wp\/v2\/artist"}],"about":[{"href":"https:\/\/cardamomo.com\/de\/wp-json\/wp\/v2\/types\/artist"}],"wp:featuredmedia":[{"embeddable":true,"href":"https:\/\/cardamomo.com\/de\/wp-json\/wp\/v2\/media\/157247"}],"wp:attachment":[{"href":"https:\/\/cardamomo.com\/de\/wp-json\/wp\/v2\/media?parent=24031"}],"curies":[{"name":"wp","href":"https:\/\/api.w.org\/{rel}","templated":true}]}}