{"id":132943,"date":"2023-10-23T11:47:21","date_gmt":"2023-10-23T09:47:21","guid":{"rendered":"https:\/\/cardamomo.com\/es\/?post_type=artist&#038;p=132943"},"modified":"2025-03-12T09:10:08","modified_gmt":"2025-03-12T09:10:08","slug":"carlos-velazquez","status":"publish","type":"artist","link":"https:\/\/cardamomo.com\/de\/artist\/carlos-velazquez\/","title":{"rendered":"Carlos Vel\u00e1zquez (Madrid)"},"content":{"rendered":"<p><strong>Carlos Vel\u00e1zquez<\/strong> begann seine Karriere mit einer Ausbildung am Real Conservatorio de Madrid und an der Escuela de Danza Amor de Dios bei Lehrern wie El G\u00fcito, Rafael de C\u00f3rdoba und Rosa Dur\u00e1n. Er hat eine Karriere an der Seite von gro\u00dfen T\u00e4nzern wie Ciro und Mar\u00eda Magdalena und anderen entwickelt. Als Mitglied der wichtigsten Ballettkompanien des Landes, der Mar\u00eda Carrasco Company, der Il Camborio and Luc\u00eda del Real Company und der Jos\u00e9 Greco Company, mit der sie auf den besten B\u00fchnen der Vereinigten Staaten auftrat, bereiste sie die wichtigsten St\u00e4dte der Welt.<\/p>\n<p>Er hat in den Werken &#8222;Carmen&#8220; und &#8222;Il Trovatore&#8220; unter der Leitung von Franco Zefirelli zusammen mit Bel\u00e9n L\u00f3pez mitgewirkt und war erster Solot\u00e4nzer mit seiner eigenen Kompanie im Theater Mu\u00f1oz Seca.<\/p>\n<p><strong>Bailaor, Choreograph, Flamenco, Carlos kommt nach Card, um uns mit einer gro\u00dfartigen Vorstellung zu erfreuen.<\/strong><\/p>","protected":false},"featured_media":157160,"template":"","meta":{"_acf_changed":false,"inline_featured_image":false},"class_list":["post-132943","artist","type-artist","status-publish","has-post-thumbnail","hentry"],"acf":[],"yoast_head":"<!-- This site is optimized with the Yoast SEO plugin v27.4 - https:\/\/yoast.com\/product\/yoast-seo-wordpress\/ -->\n<title>Carlos Vel\u00e1zquez (Madrid) - Cardamomo Flamenco Madrid<\/title>\n<meta name=\"robots\" content=\"index, follow, max-snippet:-1, max-image-preview:large, max-video-preview:-1\" \/>\n<link rel=\"canonical\" href=\"\/\" \/>\n<meta property=\"og:locale\" content=\"de_DE\" \/>\n<meta property=\"og:type\" content=\"article\" \/>\n<meta property=\"og:title\" content=\"Carlos Vel\u00e1zquez (Madrid) - Cardamomo Flamenco Madrid\" \/>\n<meta property=\"og:description\" content=\"Carlos Vel\u00e1zquez begann seine Karriere mit einer Ausbildung am Real Conservatorio de Madrid und an der Escuela de Danza Amor de Dios bei Lehrern wie El G\u00fcito, Rafael de C\u00f3rdoba und Rosa Dur\u00e1n. Er hat eine Karriere an der Seite von gro\u00dfen T\u00e4nzern wie Ciro und Mar\u00eda Magdalena und anderen entwickelt. Als Mitglied der wichtigsten...\" \/>\n<meta property=\"og:url\" content=\"https:\/\/cardamomo.com\/de\/artist\/carlos-velazquez\/\" \/>\n<meta property=\"og:site_name\" content=\"Cardamomo Flamenco Madrid\" \/>\n<meta property=\"article:modified_time\" content=\"2025-03-12T09:10:08+00:00\" \/>\n<meta property=\"og:image\" content=\"https:\/\/cardamomo.ams3.digitaloceanspaces.com\/wp-content\/uploads\/2023\/10\/12090939\/carlos-velazquez.jpg\" \/>\n\t<meta property=\"og:image:width\" content=\"600\" \/>\n\t<meta property=\"og:image:height\" content=\"750\" \/>\n\t<meta property=\"og:image:type\" content=\"image\/jpeg\" \/>\n<meta name=\"twitter:card\" content=\"summary_large_image\" \/>\n<meta name=\"twitter:label1\" content=\"Gesch\u00e4tzte Lesezeit\" \/>\n\t<meta name=\"twitter:data1\" content=\"2\u00a0Minuten\" \/>\n<script type=\"application\/ld+json\" class=\"yoast-schema-graph\">{\"@context\":\"https:\\\/\\\/schema.org\",\"@graph\":[{\"@type\":\"WebPage\",\"@id\":\"https:\\\/\\\/cardamomo.com\\\/de\\\/artist\\\/carlos-velazquez\\\/\",\"url\":\"https:\\\/\\\/cardamomo.com\\\/de\\\/artist\\\/carlos-velazquez\\\/\",\"name\":\"Carlos Vel\u00e1zquez (Madrid) - Cardamomo Flamenco Madrid\",\"isPartOf\":{\"@id\":\"https:\\\/\\\/cardamomo.com\\\/de\\\/#website\"},\"primaryImageOfPage\":{\"@id\":\"https:\\\/\\\/cardamomo.com\\\/de\\\/artist\\\/carlos-velazquez\\\/#primaryimage\"},\"image\":{\"@id\":\"https:\\\/\\\/cardamomo.com\\\/es\\\/artist\\\/carlos-velazquez\\\/#primaryimage\"},\"thumbnailUrl\":\"https:\\\/\\\/cardamomo.ams3.digitaloceanspaces.com\\\/wp-content\\\/uploads\\\/2023\\\/10\\\/12090939\\\/carlos-velazquez.jpg\",\"datePublished\":\"2023-10-23T09:47:21+00:00\",\"dateModified\":\"2025-03-12T09:10:08+00:00\",\"breadcrumb\":{\"@id\":\"https:\\\/\\\/cardamomo.com\\\/de\\\/artist\\\/carlos-velazquez\\\/#breadcrumb\"},\"inLanguage\":\"de\",\"potentialAction\":[{\"@type\":\"ReadAction\",\"target\":[[\"https:\\\/\\\/cardamomo.com\\\/de\\\/artist\\\/carlos-velazquez\\\/\"]]}]},{\"@type\":\"ImageObject\",\"inLanguage\":\"de\",\"@id\":\"https:\\\/\\\/cardamomo.com\\\/de\\\/artist\\\/carlos-velazquez\\\/#primaryimage\",\"url\":\"https:\\\/\\\/cardamomo.ams3.digitaloceanspaces.com\\\/wp-content\\\/uploads\\\/2023\\\/10\\\/12090939\\\/carlos-velazquez.jpg\",\"contentUrl\":\"https:\\\/\\\/cardamomo.ams3.digitaloceanspaces.com\\\/wp-content\\\/uploads\\\/2023\\\/10\\\/12090939\\\/carlos-velazquez.jpg\",\"width\":600,\"height\":750,\"caption\":\"Bailaor Carlos Vel\u00e1zquez (Madrid)\"},{\"@type\":\"BreadcrumbList\",\"@id\":\"https:\\\/\\\/cardamomo.com\\\/de\\\/artist\\\/carlos-velazquez\\\/#breadcrumb\",\"itemListElement\":[{\"@type\":\"ListItem\",\"position\":1,\"name\":\"Cardamomo\",\"item\":\"https:\\\/\\\/cardamomo.com\\\/de\\\/\"},{\"@type\":\"ListItem\",\"position\":2,\"name\":\"Artists\",\"item\":\"https:\\\/\\\/cardamomo.com\\\/de\\\/artist\\\/\"},{\"@type\":\"ListItem\",\"position\":3,\"name\":\"Carlos Vel\u00e1zquez (Madrid)\"}]},{\"@type\":\"WebSite\",\"@id\":\"https:\\\/\\\/cardamomo.com\\\/de\\\/#website\",\"url\":\"https:\\\/\\\/cardamomo.com\\\/de\\\/\",\"name\":\"Cardamomo Flamenco Madrid\",\"description\":\"\",\"potentialAction\":[{\"@type\":\"SearchAction\",\"target\":{\"@type\":\"EntryPoint\",\"urlTemplate\":\"https:\\\/\\\/cardamomo.com\\\/de\\\/?s={search_term_string}\"},\"query-input\":{\"@type\":\"PropertyValueSpecification\",\"valueRequired\":true,\"valueName\":\"search_term_string\"}}],\"inLanguage\":\"de\"}]}<\/script>\n<!-- \/ Yoast SEO plugin. -->","yoast_head_json":{"title":"Carlos Vel\u00e1zquez (Madrid) - Cardamomo Flamenco Madrid","robots":{"index":"index","follow":"follow","max-snippet":"max-snippet:-1","max-image-preview":"max-image-preview:large","max-video-preview":"max-video-preview:-1"},"canonical":"\/","og_locale":"de_DE","og_type":"article","og_title":"Carlos Vel\u00e1zquez (Madrid) - Cardamomo Flamenco Madrid","og_description":"Carlos Vel\u00e1zquez begann seine Karriere mit einer Ausbildung am Real Conservatorio de Madrid und an der Escuela de Danza Amor de Dios bei Lehrern wie El G\u00fcito, Rafael de C\u00f3rdoba und Rosa Dur\u00e1n. Er hat eine Karriere an der Seite von gro\u00dfen T\u00e4nzern wie Ciro und Mar\u00eda Magdalena und anderen entwickelt. Als Mitglied der wichtigsten...","og_url":"https:\/\/cardamomo.com\/de\/artist\/carlos-velazquez\/","og_site_name":"Cardamomo Flamenco Madrid","article_modified_time":"2025-03-12T09:10:08+00:00","og_image":[{"width":600,"height":750,"url":"https:\/\/cardamomo.ams3.digitaloceanspaces.com\/wp-content\/uploads\/2023\/10\/12090939\/carlos-velazquez.jpg","type":"image\/jpeg"}],"twitter_card":"summary_large_image","twitter_misc":{"Gesch\u00e4tzte Lesezeit":"2\u00a0Minuten"},"schema":{"@context":"https:\/\/schema.org","@graph":[{"@type":"WebPage","@id":"https:\/\/cardamomo.com\/de\/artist\/carlos-velazquez\/","url":"https:\/\/cardamomo.com\/de\/artist\/carlos-velazquez\/","name":"Carlos Vel\u00e1zquez (Madrid) - Cardamomo Flamenco Madrid","isPartOf":{"@id":"https:\/\/cardamomo.com\/de\/#website"},"primaryImageOfPage":{"@id":"https:\/\/cardamomo.com\/de\/artist\/carlos-velazquez\/#primaryimage"},"image":{"@id":"https:\/\/cardamomo.com\/es\/artist\/carlos-velazquez\/#primaryimage"},"thumbnailUrl":"https:\/\/cardamomo.ams3.digitaloceanspaces.com\/wp-content\/uploads\/2023\/10\/12090939\/carlos-velazquez.jpg","datePublished":"2023-10-23T09:47:21+00:00","dateModified":"2025-03-12T09:10:08+00:00","breadcrumb":{"@id":"https:\/\/cardamomo.com\/de\/artist\/carlos-velazquez\/#breadcrumb"},"inLanguage":"de","potentialAction":[{"@type":"ReadAction","target":[["https:\/\/cardamomo.com\/de\/artist\/carlos-velazquez\/"]]}]},{"@type":"ImageObject","inLanguage":"de","@id":"https:\/\/cardamomo.com\/de\/artist\/carlos-velazquez\/#primaryimage","url":"https:\/\/cardamomo.ams3.digitaloceanspaces.com\/wp-content\/uploads\/2023\/10\/12090939\/carlos-velazquez.jpg","contentUrl":"https:\/\/cardamomo.ams3.digitaloceanspaces.com\/wp-content\/uploads\/2023\/10\/12090939\/carlos-velazquez.jpg","width":600,"height":750,"caption":"Bailaor Carlos Vel\u00e1zquez (Madrid)"},{"@type":"BreadcrumbList","@id":"https:\/\/cardamomo.com\/de\/artist\/carlos-velazquez\/#breadcrumb","itemListElement":[{"@type":"ListItem","position":1,"name":"Cardamomo","item":"https:\/\/cardamomo.com\/de\/"},{"@type":"ListItem","position":2,"name":"Artists","item":"https:\/\/cardamomo.com\/de\/artist\/"},{"@type":"ListItem","position":3,"name":"Carlos Vel\u00e1zquez (Madrid)"}]},{"@type":"WebSite","@id":"https:\/\/cardamomo.com\/de\/#website","url":"https:\/\/cardamomo.com\/de\/","name":"Cardamomo Flamenco Madrid","description":"","potentialAction":[{"@type":"SearchAction","target":{"@type":"EntryPoint","urlTemplate":"https:\/\/cardamomo.com\/de\/?s={search_term_string}"},"query-input":{"@type":"PropertyValueSpecification","valueRequired":true,"valueName":"search_term_string"}}],"inLanguage":"de"}]}},"_links":{"self":[{"href":"https:\/\/cardamomo.com\/de\/wp-json\/wp\/v2\/artist\/132943","targetHints":{"allow":["GET"]}}],"collection":[{"href":"https:\/\/cardamomo.com\/de\/wp-json\/wp\/v2\/artist"}],"about":[{"href":"https:\/\/cardamomo.com\/de\/wp-json\/wp\/v2\/types\/artist"}],"wp:featuredmedia":[{"embeddable":true,"href":"https:\/\/cardamomo.com\/de\/wp-json\/wp\/v2\/media\/157160"}],"wp:attachment":[{"href":"https:\/\/cardamomo.com\/de\/wp-json\/wp\/v2\/media?parent=132943"}],"curies":[{"name":"wp","href":"https:\/\/api.w.org\/{rel}","templated":true}]}}