{"version":"1.0","provider_name":"Cardamomo Flamenco Madrid","provider_url":"https:\/\/cardamomo.com\/de","author_name":"admin_cardamomo","author_url":"https:\/\/cardamomo.com\/de\/author\/admin_cardamomo\/","title":"Macarena Ram\u00edrez kehrt zu Cardamomo zur\u00fcck - Cardamomo Flamenco Madrid","type":"rich","width":600,"height":338,"html":"<blockquote class=\"wp-embedded-content\" data-secret=\"FGxU2QpU2v\"><a href=\"https:\/\/cardamomo.com\/de\/show\/macarena-ramirez\/\">Macarena Ram\u00edrez kehrt zu Cardamomo zur\u00fcck<\/a><\/blockquote><iframe sandbox=\"allow-scripts\" security=\"restricted\" src=\"https:\/\/cardamomo.com\/de\/show\/macarena-ramirez\/embed\/#?secret=FGxU2QpU2v\" width=\"600\" height=\"338\" title=\"&#8222;Macarena Ram\u00edrez kehrt zu Cardamomo zur\u00fcck&#8220; &#8211; Cardamomo Flamenco Madrid\" data-secret=\"FGxU2QpU2v\" frameborder=\"0\" marginwidth=\"0\" marginheight=\"0\" scrolling=\"no\" class=\"wp-embedded-content\"><\/iframe><script type=\"text\/javascript\">\n\/* <![CDATA[ *\/\n\/*! This file is auto-generated *\/\n!function(d,l){\"use strict\";l.querySelector&&d.addEventListener&&\"undefined\"!=typeof URL&&(d.wp=d.wp||{},d.wp.receiveEmbedMessage||(d.wp.receiveEmbedMessage=function(e){var t=e.data;if((t||t.secret||t.message||t.value)&&!\/[^a-zA-Z0-9]\/.test(t.secret)){for(var s,r,n,a=l.querySelectorAll('iframe[data-secret=\"'+t.secret+'\"]'),o=l.querySelectorAll('blockquote[data-secret=\"'+t.secret+'\"]'),c=new RegExp(\"^https?:$\",\"i\"),i=0;i<o.length;i++)o[i].style.display=\"none\";for(i=0;i<a.length;i++)s=a[i],e.source===s.contentWindow&&(s.removeAttribute(\"style\"),\"height\"===t.message?(1e3<(r=parseInt(t.value,10))?r=1e3:~~r<200&&(r=200),s.height=r):\"link\"===t.message&&(r=new URL(s.getAttribute(\"src\")),n=new URL(t.value),c.test(n.protocol))&&n.host===r.host&&l.activeElement===s&&(d.top.location.href=t.value))}},d.addEventListener(\"message\",d.wp.receiveEmbedMessage,!1),l.addEventListener(\"DOMContentLoaded\",function(){for(var e,t,s=l.querySelectorAll(\"iframe.wp-embedded-content\"),r=0;r<s.length;r++)(t=(e=s[r]).getAttribute(\"data-secret\"))||(t=Math.random().toString(36).substring(2,12),e.src+=\"#?secret=\"+t,e.setAttribute(\"data-secret\",t)),e.contentWindow.postMessage({message:\"ready\",secret:t},\"*\")},!1)))}(window,document);\n\/\/# sourceURL=https:\/\/cardamomo.com\/wp-includes\/js\/wp-embed.min.js\n\/* ]]> *\/\n<\/script>\n","thumbnail_url":null,"thumbnail_width":null,"thumbnail_height":null,"description":"La Bailaora de C\u00e1diz wird vom 17. bis 22. Oktober auf unserer B\u00fchne zu sehen sein. Macarena Ram\u00edrez wurde am Konservatorium Maribel Gallardo in C\u00e1diz ausgebildet und hat ihre Ausbildung im Bereich der darstellenden K\u00fcnste fortgesetzt. Seit ihrer Kindheit hat sie sich als K\u00fcnstlerin und T\u00e4nzerin hervorgetan und wurde 2002 eine der T\u00e4nzerinnen in der..."}